{"id":12069,"date":"2025-07-24T23:32:59","date_gmt":"2025-07-24T21:32:59","guid":{"rendered":"https:\/\/lfs.cz\/?page_id=12069"},"modified":"2025-07-31T16:41:09","modified_gmt":"2025-07-31T14:41:09","slug":"fotogalerie-2025","status":"publish","type":"page","link":"https:\/\/lfs.cz\/en\/fotogalerie-2025\/","title":{"rendered":"Gallery 2025"},"content":{"rendered":"<div data-elementor-type=\"wp-page\" data-elementor-id=\"12069\" class=\"elementor elementor-12069\" data-elementor-post-type=\"page\">\n\t\t\t\t<div class=\"elementor-element elementor-element-042465e e-flex e-con-boxed e-con e-parent\" data-id=\"042465e\" data-element_type=\"container\" data-e-type=\"container\">\n\t\t\t\t\t<div class=\"e-con-inner\">\n\t\t\t\t<div class=\"elementor-element elementor-element-9d7de86 elementor-widget elementor-widget-heading\" data-id=\"9d7de86\" data-element_type=\"widget\" data-e-type=\"widget\" data-widget_type=\"heading.default\">\n\t\t\t\t<div class=\"elementor-widget-container\">\n\t\t\t\t\t<h1 class=\"elementor-heading-title elementor-size-default\">Gallery 2025<\/h1>\t\t\t\t<\/div>\n\t\t\t\t<\/div>\n\t\t\t\t\t<\/div>\n\t\t\t\t<\/div>\n\t\t<div class=\"elementor-element elementor-element-70fb062 e-flex e-con-boxed e-con e-parent\" data-id=\"70fb062\" data-element_type=\"container\" data-e-type=\"container\">\n\t\t\t\t\t<div class=\"e-con-inner\">\n\t\t\t\t<div class=\"elementor-element elementor-element-6b7163c elementor-gallery--filter-align-left elementor-widget elementor-widget-gallery\" data-id=\"6b7163c\" data-element_type=\"widget\" data-e-type=\"widget\" data-settings=\"{&quot;gallery_layout&quot;:&quot;justified&quot;,&quot;ideal_row_height&quot;:{&quot;unit&quot;:&quot;px&quot;,&quot;size&quot;:100,&quot;sizes&quot;:[]},&quot;ideal_row_height_widescreen&quot;:{&quot;unit&quot;:&quot;px&quot;,&quot;size&quot;:150,&quot;sizes&quot;:[]},&quot;ideal_row_height_tablet&quot;:{&quot;unit&quot;:&quot;px&quot;,&quot;size&quot;:70,&quot;sizes&quot;:[]},&quot;ideal_row_height_mobile&quot;:{&quot;unit&quot;:&quot;px&quot;,&quot;size&quot;:65,&quot;sizes&quot;:[]},&quot;gap&quot;:{&quot;unit&quot;:&quot;px&quot;,&quot;size&quot;:5,&quot;sizes&quot;:[]},&quot;gap_widescreen&quot;:{&quot;unit&quot;:&quot;px&quot;,&quot;size&quot;:5,&quot;sizes&quot;:[]},&quot;gap_tablet&quot;:{&quot;unit&quot;:&quot;px&quot;,&quot;size&quot;:5,&quot;sizes&quot;:[]},&quot;gap_mobile&quot;:{&quot;unit&quot;:&quot;px&quot;,&quot;size&quot;:3,&quot;sizes&quot;:[]},&quot;content_sequenced_animation&quot;:&quot;yes&quot;,&quot;ideal_row_height_laptop&quot;:{&quot;unit&quot;:&quot;px&quot;,&quot;size&quot;:120,&quot;sizes&quot;:[]},&quot;ideal_row_height_tablet_extra&quot;:{&quot;unit&quot;:&quot;px&quot;,&quot;size&quot;:100,&quot;sizes&quot;:[]},&quot;gap_laptop&quot;:{&quot;unit&quot;:&quot;px&quot;,&quot;size&quot;:5,&quot;sizes&quot;:[]},&quot;gap_tablet_extra&quot;:{&quot;unit&quot;:&quot;px&quot;,&quot;size&quot;:5,&quot;sizes&quot;:[]},&quot;link_to&quot;:&quot;file&quot;,&quot;show_all_galleries&quot;:&quot;yes&quot;,&quot;overlay_background&quot;:&quot;yes&quot;,&quot;content_hover_animation&quot;:&quot;fade-in&quot;}\" data-widget_type=\"gallery.default\">\n\t\t\t\t<div class=\"elementor-widget-container\">\n\t\t\t\t\t\t\t\t<div class=\"elementor-gallery__titles-container e--pointer-none\" aria-label=\"Gallery filter\">\n\t\t\t\t\t\t\t\t\t<a class=\"elementor-item elementor-gallery-title\" role=\"button\" tabindex=\"0\" data-gallery-index=\"all\">\n\t\t\t\t\t\tAll\t\t\t\t\t<\/a>\n\t\t\t\t\n\t\t\t\t\t\t\t\t\t<a class=\"elementor-item elementor-gallery-title\" role=\"button\" tabindex=\"0\" data-gallery-index=\"0\">\n\t\t\t\t\t\t24\/7\/2025\t\t\t\t\t<\/a>\n\t\t\t\t\t\t\t\t\t\t<a class=\"elementor-item elementor-gallery-title\" role=\"button\" tabindex=\"0\" data-gallery-index=\"1\">\n\t\t\t\t\t\t25\/07\/2025\t\t\t\t\t<\/a>\n\t\t\t\t\t\t\t\t\t\t<a class=\"elementor-item elementor-gallery-title\" role=\"button\" tabindex=\"0\" data-gallery-index=\"2\">\n\t\t\t\t\t\t26\/7\/2025\t\t\t\t\t<\/a>\n\t\t\t\t\t\t\t\t\t\t<a class=\"elementor-item elementor-gallery-title\" role=\"button\" tabindex=\"0\" data-gallery-index=\"3\">\n\t\t\t\t\t\t27\/7\/2025\t\t\t\t\t<\/a>\n\t\t\t\t\t\t\t\t\t\t<a class=\"elementor-item elementor-gallery-title\" role=\"button\" tabindex=\"0\" data-gallery-index=\"4\">\n\t\t\t\t\t\t28\/7\/2025\t\t\t\t\t<\/a>\n\t\t\t\t\t\t\t\t\t\t<a class=\"elementor-item elementor-gallery-title\" role=\"button\" tabindex=\"0\" data-gallery-index=\"5\">\n\t\t\t\t\t\t29\/7\/2025\t\t\t\t\t<\/a>\n\t\t\t\t\t\t\t\t\t\t<a class=\"elementor-item elementor-gallery-title\" role=\"button\" tabindex=\"0\" data-gallery-index=\"6\">\n\t\t\t\t\t\t30\/7\/2025\t\t\t\t\t<\/a>\n\t\t\t\t\t\t\t\t<\/div>\n\t\t\t\t\t<div class=\"elementor-gallery__container\">\n\t\t\t\t\t\t\t<a class=\"e-gallery-item elementor-gallery-item elementor-animated-content\" data-e-gallery-tags=\"4\" href=\"https:\/\/lfs.cz\/wp-content\/uploads\/2025\/07\/LFS25_ATMO_Richard-Skoumal-2-3.jpg\" data-elementor-open-lightbox=\"yes\" data-elementor-lightbox-slideshow=\"6b7163c\" data-elementor-lightbox-title=\"Minghun, Grzegorz \u0141oszewski, Petr Vl\u010dek, Letn\u00ed filmov\u00e1 \u0161kola, LF\u0160 2025, \u010cTK \/ Skoumal Richard\" data-e-action-hash=\"#elementor-action%3Aaction%3Dlightbox%26settings%3DeyJpZCI6MTI3NDIsInVybCI6Imh0dHBzOlwvXC9sZnMuY3pcL3dwLWNvbnRlbnRcL3VwbG9hZHNcLzIwMjVcLzA3XC9MRlMyNV9BVE1PX1JpY2hhcmQtU2tvdW1hbC0yLTMuanBnIiwic2xpZGVzaG93IjoiNmI3MTYzYyJ9\">\n\t\t\t\t\t<div class=\"e-gallery-image elementor-gallery-item__image\" data-thumbnail=\"https:\/\/lfs.cz\/wp-content\/uploads\/2025\/07\/LFS25_ATMO_Richard-Skoumal-2-3-300x200.jpg\" data-width=\"300\" data-height=\"200\" aria-label=\"\" role=\"img\" ><\/div>\n\t\t\t\t\t\t\t\t\t\t\t<div class=\"elementor-gallery-item__overlay\"><\/div>\n\t\t\t\t\t\t\t\t\t\t\t\t\t\t<\/a>\n\t\t\t\t\t\t\t<a class=\"e-gallery-item elementor-gallery-item elementor-animated-content\" data-e-gallery-tags=\"4\" href=\"https:\/\/lfs.cz\/wp-content\/uploads\/2025\/07\/LFS25_Mindok_Richard-Skoumal-1.jpg\" data-elementor-open-lightbox=\"yes\" data-elementor-lightbox-slideshow=\"6b7163c\" data-elementor-lightbox-title=\"Ve\u010der deskov\u00fdch her s MINDOKem, Letn\u00ed filmov\u00e1 \u0161kola, LF\u0160 2025, \u010cTK \/ Skoumal Richard\" data-e-action-hash=\"#elementor-action%3Aaction%3Dlightbox%26settings%3DeyJpZCI6MTI4MDUsInVybCI6Imh0dHBzOlwvXC9sZnMuY3pcL3dwLWNvbnRlbnRcL3VwbG9hZHNcLzIwMjVcLzA3XC9MRlMyNV9NaW5kb2tfUmljaGFyZC1Ta291bWFsLTEuanBnIiwic2xpZGVzaG93IjoiNmI3MTYzYyJ9\">\n\t\t\t\t\t<div class=\"e-gallery-image elementor-gallery-item__image\" data-thumbnail=\"https:\/\/lfs.cz\/wp-content\/uploads\/2025\/07\/LFS25_Mindok_Richard-Skoumal-1-300x200.jpg\" data-width=\"300\" data-height=\"200\" aria-label=\"\" role=\"img\" ><\/div>\n\t\t\t\t\t\t\t\t\t\t\t<div class=\"elementor-gallery-item__overlay\"><\/div>\n\t\t\t\t\t\t\t\t\t\t\t\t\t\t<\/a>\n\t\t\t\t\t\t\t<a class=\"e-gallery-item elementor-gallery-item elementor-animated-content\" data-e-gallery-tags=\"5\" href=\"https:\/\/lfs.cz\/wp-content\/uploads\/2025\/07\/LFS25_Vyrocni-cena-ACFK_Klubistka-Lenka-Sepsova_CTK-Dalibor-Gluck-4.jpg\" data-elementor-open-lightbox=\"yes\" data-elementor-lightbox-slideshow=\"6b7163c\" data-elementor-lightbox-title=\"LF\u0160 2025, Letn\u00ed filmov\u00e1 \u0161kola, klubistka Lenka \u0160epsov\u00e1 dostala na Letn\u00ed filmov\u00e9 \u0161kole v\u00fdro\u010dn\u00ed cenu Asociace \u010desk\u00fdch filmov\u00fdch klub\u016f, \u010cTK \/ Gl\u00fcck Dalibor\" data-e-action-hash=\"#elementor-action%3Aaction%3Dlightbox%26settings%3DeyJpZCI6MTMwMDMsInVybCI6Imh0dHBzOlwvXC9sZnMuY3pcL3dwLWNvbnRlbnRcL3VwbG9hZHNcLzIwMjVcLzA3XC9MRlMyNV9WeXJvY25pLWNlbmEtQUNGS19LbHViaXN0a2EtTGVua2EtU2Vwc292YV9DVEstRGFsaWJvci1HbHVjay00LmpwZyIsInNsaWRlc2hvdyI6IjZiNzE2M2MifQ%3D%3D\">\n\t\t\t\t\t<div class=\"e-gallery-image elementor-gallery-item__image\" data-thumbnail=\"https:\/\/lfs.cz\/wp-content\/uploads\/2025\/07\/LFS25_Vyrocni-cena-ACFK_Klubistka-Lenka-Sepsova_CTK-Dalibor-Gluck-4-300x208.jpg\" data-width=\"300\" data-height=\"208\" aria-label=\"\" role=\"img\" ><\/div>\n\t\t\t\t\t\t\t\t\t\t\t<div class=\"elementor-gallery-item__overlay\"><\/div>\n\t\t\t\t\t\t\t\t\t\t\t\t\t\t<\/a>\n\t\t\t\t\t\t\t<a class=\"e-gallery-item elementor-gallery-item elementor-animated-content\" data-e-gallery-tags=\"5\" href=\"https:\/\/lfs.cz\/wp-content\/uploads\/2025\/07\/LFS25_Zivotopis_Diana-Dabrowska_CTK-Jan-Beranek-2.jpg\" data-elementor-open-lightbox=\"yes\" data-elementor-lightbox-slideshow=\"6b7163c\" data-elementor-lightbox-title=\"LF\u0160 2025, Letn\u00ed filmov\u00e1 \u0161kola, Diana D\u0105browska, \u010cTK \/ Jan Ber\u00e1nek\" data-e-action-hash=\"#elementor-action%3Aaction%3Dlightbox%26settings%3DeyJpZCI6MTI5ODcsInVybCI6Imh0dHBzOlwvXC9sZnMuY3pcL3dwLWNvbnRlbnRcL3VwbG9hZHNcLzIwMjVcLzA3XC9MRlMyNV9aaXZvdG9waXNfRGlhbmEtRGFicm93c2thX0NUSy1KYW4tQmVyYW5lay0yLmpwZyIsInNsaWRlc2hvdyI6IjZiNzE2M2MifQ%3D%3D\">\n\t\t\t\t\t<div class=\"e-gallery-image elementor-gallery-item__image\" data-thumbnail=\"https:\/\/lfs.cz\/wp-content\/uploads\/2025\/07\/LFS25_Zivotopis_Diana-Dabrowska_CTK-Jan-Beranek-2-300x200.jpg\" data-width=\"300\" data-height=\"200\" aria-label=\"\" role=\"img\" ><\/div>\n\t\t\t\t\t\t\t\t\t\t\t<div class=\"elementor-gallery-item__overlay\"><\/div>\n\t\t\t\t\t\t\t\t\t\t\t\t\t\t<\/a>\n\t\t\t\t\t\t\t<a class=\"e-gallery-item elementor-gallery-item elementor-animated-content\" data-e-gallery-tags=\"4\" href=\"https:\/\/lfs.cz\/wp-content\/uploads\/2025\/07\/LFS25_Schola-Gregoriana-Pragensis_Radek-Petrasek-3.jpg\" data-elementor-open-lightbox=\"yes\" data-elementor-lightbox-slideshow=\"6b7163c\" data-elementor-lightbox-title=\"LF\u0160 2025, Letn\u00ed filmov\u00e1 \u0161kola, Schola Gregoriana Pragensis, Ji\u0159\u00ed B\u00e1rta, \u010cTK \/ Petr\u00e1\u0161ek Radek\" data-e-action-hash=\"#elementor-action%3Aaction%3Dlightbox%26settings%3DeyJpZCI6MTI4MTMsInVybCI6Imh0dHBzOlwvXC9sZnMuY3pcL3dwLWNvbnRlbnRcL3VwbG9hZHNcLzIwMjVcLzA3XC9MRlMyNV9TY2hvbGEtR3JlZ29yaWFuYS1QcmFnZW5zaXNfUmFkZWstUGV0cmFzZWstMy5qcGciLCJzbGlkZXNob3ciOiI2YjcxNjNjIn0%3D\">\n\t\t\t\t\t<div class=\"e-gallery-image elementor-gallery-item__image\" data-thumbnail=\"https:\/\/lfs.cz\/wp-content\/uploads\/2025\/07\/LFS25_Schola-Gregoriana-Pragensis_Radek-Petrasek-3-300x200.jpg\" data-width=\"300\" data-height=\"200\" aria-label=\"\" role=\"img\" ><\/div>\n\t\t\t\t\t\t\t\t\t\t\t<div class=\"elementor-gallery-item__overlay\"><\/div>\n\t\t\t\t\t\t\t\t\t\t\t\t\t\t<\/a>\n\t\t\t\t\t\t\t<a class=\"e-gallery-item elementor-gallery-item elementor-animated-content\" data-e-gallery-tags=\"2\" href=\"https:\/\/lfs.cz\/wp-content\/uploads\/2025\/07\/LFS25_Jan-Sramek_Jak-si-uzit-film_Marek-Malusek-2.jpg\" data-elementor-open-lightbox=\"yes\" data-elementor-lightbox-slideshow=\"6b7163c\" data-elementor-lightbox-title=\"LF\u0160 2025, Letn\u00ed filmov\u00e1 \u0161kola, Vernis\u00e1\u017e Jak si u\u017e\u00edt film, Jan \u0160r\u00e1mek, foto Marek Mal\u016f\u0161ek\" data-e-action-hash=\"#elementor-action%3Aaction%3Dlightbox%26settings%3DeyJpZCI6MTI1MjUsInVybCI6Imh0dHBzOlwvXC9sZnMuY3pcL3dwLWNvbnRlbnRcL3VwbG9hZHNcLzIwMjVcLzA3XC9MRlMyNV9KYW4tU3JhbWVrX0phay1zaS11eml0LWZpbG1fTWFyZWstTWFsdXNlay0yLmpwZyIsInNsaWRlc2hvdyI6IjZiNzE2M2MifQ%3D%3D\">\n\t\t\t\t\t<div class=\"e-gallery-image elementor-gallery-item__image\" data-thumbnail=\"https:\/\/lfs.cz\/wp-content\/uploads\/2025\/07\/LFS25_Jan-Sramek_Jak-si-uzit-film_Marek-Malusek-2-300x200.jpg\" data-width=\"300\" data-height=\"200\" aria-label=\"\" role=\"img\" ><\/div>\n\t\t\t\t\t\t\t\t\t\t\t<div class=\"elementor-gallery-item__overlay\"><\/div>\n\t\t\t\t\t\t\t\t\t\t\t\t\t\t<\/a>\n\t\t\t\t\t\t\t<a class=\"e-gallery-item elementor-gallery-item elementor-animated-content\" data-e-gallery-tags=\"6\" href=\"https:\/\/lfs.cz\/wp-content\/uploads\/2025\/07\/LFS25_-Dama-z-loze-c.-13_hudba-Oliver-Torr_CTK-Radek-Petrasek-9.jpg\" data-elementor-open-lightbox=\"yes\" data-elementor-lightbox-slideshow=\"6b7163c\" data-elementor-lightbox-title=\"LF\u0160 2025, Letn\u00ed filmov\u00e1 \u0161kola, Oliver Torr, hudebn\u00ed dramaturg Viktor Pol\u00e1k, \u010cTK \/ Petr\u00e1\u0161ek Radek\" data-e-action-hash=\"#elementor-action%3Aaction%3Dlightbox%26settings%3DeyJpZCI6MTMwOTAsInVybCI6Imh0dHBzOlwvXC9sZnMuY3pcL3dwLWNvbnRlbnRcL3VwbG9hZHNcLzIwMjVcLzA3XC9MRlMyNV8tRGFtYS16LWxvemUtYy4tMTNfaHVkYmEtT2xpdmVyLVRvcnJfQ1RLLVJhZGVrLVBldHJhc2VrLTkuanBnIiwic2xpZGVzaG93IjoiNmI3MTYzYyJ9\">\n\t\t\t\t\t<div class=\"e-gallery-image elementor-gallery-item__image\" data-thumbnail=\"https:\/\/lfs.cz\/wp-content\/uploads\/2025\/07\/LFS25_-Dama-z-loze-c.-13_hudba-Oliver-Torr_CTK-Radek-Petrasek-9-300x200.jpg\" data-width=\"300\" data-height=\"200\" aria-label=\"\" role=\"img\" ><\/div>\n\t\t\t\t\t\t\t\t\t\t\t<div class=\"elementor-gallery-item__overlay\"><\/div>\n\t\t\t\t\t\t\t\t\t\t\t\t\t\t<\/a>\n\t\t\t\t\t\t\t<a class=\"e-gallery-item elementor-gallery-item elementor-animated-content\" data-e-gallery-tags=\"1\" href=\"https:\/\/lfs.cz\/wp-content\/uploads\/2025\/07\/LFS25_Chybny-pohyb_Slovacke-divadlo_Radeas-Kaminek-2.jpg\" data-elementor-open-lightbox=\"yes\" data-elementor-lightbox-slideshow=\"6b7163c\" data-elementor-lightbox-title=\"LF\u0160 2025, Letn\u00ed filmov\u00e1 \u0161kola, Annamaria Materazzini, \u010cTK \/ Tade\u00e1\u0161 Kam\u00ednek\" data-e-action-hash=\"#elementor-action%3Aaction%3Dlightbox%26settings%3DeyJpZCI6MTIyMjgsInVybCI6Imh0dHBzOlwvXC9sZnMuY3pcL3dwLWNvbnRlbnRcL3VwbG9hZHNcLzIwMjVcLzA3XC9MRlMyNV9DaHlibnktcG9oeWJfU2xvdmFja2UtZGl2YWRsb19SYWRlYXMtS2FtaW5lay0yLmpwZyIsInNsaWRlc2hvdyI6IjZiNzE2M2MifQ%3D%3D\">\n\t\t\t\t\t<div class=\"e-gallery-image elementor-gallery-item__image\" data-thumbnail=\"https:\/\/lfs.cz\/wp-content\/uploads\/2025\/07\/LFS25_Chybny-pohyb_Slovacke-divadlo_Radeas-Kaminek-2-300x200.jpg\" data-width=\"300\" data-height=\"200\" aria-label=\"\" role=\"img\" ><\/div>\n\t\t\t\t\t\t\t\t\t\t\t<div class=\"elementor-gallery-item__overlay\"><\/div>\n\t\t\t\t\t\t\t\t\t\t\t\t\t\t<\/a>\n\t\t\t\t\t\t\t<a class=\"e-gallery-item elementor-gallery-item elementor-animated-content\" data-e-gallery-tags=\"4\" href=\"https:\/\/lfs.cz\/wp-content\/uploads\/2025\/07\/LFS25_Hot-TV_Co-dnes-znamena-televize_Tadeas-Kaminek-2.jpg\" data-elementor-open-lightbox=\"yes\" data-elementor-lightbox-slideshow=\"6b7163c\" data-elementor-lightbox-title=\"LF\u0160 2025, Letn\u00ed filmov\u00e1 \u0161kola, odborn\u00fd program: Hot TV: Co dnes znamen\u00e1 televize?, \u010cTK \/ Tade\u00e1\u0161 Kam\u00ednek\" data-e-action-hash=\"#elementor-action%3Aaction%3Dlightbox%26settings%3DeyJpZCI6MTI3ODcsInVybCI6Imh0dHBzOlwvXC9sZnMuY3pcL3dwLWNvbnRlbnRcL3VwbG9hZHNcLzIwMjVcLzA3XC9MRlMyNV9Ib3QtVFZfQ28tZG5lcy16bmFtZW5hLXRlbGV2aXplX1RhZGVhcy1LYW1pbmVrLTIuanBnIiwic2xpZGVzaG93IjoiNmI3MTYzYyJ9\">\n\t\t\t\t\t<div class=\"e-gallery-image elementor-gallery-item__image\" data-thumbnail=\"https:\/\/lfs.cz\/wp-content\/uploads\/2025\/07\/LFS25_Hot-TV_Co-dnes-znamena-televize_Tadeas-Kaminek-2-300x200.jpg\" data-width=\"300\" data-height=\"200\" aria-label=\"\" role=\"img\" ><\/div>\n\t\t\t\t\t\t\t\t\t\t\t<div class=\"elementor-gallery-item__overlay\"><\/div>\n\t\t\t\t\t\t\t\t\t\t\t\t\t\t<\/a>\n\t\t\t\t\t\t\t<a class=\"e-gallery-item elementor-gallery-item elementor-animated-content\" data-e-gallery-tags=\"2\" href=\"https:\/\/lfs.cz\/wp-content\/uploads\/2025\/07\/Voxpot-Afrika_LFS-stan_Matyas-Cech-4.jpg\" data-elementor-open-lightbox=\"yes\" data-elementor-lightbox-slideshow=\"6b7163c\" data-elementor-lightbox-title=\"Letn\u00ed filmov\u00e1 \u0161kola, LF\u0160 2025, \u010cTK \/ Maty\u00e1\u0161 \u010cech\" data-e-action-hash=\"#elementor-action%3Aaction%3Dlightbox%26settings%3DeyJpZCI6MTI0MDUsInVybCI6Imh0dHBzOlwvXC9sZnMuY3pcL3dwLWNvbnRlbnRcL3VwbG9hZHNcLzIwMjVcLzA3XC9Wb3hwb3QtQWZyaWthX0xGUy1zdGFuX01hdHlhcy1DZWNoLTQuanBnIiwic2xpZGVzaG93IjoiNmI3MTYzYyJ9\">\n\t\t\t\t\t<div class=\"e-gallery-image elementor-gallery-item__image\" data-thumbnail=\"https:\/\/lfs.cz\/wp-content\/uploads\/2025\/07\/Voxpot-Afrika_LFS-stan_Matyas-Cech-4-300x200.jpg\" data-width=\"300\" data-height=\"200\" aria-label=\"\" role=\"img\" ><\/div>\n\t\t\t\t\t\t\t\t\t\t\t<div class=\"elementor-gallery-item__overlay\"><\/div>\n\t\t\t\t\t\t\t\t\t\t\t\t\t\t<\/a>\n\t\t\t\t\t\t\t<a class=\"e-gallery-item elementor-gallery-item elementor-animated-content\" data-e-gallery-tags=\"6\" href=\"https:\/\/lfs.cz\/wp-content\/uploads\/2025\/07\/LFS25_Kreutzerova-sonata_Sisa-Michalidesova_Reduta_CTK-Richard-Skoumal-6.jpg\" data-elementor-open-lightbox=\"yes\" data-elementor-lightbox-slideshow=\"6b7163c\" data-elementor-lightbox-title=\"Sisa Michalidesov\u00e1, Letn\u00ed filmov\u00e1 \u0161kola, LF\u0160 2025, \u010cTK \/ Skoumal Richard\" data-e-action-hash=\"#elementor-action%3Aaction%3Dlightbox%26settings%3DeyJpZCI6MTMxMjksInVybCI6Imh0dHBzOlwvXC9sZnMuY3pcL3dwLWNvbnRlbnRcL3VwbG9hZHNcLzIwMjVcLzA3XC9MRlMyNV9LcmV1dHplcm92YS1zb25hdGFfU2lzYS1NaWNoYWxpZGVzb3ZhX1JlZHV0YV9DVEstUmljaGFyZC1Ta291bWFsLTYuanBnIiwic2xpZGVzaG93IjoiNmI3MTYzYyJ9\">\n\t\t\t\t\t<div class=\"e-gallery-image elementor-gallery-item__image\" data-thumbnail=\"https:\/\/lfs.cz\/wp-content\/uploads\/2025\/07\/LFS25_Kreutzerova-sonata_Sisa-Michalidesova_Reduta_CTK-Richard-Skoumal-6-300x200.jpg\" data-width=\"300\" data-height=\"200\" aria-label=\"\" role=\"img\" ><\/div>\n\t\t\t\t\t\t\t\t\t\t\t<div class=\"elementor-gallery-item__overlay\"><\/div>\n\t\t\t\t\t\t\t\t\t\t\t\t\t\t<\/a>\n\t\t\t\t\t\t\t<a class=\"e-gallery-item elementor-gallery-item elementor-animated-content\" data-e-gallery-tags=\"4\" href=\"https:\/\/lfs.cz\/wp-content\/uploads\/2025\/07\/LFS25_Opojen-pisni_Leos-Janacek_Matyas-Cech-4.jpg\" data-elementor-open-lightbox=\"yes\" data-elementor-lightbox-slideshow=\"6b7163c\" data-elementor-lightbox-title=\"Letn\u00ed filmov\u00e1 \u0161kola, LF\u0160 2025, \u010cTK \/ Maty\u00e1\u0161 \u010cech\" data-e-action-hash=\"#elementor-action%3Aaction%3Dlightbox%26settings%3DeyJpZCI6MTI4MDMsInVybCI6Imh0dHBzOlwvXC9sZnMuY3pcL3dwLWNvbnRlbnRcL3VwbG9hZHNcLzIwMjVcLzA3XC9MRlMyNV9PcG9qZW4tcGlzbmlfTGVvcy1KYW5hY2VrX01hdHlhcy1DZWNoLTQuanBnIiwic2xpZGVzaG93IjoiNmI3MTYzYyJ9\">\n\t\t\t\t\t<div class=\"e-gallery-image elementor-gallery-item__image\" data-thumbnail=\"https:\/\/lfs.cz\/wp-content\/uploads\/2025\/07\/LFS25_Opojen-pisni_Leos-Janacek_Matyas-Cech-4-300x200.jpg\" data-width=\"300\" data-height=\"200\" aria-label=\"\" role=\"img\" ><\/div>\n\t\t\t\t\t\t\t\t\t\t\t<div class=\"elementor-gallery-item__overlay\"><\/div>\n\t\t\t\t\t\t\t\t\t\t\t\t\t\t<\/a>\n\t\t\t\t\t\t\t<a class=\"e-gallery-item elementor-gallery-item elementor-animated-content\" data-e-gallery-tags=\"5\" href=\"https:\/\/lfs.cz\/wp-content\/uploads\/2025\/07\/LFS25_FAMU-History_Jan-Sverak_CTK-Dalibor-Gluck-1.jpg\" data-elementor-open-lightbox=\"yes\" data-elementor-lightbox-slideshow=\"6b7163c\" data-elementor-lightbox-title=\"Jan Sv\u011br\u00e1k, re\u017eis\u00e9r, LF\u0160 2025, Letn\u00ed filmov\u00e1 \u0161kola, \u010cTK \/ Gl\u00fcck Dalibor\" data-e-action-hash=\"#elementor-action%3Aaction%3Dlightbox%26settings%3DeyJpZCI6MTI5NjgsInVybCI6Imh0dHBzOlwvXC9sZnMuY3pcL3dwLWNvbnRlbnRcL3VwbG9hZHNcLzIwMjVcLzA3XC9MRlMyNV9GQU1VLUhpc3RvcnlfSmFuLVN2ZXJha19DVEstRGFsaWJvci1HbHVjay0xLmpwZyIsInNsaWRlc2hvdyI6IjZiNzE2M2MifQ%3D%3D\">\n\t\t\t\t\t<div class=\"e-gallery-image elementor-gallery-item__image\" data-thumbnail=\"https:\/\/lfs.cz\/wp-content\/uploads\/2025\/07\/LFS25_FAMU-History_Jan-Sverak_CTK-Dalibor-Gluck-1-300x184.jpg\" data-width=\"300\" data-height=\"184\" aria-label=\"\" role=\"img\" ><\/div>\n\t\t\t\t\t\t\t\t\t\t\t<div class=\"elementor-gallery-item__overlay\"><\/div>\n\t\t\t\t\t\t\t\t\t\t\t\t\t\t<\/a>\n\t\t\t\t\t\t\t<a class=\"e-gallery-item elementor-gallery-item elementor-animated-content\" data-e-gallery-tags=\"4\" href=\"https:\/\/lfs.cz\/wp-content\/uploads\/2025\/07\/LFS25_Opojen-pisni_Leos-Janasek_Sofie-Shamekh-3.jpg\" data-elementor-open-lightbox=\"yes\" data-elementor-lightbox-slideshow=\"6b7163c\" data-elementor-lightbox-title=\"Leo\u0161 Jan\u00e1\u010dek: Opojen p\u00edsn\u00ed, Letn\u00ed filmov\u00e1 \u0161kola, LF\u0160 2025, \u010cTK \/ Sofie Shamekh\" data-e-action-hash=\"#elementor-action%3Aaction%3Dlightbox%26settings%3DeyJpZCI6MTI4MDQsInVybCI6Imh0dHBzOlwvXC9sZnMuY3pcL3dwLWNvbnRlbnRcL3VwbG9hZHNcLzIwMjVcLzA3XC9MRlMyNV9PcG9qZW4tcGlzbmlfTGVvcy1KYW5hc2VrX1NvZmllLVNoYW1la2gtMy5qcGciLCJzbGlkZXNob3ciOiI2YjcxNjNjIn0%3D\">\n\t\t\t\t\t<div class=\"e-gallery-image elementor-gallery-item__image\" data-thumbnail=\"https:\/\/lfs.cz\/wp-content\/uploads\/2025\/07\/LFS25_Opojen-pisni_Leos-Janasek_Sofie-Shamekh-3-300x150.jpg\" data-width=\"300\" data-height=\"150\" aria-label=\"\" role=\"img\" ><\/div>\n\t\t\t\t\t\t\t\t\t\t\t<div class=\"elementor-gallery-item__overlay\"><\/div>\n\t\t\t\t\t\t\t\t\t\t\t\t\t\t<\/a>\n\t\t\t\t\t\t\t<a class=\"e-gallery-item elementor-gallery-item elementor-animated-content\" data-e-gallery-tags=\"2\" href=\"https:\/\/lfs.cz\/wp-content\/uploads\/2025\/07\/LFS25_Zvireci-laska_Ulrich-Seidl_Matyas-Cech-2.jpg\" data-elementor-open-lightbox=\"yes\" data-elementor-lightbox-slideshow=\"6b7163c\" data-elementor-lightbox-title=\"Letn\u00ed filmov\u00e1 \u0161kola, LF\u0160 2025, \u010cTK \/ Maty\u00e1\u0161 \u010cech\" data-e-action-hash=\"#elementor-action%3Aaction%3Dlightbox%26settings%3DeyJpZCI6MTIzNTEsInVybCI6Imh0dHBzOlwvXC9sZnMuY3pcL3dwLWNvbnRlbnRcL3VwbG9hZHNcLzIwMjVcLzA3XC9MRlMyNV9admlyZWNpLWxhc2thX1VscmljaC1TZWlkbF9NYXR5YXMtQ2VjaC0yLmpwZyIsInNsaWRlc2hvdyI6IjZiNzE2M2MifQ%3D%3D\">\n\t\t\t\t\t<div class=\"e-gallery-image elementor-gallery-item__image\" data-thumbnail=\"https:\/\/lfs.cz\/wp-content\/uploads\/2025\/07\/LFS25_Zvireci-laska_Ulrich-Seidl_Matyas-Cech-2-200x300.jpg\" data-width=\"200\" data-height=\"300\" aria-label=\"\" role=\"img\" ><\/div>\n\t\t\t\t\t\t\t\t\t\t\t<div class=\"elementor-gallery-item__overlay\"><\/div>\n\t\t\t\t\t\t\t\t\t\t\t\t\t\t<\/a>\n\t\t\t\t\t\t\t<a class=\"e-gallery-item elementor-gallery-item elementor-animated-content\" data-e-gallery-tags=\"5\" href=\"https:\/\/lfs.cz\/wp-content\/uploads\/2025\/07\/LFS25_Cetkast_Jan-Sverak_CTK-Petr-Mlch-7.jpg\" data-elementor-open-lightbox=\"yes\" data-elementor-lightbox-slideshow=\"6b7163c\" data-elementor-lightbox-title=\"LF\u0160 2025, Letn\u00ed filmov\u00e1 \u0161kola, \u010cetkast, podcast, Jan Sv\u011br\u00e1k, Jan Jend\u0159ejek, Iva Hejl\u00ed\u010dkov\u00e1, \u010cTK \/ Mlch Petr\" data-e-action-hash=\"#elementor-action%3Aaction%3Dlightbox%26settings%3DeyJpZCI6MTMwNDcsInVybCI6Imh0dHBzOlwvXC9sZnMuY3pcL3dwLWNvbnRlbnRcL3VwbG9hZHNcLzIwMjVcLzA3XC9MRlMyNV9DZXRrYXN0X0phbi1TdmVyYWtfQ1RLLVBldHItTWxjaC03LmpwZyIsInNsaWRlc2hvdyI6IjZiNzE2M2MifQ%3D%3D\">\n\t\t\t\t\t<div class=\"e-gallery-image elementor-gallery-item__image\" data-thumbnail=\"https:\/\/lfs.cz\/wp-content\/uploads\/2025\/07\/LFS25_Cetkast_Jan-Sverak_CTK-Petr-Mlch-7-300x200.jpg\" data-width=\"300\" data-height=\"200\" aria-label=\"\" role=\"img\" ><\/div>\n\t\t\t\t\t\t\t\t\t\t\t<div class=\"elementor-gallery-item__overlay\"><\/div>\n\t\t\t\t\t\t\t\t\t\t\t\t\t\t<\/a>\n\t\t\t\t\t\t\t<a class=\"e-gallery-item elementor-gallery-item elementor-animated-content\" data-e-gallery-tags=\"4\" href=\"https:\/\/lfs.cz\/wp-content\/uploads\/2025\/07\/LFS25_Divadlo-Letadlo_Sofie-Shamekh-5.jpg\" data-elementor-open-lightbox=\"yes\" data-elementor-lightbox-slideshow=\"6b7163c\" data-elementor-lightbox-title=\"Divadlo Letadlo, Letn\u00ed filmov\u00e1 \u0161kola, LF\u0160 2025, \u010cTK \/ Sofie Shamekh\" data-e-action-hash=\"#elementor-action%3Aaction%3Dlightbox%26settings%3DeyJpZCI6MTI3MDAsInVybCI6Imh0dHBzOlwvXC9sZnMuY3pcL3dwLWNvbnRlbnRcL3VwbG9hZHNcLzIwMjVcLzA3XC9MRlMyNV9EaXZhZGxvLUxldGFkbG9fU29maWUtU2hhbWVraC01LmpwZyIsInNsaWRlc2hvdyI6IjZiNzE2M2MifQ%3D%3D\">\n\t\t\t\t\t<div class=\"e-gallery-image elementor-gallery-item__image\" data-thumbnail=\"https:\/\/lfs.cz\/wp-content\/uploads\/2025\/07\/LFS25_Divadlo-Letadlo_Sofie-Shamekh-5-300x214.jpg\" data-width=\"300\" data-height=\"214\" aria-label=\"\" role=\"img\" ><\/div>\n\t\t\t\t\t\t\t\t\t\t\t<div class=\"elementor-gallery-item__overlay\"><\/div>\n\t\t\t\t\t\t\t\t\t\t\t\t\t\t<\/a>\n\t\t\t\t\t\t\t<a class=\"e-gallery-item elementor-gallery-item elementor-animated-content\" data-e-gallery-tags=\"2\" href=\"https:\/\/lfs.cz\/wp-content\/uploads\/2025\/07\/LFS25_Ana-Geislerova-a-Juliana-Brutovska_Petr-Mlch-2.jpg\" data-elementor-open-lightbox=\"yes\" data-elementor-lightbox-slideshow=\"6b7163c\" data-elementor-lightbox-title=\"LF\u0160 2025, Letn\u00ed filmov\u00e1 \u0161kola, \u010cetkast, podcast, A\u0148a Geislerov\u00e1, \u010cTK \/ Mlch Petr\" data-e-action-hash=\"#elementor-action%3Aaction%3Dlightbox%26settings%3DeyJpZCI6MTIzODUsInVybCI6Imh0dHBzOlwvXC9sZnMuY3pcL3dwLWNvbnRlbnRcL3VwbG9hZHNcLzIwMjVcLzA3XC9MRlMyNV9BbmEtR2Vpc2xlcm92YS1hLUp1bGlhbmEtQnJ1dG92c2thX1BldHItTWxjaC0yLmpwZyIsInNsaWRlc2hvdyI6IjZiNzE2M2MifQ%3D%3D\">\n\t\t\t\t\t<div class=\"e-gallery-image elementor-gallery-item__image\" data-thumbnail=\"https:\/\/lfs.cz\/wp-content\/uploads\/2025\/07\/LFS25_Ana-Geislerova-a-Juliana-Brutovska_Petr-Mlch-2-300x200.jpg\" data-width=\"300\" data-height=\"200\" aria-label=\"\" role=\"img\" ><\/div>\n\t\t\t\t\t\t\t\t\t\t\t<div class=\"elementor-gallery-item__overlay\"><\/div>\n\t\t\t\t\t\t\t\t\t\t\t\t\t\t<\/a>\n\t\t\t\t\t\t\t<a class=\"e-gallery-item elementor-gallery-item elementor-animated-content\" data-e-gallery-tags=\"4\" href=\"https:\/\/lfs.cz\/wp-content\/uploads\/2025\/07\/LFS25_Jindrich-Streit-.s-laskou_Marek-Malusek-16.jpg\" data-elementor-open-lightbox=\"yes\" data-elementor-lightbox-slideshow=\"6b7163c\" data-elementor-lightbox-title=\"LF\u0160 2025, Letn\u00ed filmov\u00e1 \u0161kola, Vladim\u00edr Birgus, Vernis\u00e1\u017e ...s l\u00e1skou, foto Marek Mal\u016f\u0161ek\" data-e-action-hash=\"#elementor-action%3Aaction%3Dlightbox%26settings%3DeyJpZCI6MTI4NDksInVybCI6Imh0dHBzOlwvXC9sZnMuY3pcL3dwLWNvbnRlbnRcL3VwbG9hZHNcLzIwMjVcLzA3XC9MRlMyNV9KaW5kcmljaC1TdHJlaXQtLnMtbGFza291X01hcmVrLU1hbHVzZWstMTYuanBnIiwic2xpZGVzaG93IjoiNmI3MTYzYyJ9\">\n\t\t\t\t\t<div class=\"e-gallery-image elementor-gallery-item__image\" data-thumbnail=\"https:\/\/lfs.cz\/wp-content\/uploads\/2025\/07\/LFS25_Jindrich-Streit-.s-laskou_Marek-Malusek-16-300x200.jpg\" data-width=\"300\" data-height=\"200\" aria-label=\"\" role=\"img\" ><\/div>\n\t\t\t\t\t\t\t\t\t\t\t<div class=\"elementor-gallery-item__overlay\"><\/div>\n\t\t\t\t\t\t\t\t\t\t\t\t\t\t<\/a>\n\t\t\t\t\t\t\t<a class=\"e-gallery-item elementor-gallery-item elementor-animated-content\" data-e-gallery-tags=\"3\" href=\"https:\/\/lfs.cz\/wp-content\/uploads\/2025\/07\/LFS25_Spolecne-99-Vyrocni-cena-ACFK_Lukas-Moodysson_Radek-Petrasek-5.jpg\" data-elementor-open-lightbox=\"yes\" data-elementor-lightbox-slideshow=\"6b7163c\" data-elementor-lightbox-title=\"LF\u0160 2025, Letn\u00ed filmov\u00e1 \u0161kola, P\u0159ed\u00e1n\u00ed v\u00fdro\u010dn\u00ed ceny A\u010cFK Lukasu Moodyssonovi, zleva \u0159editelka Letn\u00ed filmov\u00e9 \u0161koly Radana Koren\u00e1, programov\u00fd \u0159editel Letn\u00ed filmov\u00e9 \u0161koly Jan J\u00edlek, \u010cTK \/ Petr\u00e1\u0161ek Radek\" data-e-action-hash=\"#elementor-action%3Aaction%3Dlightbox%26settings%3DeyJpZCI6MTI2MjAsInVybCI6Imh0dHBzOlwvXC9sZnMuY3pcL3dwLWNvbnRlbnRcL3VwbG9hZHNcLzIwMjVcLzA3XC9MRlMyNV9TcG9sZWNuZS05OS1WeXJvY25pLWNlbmEtQUNGS19MdWthcy1Nb29keXNzb25fUmFkZWstUGV0cmFzZWstNS5qcGciLCJzbGlkZXNob3ciOiI2YjcxNjNjIn0%3D\">\n\t\t\t\t\t<div class=\"e-gallery-image elementor-gallery-item__image\" data-thumbnail=\"https:\/\/lfs.cz\/wp-content\/uploads\/2025\/07\/LFS25_Spolecne-99-Vyrocni-cena-ACFK_Lukas-Moodysson_Radek-Petrasek-5-300x200.jpg\" data-width=\"300\" data-height=\"200\" aria-label=\"\" role=\"img\" ><\/div>\n\t\t\t\t\t\t\t\t\t\t\t<div class=\"elementor-gallery-item__overlay\"><\/div>\n\t\t\t\t\t\t\t\t\t\t\t\t\t\t<\/a>\n\t\t\t\t\t\t\t<a class=\"e-gallery-item elementor-gallery-item elementor-animated-content\" data-e-gallery-tags=\"2\" href=\"https:\/\/lfs.cz\/wp-content\/uploads\/2025\/07\/LFS25_Virtualni-realita_Tadeas-Kaminek-4.jpg\" data-elementor-open-lightbox=\"yes\" data-elementor-lightbox-slideshow=\"6b7163c\" data-elementor-lightbox-title=\"LF\u0160 2025, Letn\u00ed filmov\u00e1 \u0161kola, doprovodn\u00fd program, virtu\u00e1ln\u00ed realita, \u010cTK \/ Tade\u00e1\u0161 Kam\u00ednek\" data-e-action-hash=\"#elementor-action%3Aaction%3Dlightbox%26settings%3DeyJpZCI6MTIzMTIsInVybCI6Imh0dHBzOlwvXC9sZnMuY3pcL3dwLWNvbnRlbnRcL3VwbG9hZHNcLzIwMjVcLzA3XC9MRlMyNV9WaXJ0dWFsbmktcmVhbGl0YV9UYWRlYXMtS2FtaW5lay00LmpwZyIsInNsaWRlc2hvdyI6IjZiNzE2M2MifQ%3D%3D\">\n\t\t\t\t\t<div class=\"e-gallery-image elementor-gallery-item__image\" data-thumbnail=\"https:\/\/lfs.cz\/wp-content\/uploads\/2025\/07\/LFS25_Virtualni-realita_Tadeas-Kaminek-4-300x200.jpg\" data-width=\"300\" data-height=\"200\" aria-label=\"\" role=\"img\" ><\/div>\n\t\t\t\t\t\t\t\t\t\t\t<div class=\"elementor-gallery-item__overlay\"><\/div>\n\t\t\t\t\t\t\t\t\t\t\t\t\t\t<\/a>\n\t\t\t\t\t\t\t<a class=\"e-gallery-item elementor-gallery-item elementor-animated-content\" data-e-gallery-tags=\"0\" href=\"https:\/\/lfs.cz\/wp-content\/uploads\/2025\/07\/LFS25_Stabni-skoleni_Kino-Hvezda_Petr-Mlch-3-1.jpg\" data-elementor-open-lightbox=\"yes\" data-elementor-lightbox-slideshow=\"6b7163c\" data-elementor-lightbox-title=\"LF\u0160 2025, Letn\u00ed filmov\u00e1 \u0161kola, \u0161t\u00e1b, \u0161kolen\u00ed, Radana Koren\u00e1, \u010cTK \/ Petr Mlch\" data-e-action-hash=\"#elementor-action%3Aaction%3Dlightbox%26settings%3DeyJpZCI6MTIxMjIsInVybCI6Imh0dHBzOlwvXC9sZnMuY3pcL3dwLWNvbnRlbnRcL3VwbG9hZHNcLzIwMjVcLzA3XC9MRlMyNV9TdGFibmktc2tvbGVuaV9LaW5vLUh2ZXpkYV9QZXRyLU1sY2gtMy0xLmpwZyIsInNsaWRlc2hvdyI6IjZiNzE2M2MifQ%3D%3D\">\n\t\t\t\t\t<div class=\"e-gallery-image elementor-gallery-item__image\" data-thumbnail=\"https:\/\/lfs.cz\/wp-content\/uploads\/2025\/07\/LFS25_Stabni-skoleni_Kino-Hvezda_Petr-Mlch-3-1-300x200.jpg\" data-width=\"300\" data-height=\"200\" aria-label=\"\" role=\"img\" ><\/div>\n\t\t\t\t\t\t\t\t\t\t\t<div class=\"elementor-gallery-item__overlay\"><\/div>\n\t\t\t\t\t\t\t\t\t\t\t\t\t\t<\/a>\n\t\t\t\t\t\t\t<a class=\"e-gallery-item elementor-gallery-item elementor-animated-content\" data-e-gallery-tags=\"5\" href=\"https:\/\/lfs.cz\/wp-content\/uploads\/2025\/07\/LFS25_FAMU-v-roce-1989_CTK-Petr-Mlch-2.jpg\" data-elementor-open-lightbox=\"yes\" data-elementor-lightbox-slideshow=\"6b7163c\" data-elementor-lightbox-title=\"LF\u0160 2025, Letn\u00ed filmov\u00e1 \u0161kola, projekce, dokument, FAMU, \u010cTK \/ Mlch Petr\" data-e-action-hash=\"#elementor-action%3Aaction%3Dlightbox%26settings%3DeyJpZCI6MTI5NDIsInVybCI6Imh0dHBzOlwvXC9sZnMuY3pcL3dwLWNvbnRlbnRcL3VwbG9hZHNcLzIwMjVcLzA3XC9MRlMyNV9GQU1VLXYtcm9jZS0xOTg5X0NUSy1QZXRyLU1sY2gtMi5qcGciLCJzbGlkZXNob3ciOiI2YjcxNjNjIn0%3D\">\n\t\t\t\t\t<div class=\"e-gallery-image elementor-gallery-item__image\" data-thumbnail=\"https:\/\/lfs.cz\/wp-content\/uploads\/2025\/07\/LFS25_FAMU-v-roce-1989_CTK-Petr-Mlch-2-300x200.jpg\" data-width=\"300\" data-height=\"200\" aria-label=\"\" role=\"img\" ><\/div>\n\t\t\t\t\t\t\t\t\t\t\t<div class=\"elementor-gallery-item__overlay\"><\/div>\n\t\t\t\t\t\t\t\t\t\t\t\t\t\t<\/a>\n\t\t\t\t\t\t\t<a class=\"e-gallery-item elementor-gallery-item elementor-animated-content\" data-e-gallery-tags=\"4\" href=\"https:\/\/lfs.cz\/wp-content\/uploads\/2025\/07\/LFS25_ATMO_Tadeas-Kaminek-8.jpg\" data-elementor-open-lightbox=\"yes\" data-elementor-lightbox-slideshow=\"6b7163c\" data-elementor-lightbox-title=\"LF\u0160 2025, Letn\u00ed filmov\u00e1 \u0161kola, atmosf\u00e9ra, \u010cTK \/ Tade\u00e1\u0161 Kam\u00ednek\" data-e-action-hash=\"#elementor-action%3Aaction%3Dlightbox%26settings%3DeyJpZCI6MTI4MzQsInVybCI6Imh0dHBzOlwvXC9sZnMuY3pcL3dwLWNvbnRlbnRcL3VwbG9hZHNcLzIwMjVcLzA3XC9MRlMyNV9BVE1PX1RhZGVhcy1LYW1pbmVrLTguanBnIiwic2xpZGVzaG93IjoiNmI3MTYzYyJ9\">\n\t\t\t\t\t<div class=\"e-gallery-image elementor-gallery-item__image\" data-thumbnail=\"https:\/\/lfs.cz\/wp-content\/uploads\/2025\/07\/LFS25_ATMO_Tadeas-Kaminek-8-300x200.jpg\" data-width=\"300\" data-height=\"200\" aria-label=\"\" role=\"img\" ><\/div>\n\t\t\t\t\t\t\t\t\t\t\t<div class=\"elementor-gallery-item__overlay\"><\/div>\n\t\t\t\t\t\t\t\t\t\t\t\t\t\t<\/a>\n\t\t\t\t\t\t\t<a class=\"e-gallery-item elementor-gallery-item elementor-animated-content\" data-e-gallery-tags=\"5\" href=\"https:\/\/lfs.cz\/wp-content\/uploads\/2025\/07\/LFS25_Cetkast_Jan-Sverak_CTK-Petr-Mlch-1.jpg\" data-elementor-open-lightbox=\"yes\" data-elementor-lightbox-slideshow=\"6b7163c\" data-elementor-lightbox-title=\"LF\u0160 2025, Letn\u00ed filmov\u00e1 \u0161kola, \u010cetkast, podcast, Jan Sv\u011br\u00e1k, Jan Jend\u0159ejek, Iva Hejl\u00ed\u010dkov\u00e1, \u010cTK \/ Mlch Petr\" data-e-action-hash=\"#elementor-action%3Aaction%3Dlightbox%26settings%3DeyJpZCI6MTMwNDUsInVybCI6Imh0dHBzOlwvXC9sZnMuY3pcL3dwLWNvbnRlbnRcL3VwbG9hZHNcLzIwMjVcLzA3XC9MRlMyNV9DZXRrYXN0X0phbi1TdmVyYWtfQ1RLLVBldHItTWxjaC0xLmpwZyIsInNsaWRlc2hvdyI6IjZiNzE2M2MifQ%3D%3D\">\n\t\t\t\t\t<div class=\"e-gallery-image elementor-gallery-item__image\" data-thumbnail=\"https:\/\/lfs.cz\/wp-content\/uploads\/2025\/07\/LFS25_Cetkast_Jan-Sverak_CTK-Petr-Mlch-1-200x300.jpg\" data-width=\"200\" data-height=\"300\" aria-label=\"\" role=\"img\" ><\/div>\n\t\t\t\t\t\t\t\t\t\t\t<div class=\"elementor-gallery-item__overlay\"><\/div>\n\t\t\t\t\t\t\t\t\t\t\t\t\t\t<\/a>\n\t\t\t\t\t\t\t<a class=\"e-gallery-item elementor-gallery-item elementor-animated-content\" data-e-gallery-tags=\"3\" href=\"https:\/\/lfs.cz\/wp-content\/uploads\/2025\/07\/LFS25_ATMO_Richard-Skoumal-6.jpg\" data-elementor-open-lightbox=\"yes\" data-elementor-lightbox-slideshow=\"6b7163c\" data-elementor-lightbox-title=\"Atmosf\u00e9ra, Letn\u00ed filmov\u00e1 \u0161kola, LF\u0160 2025, \u010cTK \/ Skoumal Richard\" data-e-action-hash=\"#elementor-action%3Aaction%3Dlightbox%26settings%3DeyJpZCI6MTI1NjUsInVybCI6Imh0dHBzOlwvXC9sZnMuY3pcL3dwLWNvbnRlbnRcL3VwbG9hZHNcLzIwMjVcLzA3XC9MRlMyNV9BVE1PX1JpY2hhcmQtU2tvdW1hbC02LmpwZyIsInNsaWRlc2hvdyI6IjZiNzE2M2MifQ%3D%3D\">\n\t\t\t\t\t<div class=\"e-gallery-image elementor-gallery-item__image\" data-thumbnail=\"https:\/\/lfs.cz\/wp-content\/uploads\/2025\/07\/LFS25_ATMO_Richard-Skoumal-6-300x200.jpg\" data-width=\"300\" data-height=\"200\" aria-label=\"\" role=\"img\" ><\/div>\n\t\t\t\t\t\t\t\t\t\t\t<div class=\"elementor-gallery-item__overlay\"><\/div>\n\t\t\t\t\t\t\t\t\t\t\t\t\t\t<\/a>\n\t\t\t\t\t\t\t<a class=\"e-gallery-item elementor-gallery-item elementor-animated-content\" data-e-gallery-tags=\"6\" href=\"https:\/\/lfs.cz\/wp-content\/uploads\/2025\/07\/LFS25_Delegace-k-filmu-Pod-parou_CTK-Dalibor-Gluck-9.jpg\" data-elementor-open-lightbox=\"yes\" data-elementor-lightbox-slideshow=\"6b7163c\" data-elementor-lightbox-title=\"LF\u0160 2025, Letn\u00ed filmov\u00e1 \u0161kola, slavnostn\u00ed zakon\u010den\u00ed, projekce filmu Pod parou, \u010cTK \/ Gl\u00fcck Dalibor\" data-e-action-hash=\"#elementor-action%3Aaction%3Dlightbox%26settings%3DeyJpZCI6MTMxNTgsInVybCI6Imh0dHBzOlwvXC9sZnMuY3pcL3dwLWNvbnRlbnRcL3VwbG9hZHNcLzIwMjVcLzA3XC9MRlMyNV9EZWxlZ2FjZS1rLWZpbG11LVBvZC1wYXJvdV9DVEstRGFsaWJvci1HbHVjay05LmpwZyIsInNsaWRlc2hvdyI6IjZiNzE2M2MifQ%3D%3D\">\n\t\t\t\t\t<div class=\"e-gallery-image elementor-gallery-item__image\" data-thumbnail=\"https:\/\/lfs.cz\/wp-content\/uploads\/2025\/07\/LFS25_Delegace-k-filmu-Pod-parou_CTK-Dalibor-Gluck-9-300x198.jpg\" data-width=\"300\" data-height=\"198\" aria-label=\"\" role=\"img\" ><\/div>\n\t\t\t\t\t\t\t\t\t\t\t<div class=\"elementor-gallery-item__overlay\"><\/div>\n\t\t\t\t\t\t\t\t\t\t\t\t\t\t<\/a>\n\t\t\t\t\t\t\t<a class=\"e-gallery-item elementor-gallery-item elementor-animated-content\" data-e-gallery-tags=\"0\" href=\"https:\/\/lfs.cz\/wp-content\/uploads\/2025\/07\/LFS25_merch_foto_Vincent-Stransky-5-2.jpg\" data-elementor-open-lightbox=\"yes\" data-elementor-lightbox-slideshow=\"6b7163c\" data-elementor-lightbox-title=\"LF\u0160 2025, Letn\u00ed filmov\u00e1 \u0161kola, merch, foto Vincent Str\u00e1nsk\u00fd\" data-e-action-hash=\"#elementor-action%3Aaction%3Dlightbox%26settings%3DeyJpZCI6MTIxMTYsInVybCI6Imh0dHBzOlwvXC9sZnMuY3pcL3dwLWNvbnRlbnRcL3VwbG9hZHNcLzIwMjVcLzA3XC9MRlMyNV9tZXJjaF9mb3RvX1ZpbmNlbnQtU3RyYW5za3ktNS0yLmpwZyIsInNsaWRlc2hvdyI6IjZiNzE2M2MifQ%3D%3D\">\n\t\t\t\t\t<div class=\"e-gallery-image elementor-gallery-item__image\" data-thumbnail=\"https:\/\/lfs.cz\/wp-content\/uploads\/2025\/07\/LFS25_merch_foto_Vincent-Stransky-5-2-200x300.jpg\" data-width=\"200\" data-height=\"300\" aria-label=\"\" role=\"img\" ><\/div>\n\t\t\t\t\t\t\t\t\t\t\t<div class=\"elementor-gallery-item__overlay\"><\/div>\n\t\t\t\t\t\t\t\t\t\t\t\t\t\t<\/a>\n\t\t\t\t\t\t\t<a class=\"e-gallery-item elementor-gallery-item elementor-animated-content\" data-e-gallery-tags=\"2\" href=\"https:\/\/lfs.cz\/wp-content\/uploads\/2025\/07\/LFS25_ATMO_Richard-Skoumal-2-1.jpg\" data-elementor-open-lightbox=\"yes\" data-elementor-lightbox-slideshow=\"6b7163c\" data-elementor-lightbox-title=\"LF\u0160 2025, Letn\u00ed filmov\u00e1 \u0161kola, \u010cTK \/ Petr\u00e1\u0161ek Radek\" data-e-action-hash=\"#elementor-action%3Aaction%3Dlightbox%26settings%3DeyJpZCI6MTIzMDQsInVybCI6Imh0dHBzOlwvXC9sZnMuY3pcL3dwLWNvbnRlbnRcL3VwbG9hZHNcLzIwMjVcLzA3XC9MRlMyNV9BVE1PX1JpY2hhcmQtU2tvdW1hbC0yLTEuanBnIiwic2xpZGVzaG93IjoiNmI3MTYzYyJ9\">\n\t\t\t\t\t<div class=\"e-gallery-image elementor-gallery-item__image\" data-thumbnail=\"https:\/\/lfs.cz\/wp-content\/uploads\/2025\/07\/LFS25_ATMO_Richard-Skoumal-2-1-300x200.jpg\" data-width=\"300\" data-height=\"200\" aria-label=\"\" role=\"img\" ><\/div>\n\t\t\t\t\t\t\t\t\t\t\t<div class=\"elementor-gallery-item__overlay\"><\/div>\n\t\t\t\t\t\t\t\t\t\t\t\t\t\t<\/a>\n\t\t\t\t\t\t\t<a class=\"e-gallery-item elementor-gallery-item elementor-animated-content\" data-e-gallery-tags=\"5\" href=\"https:\/\/lfs.cz\/wp-content\/uploads\/2025\/07\/LFS25_Valecne-okamziky_CTK-Dalibor-Gluck-2.jpg\" data-elementor-open-lightbox=\"yes\" data-elementor-lightbox-slideshow=\"6b7163c\" data-elementor-lightbox-title=\"LF\u0160 2025, Letn\u00ed filmov\u00e1 \u0161kola, V\u00e1le\u010dn\u00e9 okam\u017eiky, fotografick\u00e1 v\u00fdstava \u010cTK, \u010cTK \/ Gl\u00fcck Dalibor\" data-e-action-hash=\"#elementor-action%3Aaction%3Dlightbox%26settings%3DeyJpZCI6MTI5NzgsInVybCI6Imh0dHBzOlwvXC9sZnMuY3pcL3dwLWNvbnRlbnRcL3VwbG9hZHNcLzIwMjVcLzA3XC9MRlMyNV9WYWxlY25lLW9rYW16aWt5X0NUSy1EYWxpYm9yLUdsdWNrLTIuanBnIiwic2xpZGVzaG93IjoiNmI3MTYzYyJ9\">\n\t\t\t\t\t<div class=\"e-gallery-image elementor-gallery-item__image\" data-thumbnail=\"https:\/\/lfs.cz\/wp-content\/uploads\/2025\/07\/LFS25_Valecne-okamziky_CTK-Dalibor-Gluck-2-300x200.jpg\" data-width=\"300\" data-height=\"200\" aria-label=\"\" role=\"img\" ><\/div>\n\t\t\t\t\t\t\t\t\t\t\t<div class=\"elementor-gallery-item__overlay\"><\/div>\n\t\t\t\t\t\t\t\t\t\t\t\t\t\t<\/a>\n\t\t\t\t\t\t\t<a class=\"e-gallery-item elementor-gallery-item elementor-animated-content\" data-e-gallery-tags=\"6\" href=\"https:\/\/lfs.cz\/wp-content\/uploads\/2025\/07\/LFS25_Radio-Wave_Slejvak_David-Olchava_CTK-Tadeas-Kaminek-4.jpg\" data-elementor-open-lightbox=\"yes\" data-elementor-lightbox-slideshow=\"6b7163c\" data-elementor-lightbox-title=\"LF\u0160 2025, Letn\u00ed filmov\u00e1 \u0161kola, Radio Wave: Slejv\u00e1k, David Olchava, \u010cTK \/ Tade\u00e1\u0161 Kam\u00ednek\" data-e-action-hash=\"#elementor-action%3Aaction%3Dlightbox%26settings%3DeyJpZCI6MTMxMDIsInVybCI6Imh0dHBzOlwvXC9sZnMuY3pcL3dwLWNvbnRlbnRcL3VwbG9hZHNcLzIwMjVcLzA3XC9MRlMyNV9SYWRpby1XYXZlX1NsZWp2YWtfRGF2aWQtT2xjaGF2YV9DVEstVGFkZWFzLUthbWluZWstNC5qcGciLCJzbGlkZXNob3ciOiI2YjcxNjNjIn0%3D\">\n\t\t\t\t\t<div class=\"e-gallery-image elementor-gallery-item__image\" data-thumbnail=\"https:\/\/lfs.cz\/wp-content\/uploads\/2025\/07\/LFS25_Radio-Wave_Slejvak_David-Olchava_CTK-Tadeas-Kaminek-4-300x200.jpg\" data-width=\"300\" data-height=\"200\" aria-label=\"\" role=\"img\" ><\/div>\n\t\t\t\t\t\t\t\t\t\t\t<div class=\"elementor-gallery-item__overlay\"><\/div>\n\t\t\t\t\t\t\t\t\t\t\t\t\t\t<\/a>\n\t\t\t\t\t\t\t<a class=\"e-gallery-item elementor-gallery-item elementor-animated-content\" data-e-gallery-tags=\"2\" href=\"https:\/\/lfs.cz\/wp-content\/uploads\/2025\/07\/LFS25_Strihoruky-Edward_Radek-Petrasek-1.jpg\" data-elementor-open-lightbox=\"yes\" data-elementor-lightbox-slideshow=\"6b7163c\" data-elementor-lightbox-title=\"LF\u0160 2025, Letn\u00ed filmov\u00e1 \u0161kola, \u010cTK \/ Petr\u00e1\u0161ek Radek\" data-e-action-hash=\"#elementor-action%3Aaction%3Dlightbox%26settings%3DeyJpZCI6MTIzMDksInVybCI6Imh0dHBzOlwvXC9sZnMuY3pcL3dwLWNvbnRlbnRcL3VwbG9hZHNcLzIwMjVcLzA3XC9MRlMyNV9TdHJpaG9ydWt5LUVkd2FyZF9SYWRlay1QZXRyYXNlay0xLmpwZyIsInNsaWRlc2hvdyI6IjZiNzE2M2MifQ%3D%3D\">\n\t\t\t\t\t<div class=\"e-gallery-image elementor-gallery-item__image\" data-thumbnail=\"https:\/\/lfs.cz\/wp-content\/uploads\/2025\/07\/LFS25_Strihoruky-Edward_Radek-Petrasek-1-300x200.jpg\" data-width=\"300\" data-height=\"200\" aria-label=\"\" role=\"img\" ><\/div>\n\t\t\t\t\t\t\t\t\t\t\t<div class=\"elementor-gallery-item__overlay\"><\/div>\n\t\t\t\t\t\t\t\t\t\t\t\t\t\t<\/a>\n\t\t\t\t\t\t\t<a class=\"e-gallery-item elementor-gallery-item elementor-animated-content\" data-e-gallery-tags=\"6\" href=\"https:\/\/lfs.cz\/wp-content\/uploads\/2025\/07\/LFS25_Radio-Wave_Slejvak_CTK-Tadeas-Kaminek-7.jpg\" data-elementor-open-lightbox=\"yes\" data-elementor-lightbox-slideshow=\"6b7163c\" data-elementor-lightbox-title=\"LF\u0160 2025, Letn\u00ed filmov\u00e1 \u0161kola, Radio Wave: Slejv\u00e1k, \u010cTK \/ Tade\u00e1\u0161 Kam\u00ednek\" data-e-action-hash=\"#elementor-action%3Aaction%3Dlightbox%26settings%3DeyJpZCI6MTMxMDAsInVybCI6Imh0dHBzOlwvXC9sZnMuY3pcL3dwLWNvbnRlbnRcL3VwbG9hZHNcLzIwMjVcLzA3XC9MRlMyNV9SYWRpby1XYXZlX1NsZWp2YWtfQ1RLLVRhZGVhcy1LYW1pbmVrLTcuanBnIiwic2xpZGVzaG93IjoiNmI3MTYzYyJ9\">\n\t\t\t\t\t<div class=\"e-gallery-image elementor-gallery-item__image\" data-thumbnail=\"https:\/\/lfs.cz\/wp-content\/uploads\/2025\/07\/LFS25_Radio-Wave_Slejvak_CTK-Tadeas-Kaminek-7-300x200.jpg\" data-width=\"300\" data-height=\"200\" aria-label=\"\" role=\"img\" ><\/div>\n\t\t\t\t\t\t\t\t\t\t\t<div class=\"elementor-gallery-item__overlay\"><\/div>\n\t\t\t\t\t\t\t\t\t\t\t\t\t\t<\/a>\n\t\t\t\t\t\t\t<a class=\"e-gallery-item elementor-gallery-item elementor-animated-content\" data-e-gallery-tags=\"3\" href=\"https:\/\/lfs.cz\/wp-content\/uploads\/2025\/07\/LFS25_Emma-Kausc_Naruseni-deje_Stan-literatury-Nove-reality_Marek-Malusek-4.jpg\" data-elementor-open-lightbox=\"yes\" data-elementor-lightbox-slideshow=\"6b7163c\" data-elementor-lightbox-title=\"LF\u0160 2025, Letn\u00ed filmov\u00e1 \u0161kola, Emma Kausc: Naru\u0161en\u00ed d\u011bje, autorsk\u00e9 \u010dten\u00ed, foto Marek Mal\u016f\u0161ek\" data-e-action-hash=\"#elementor-action%3Aaction%3Dlightbox%26settings%3DeyJpZCI6MTI2ODIsInVybCI6Imh0dHBzOlwvXC9sZnMuY3pcL3dwLWNvbnRlbnRcL3VwbG9hZHNcLzIwMjVcLzA3XC9MRlMyNV9FbW1hLUthdXNjX05hcnVzZW5pLWRlamVfU3Rhbi1saXRlcmF0dXJ5LU5vdmUtcmVhbGl0eV9NYXJlay1NYWx1c2VrLTQuanBnIiwic2xpZGVzaG93IjoiNmI3MTYzYyJ9\">\n\t\t\t\t\t<div class=\"e-gallery-image elementor-gallery-item__image\" data-thumbnail=\"https:\/\/lfs.cz\/wp-content\/uploads\/2025\/07\/LFS25_Emma-Kausc_Naruseni-deje_Stan-literatury-Nove-reality_Marek-Malusek-4-300x200.jpg\" data-width=\"300\" data-height=\"200\" aria-label=\"\" role=\"img\" ><\/div>\n\t\t\t\t\t\t\t\t\t\t\t<div class=\"elementor-gallery-item__overlay\"><\/div>\n\t\t\t\t\t\t\t\t\t\t\t\t\t\t<\/a>\n\t\t\t\t\t\t\t<a class=\"e-gallery-item elementor-gallery-item elementor-animated-content\" data-e-gallery-tags=\"2\" href=\"https:\/\/lfs.cz\/wp-content\/uploads\/2025\/07\/LFS25_Mat213_Tadeas-Kaminek-8.jpg\" data-elementor-open-lightbox=\"yes\" data-elementor-lightbox-slideshow=\"6b7163c\" data-elementor-lightbox-title=\"LF\u0160 2025, Letn\u00ed filmov\u00e1 \u0161kola, koncert Mat213, \u010cTK \/ Tade\u00e1\u0161 Kam\u00ednek\" data-e-action-hash=\"#elementor-action%3Aaction%3Dlightbox%26settings%3DeyJpZCI6MTI0NDUsInVybCI6Imh0dHBzOlwvXC9sZnMuY3pcL3dwLWNvbnRlbnRcL3VwbG9hZHNcLzIwMjVcLzA3XC9MRlMyNV9NYXQyMTNfVGFkZWFzLUthbWluZWstOC5qcGciLCJzbGlkZXNob3ciOiI2YjcxNjNjIn0%3D\">\n\t\t\t\t\t<div class=\"e-gallery-image elementor-gallery-item__image\" data-thumbnail=\"https:\/\/lfs.cz\/wp-content\/uploads\/2025\/07\/LFS25_Mat213_Tadeas-Kaminek-8-300x200.jpg\" data-width=\"300\" data-height=\"200\" aria-label=\"\" role=\"img\" ><\/div>\n\t\t\t\t\t\t\t\t\t\t\t<div class=\"elementor-gallery-item__overlay\"><\/div>\n\t\t\t\t\t\t\t\t\t\t\t\t\t\t<\/a>\n\t\t\t\t\t\t\t<a class=\"e-gallery-item elementor-gallery-item elementor-animated-content\" data-e-gallery-tags=\"5\" href=\"https:\/\/lfs.cz\/wp-content\/uploads\/2025\/07\/LFS25_Baba-z-ledu_Zuzana-Kronerova_CTK-Radek-Petrasek-4.jpg\" data-elementor-open-lightbox=\"yes\" data-elementor-lightbox-slideshow=\"6b7163c\" data-elementor-lightbox-title=\"LF\u0160 2025, Letn\u00ed filmov\u00e1 \u0161kola, Zuzana Kronerov\u00e1, Radana Koren\u00e1, \u010cTK \/ Petr\u00e1\u0161ek Radek\" data-e-action-hash=\"#elementor-action%3Aaction%3Dlightbox%26settings%3DeyJpZCI6MTI5NjUsInVybCI6Imh0dHBzOlwvXC9sZnMuY3pcL3dwLWNvbnRlbnRcL3VwbG9hZHNcLzIwMjVcLzA3XC9MRlMyNV9CYWJhLXotbGVkdV9adXphbmEtS3JvbmVyb3ZhX0NUSy1SYWRlay1QZXRyYXNlay00LmpwZyIsInNsaWRlc2hvdyI6IjZiNzE2M2MifQ%3D%3D\">\n\t\t\t\t\t<div class=\"e-gallery-image elementor-gallery-item__image\" data-thumbnail=\"https:\/\/lfs.cz\/wp-content\/uploads\/2025\/07\/LFS25_Baba-z-ledu_Zuzana-Kronerova_CTK-Radek-Petrasek-4-300x200.jpg\" data-width=\"300\" data-height=\"200\" aria-label=\"\" role=\"img\" ><\/div>\n\t\t\t\t\t\t\t\t\t\t\t<div class=\"elementor-gallery-item__overlay\"><\/div>\n\t\t\t\t\t\t\t\t\t\t\t\t\t\t<\/a>\n\t\t\t\t\t\t\t<a class=\"e-gallery-item elementor-gallery-item elementor-animated-content\" data-e-gallery-tags=\"5\" href=\"https:\/\/lfs.cz\/wp-content\/uploads\/2025\/07\/MM_1506-1.jpg\" data-elementor-open-lightbox=\"yes\" data-elementor-lightbox-slideshow=\"6b7163c\" data-elementor-lightbox-title=\"LF\u0160 2025, Letn\u00ed filmov\u00e1 \u0161kola, K\u0159est knihy Filmovka: 50 Letn\u00edch filmov\u00fdch \u0161kol, zleva Anton\u00edn Ko\u010d\u00ed, Silvie J\u00edlkov\u00e1 Suchnov\u00e1, Radana Koren\u00e1, Jan Bergl, Iva Hejl\u00ed\u010dkov\u00e1, foto Marek Mal\u016f\u0161ek\" data-e-action-hash=\"#elementor-action%3Aaction%3Dlightbox%26settings%3DeyJpZCI6MTMwMzcsInVybCI6Imh0dHBzOlwvXC9sZnMuY3pcL3dwLWNvbnRlbnRcL3VwbG9hZHNcLzIwMjVcLzA3XC9NTV8xNTA2LTEuanBnIiwic2xpZGVzaG93IjoiNmI3MTYzYyJ9\">\n\t\t\t\t\t<div class=\"e-gallery-image elementor-gallery-item__image\" data-thumbnail=\"https:\/\/lfs.cz\/wp-content\/uploads\/2025\/07\/MM_1506-1-300x200.jpg\" data-width=\"300\" data-height=\"200\" aria-label=\"\" role=\"img\" ><\/div>\n\t\t\t\t\t\t\t\t\t\t\t<div class=\"elementor-gallery-item__overlay\"><\/div>\n\t\t\t\t\t\t\t\t\t\t\t\t\t\t<\/a>\n\t\t\t\t\t\t\t<a class=\"e-gallery-item elementor-gallery-item elementor-animated-content\" data-e-gallery-tags=\"5\" href=\"https:\/\/lfs.cz\/wp-content\/uploads\/2025\/07\/LFS25_Cetkast_Jan-Sverak_Iva-Hejlickova_CTK-Petr-Mlch-3.jpg\" data-elementor-open-lightbox=\"yes\" data-elementor-lightbox-slideshow=\"6b7163c\" data-elementor-lightbox-title=\"LF\u0160 2025, Letn\u00ed filmov\u00e1 \u0161kola, \u010cetkast, podcast, Iva Hejl\u00ed\u010dkov\u00e1, \u010cTK \/ Mlch Petr\" data-e-action-hash=\"#elementor-action%3Aaction%3Dlightbox%26settings%3DeyJpZCI6MTMwNDgsInVybCI6Imh0dHBzOlwvXC9sZnMuY3pcL3dwLWNvbnRlbnRcL3VwbG9hZHNcLzIwMjVcLzA3XC9MRlMyNV9DZXRrYXN0X0phbi1TdmVyYWtfSXZhLUhlamxpY2tvdmFfQ1RLLVBldHItTWxjaC0zLmpwZyIsInNsaWRlc2hvdyI6IjZiNzE2M2MifQ%3D%3D\">\n\t\t\t\t\t<div class=\"e-gallery-image elementor-gallery-item__image\" data-thumbnail=\"https:\/\/lfs.cz\/wp-content\/uploads\/2025\/07\/LFS25_Cetkast_Jan-Sverak_Iva-Hejlickova_CTK-Petr-Mlch-3-300x200.jpg\" data-width=\"300\" data-height=\"200\" aria-label=\"\" role=\"img\" ><\/div>\n\t\t\t\t\t\t\t\t\t\t\t<div class=\"elementor-gallery-item__overlay\"><\/div>\n\t\t\t\t\t\t\t\t\t\t\t\t\t\t<\/a>\n\t\t\t\t\t\t\t<a class=\"e-gallery-item elementor-gallery-item elementor-animated-content\" data-e-gallery-tags=\"2\" href=\"https:\/\/lfs.cz\/wp-content\/uploads\/2025\/07\/LFS25_ATMO_Richard-Skoumal-10.jpg\" data-elementor-open-lightbox=\"yes\" data-elementor-lightbox-slideshow=\"6b7163c\" data-elementor-lightbox-title=\"Atmosf\u00e9ra, Letn\u00ed filmov\u00e1 \u0161kola, LF\u0160 2025, \u010cTK \/ Skoumal Richard\" data-e-action-hash=\"#elementor-action%3Aaction%3Dlightbox%26settings%3DeyJpZCI6MTIzOTcsInVybCI6Imh0dHBzOlwvXC9sZnMuY3pcL3dwLWNvbnRlbnRcL3VwbG9hZHNcLzIwMjVcLzA3XC9MRlMyNV9BVE1PX1JpY2hhcmQtU2tvdW1hbC0xMC5qcGciLCJzbGlkZXNob3ciOiI2YjcxNjNjIn0%3D\">\n\t\t\t\t\t<div class=\"e-gallery-image elementor-gallery-item__image\" data-thumbnail=\"https:\/\/lfs.cz\/wp-content\/uploads\/2025\/07\/LFS25_ATMO_Richard-Skoumal-10-300x200.jpg\" data-width=\"300\" data-height=\"200\" aria-label=\"\" role=\"img\" ><\/div>\n\t\t\t\t\t\t\t\t\t\t\t<div class=\"elementor-gallery-item__overlay\"><\/div>\n\t\t\t\t\t\t\t\t\t\t\t\t\t\t<\/a>\n\t\t\t\t\t\t\t<a class=\"e-gallery-item elementor-gallery-item elementor-animated-content\" data-e-gallery-tags=\"4\" href=\"https:\/\/lfs.cz\/wp-content\/uploads\/2025\/07\/LFS25_Ctyri-roky-Martina-Baxy_Respekt-stan_Petr-Mlch-7.jpg\" data-elementor-open-lightbox=\"yes\" data-elementor-lightbox-slideshow=\"6b7163c\" data-elementor-lightbox-title=\"LF\u0160 2025, Letn\u00ed filmov\u00e1 \u0161kola, debata, Martin Baxa, \u010cTK \/ Mlch Petr\" data-e-action-hash=\"#elementor-action%3Aaction%3Dlightbox%26settings%3DeyJpZCI6MTI2OTgsInVybCI6Imh0dHBzOlwvXC9sZnMuY3pcL3dwLWNvbnRlbnRcL3VwbG9hZHNcLzIwMjVcLzA3XC9MRlMyNV9DdHlyaS1yb2t5LU1hcnRpbmEtQmF4eV9SZXNwZWt0LXN0YW5fUGV0ci1NbGNoLTcuanBnIiwic2xpZGVzaG93IjoiNmI3MTYzYyJ9\">\n\t\t\t\t\t<div class=\"e-gallery-image elementor-gallery-item__image\" data-thumbnail=\"https:\/\/lfs.cz\/wp-content\/uploads\/2025\/07\/LFS25_Ctyri-roky-Martina-Baxy_Respekt-stan_Petr-Mlch-7-300x200.jpg\" data-width=\"300\" data-height=\"200\" aria-label=\"\" role=\"img\" ><\/div>\n\t\t\t\t\t\t\t\t\t\t\t<div class=\"elementor-gallery-item__overlay\"><\/div>\n\t\t\t\t\t\t\t\t\t\t\t\t\t\t<\/a>\n\t\t\t\t\t\t\t<a class=\"e-gallery-item elementor-gallery-item elementor-animated-content\" data-e-gallery-tags=\"4\" href=\"https:\/\/lfs.cz\/wp-content\/uploads\/2025\/07\/LFS25_Kulturak_Vietnamska-kultura-v-Cesku_Anki_Richard-Skoumal-7.jpg\" data-elementor-open-lightbox=\"yes\" data-elementor-lightbox-slideshow=\"6b7163c\" data-elementor-lightbox-title=\"Kultur\u00e1k: Vietnamsk\u00e1 kultura v \u010cesku, Anki, Du\u017ean Duong, Ve\u010derka, Jon\u00e1\u0161 Zbo\u0159il, Letn\u00ed filmov\u00e1 \u0161kola, LF\u0160 2025, \u010cTK \/ Skoumal Richard\" data-e-action-hash=\"#elementor-action%3Aaction%3Dlightbox%26settings%3DeyJpZCI6MTI3MDMsInVybCI6Imh0dHBzOlwvXC9sZnMuY3pcL3dwLWNvbnRlbnRcL3VwbG9hZHNcLzIwMjVcLzA3XC9MRlMyNV9LdWx0dXJha19WaWV0bmFtc2thLWt1bHR1cmEtdi1DZXNrdV9BbmtpX1JpY2hhcmQtU2tvdW1hbC03LmpwZyIsInNsaWRlc2hvdyI6IjZiNzE2M2MifQ%3D%3D\">\n\t\t\t\t\t<div class=\"e-gallery-image elementor-gallery-item__image\" data-thumbnail=\"https:\/\/lfs.cz\/wp-content\/uploads\/2025\/07\/LFS25_Kulturak_Vietnamska-kultura-v-Cesku_Anki_Richard-Skoumal-7-300x200.jpg\" data-width=\"300\" data-height=\"200\" aria-label=\"\" role=\"img\" ><\/div>\n\t\t\t\t\t\t\t\t\t\t\t<div class=\"elementor-gallery-item__overlay\"><\/div>\n\t\t\t\t\t\t\t\t\t\t\t\t\t\t<\/a>\n\t\t\t\t\t\t\t<a class=\"e-gallery-item elementor-gallery-item elementor-animated-content\" data-e-gallery-tags=\"6\" href=\"https:\/\/lfs.cz\/wp-content\/uploads\/2025\/07\/LFS25_Delegace-k-filmu-Pod-parou_Rudolf-Biermann_CTK-Dalibor-Gluck-7.jpg\" data-elementor-open-lightbox=\"yes\" data-elementor-lightbox-slideshow=\"6b7163c\" data-elementor-lightbox-title=\"Ji\u0159\u00ed Havelka, Al\u017ebeta Ferencov\u00e1, Hana Vagnerov\u00e1, Rudolf Biermann, Jaroslav Sedl\u00e1\u010dek, Petr \u010ctvrtn\u00ed\u010dek, LF\u0160 2025, Letn\u00ed filmov\u00e1 \u0161kola, slavnostn\u00ed zakon\u010den\u00ed, projekce filmu Pod parou, \u010cTK \/ Gl\u00fcck Dalibor\" data-e-action-hash=\"#elementor-action%3Aaction%3Dlightbox%26settings%3DeyJpZCI6MTMxNjAsInVybCI6Imh0dHBzOlwvXC9sZnMuY3pcL3dwLWNvbnRlbnRcL3VwbG9hZHNcLzIwMjVcLzA3XC9MRlMyNV9EZWxlZ2FjZS1rLWZpbG11LVBvZC1wYXJvdV9SdWRvbGYtQmllcm1hbm5fQ1RLLURhbGlib3ItR2x1Y2stNy5qcGciLCJzbGlkZXNob3ciOiI2YjcxNjNjIn0%3D\">\n\t\t\t\t\t<div class=\"e-gallery-image elementor-gallery-item__image\" data-thumbnail=\"https:\/\/lfs.cz\/wp-content\/uploads\/2025\/07\/LFS25_Delegace-k-filmu-Pod-parou_Rudolf-Biermann_CTK-Dalibor-Gluck-7-300x200.jpg\" data-width=\"300\" data-height=\"200\" aria-label=\"\" role=\"img\" ><\/div>\n\t\t\t\t\t\t\t\t\t\t\t<div class=\"elementor-gallery-item__overlay\"><\/div>\n\t\t\t\t\t\t\t\t\t\t\t\t\t\t<\/a>\n\t\t\t\t\t\t\t<a class=\"e-gallery-item elementor-gallery-item elementor-animated-content\" data-e-gallery-tags=\"4\" href=\"https:\/\/lfs.cz\/wp-content\/uploads\/2025\/07\/LFS25_ATMO_Tadeas-Kaminek-7-1.jpg\" data-elementor-open-lightbox=\"yes\" data-elementor-lightbox-slideshow=\"6b7163c\" data-elementor-lightbox-title=\"LF\u0160 2025, Letn\u00ed filmov\u00e1 \u0161kola, atmosf\u00e9ra, \u010cTK \/ Tade\u00e1\u0161 Kam\u00ednek\" data-e-action-hash=\"#elementor-action%3Aaction%3Dlightbox%26settings%3DeyJpZCI6MTI3NDYsInVybCI6Imh0dHBzOlwvXC9sZnMuY3pcL3dwLWNvbnRlbnRcL3VwbG9hZHNcLzIwMjVcLzA3XC9MRlMyNV9BVE1PX1RhZGVhcy1LYW1pbmVrLTctMS5qcGciLCJzbGlkZXNob3ciOiI2YjcxNjNjIn0%3D\">\n\t\t\t\t\t<div class=\"e-gallery-image elementor-gallery-item__image\" data-thumbnail=\"https:\/\/lfs.cz\/wp-content\/uploads\/2025\/07\/LFS25_ATMO_Tadeas-Kaminek-7-1-300x200.jpg\" data-width=\"300\" data-height=\"200\" aria-label=\"\" role=\"img\" ><\/div>\n\t\t\t\t\t\t\t\t\t\t\t<div class=\"elementor-gallery-item__overlay\"><\/div>\n\t\t\t\t\t\t\t\t\t\t\t\t\t\t<\/a>\n\t\t\t\t\t\t\t<a class=\"e-gallery-item elementor-gallery-item elementor-animated-content\" data-e-gallery-tags=\"4\" href=\"https:\/\/lfs.cz\/wp-content\/uploads\/2025\/07\/LFS25_ATMO_Richard-Skoumal-6-1.jpg\" data-elementor-open-lightbox=\"yes\" data-elementor-lightbox-slideshow=\"6b7163c\" data-elementor-lightbox-title=\"Atmosf\u00e9ra, Letn\u00ed filmov\u00e1 \u0161kola, LF\u0160 2025, \u010cTK \/ Skoumal Richard\" data-e-action-hash=\"#elementor-action%3Aaction%3Dlightbox%26settings%3DeyJpZCI6MTI4MzEsInVybCI6Imh0dHBzOlwvXC9sZnMuY3pcL3dwLWNvbnRlbnRcL3VwbG9hZHNcLzIwMjVcLzA3XC9MRlMyNV9BVE1PX1JpY2hhcmQtU2tvdW1hbC02LTEuanBnIiwic2xpZGVzaG93IjoiNmI3MTYzYyJ9\">\n\t\t\t\t\t<div class=\"e-gallery-image elementor-gallery-item__image\" data-thumbnail=\"https:\/\/lfs.cz\/wp-content\/uploads\/2025\/07\/LFS25_ATMO_Richard-Skoumal-6-1-300x200.jpg\" data-width=\"300\" data-height=\"200\" aria-label=\"\" role=\"img\" ><\/div>\n\t\t\t\t\t\t\t\t\t\t\t<div class=\"elementor-gallery-item__overlay\"><\/div>\n\t\t\t\t\t\t\t\t\t\t\t\t\t\t<\/a>\n\t\t\t\t\t\t\t<a class=\"e-gallery-item elementor-gallery-item elementor-animated-content\" data-e-gallery-tags=\"4\" href=\"https:\/\/lfs.cz\/wp-content\/uploads\/2025\/07\/LFS25_Generace-F_Petr-Mlch-3.jpg\" data-elementor-open-lightbox=\"yes\" data-elementor-lightbox-slideshow=\"6b7163c\" data-elementor-lightbox-title=\"LF\u0160 2025, Letn\u00ed filmov\u00e1 \u0161kola, Radio Wave, Vlna Generace F, Eli\u0161ka Selingerov\u00e1, Barbora P\u0161enicov\u00e1, Josef Trojan, \u010cTK \/ Mlch Petr\" data-e-action-hash=\"#elementor-action%3Aaction%3Dlightbox%26settings%3DeyJpZCI6MTI4MjMsInVybCI6Imh0dHBzOlwvXC9sZnMuY3pcL3dwLWNvbnRlbnRcL3VwbG9hZHNcLzIwMjVcLzA3XC9MRlMyNV9HZW5lcmFjZS1GX1BldHItTWxjaC0zLmpwZyIsInNsaWRlc2hvdyI6IjZiNzE2M2MifQ%3D%3D\">\n\t\t\t\t\t<div class=\"e-gallery-image elementor-gallery-item__image\" data-thumbnail=\"https:\/\/lfs.cz\/wp-content\/uploads\/2025\/07\/LFS25_Generace-F_Petr-Mlch-3-300x200.jpg\" data-width=\"300\" data-height=\"200\" aria-label=\"\" role=\"img\" ><\/div>\n\t\t\t\t\t\t\t\t\t\t\t<div class=\"elementor-gallery-item__overlay\"><\/div>\n\t\t\t\t\t\t\t\t\t\t\t\t\t\t<\/a>\n\t\t\t\t\t\t\t<a class=\"e-gallery-item elementor-gallery-item elementor-animated-content\" data-e-gallery-tags=\"4\" href=\"https:\/\/lfs.cz\/wp-content\/uploads\/2025\/07\/LFS25_Schola-Gregoriana-Pragensis_Radek-Petrasek-14.jpg\" data-elementor-open-lightbox=\"yes\" data-elementor-lightbox-slideshow=\"6b7163c\" data-elementor-lightbox-title=\"LF\u0160 2025, Letn\u00ed filmov\u00e1 \u0161kola, Schola Gregoriana Pragensis, Ji\u0159\u00ed B\u00e1rta, \u010cTK \/ Petr\u00e1\u0161ek Radek\" data-e-action-hash=\"#elementor-action%3Aaction%3Dlightbox%26settings%3DeyJpZCI6MTI4MTcsInVybCI6Imh0dHBzOlwvXC9sZnMuY3pcL3dwLWNvbnRlbnRcL3VwbG9hZHNcLzIwMjVcLzA3XC9MRlMyNV9TY2hvbGEtR3JlZ29yaWFuYS1QcmFnZW5zaXNfUmFkZWstUGV0cmFzZWstMTQuanBnIiwic2xpZGVzaG93IjoiNmI3MTYzYyJ9\">\n\t\t\t\t\t<div class=\"e-gallery-image elementor-gallery-item__image\" data-thumbnail=\"https:\/\/lfs.cz\/wp-content\/uploads\/2025\/07\/LFS25_Schola-Gregoriana-Pragensis_Radek-Petrasek-14-300x200.jpg\" data-width=\"300\" data-height=\"200\" aria-label=\"\" role=\"img\" ><\/div>\n\t\t\t\t\t\t\t\t\t\t\t<div class=\"elementor-gallery-item__overlay\"><\/div>\n\t\t\t\t\t\t\t\t\t\t\t\t\t\t<\/a>\n\t\t\t\t\t\t\t<a class=\"e-gallery-item elementor-gallery-item elementor-animated-content\" data-e-gallery-tags=\"4\" href=\"https:\/\/lfs.cz\/wp-content\/uploads\/2025\/07\/LFS25_Hudba-rekla-pojd_Jiri-Suchy_Jan-Beranek-4.jpg\" data-elementor-open-lightbox=\"yes\" data-elementor-lightbox-slideshow=\"6b7163c\" data-elementor-lightbox-title=\"LF\u0160 2025, Letn\u00ed filmov\u00e1 \u0161kola, Ji\u0159\u00ed Such\u00fd, \u010cTK \/ Jan Ber\u00e1nek\" data-e-action-hash=\"#elementor-action%3Aaction%3Dlightbox%26settings%3DeyJpZCI6MTI3OTYsInVybCI6Imh0dHBzOlwvXC9sZnMuY3pcL3dwLWNvbnRlbnRcL3VwbG9hZHNcLzIwMjVcLzA3XC9MRlMyNV9IdWRiYS1yZWtsYS1wb2pkX0ppcmktU3VjaHlfSmFuLUJlcmFuZWstNC5qcGciLCJzbGlkZXNob3ciOiI2YjcxNjNjIn0%3D\">\n\t\t\t\t\t<div class=\"e-gallery-image elementor-gallery-item__image\" data-thumbnail=\"https:\/\/lfs.cz\/wp-content\/uploads\/2025\/07\/LFS25_Hudba-rekla-pojd_Jiri-Suchy_Jan-Beranek-4-300x200.jpg\" data-width=\"300\" data-height=\"200\" aria-label=\"\" role=\"img\" ><\/div>\n\t\t\t\t\t\t\t\t\t\t\t<div class=\"elementor-gallery-item__overlay\"><\/div>\n\t\t\t\t\t\t\t\t\t\t\t\t\t\t<\/a>\n\t\t\t\t\t\t\t<a class=\"e-gallery-item elementor-gallery-item elementor-animated-content\" data-e-gallery-tags=\"0\" href=\"https:\/\/lfs.cz\/wp-content\/uploads\/2025\/07\/LFS25_Stabni-skoleni_Kino-Hvezda_Petr-Mlch-12-1.jpg\" data-elementor-open-lightbox=\"yes\" data-elementor-lightbox-slideshow=\"6b7163c\" data-elementor-lightbox-title=\"LF\u0160 2025, Letn\u00ed filmov\u00e1 \u0161kola, p\u0159\u00edpravy, \u010cTK \/ Petr Mlch\" data-e-action-hash=\"#elementor-action%3Aaction%3Dlightbox%26settings%3DeyJpZCI6MTIxMjUsInVybCI6Imh0dHBzOlwvXC9sZnMuY3pcL3dwLWNvbnRlbnRcL3VwbG9hZHNcLzIwMjVcLzA3XC9MRlMyNV9TdGFibmktc2tvbGVuaV9LaW5vLUh2ZXpkYV9QZXRyLU1sY2gtMTItMS5qcGciLCJzbGlkZXNob3ciOiI2YjcxNjNjIn0%3D\">\n\t\t\t\t\t<div class=\"e-gallery-image elementor-gallery-item__image\" data-thumbnail=\"https:\/\/lfs.cz\/wp-content\/uploads\/2025\/07\/LFS25_Stabni-skoleni_Kino-Hvezda_Petr-Mlch-12-1-300x200.jpg\" data-width=\"300\" data-height=\"200\" aria-label=\"\" role=\"img\" ><\/div>\n\t\t\t\t\t\t\t\t\t\t\t<div class=\"elementor-gallery-item__overlay\"><\/div>\n\t\t\t\t\t\t\t\t\t\t\t\t\t\t<\/a>\n\t\t\t\t\t\t\t<a class=\"e-gallery-item elementor-gallery-item elementor-animated-content\" data-e-gallery-tags=\"4\" href=\"https:\/\/lfs.cz\/wp-content\/uploads\/2025\/07\/LFS25_ATMO_CTK-Tadeas-Kaminek-5.jpg\" data-elementor-open-lightbox=\"yes\" data-elementor-lightbox-slideshow=\"6b7163c\" data-elementor-lightbox-title=\"LF\u0160 2025, Letn\u00ed filmov\u00e1 \u0161kola, atmosf\u00e9ra, \u010cTK \/ Tade\u00e1\u0161 Kam\u00ednek\" data-e-action-hash=\"#elementor-action%3Aaction%3Dlightbox%26settings%3DeyJpZCI6MTI5MzQsInVybCI6Imh0dHBzOlwvXC9sZnMuY3pcL3dwLWNvbnRlbnRcL3VwbG9hZHNcLzIwMjVcLzA3XC9MRlMyNV9BVE1PX0NUSy1UYWRlYXMtS2FtaW5lay01LmpwZyIsInNsaWRlc2hvdyI6IjZiNzE2M2MifQ%3D%3D\">\n\t\t\t\t\t<div class=\"e-gallery-image elementor-gallery-item__image\" data-thumbnail=\"https:\/\/lfs.cz\/wp-content\/uploads\/2025\/07\/LFS25_ATMO_CTK-Tadeas-Kaminek-5-300x200.jpg\" data-width=\"300\" data-height=\"200\" aria-label=\"\" role=\"img\" ><\/div>\n\t\t\t\t\t\t\t\t\t\t\t<div class=\"elementor-gallery-item__overlay\"><\/div>\n\t\t\t\t\t\t\t\t\t\t\t\t\t\t<\/a>\n\t\t\t\t\t\t\t<a class=\"e-gallery-item elementor-gallery-item elementor-animated-content\" data-e-gallery-tags=\"5\" href=\"https:\/\/lfs.cz\/wp-content\/uploads\/2025\/07\/LFS25_ATMO_CTK-Richard-Skoumal-1.jpg\" data-elementor-open-lightbox=\"yes\" data-elementor-lightbox-slideshow=\"6b7163c\" data-elementor-lightbox-title=\"Atmosf\u00e9ra, Letn\u00ed filmov\u00e1 \u0161kola, LF\u0160 2025, \u010cTK \/ Skoumal Richard\" data-e-action-hash=\"#elementor-action%3Aaction%3Dlightbox%26settings%3DeyJpZCI6MTI5OTAsInVybCI6Imh0dHBzOlwvXC9sZnMuY3pcL3dwLWNvbnRlbnRcL3VwbG9hZHNcLzIwMjVcLzA3XC9MRlMyNV9BVE1PX0NUSy1SaWNoYXJkLVNrb3VtYWwtMS5qcGciLCJzbGlkZXNob3ciOiI2YjcxNjNjIn0%3D\">\n\t\t\t\t\t<div class=\"e-gallery-image elementor-gallery-item__image\" data-thumbnail=\"https:\/\/lfs.cz\/wp-content\/uploads\/2025\/07\/LFS25_ATMO_CTK-Richard-Skoumal-1-300x200.jpg\" data-width=\"300\" data-height=\"200\" aria-label=\"\" role=\"img\" ><\/div>\n\t\t\t\t\t\t\t\t\t\t\t<div class=\"elementor-gallery-item__overlay\"><\/div>\n\t\t\t\t\t\t\t\t\t\t\t\t\t\t<\/a>\n\t\t\t\t\t\t\t<a class=\"e-gallery-item elementor-gallery-item elementor-animated-content\" data-e-gallery-tags=\"6\" href=\"https:\/\/lfs.cz\/wp-content\/uploads\/2025\/07\/LFS25_Vyrocni-cena_Radana-Korena_Kino-Hvezda_Marek-Malusek-1.jpg\" data-elementor-open-lightbox=\"yes\" data-elementor-lightbox-slideshow=\"6b7163c\" data-elementor-lightbox-title=\"LF\u0160 2025, Letn\u00ed filmov\u00e1 \u0161kola, slavnostn\u00ed zakon\u010den\u00ed, projekce filmu Pod parou, \u0159editelka festivalu Radana Koren\u00e1, foto Marek Mal\u016f\u0161ek\" data-e-action-hash=\"#elementor-action%3Aaction%3Dlightbox%26settings%3DeyJpZCI6MTMxNzcsInVybCI6Imh0dHBzOlwvXC9sZnMuY3pcL3dwLWNvbnRlbnRcL3VwbG9hZHNcLzIwMjVcLzA3XC9MRlMyNV9WeXJvY25pLWNlbmFfUmFkYW5hLUtvcmVuYV9LaW5vLUh2ZXpkYV9NYXJlay1NYWx1c2VrLTEuanBnIiwic2xpZGVzaG93IjoiNmI3MTYzYyJ9\">\n\t\t\t\t\t<div class=\"e-gallery-image elementor-gallery-item__image\" data-thumbnail=\"https:\/\/lfs.cz\/wp-content\/uploads\/2025\/07\/LFS25_Vyrocni-cena_Radana-Korena_Kino-Hvezda_Marek-Malusek-1-300x200.jpg\" data-width=\"300\" data-height=\"200\" aria-label=\"\" role=\"img\" ><\/div>\n\t\t\t\t\t\t\t\t\t\t\t<div class=\"elementor-gallery-item__overlay\"><\/div>\n\t\t\t\t\t\t\t\t\t\t\t\t\t\t<\/a>\n\t\t\t\t\t\t\t<a class=\"e-gallery-item elementor-gallery-item elementor-animated-content\" data-e-gallery-tags=\"2\" href=\"https:\/\/lfs.cz\/wp-content\/uploads\/2025\/07\/LFS25_AZ-kviz_Jan-Beranek-2.jpg\" data-elementor-open-lightbox=\"yes\" data-elementor-lightbox-slideshow=\"6b7163c\" data-elementor-lightbox-title=\"LF\u0160 2025, Letn\u00ed filmov\u00e1 \u0161kola, AZ kv\u00edz, \u010cTK \/ Jan Ber\u00e1nek\" data-e-action-hash=\"#elementor-action%3Aaction%3Dlightbox%26settings%3DeyJpZCI6MTI1NzEsInVybCI6Imh0dHBzOlwvXC9sZnMuY3pcL3dwLWNvbnRlbnRcL3VwbG9hZHNcLzIwMjVcLzA3XC9MRlMyNV9BWi1rdml6X0phbi1CZXJhbmVrLTIuanBnIiwic2xpZGVzaG93IjoiNmI3MTYzYyJ9\">\n\t\t\t\t\t<div class=\"e-gallery-image elementor-gallery-item__image\" data-thumbnail=\"https:\/\/lfs.cz\/wp-content\/uploads\/2025\/07\/LFS25_AZ-kviz_Jan-Beranek-2-300x200.jpg\" data-width=\"300\" data-height=\"200\" aria-label=\"\" role=\"img\" ><\/div>\n\t\t\t\t\t\t\t\t\t\t\t<div class=\"elementor-gallery-item__overlay\"><\/div>\n\t\t\t\t\t\t\t\t\t\t\t\t\t\t<\/a>\n\t\t\t\t\t\t\t<a class=\"e-gallery-item elementor-gallery-item elementor-animated-content\" data-e-gallery-tags=\"5\" href=\"https:\/\/lfs.cz\/wp-content\/uploads\/2025\/07\/LFS25_Vyrocni-cena-ACFK_Klubistka-Lenka-Sepsova_CTK-Dalibor-Gluck-2.jpg\" data-elementor-open-lightbox=\"yes\" data-elementor-lightbox-slideshow=\"6b7163c\" data-elementor-lightbox-title=\"LF\u0160 2025, Letn\u00ed filmov\u00e1 \u0161kola, klubistka Lenka \u0160epsov\u00e1 dostala na Letn\u00ed filmov\u00e9 \u0161kole v\u00fdro\u010dn\u00ed cenu Asociace \u010desk\u00fdch filmov\u00fdch klub\u016f, \u010cTK \/ Gl\u00fcck Dalibor\" data-e-action-hash=\"#elementor-action%3Aaction%3Dlightbox%26settings%3DeyJpZCI6MTMwMDEsInVybCI6Imh0dHBzOlwvXC9sZnMuY3pcL3dwLWNvbnRlbnRcL3VwbG9hZHNcLzIwMjVcLzA3XC9MRlMyNV9WeXJvY25pLWNlbmEtQUNGS19LbHViaXN0a2EtTGVua2EtU2Vwc292YV9DVEstRGFsaWJvci1HbHVjay0yLmpwZyIsInNsaWRlc2hvdyI6IjZiNzE2M2MifQ%3D%3D\">\n\t\t\t\t\t<div class=\"e-gallery-image elementor-gallery-item__image\" data-thumbnail=\"https:\/\/lfs.cz\/wp-content\/uploads\/2025\/07\/LFS25_Vyrocni-cena-ACFK_Klubistka-Lenka-Sepsova_CTK-Dalibor-Gluck-2-300x204.jpg\" data-width=\"300\" data-height=\"204\" aria-label=\"\" role=\"img\" ><\/div>\n\t\t\t\t\t\t\t\t\t\t\t<div class=\"elementor-gallery-item__overlay\"><\/div>\n\t\t\t\t\t\t\t\t\t\t\t\t\t\t<\/a>\n\t\t\t\t\t\t\t<a class=\"e-gallery-item elementor-gallery-item elementor-animated-content\" data-e-gallery-tags=\"4\" href=\"https:\/\/lfs.cz\/wp-content\/uploads\/2025\/07\/LFS25_ATMO_Marek-Malusek-12.jpg\" data-elementor-open-lightbox=\"yes\" data-elementor-lightbox-slideshow=\"6b7163c\" data-elementor-lightbox-title=\"LF\u0160 2025, Letn\u00ed filmov\u00e1 \u0161kola, atmosf\u00e9ra, Marek Mal\u016f\u0161ek\" data-e-action-hash=\"#elementor-action%3Aaction%3Dlightbox%26settings%3DeyJpZCI6MTI4NTksInVybCI6Imh0dHBzOlwvXC9sZnMuY3pcL3dwLWNvbnRlbnRcL3VwbG9hZHNcLzIwMjVcLzA3XC9MRlMyNV9BVE1PX01hcmVrLU1hbHVzZWstMTIuanBnIiwic2xpZGVzaG93IjoiNmI3MTYzYyJ9\">\n\t\t\t\t\t<div class=\"e-gallery-image elementor-gallery-item__image\" data-thumbnail=\"https:\/\/lfs.cz\/wp-content\/uploads\/2025\/07\/LFS25_ATMO_Marek-Malusek-12-300x200.jpg\" data-width=\"300\" data-height=\"200\" aria-label=\"\" role=\"img\" ><\/div>\n\t\t\t\t\t\t\t\t\t\t\t<div class=\"elementor-gallery-item__overlay\"><\/div>\n\t\t\t\t\t\t\t\t\t\t\t\t\t\t<\/a>\n\t\t\t\t\t\t\t<a class=\"e-gallery-item elementor-gallery-item elementor-animated-content\" data-e-gallery-tags=\"5\" href=\"https:\/\/lfs.cz\/wp-content\/uploads\/2025\/07\/LFS25_Pedro-Midanka_CTK-Radek-Petrasek-3.jpg\" data-elementor-open-lightbox=\"yes\" data-elementor-lightbox-slideshow=\"6b7163c\" data-elementor-lightbox-title=\"LF\u0160 2025, Letn\u00ed filmov\u00e1 \u0161kola, Petro Mi\u010fanka, \u010cTK \/ Petr\u00e1\u0161ek Radek\" data-e-action-hash=\"#elementor-action%3Aaction%3Dlightbox%26settings%3DeyJpZCI6MTI5NzcsInVybCI6Imh0dHBzOlwvXC9sZnMuY3pcL3dwLWNvbnRlbnRcL3VwbG9hZHNcLzIwMjVcLzA3XC9MRlMyNV9QZWRyby1NaWRhbmthX0NUSy1SYWRlay1QZXRyYXNlay0zLmpwZyIsInNsaWRlc2hvdyI6IjZiNzE2M2MifQ%3D%3D\">\n\t\t\t\t\t<div class=\"e-gallery-image elementor-gallery-item__image\" data-thumbnail=\"https:\/\/lfs.cz\/wp-content\/uploads\/2025\/07\/LFS25_Pedro-Midanka_CTK-Radek-Petrasek-3-300x200.jpg\" data-width=\"300\" data-height=\"200\" aria-label=\"\" role=\"img\" ><\/div>\n\t\t\t\t\t\t\t\t\t\t\t<div class=\"elementor-gallery-item__overlay\"><\/div>\n\t\t\t\t\t\t\t\t\t\t\t\t\t\t<\/a>\n\t\t\t\t\t\t\t<a class=\"e-gallery-item elementor-gallery-item elementor-animated-content\" data-e-gallery-tags=\"4\" href=\"https:\/\/lfs.cz\/wp-content\/uploads\/2025\/07\/LFS25_-Slecna-Mendova-I_hudba-Ivan-Acher_Radek-Petrasek-8.jpg\" data-elementor-open-lightbox=\"yes\" data-elementor-lightbox-slideshow=\"6b7163c\" data-elementor-lightbox-title=\"LF\u0160 2025, Letn\u00ed filmov\u00e1 \u0161kola, hudebn\u00edk Ivan Acher, \u010cTK \/ Petr\u00e1\u0161ek Radek\" data-e-action-hash=\"#elementor-action%3Aaction%3Dlightbox%26settings%3DeyJpZCI6MTI3MzMsInVybCI6Imh0dHBzOlwvXC9sZnMuY3pcL3dwLWNvbnRlbnRcL3VwbG9hZHNcLzIwMjVcLzA3XC9MRlMyNV8tU2xlY25hLU1lbmRvdmEtSV9odWRiYS1JdmFuLUFjaGVyX1JhZGVrLVBldHJhc2VrLTguanBnIiwic2xpZGVzaG93IjoiNmI3MTYzYyJ9\">\n\t\t\t\t\t<div class=\"e-gallery-image elementor-gallery-item__image\" data-thumbnail=\"https:\/\/lfs.cz\/wp-content\/uploads\/2025\/07\/LFS25_-Slecna-Mendova-I_hudba-Ivan-Acher_Radek-Petrasek-8-300x200.jpg\" data-width=\"300\" data-height=\"200\" aria-label=\"\" role=\"img\" ><\/div>\n\t\t\t\t\t\t\t\t\t\t\t<div class=\"elementor-gallery-item__overlay\"><\/div>\n\t\t\t\t\t\t\t\t\t\t\t\t\t\t<\/a>\n\t\t\t\t\t\t\t<a class=\"e-gallery-item elementor-gallery-item elementor-animated-content\" data-e-gallery-tags=\"1\" href=\"https:\/\/lfs.cz\/wp-content\/uploads\/2025\/07\/LFS25_Per-Juul-Carlsen_Radek-Petrasek-3.jpg\" data-elementor-open-lightbox=\"yes\" data-elementor-lightbox-slideshow=\"6b7163c\" data-elementor-lightbox-title=\"LF\u0160 2025, Letn\u00ed filmov\u00e1 \u0161kola, \u010cTK \/ Radek Petr\u00e1\u0161ek\" data-e-action-hash=\"#elementor-action%3Aaction%3Dlightbox%26settings%3DeyJpZCI6MTIxNzAsInVybCI6Imh0dHBzOlwvXC9sZnMuY3pcL3dwLWNvbnRlbnRcL3VwbG9hZHNcLzIwMjVcLzA3XC9MRlMyNV9QZXItSnV1bC1DYXJsc2VuX1JhZGVrLVBldHJhc2VrLTMuanBnIiwic2xpZGVzaG93IjoiNmI3MTYzYyJ9\">\n\t\t\t\t\t<div class=\"e-gallery-image elementor-gallery-item__image\" data-thumbnail=\"https:\/\/lfs.cz\/wp-content\/uploads\/2025\/07\/LFS25_Per-Juul-Carlsen_Radek-Petrasek-3-300x200.jpg\" data-width=\"300\" data-height=\"200\" aria-label=\"\" role=\"img\" ><\/div>\n\t\t\t\t\t\t\t\t\t\t\t<div class=\"elementor-gallery-item__overlay\"><\/div>\n\t\t\t\t\t\t\t\t\t\t\t\t\t\t<\/a>\n\t\t\t\t\t\t\t<a class=\"e-gallery-item elementor-gallery-item elementor-animated-content\" data-e-gallery-tags=\"3\" href=\"https:\/\/lfs.cz\/wp-content\/uploads\/2025\/07\/LFS25_ATMO_Sofie-Shamekh-2.jpg\" data-elementor-open-lightbox=\"yes\" data-elementor-lightbox-slideshow=\"6b7163c\" data-elementor-lightbox-title=\"Voxpot, Afrika nen\u00ed st\u00e1t, Letn\u00ed filmov\u00e1 \u0161kola, LF\u0160 2025, \u010cTK \/ Sofie Shamekh\" data-e-action-hash=\"#elementor-action%3Aaction%3Dlightbox%26settings%3DeyJpZCI6MTI1NzksInVybCI6Imh0dHBzOlwvXC9sZnMuY3pcL3dwLWNvbnRlbnRcL3VwbG9hZHNcLzIwMjVcLzA3XC9MRlMyNV9BVE1PX1NvZmllLVNoYW1la2gtMi5qcGciLCJzbGlkZXNob3ciOiI2YjcxNjNjIn0%3D\">\n\t\t\t\t\t<div class=\"e-gallery-image elementor-gallery-item__image\" data-thumbnail=\"https:\/\/lfs.cz\/wp-content\/uploads\/2025\/07\/LFS25_ATMO_Sofie-Shamekh-2-300x200.jpg\" data-width=\"300\" data-height=\"200\" aria-label=\"\" role=\"img\" ><\/div>\n\t\t\t\t\t\t\t\t\t\t\t<div class=\"elementor-gallery-item__overlay\"><\/div>\n\t\t\t\t\t\t\t\t\t\t\t\t\t\t<\/a>\n\t\t\t\t\t\t\t<a class=\"e-gallery-item elementor-gallery-item elementor-animated-content\" data-e-gallery-tags=\"2\" href=\"https:\/\/lfs.cz\/wp-content\/uploads\/2025\/07\/LFS25_Vyuka-2025-loading_HUB-123_Sofie-Shamekh.jpg\" data-elementor-open-lightbox=\"yes\" data-elementor-lightbox-slideshow=\"6b7163c\" data-elementor-lightbox-title=\"Diskuze, vzd\u011bl\u00e1n\u00ed, Letn\u00ed filmov\u00e1 \u0161kola, LF\u0160 2025, \u010cTK \/ Sofie Shamekh\" data-e-action-hash=\"#elementor-action%3Aaction%3Dlightbox%26settings%3DeyJpZCI6MTIzNDksInVybCI6Imh0dHBzOlwvXC9sZnMuY3pcL3dwLWNvbnRlbnRcL3VwbG9hZHNcLzIwMjVcLzA3XC9MRlMyNV9WeXVrYS0yMDI1LWxvYWRpbmdfSFVCLTEyM19Tb2ZpZS1TaGFtZWtoLmpwZyIsInNsaWRlc2hvdyI6IjZiNzE2M2MifQ%3D%3D\">\n\t\t\t\t\t<div class=\"e-gallery-image elementor-gallery-item__image\" data-thumbnail=\"https:\/\/lfs.cz\/wp-content\/uploads\/2025\/07\/LFS25_Vyuka-2025-loading_HUB-123_Sofie-Shamekh-300x200.jpg\" data-width=\"300\" data-height=\"200\" aria-label=\"\" role=\"img\" ><\/div>\n\t\t\t\t\t\t\t\t\t\t\t<div class=\"elementor-gallery-item__overlay\"><\/div>\n\t\t\t\t\t\t\t\t\t\t\t\t\t\t<\/a>\n\t\t\t\t\t\t\t<a class=\"e-gallery-item elementor-gallery-item elementor-animated-content\" data-e-gallery-tags=\"2\" href=\"https:\/\/lfs.cz\/wp-content\/uploads\/2025\/07\/LFS25_Mat213_Tadeas-Kaminek-4.jpg\" data-elementor-open-lightbox=\"yes\" data-elementor-lightbox-slideshow=\"6b7163c\" data-elementor-lightbox-title=\"LF\u0160 2025, Letn\u00ed filmov\u00e1 \u0161kola, koncert Mat213, \u010cTK \/ Tade\u00e1\u0161 Kam\u00ednek\" data-e-action-hash=\"#elementor-action%3Aaction%3Dlightbox%26settings%3DeyJpZCI6MTI0NDMsInVybCI6Imh0dHBzOlwvXC9sZnMuY3pcL3dwLWNvbnRlbnRcL3VwbG9hZHNcLzIwMjVcLzA3XC9MRlMyNV9NYXQyMTNfVGFkZWFzLUthbWluZWstNC5qcGciLCJzbGlkZXNob3ciOiI2YjcxNjNjIn0%3D\">\n\t\t\t\t\t<div class=\"e-gallery-image elementor-gallery-item__image\" data-thumbnail=\"https:\/\/lfs.cz\/wp-content\/uploads\/2025\/07\/LFS25_Mat213_Tadeas-Kaminek-4-300x200.jpg\" data-width=\"300\" data-height=\"200\" aria-label=\"\" role=\"img\" ><\/div>\n\t\t\t\t\t\t\t\t\t\t\t<div class=\"elementor-gallery-item__overlay\"><\/div>\n\t\t\t\t\t\t\t\t\t\t\t\t\t\t<\/a>\n\t\t\t\t\t\t\t<a class=\"e-gallery-item elementor-gallery-item elementor-animated-content\" data-e-gallery-tags=\"0\" href=\"https:\/\/lfs.cz\/wp-content\/uploads\/2025\/07\/LFS25_Stabni-skoleni_Kino-Hvezda_Petr-Mlch-2-1.jpg\" data-elementor-open-lightbox=\"yes\" data-elementor-lightbox-slideshow=\"6b7163c\" data-elementor-lightbox-title=\"LF\u0160 2025, Letn\u00ed filmov\u00e1 \u0161kola, \u0161t\u00e1b, \u0161kolen\u00ed, Radana Koren\u00e1, \u010cTK \/ Petr Mlch\" data-e-action-hash=\"#elementor-action%3Aaction%3Dlightbox%26settings%3DeyJpZCI6MTIxMjEsInVybCI6Imh0dHBzOlwvXC9sZnMuY3pcL3dwLWNvbnRlbnRcL3VwbG9hZHNcLzIwMjVcLzA3XC9MRlMyNV9TdGFibmktc2tvbGVuaV9LaW5vLUh2ZXpkYV9QZXRyLU1sY2gtMi0xLmpwZyIsInNsaWRlc2hvdyI6IjZiNzE2M2MifQ%3D%3D\">\n\t\t\t\t\t<div class=\"e-gallery-image elementor-gallery-item__image\" data-thumbnail=\"https:\/\/lfs.cz\/wp-content\/uploads\/2025\/07\/LFS25_Stabni-skoleni_Kino-Hvezda_Petr-Mlch-2-1-300x200.jpg\" data-width=\"300\" data-height=\"200\" aria-label=\"\" role=\"img\" ><\/div>\n\t\t\t\t\t\t\t\t\t\t\t<div class=\"elementor-gallery-item__overlay\"><\/div>\n\t\t\t\t\t\t\t\t\t\t\t\t\t\t<\/a>\n\t\t\t\t\t\t\t<a class=\"e-gallery-item elementor-gallery-item elementor-animated-content\" data-e-gallery-tags=\"4\" href=\"https:\/\/lfs.cz\/wp-content\/uploads\/2025\/07\/LFS25_Mindok_Richard-Skoumal-5.jpg\" data-elementor-open-lightbox=\"yes\" data-elementor-lightbox-slideshow=\"6b7163c\" data-elementor-lightbox-title=\"Ve\u010der deskov\u00fdch her s MINDOKem, Letn\u00ed filmov\u00e1 \u0161kola, LF\u0160 2025, \u010cTK \/ Skoumal Richard\" data-e-action-hash=\"#elementor-action%3Aaction%3Dlightbox%26settings%3DeyJpZCI6MTI4MDgsInVybCI6Imh0dHBzOlwvXC9sZnMuY3pcL3dwLWNvbnRlbnRcL3VwbG9hZHNcLzIwMjVcLzA3XC9MRlMyNV9NaW5kb2tfUmljaGFyZC1Ta291bWFsLTUuanBnIiwic2xpZGVzaG93IjoiNmI3MTYzYyJ9\">\n\t\t\t\t\t<div class=\"e-gallery-image elementor-gallery-item__image\" data-thumbnail=\"https:\/\/lfs.cz\/wp-content\/uploads\/2025\/07\/LFS25_Mindok_Richard-Skoumal-5-300x200.jpg\" data-width=\"300\" data-height=\"200\" aria-label=\"\" role=\"img\" ><\/div>\n\t\t\t\t\t\t\t\t\t\t\t<div class=\"elementor-gallery-item__overlay\"><\/div>\n\t\t\t\t\t\t\t\t\t\t\t\t\t\t<\/a>\n\t\t\t\t\t\t\t<a class=\"e-gallery-item elementor-gallery-item elementor-animated-content\" data-e-gallery-tags=\"6\" href=\"https:\/\/lfs.cz\/wp-content\/uploads\/2025\/07\/LFS25_ARAS-a-Cinepur_Toci-dobre-matky-dobre-filmy_CTK-Tadeas-Kaminek-1.jpg\" data-elementor-open-lightbox=\"yes\" data-elementor-lightbox-slideshow=\"6b7163c\" data-elementor-lightbox-title=\"LF\u0160 2025, Letn\u00ed filmov\u00e1 \u0161kola, Doprovodn\u00fd program: ARAS a Cinepur uv\u00e1d\u011bj\u00ed: To\u010d\u00ed dobr\u00e9 matky dobr\u00e9 filmy?, \u010cTK \/ Tade\u00e1\u0161 Kam\u00ednek\" data-e-action-hash=\"#elementor-action%3Aaction%3Dlightbox%26settings%3DeyJpZCI6MTMxMDYsInVybCI6Imh0dHBzOlwvXC9sZnMuY3pcL3dwLWNvbnRlbnRcL3VwbG9hZHNcLzIwMjVcLzA3XC9MRlMyNV9BUkFTLWEtQ2luZXB1cl9Ub2NpLWRvYnJlLW1hdGt5LWRvYnJlLWZpbG15X0NUSy1UYWRlYXMtS2FtaW5lay0xLmpwZyIsInNsaWRlc2hvdyI6IjZiNzE2M2MifQ%3D%3D\">\n\t\t\t\t\t<div class=\"e-gallery-image elementor-gallery-item__image\" data-thumbnail=\"https:\/\/lfs.cz\/wp-content\/uploads\/2025\/07\/LFS25_ARAS-a-Cinepur_Toci-dobre-matky-dobre-filmy_CTK-Tadeas-Kaminek-1-300x200.jpg\" data-width=\"300\" data-height=\"200\" aria-label=\"\" role=\"img\" ><\/div>\n\t\t\t\t\t\t\t\t\t\t\t<div class=\"elementor-gallery-item__overlay\"><\/div>\n\t\t\t\t\t\t\t\t\t\t\t\t\t\t<\/a>\n\t\t\t\t\t\t\t<a class=\"e-gallery-item elementor-gallery-item elementor-animated-content\" data-e-gallery-tags=\"4\" href=\"https:\/\/lfs.cz\/wp-content\/uploads\/2025\/07\/LFS25_FAMU-history-Petr-Kotek-Talks_Tadeas-Kaminek-4.jpg\" data-elementor-open-lightbox=\"yes\" data-elementor-lightbox-slideshow=\"6b7163c\" data-elementor-lightbox-title=\"LF\u0160 2025, Letn\u00ed filmov\u00e1 \u0161kola, FAMU history: Petr Kotek (Talks), \u010cTK \/ Tade\u00e1\u0161 Kam\u00ednek\" data-e-action-hash=\"#elementor-action%3Aaction%3Dlightbox%26settings%3DeyJpZCI6MTI3NTksInVybCI6Imh0dHBzOlwvXC9sZnMuY3pcL3dwLWNvbnRlbnRcL3VwbG9hZHNcLzIwMjVcLzA3XC9MRlMyNV9GQU1VLWhpc3RvcnktUGV0ci1Lb3Rlay1UYWxrc19UYWRlYXMtS2FtaW5lay00LmpwZyIsInNsaWRlc2hvdyI6IjZiNzE2M2MifQ%3D%3D\">\n\t\t\t\t\t<div class=\"e-gallery-image elementor-gallery-item__image\" data-thumbnail=\"https:\/\/lfs.cz\/wp-content\/uploads\/2025\/07\/LFS25_FAMU-history-Petr-Kotek-Talks_Tadeas-Kaminek-4-300x200.jpg\" data-width=\"300\" data-height=\"200\" aria-label=\"\" role=\"img\" ><\/div>\n\t\t\t\t\t\t\t\t\t\t\t<div class=\"elementor-gallery-item__overlay\"><\/div>\n\t\t\t\t\t\t\t\t\t\t\t\t\t\t<\/a>\n\t\t\t\t\t\t\t<a class=\"e-gallery-item elementor-gallery-item elementor-animated-content\" data-e-gallery-tags=\"6\" href=\"https:\/\/lfs.cz\/wp-content\/uploads\/2025\/07\/LFS25_-Dama-z-loze-c.-13_hudba-Oliver-Torr_CTK-Radek-Petrasek-11.jpg\" data-elementor-open-lightbox=\"yes\" data-elementor-lightbox-slideshow=\"6b7163c\" data-elementor-lightbox-title=\"LF\u0160 2025, Letn\u00ed filmov\u00e1 \u0161kola, Oliver Torr, \u010cTK \/ Petr\u00e1\u0161ek Radek\" data-e-action-hash=\"#elementor-action%3Aaction%3Dlightbox%26settings%3DeyJpZCI6MTMwOTIsInVybCI6Imh0dHBzOlwvXC9sZnMuY3pcL3dwLWNvbnRlbnRcL3VwbG9hZHNcLzIwMjVcLzA3XC9MRlMyNV8tRGFtYS16LWxvemUtYy4tMTNfaHVkYmEtT2xpdmVyLVRvcnJfQ1RLLVJhZGVrLVBldHJhc2VrLTExLmpwZyIsInNsaWRlc2hvdyI6IjZiNzE2M2MifQ%3D%3D\">\n\t\t\t\t\t<div class=\"e-gallery-image elementor-gallery-item__image\" data-thumbnail=\"https:\/\/lfs.cz\/wp-content\/uploads\/2025\/07\/LFS25_-Dama-z-loze-c.-13_hudba-Oliver-Torr_CTK-Radek-Petrasek-11-300x200.jpg\" data-width=\"300\" data-height=\"200\" aria-label=\"\" role=\"img\" ><\/div>\n\t\t\t\t\t\t\t\t\t\t\t<div class=\"elementor-gallery-item__overlay\"><\/div>\n\t\t\t\t\t\t\t\t\t\t\t\t\t\t<\/a>\n\t\t\t\t\t\t\t<a class=\"e-gallery-item elementor-gallery-item elementor-animated-content\" data-e-gallery-tags=\"3\" href=\"https:\/\/lfs.cz\/wp-content\/uploads\/2025\/07\/LFS25_Na-druhe-strane-leta_Vojtech-Strakaty_Tadeas-Kaminek-4.jpg\" data-elementor-open-lightbox=\"yes\" data-elementor-lightbox-slideshow=\"6b7163c\" data-elementor-lightbox-title=\"LF\u0160 2025, Letn\u00ed filmov\u00e1 \u0161kola, projekce filmu Na druh\u00e9 stran\u011b l\u00e9ta, \u010cTK \/ Tade\u00e1\u0161 Kam\u00ednek\" data-e-action-hash=\"#elementor-action%3Aaction%3Dlightbox%26settings%3DeyJpZCI6MTI1ODgsInVybCI6Imh0dHBzOlwvXC9sZnMuY3pcL3dwLWNvbnRlbnRcL3VwbG9hZHNcLzIwMjVcLzA3XC9MRlMyNV9OYS1kcnVoZS1zdHJhbmUtbGV0YV9Wb2p0ZWNoLVN0cmFrYXR5X1RhZGVhcy1LYW1pbmVrLTQuanBnIiwic2xpZGVzaG93IjoiNmI3MTYzYyJ9\">\n\t\t\t\t\t<div class=\"e-gallery-image elementor-gallery-item__image\" data-thumbnail=\"https:\/\/lfs.cz\/wp-content\/uploads\/2025\/07\/LFS25_Na-druhe-strane-leta_Vojtech-Strakaty_Tadeas-Kaminek-4-300x200.jpg\" data-width=\"300\" data-height=\"200\" aria-label=\"\" role=\"img\" ><\/div>\n\t\t\t\t\t\t\t\t\t\t\t<div class=\"elementor-gallery-item__overlay\"><\/div>\n\t\t\t\t\t\t\t\t\t\t\t\t\t\t<\/a>\n\t\t\t\t\t\t\t<a class=\"e-gallery-item elementor-gallery-item elementor-animated-content\" data-e-gallery-tags=\"2\" href=\"https:\/\/lfs.cz\/wp-content\/uploads\/2025\/07\/LFS25_Tajemne-X_hudba-Islaja_Radek-Petrasek-6.jpg\" data-elementor-open-lightbox=\"yes\" data-elementor-lightbox-slideshow=\"6b7163c\" data-elementor-lightbox-title=\"LF\u0160 2025, Letn\u00ed filmov\u00e1 \u0161kola, \u010cTK \/ Petr\u00e1\u0161ek Radek\" data-e-action-hash=\"#elementor-action%3Aaction%3Dlightbox%26settings%3DeyJpZCI6MTIzNDgsInVybCI6Imh0dHBzOlwvXC9sZnMuY3pcL3dwLWNvbnRlbnRcL3VwbG9hZHNcLzIwMjVcLzA3XC9MRlMyNV9UYWplbW5lLVhfaHVkYmEtSXNsYWphX1JhZGVrLVBldHJhc2VrLTYuanBnIiwic2xpZGVzaG93IjoiNmI3MTYzYyJ9\">\n\t\t\t\t\t<div class=\"e-gallery-image elementor-gallery-item__image\" data-thumbnail=\"https:\/\/lfs.cz\/wp-content\/uploads\/2025\/07\/LFS25_Tajemne-X_hudba-Islaja_Radek-Petrasek-6-300x200.jpg\" data-width=\"300\" data-height=\"200\" aria-label=\"\" role=\"img\" ><\/div>\n\t\t\t\t\t\t\t\t\t\t\t<div class=\"elementor-gallery-item__overlay\"><\/div>\n\t\t\t\t\t\t\t\t\t\t\t\t\t\t<\/a>\n\t\t\t\t\t\t\t<a class=\"e-gallery-item elementor-gallery-item elementor-animated-content\" data-e-gallery-tags=\"4\" href=\"https:\/\/lfs.cz\/wp-content\/uploads\/2025\/07\/LFS25_ATMO_Jan-Beranek-4.jpg\" data-elementor-open-lightbox=\"yes\" data-elementor-lightbox-slideshow=\"6b7163c\" data-elementor-lightbox-title=\"LF\u0160 2025, Letn\u00ed filmov\u00e1 \u0161kola, Atmosf\u00e9ra, \u010cTK \/ Jan Ber\u00e1nek\" data-e-action-hash=\"#elementor-action%3Aaction%3Dlightbox%26settings%3DeyJpZCI6MTI3MzgsInVybCI6Imh0dHBzOlwvXC9sZnMuY3pcL3dwLWNvbnRlbnRcL3VwbG9hZHNcLzIwMjVcLzA3XC9MRlMyNV9BVE1PX0phbi1CZXJhbmVrLTQuanBnIiwic2xpZGVzaG93IjoiNmI3MTYzYyJ9\">\n\t\t\t\t\t<div class=\"e-gallery-image elementor-gallery-item__image\" data-thumbnail=\"https:\/\/lfs.cz\/wp-content\/uploads\/2025\/07\/LFS25_ATMO_Jan-Beranek-4-300x200.jpg\" data-width=\"300\" data-height=\"200\" aria-label=\"\" role=\"img\" ><\/div>\n\t\t\t\t\t\t\t\t\t\t\t<div class=\"elementor-gallery-item__overlay\"><\/div>\n\t\t\t\t\t\t\t\t\t\t\t\t\t\t<\/a>\n\t\t\t\t\t\t\t<a class=\"e-gallery-item elementor-gallery-item elementor-animated-content\" data-e-gallery-tags=\"6\" href=\"https:\/\/lfs.cz\/wp-content\/uploads\/2025\/07\/LFS25_Kreutzerova-sonata_Pavol-Bereza_Reduta_CTK-Richard-Skoumal-8.jpg\" data-elementor-open-lightbox=\"yes\" data-elementor-lightbox-slideshow=\"6b7163c\" data-elementor-lightbox-title=\"Pavol Bereza, Letn\u00ed filmov\u00e1 \u0161kola, LF\u0160 2025, \u010cTK \/ Skoumal Richard\" data-e-action-hash=\"#elementor-action%3Aaction%3Dlightbox%26settings%3DeyJpZCI6MTMxMjcsInVybCI6Imh0dHBzOlwvXC9sZnMuY3pcL3dwLWNvbnRlbnRcL3VwbG9hZHNcLzIwMjVcLzA3XC9MRlMyNV9LcmV1dHplcm92YS1zb25hdGFfUGF2b2wtQmVyZXphX1JlZHV0YV9DVEstUmljaGFyZC1Ta291bWFsLTguanBnIiwic2xpZGVzaG93IjoiNmI3MTYzYyJ9\">\n\t\t\t\t\t<div class=\"e-gallery-image elementor-gallery-item__image\" data-thumbnail=\"https:\/\/lfs.cz\/wp-content\/uploads\/2025\/07\/LFS25_Kreutzerova-sonata_Pavol-Bereza_Reduta_CTK-Richard-Skoumal-8-300x200.jpg\" data-width=\"300\" data-height=\"200\" aria-label=\"\" role=\"img\" ><\/div>\n\t\t\t\t\t\t\t\t\t\t\t<div class=\"elementor-gallery-item__overlay\"><\/div>\n\t\t\t\t\t\t\t\t\t\t\t\t\t\t<\/a>\n\t\t\t\t\t\t\t<a class=\"e-gallery-item elementor-gallery-item elementor-animated-content\" data-e-gallery-tags=\"6\" href=\"https:\/\/lfs.cz\/wp-content\/uploads\/2025\/07\/LFS25_Kreutzerova-sonata_Reduta_CTK-Richard-Skoumal-9.jpg\" data-elementor-open-lightbox=\"yes\" data-elementor-lightbox-slideshow=\"6b7163c\" data-elementor-lightbox-title=\"Kreutzerova son\u00e1ta, Sisa Michalidesov\u00e1, Pavol Bereza, Robert Vizv\u00e1ri, Letn\u00ed filmov\u00e1 \u0161kola, LF\u0160 2025, \u010cTK \/ Skoumal Richard\" data-e-action-hash=\"#elementor-action%3Aaction%3Dlightbox%26settings%3DeyJpZCI6MTMxMjYsInVybCI6Imh0dHBzOlwvXC9sZnMuY3pcL3dwLWNvbnRlbnRcL3VwbG9hZHNcLzIwMjVcLzA3XC9MRlMyNV9LcmV1dHplcm92YS1zb25hdGFfUmVkdXRhX0NUSy1SaWNoYXJkLVNrb3VtYWwtOS5qcGciLCJzbGlkZXNob3ciOiI2YjcxNjNjIn0%3D\">\n\t\t\t\t\t<div class=\"e-gallery-image elementor-gallery-item__image\" data-thumbnail=\"https:\/\/lfs.cz\/wp-content\/uploads\/2025\/07\/LFS25_Kreutzerova-sonata_Reduta_CTK-Richard-Skoumal-9-300x200.jpg\" data-width=\"300\" data-height=\"200\" aria-label=\"\" role=\"img\" ><\/div>\n\t\t\t\t\t\t\t\t\t\t\t<div class=\"elementor-gallery-item__overlay\"><\/div>\n\t\t\t\t\t\t\t\t\t\t\t\t\t\t<\/a>\n\t\t\t\t\t\t\t<a class=\"e-gallery-item elementor-gallery-item elementor-animated-content\" data-e-gallery-tags=\"2\" href=\"https:\/\/lfs.cz\/wp-content\/uploads\/2025\/07\/LFS25_Simona-Babcakova_Slovacke-divadlo_Marek-Malusek-2.jpg\" data-elementor-open-lightbox=\"yes\" data-elementor-lightbox-slideshow=\"6b7163c\" data-elementor-lightbox-title=\"LF\u0160 2025, Letn\u00ed filmov\u00e1 \u0161kola, Simona Bab\u010d\u00e1kov\u00e1 a jej\u00ed improviza\u010dn\u00ed skupina NO A!, foto Marek Mal\u016f\u0161ek\" data-e-action-hash=\"#elementor-action%3Aaction%3Dlightbox%26settings%3DeyJpZCI6MTI1MzEsInVybCI6Imh0dHBzOlwvXC9sZnMuY3pcL3dwLWNvbnRlbnRcL3VwbG9hZHNcLzIwMjVcLzA3XC9MRlMyNV9TaW1vbmEtQmFiY2Frb3ZhX1Nsb3ZhY2tlLWRpdmFkbG9fTWFyZWstTWFsdXNlay0yLmpwZyIsInNsaWRlc2hvdyI6IjZiNzE2M2MifQ%3D%3D\">\n\t\t\t\t\t<div class=\"e-gallery-image elementor-gallery-item__image\" data-thumbnail=\"https:\/\/lfs.cz\/wp-content\/uploads\/2025\/07\/LFS25_Simona-Babcakova_Slovacke-divadlo_Marek-Malusek-2-300x200.jpg\" data-width=\"300\" data-height=\"200\" aria-label=\"\" role=\"img\" ><\/div>\n\t\t\t\t\t\t\t\t\t\t\t<div class=\"elementor-gallery-item__overlay\"><\/div>\n\t\t\t\t\t\t\t\t\t\t\t\t\t\t<\/a>\n\t\t\t\t\t\t\t<a class=\"e-gallery-item elementor-gallery-item elementor-animated-content\" data-e-gallery-tags=\"5\" href=\"https:\/\/lfs.cz\/wp-content\/uploads\/2025\/07\/LFS25_Joga_CTK-Richard-Skoumal-3.jpg\" data-elementor-open-lightbox=\"yes\" data-elementor-lightbox-slideshow=\"6b7163c\" data-elementor-lightbox-title=\"J\u00f3ga pro v\u0161echny, Jana Drobn\u00e1, Letn\u00ed filmov\u00e1 \u0161kola, LF\u0160 2025, \u010cTK \/ Skoumal Richard\" data-e-action-hash=\"#elementor-action%3Aaction%3Dlightbox%26settings%3DeyJpZCI6MTI5MjIsInVybCI6Imh0dHBzOlwvXC9sZnMuY3pcL3dwLWNvbnRlbnRcL3VwbG9hZHNcLzIwMjVcLzA3XC9MRlMyNV9Kb2dhX0NUSy1SaWNoYXJkLVNrb3VtYWwtMy5qcGciLCJzbGlkZXNob3ciOiI2YjcxNjNjIn0%3D\">\n\t\t\t\t\t<div class=\"e-gallery-image elementor-gallery-item__image\" data-thumbnail=\"https:\/\/lfs.cz\/wp-content\/uploads\/2025\/07\/LFS25_Joga_CTK-Richard-Skoumal-3-300x200.jpg\" data-width=\"300\" data-height=\"200\" aria-label=\"\" role=\"img\" ><\/div>\n\t\t\t\t\t\t\t\t\t\t\t<div class=\"elementor-gallery-item__overlay\"><\/div>\n\t\t\t\t\t\t\t\t\t\t\t\t\t\t<\/a>\n\t\t\t\t\t\t\t<a class=\"e-gallery-item elementor-gallery-item elementor-animated-content\" data-e-gallery-tags=\"4\" href=\"https:\/\/lfs.cz\/wp-content\/uploads\/2025\/07\/LFS25_ATMO_Marek-Malusek-9.jpg\" data-elementor-open-lightbox=\"yes\" data-elementor-lightbox-slideshow=\"6b7163c\" data-elementor-lightbox-title=\"LF\u0160 2025, Letn\u00ed filmov\u00e1 \u0161kola, atmosf\u00e9ra, Marek Mal\u016f\u0161ek\" data-e-action-hash=\"#elementor-action%3Aaction%3Dlightbox%26settings%3DeyJpZCI6MTI4NTgsInVybCI6Imh0dHBzOlwvXC9sZnMuY3pcL3dwLWNvbnRlbnRcL3VwbG9hZHNcLzIwMjVcLzA3XC9MRlMyNV9BVE1PX01hcmVrLU1hbHVzZWstOS5qcGciLCJzbGlkZXNob3ciOiI2YjcxNjNjIn0%3D\">\n\t\t\t\t\t<div class=\"e-gallery-image elementor-gallery-item__image\" data-thumbnail=\"https:\/\/lfs.cz\/wp-content\/uploads\/2025\/07\/LFS25_ATMO_Marek-Malusek-9-300x200.jpg\" data-width=\"300\" data-height=\"200\" aria-label=\"\" role=\"img\" ><\/div>\n\t\t\t\t\t\t\t\t\t\t\t<div class=\"elementor-gallery-item__overlay\"><\/div>\n\t\t\t\t\t\t\t\t\t\t\t\t\t\t<\/a>\n\t\t\t\t\t\t\t<a class=\"e-gallery-item elementor-gallery-item elementor-animated-content\" data-e-gallery-tags=\"0\" href=\"https:\/\/lfs.cz\/wp-content\/uploads\/2025\/07\/LFS25_ATMO_Petr-Mlch-5-1.jpg\" data-elementor-open-lightbox=\"yes\" data-elementor-lightbox-slideshow=\"6b7163c\" data-elementor-lightbox-title=\"LF\u0160 2025, Letn\u00ed filmov\u00e1 \u0161kola, p\u0159\u00edpravy, \u010cTK \/ Petr Mlch\" data-e-action-hash=\"#elementor-action%3Aaction%3Dlightbox%26settings%3DeyJpZCI6MTIxMTQsInVybCI6Imh0dHBzOlwvXC9sZnMuY3pcL3dwLWNvbnRlbnRcL3VwbG9hZHNcLzIwMjVcLzA3XC9MRlMyNV9BVE1PX1BldHItTWxjaC01LTEuanBnIiwic2xpZGVzaG93IjoiNmI3MTYzYyJ9\">\n\t\t\t\t\t<div class=\"e-gallery-image elementor-gallery-item__image\" data-thumbnail=\"https:\/\/lfs.cz\/wp-content\/uploads\/2025\/07\/LFS25_ATMO_Petr-Mlch-5-1-300x200.jpg\" data-width=\"300\" data-height=\"200\" aria-label=\"\" role=\"img\" ><\/div>\n\t\t\t\t\t\t\t\t\t\t\t<div class=\"elementor-gallery-item__overlay\"><\/div>\n\t\t\t\t\t\t\t\t\t\t\t\t\t\t<\/a>\n\t\t\t\t\t\t\t<a class=\"e-gallery-item elementor-gallery-item elementor-animated-content\" data-e-gallery-tags=\"4\" href=\"https:\/\/lfs.cz\/wp-content\/uploads\/2025\/07\/LFS25_Hudba-rekla-pojd_Jiri-Suchy_Jan-Beranek-3.jpg\" data-elementor-open-lightbox=\"yes\" data-elementor-lightbox-slideshow=\"6b7163c\" data-elementor-lightbox-title=\"LF\u0160 2025, Letn\u00ed filmov\u00e1 \u0161kola, Ji\u0159\u00ed Such\u00fd, \u010cTK \/ Jan Ber\u00e1nek\" data-e-action-hash=\"#elementor-action%3Aaction%3Dlightbox%26settings%3DeyJpZCI6MTI3OTUsInVybCI6Imh0dHBzOlwvXC9sZnMuY3pcL3dwLWNvbnRlbnRcL3VwbG9hZHNcLzIwMjVcLzA3XC9MRlMyNV9IdWRiYS1yZWtsYS1wb2pkX0ppcmktU3VjaHlfSmFuLUJlcmFuZWstMy5qcGciLCJzbGlkZXNob3ciOiI2YjcxNjNjIn0%3D\">\n\t\t\t\t\t<div class=\"e-gallery-image elementor-gallery-item__image\" data-thumbnail=\"https:\/\/lfs.cz\/wp-content\/uploads\/2025\/07\/LFS25_Hudba-rekla-pojd_Jiri-Suchy_Jan-Beranek-3-300x200.jpg\" data-width=\"300\" data-height=\"200\" aria-label=\"\" role=\"img\" ><\/div>\n\t\t\t\t\t\t\t\t\t\t\t<div class=\"elementor-gallery-item__overlay\"><\/div>\n\t\t\t\t\t\t\t\t\t\t\t\t\t\t<\/a>\n\t\t\t\t\t\t\t<a class=\"e-gallery-item elementor-gallery-item elementor-animated-content\" data-e-gallery-tags=\"1\" href=\"https:\/\/lfs.cz\/wp-content\/uploads\/2025\/07\/LFS25_Vyrocni-cena_Radek-Petrasek-1.jpg\" data-elementor-open-lightbox=\"yes\" data-elementor-lightbox-slideshow=\"6b7163c\" data-elementor-lightbox-title=\"LF\u0160 2025, Letn\u00ed filmov\u00e1 \u0161kola, \u010cTK \/ Petr\u00e1\u0161ek Radek\" data-e-action-hash=\"#elementor-action%3Aaction%3Dlightbox%26settings%3DeyJpZCI6MTIyNDQsInVybCI6Imh0dHBzOlwvXC9sZnMuY3pcL3dwLWNvbnRlbnRcL3VwbG9hZHNcLzIwMjVcLzA3XC9MRlMyNV9WeXJvY25pLWNlbmFfUmFkZWstUGV0cmFzZWstMS5qcGciLCJzbGlkZXNob3ciOiI2YjcxNjNjIn0%3D\">\n\t\t\t\t\t<div class=\"e-gallery-image elementor-gallery-item__image\" data-thumbnail=\"https:\/\/lfs.cz\/wp-content\/uploads\/2025\/07\/LFS25_Vyrocni-cena_Radek-Petrasek-1-300x200.jpg\" data-width=\"300\" data-height=\"200\" aria-label=\"\" role=\"img\" ><\/div>\n\t\t\t\t\t\t\t\t\t\t\t<div class=\"elementor-gallery-item__overlay\"><\/div>\n\t\t\t\t\t\t\t\t\t\t\t\t\t\t<\/a>\n\t\t\t\t\t\t\t<a class=\"e-gallery-item elementor-gallery-item elementor-animated-content\" data-e-gallery-tags=\"5\" href=\"https:\/\/lfs.cz\/wp-content\/uploads\/2025\/07\/LFS25_Beetlejuice_Ian-Nathan_CTK-Richard-Skoumal-2.jpg\" data-elementor-open-lightbox=\"yes\" data-elementor-lightbox-slideshow=\"6b7163c\" data-elementor-lightbox-title=\"Beetlejuice, Ian Nathan, Letn\u00ed filmov\u00e1 \u0161kola, LF\u0160 2025, \u010cTK \/ Skoumal Richard\" data-e-action-hash=\"#elementor-action%3Aaction%3Dlightbox%26settings%3DeyJpZCI6MTI5NDEsInVybCI6Imh0dHBzOlwvXC9sZnMuY3pcL3dwLWNvbnRlbnRcL3VwbG9hZHNcLzIwMjVcLzA3XC9MRlMyNV9CZWV0bGVqdWljZV9JYW4tTmF0aGFuX0NUSy1SaWNoYXJkLVNrb3VtYWwtMi5qcGciLCJzbGlkZXNob3ciOiI2YjcxNjNjIn0%3D\">\n\t\t\t\t\t<div class=\"e-gallery-image elementor-gallery-item__image\" data-thumbnail=\"https:\/\/lfs.cz\/wp-content\/uploads\/2025\/07\/LFS25_Beetlejuice_Ian-Nathan_CTK-Richard-Skoumal-2-300x200.jpg\" data-width=\"300\" data-height=\"200\" aria-label=\"\" role=\"img\" ><\/div>\n\t\t\t\t\t\t\t\t\t\t\t<div class=\"elementor-gallery-item__overlay\"><\/div>\n\t\t\t\t\t\t\t\t\t\t\t\t\t\t<\/a>\n\t\t\t\t\t\t\t<a class=\"e-gallery-item elementor-gallery-item elementor-animated-content\" data-e-gallery-tags=\"3\" href=\"https:\/\/lfs.cz\/wp-content\/uploads\/2025\/07\/LFS25_Voxpot_Afrika-neni-stat_Sofie-Shamekh-1.jpg\" data-elementor-open-lightbox=\"yes\" data-elementor-lightbox-slideshow=\"6b7163c\" data-elementor-lightbox-title=\"Voxpot, Afrika nen\u00ed st\u00e1t, Letn\u00ed filmov\u00e1 \u0161kola, LF\u0160 2025, \u010cTK \/ Sofie Shamekh\" data-e-action-hash=\"#elementor-action%3Aaction%3Dlightbox%26settings%3DeyJpZCI6MTI1NzcsInVybCI6Imh0dHBzOlwvXC9sZnMuY3pcL3dwLWNvbnRlbnRcL3VwbG9hZHNcLzIwMjVcLzA3XC9MRlMyNV9Wb3hwb3RfQWZyaWthLW5lbmktc3RhdF9Tb2ZpZS1TaGFtZWtoLTEuanBnIiwic2xpZGVzaG93IjoiNmI3MTYzYyJ9\">\n\t\t\t\t\t<div class=\"e-gallery-image elementor-gallery-item__image\" data-thumbnail=\"https:\/\/lfs.cz\/wp-content\/uploads\/2025\/07\/LFS25_Voxpot_Afrika-neni-stat_Sofie-Shamekh-1-300x200.jpg\" data-width=\"300\" data-height=\"200\" aria-label=\"\" role=\"img\" ><\/div>\n\t\t\t\t\t\t\t\t\t\t\t<div class=\"elementor-gallery-item__overlay\"><\/div>\n\t\t\t\t\t\t\t\t\t\t\t\t\t\t<\/a>\n\t\t\t\t\t\t\t<a class=\"e-gallery-item elementor-gallery-item elementor-animated-content\" data-e-gallery-tags=\"5\" href=\"https:\/\/lfs.cz\/wp-content\/uploads\/2025\/07\/LFS25_Beetlejuice_Ian-Nathan_CTK-Radek-Petrasek-3.jpg\" data-elementor-open-lightbox=\"yes\" data-elementor-lightbox-slideshow=\"6b7163c\" data-elementor-lightbox-title=\"LF\u0160 2025, Letn\u00ed filmov\u00e1 \u0161kola, div\u00e1k Beetlejuice, \u010cTK \/ Petr\u00e1\u0161ek Radek\" data-e-action-hash=\"#elementor-action%3Aaction%3Dlightbox%26settings%3DeyJpZCI6MTI5MjgsInVybCI6Imh0dHBzOlwvXC9sZnMuY3pcL3dwLWNvbnRlbnRcL3VwbG9hZHNcLzIwMjVcLzA3XC9MRlMyNV9CZWV0bGVqdWljZV9JYW4tTmF0aGFuX0NUSy1SYWRlay1QZXRyYXNlay0zLmpwZyIsInNsaWRlc2hvdyI6IjZiNzE2M2MifQ%3D%3D\">\n\t\t\t\t\t<div class=\"e-gallery-image elementor-gallery-item__image\" data-thumbnail=\"https:\/\/lfs.cz\/wp-content\/uploads\/2025\/07\/LFS25_Beetlejuice_Ian-Nathan_CTK-Radek-Petrasek-3-300x200.jpg\" data-width=\"300\" data-height=\"200\" aria-label=\"\" role=\"img\" ><\/div>\n\t\t\t\t\t\t\t\t\t\t\t<div class=\"elementor-gallery-item__overlay\"><\/div>\n\t\t\t\t\t\t\t\t\t\t\t\t\t\t<\/a>\n\t\t\t\t\t\t\t<a class=\"e-gallery-item elementor-gallery-item elementor-animated-content\" data-e-gallery-tags=\"2\" href=\"https:\/\/lfs.cz\/wp-content\/uploads\/2025\/07\/LFS25_Sexualni-poradna_Stan-CT_Richard-Skoumal-5.jpg\" data-elementor-open-lightbox=\"yes\" data-elementor-lightbox-slideshow=\"6b7163c\" data-elementor-lightbox-title=\"Zuzana Ka\u0161parov\u00e1, Ter\u00e9zia Ferjan\u010dekov\u00e1, Chi Chi Tornado, Sexu\u00e1ln\u00ed poradna: iVys\u00edl\u00e1n\u00ed edition, Letn\u00ed filmov\u00e1 \u0161kola, LF\u0160 2025, \u010cTK \/ Skoumal Richard\" data-e-action-hash=\"#elementor-action%3Aaction%3Dlightbox%26settings%3DeyJpZCI6MTIzMzcsInVybCI6Imh0dHBzOlwvXC9sZnMuY3pcL3dwLWNvbnRlbnRcL3VwbG9hZHNcLzIwMjVcLzA3XC9MRlMyNV9TZXh1YWxuaS1wb3JhZG5hX1N0YW4tQ1RfUmljaGFyZC1Ta291bWFsLTUuanBnIiwic2xpZGVzaG93IjoiNmI3MTYzYyJ9\">\n\t\t\t\t\t<div class=\"e-gallery-image elementor-gallery-item__image\" data-thumbnail=\"https:\/\/lfs.cz\/wp-content\/uploads\/2025\/07\/LFS25_Sexualni-poradna_Stan-CT_Richard-Skoumal-5-300x200.jpg\" data-width=\"300\" data-height=\"200\" aria-label=\"\" role=\"img\" ><\/div>\n\t\t\t\t\t\t\t\t\t\t\t<div class=\"elementor-gallery-item__overlay\"><\/div>\n\t\t\t\t\t\t\t\t\t\t\t\t\t\t<\/a>\n\t\t\t\t\t\t\t<a class=\"e-gallery-item elementor-gallery-item elementor-animated-content\" data-e-gallery-tags=\"1\" href=\"https:\/\/lfs.cz\/wp-content\/uploads\/2025\/07\/LFS25_Vernisaz-Daniels-a-Powell-Pressburger_Petr-Mlch-1.jpg\" data-elementor-open-lightbox=\"yes\" data-elementor-lightbox-slideshow=\"6b7163c\" data-elementor-lightbox-title=\"LF\u0160 2025, Letn\u00ed filmov\u00e1 \u0161kola, v\u00fdstava, vernis\u00e1\u017e, fotografie, Fred Daniels a Powell &amp; Pressburger, Nigel Arthur, Ewa Reeves, \u010cTK \/ Mlch Petr\" data-e-action-hash=\"#elementor-action%3Aaction%3Dlightbox%26settings%3DeyJpZCI6MTIyNDEsInVybCI6Imh0dHBzOlwvXC9sZnMuY3pcL3dwLWNvbnRlbnRcL3VwbG9hZHNcLzIwMjVcLzA3XC9MRlMyNV9WZXJuaXNhei1EYW5pZWxzLWEtUG93ZWxsLVByZXNzYnVyZ2VyX1BldHItTWxjaC0xLmpwZyIsInNsaWRlc2hvdyI6IjZiNzE2M2MifQ%3D%3D\">\n\t\t\t\t\t<div class=\"e-gallery-image elementor-gallery-item__image\" data-thumbnail=\"https:\/\/lfs.cz\/wp-content\/uploads\/2025\/07\/LFS25_Vernisaz-Daniels-a-Powell-Pressburger_Petr-Mlch-1-300x200.jpg\" data-width=\"300\" data-height=\"200\" aria-label=\"\" role=\"img\" ><\/div>\n\t\t\t\t\t\t\t\t\t\t\t<div class=\"elementor-gallery-item__overlay\"><\/div>\n\t\t\t\t\t\t\t\t\t\t\t\t\t\t<\/a>\n\t\t\t\t\t\t\t<a class=\"e-gallery-item elementor-gallery-item elementor-animated-content\" data-e-gallery-tags=\"2\" href=\"https:\/\/lfs.cz\/wp-content\/uploads\/2025\/07\/LFS25_Harakiri-Czurakami_Marek-Malusek-3.jpg\" data-elementor-open-lightbox=\"yes\" data-elementor-lightbox-slideshow=\"6b7163c\" data-elementor-lightbox-title=\"LF\u0160 2025, Letn\u00ed filmov\u00e1 \u0161kola, Harakiri Czurakami #40, Nela B\u00e1rtov\u00e1, foto Marek Mal\u016f\u0161ek\" data-e-action-hash=\"#elementor-action%3Aaction%3Dlightbox%26settings%3DeyJpZCI6MTI1MzgsInVybCI6Imh0dHBzOlwvXC9sZnMuY3pcL3dwLWNvbnRlbnRcL3VwbG9hZHNcLzIwMjVcLzA3XC9MRlMyNV9IYXJha2lyaS1DenVyYWthbWlfTWFyZWstTWFsdXNlay0zLmpwZyIsInNsaWRlc2hvdyI6IjZiNzE2M2MifQ%3D%3D\">\n\t\t\t\t\t<div class=\"e-gallery-image elementor-gallery-item__image\" data-thumbnail=\"https:\/\/lfs.cz\/wp-content\/uploads\/2025\/07\/LFS25_Harakiri-Czurakami_Marek-Malusek-3-300x200.jpg\" data-width=\"300\" data-height=\"200\" aria-label=\"\" role=\"img\" ><\/div>\n\t\t\t\t\t\t\t\t\t\t\t<div class=\"elementor-gallery-item__overlay\"><\/div>\n\t\t\t\t\t\t\t\t\t\t\t\t\t\t<\/a>\n\t\t\t\t\t\t\t<a class=\"e-gallery-item elementor-gallery-item elementor-animated-content\" data-e-gallery-tags=\"5\" href=\"https:\/\/lfs.cz\/wp-content\/uploads\/2025\/07\/LFS25_ATMO_CTK-Radek-Petrasek-4.jpg\" data-elementor-open-lightbox=\"yes\" data-elementor-lightbox-slideshow=\"6b7163c\" data-elementor-lightbox-title=\"LF\u0160 2025, Letn\u00ed filmov\u00e1 \u0161kola, div\u00e1ci, \u010cTK \/ Petr\u00e1\u0161ek Radek\" data-e-action-hash=\"#elementor-action%3Aaction%3Dlightbox%26settings%3DeyJpZCI6MTI5MzAsInVybCI6Imh0dHBzOlwvXC9sZnMuY3pcL3dwLWNvbnRlbnRcL3VwbG9hZHNcLzIwMjVcLzA3XC9MRlMyNV9BVE1PX0NUSy1SYWRlay1QZXRyYXNlay00LmpwZyIsInNsaWRlc2hvdyI6IjZiNzE2M2MifQ%3D%3D\">\n\t\t\t\t\t<div class=\"e-gallery-image elementor-gallery-item__image\" data-thumbnail=\"https:\/\/lfs.cz\/wp-content\/uploads\/2025\/07\/LFS25_ATMO_CTK-Radek-Petrasek-4-300x200.jpg\" data-width=\"300\" data-height=\"200\" aria-label=\"\" role=\"img\" ><\/div>\n\t\t\t\t\t\t\t\t\t\t\t<div class=\"elementor-gallery-item__overlay\"><\/div>\n\t\t\t\t\t\t\t\t\t\t\t\t\t\t<\/a>\n\t\t\t\t\t\t\t<a class=\"e-gallery-item elementor-gallery-item elementor-animated-content\" data-e-gallery-tags=\"3\" href=\"https:\/\/lfs.cz\/wp-content\/uploads\/2025\/07\/LFS25_Obdobi-sucha_Mahamat-Seleha-Haroun_Sofie-Shamekh-1.jpg\" data-elementor-open-lightbox=\"yes\" data-elementor-lightbox-slideshow=\"6b7163c\" data-elementor-lightbox-title=\"Mahamat-Seleha Haroun, Letn\u00ed filmov\u00e1 \u0161kola, LF\u0160 2025, \u010cTK \/ Sofie Shamekh\" data-e-action-hash=\"#elementor-action%3Aaction%3Dlightbox%26settings%3DeyJpZCI6MTI1MTAsInVybCI6Imh0dHBzOlwvXC9sZnMuY3pcL3dwLWNvbnRlbnRcL3VwbG9hZHNcLzIwMjVcLzA3XC9MRlMyNV9PYmRvYmktc3VjaGFfTWFoYW1hdC1TZWxlaGEtSGFyb3VuX1NvZmllLVNoYW1la2gtMS5qcGciLCJzbGlkZXNob3ciOiI2YjcxNjNjIn0%3D\">\n\t\t\t\t\t<div class=\"e-gallery-image elementor-gallery-item__image\" data-thumbnail=\"https:\/\/lfs.cz\/wp-content\/uploads\/2025\/07\/LFS25_Obdobi-sucha_Mahamat-Seleha-Haroun_Sofie-Shamekh-1-300x191.jpg\" data-width=\"300\" data-height=\"191\" aria-label=\"\" role=\"img\" ><\/div>\n\t\t\t\t\t\t\t\t\t\t\t<div class=\"elementor-gallery-item__overlay\"><\/div>\n\t\t\t\t\t\t\t\t\t\t\t\t\t\t<\/a>\n\t\t\t\t\t\t\t<a class=\"e-gallery-item elementor-gallery-item elementor-animated-content\" data-e-gallery-tags=\"1\" href=\"https:\/\/lfs.cz\/wp-content\/uploads\/2025\/07\/LFS25_Michal-Prokop-Framus-Five_Kolejni-nadvori_Marek-Malusek-21.jpg\" data-elementor-open-lightbox=\"yes\" data-elementor-lightbox-slideshow=\"6b7163c\" data-elementor-lightbox-title=\"LF\u0160 2025, Letn\u00ed filmov\u00e1 \u0161kola, Michal Prokop &amp; Framus Five, Kolejn\u00ed n\u00e1dvo\u0159\u00ed, foto Marek Mal\u016f\u0161ek\" data-e-action-hash=\"#elementor-action%3Aaction%3Dlightbox%26settings%3DeyJpZCI6MTIyNjgsInVybCI6Imh0dHBzOlwvXC9sZnMuY3pcL3dwLWNvbnRlbnRcL3VwbG9hZHNcLzIwMjVcLzA3XC9MRlMyNV9NaWNoYWwtUHJva29wLUZyYW11cy1GaXZlX0tvbGVqbmktbmFkdm9yaV9NYXJlay1NYWx1c2VrLTIxLmpwZyIsInNsaWRlc2hvdyI6IjZiNzE2M2MifQ%3D%3D\">\n\t\t\t\t\t<div class=\"e-gallery-image elementor-gallery-item__image\" data-thumbnail=\"https:\/\/lfs.cz\/wp-content\/uploads\/2025\/07\/LFS25_Michal-Prokop-Framus-Five_Kolejni-nadvori_Marek-Malusek-21-300x200.jpg\" data-width=\"300\" data-height=\"200\" aria-label=\"\" role=\"img\" ><\/div>\n\t\t\t\t\t\t\t\t\t\t\t<div class=\"elementor-gallery-item__overlay\"><\/div>\n\t\t\t\t\t\t\t\t\t\t\t\t\t\t<\/a>\n\t\t\t\t\t\t\t<a class=\"e-gallery-item elementor-gallery-item elementor-animated-content\" data-e-gallery-tags=\"4\" href=\"https:\/\/lfs.cz\/wp-content\/uploads\/2025\/07\/LFS25_ATMO_Richard-Skoumal-9-1.jpg\" data-elementor-open-lightbox=\"yes\" data-elementor-lightbox-slideshow=\"6b7163c\" data-elementor-lightbox-title=\"Atmosf\u00e9ra, Letn\u00ed filmov\u00e1 \u0161kola, LF\u0160 2025, \u010cTK \/ Skoumal Richard\" data-e-action-hash=\"#elementor-action%3Aaction%3Dlightbox%26settings%3DeyJpZCI6MTI4MzMsInVybCI6Imh0dHBzOlwvXC9sZnMuY3pcL3dwLWNvbnRlbnRcL3VwbG9hZHNcLzIwMjVcLzA3XC9MRlMyNV9BVE1PX1JpY2hhcmQtU2tvdW1hbC05LTEuanBnIiwic2xpZGVzaG93IjoiNmI3MTYzYyJ9\">\n\t\t\t\t\t<div class=\"e-gallery-image elementor-gallery-item__image\" data-thumbnail=\"https:\/\/lfs.cz\/wp-content\/uploads\/2025\/07\/LFS25_ATMO_Richard-Skoumal-9-1-300x200.jpg\" data-width=\"300\" data-height=\"200\" aria-label=\"\" role=\"img\" ><\/div>\n\t\t\t\t\t\t\t\t\t\t\t<div class=\"elementor-gallery-item__overlay\"><\/div>\n\t\t\t\t\t\t\t\t\t\t\t\t\t\t<\/a>\n\t\t\t\t\t\t\t<a class=\"e-gallery-item elementor-gallery-item elementor-animated-content\" data-e-gallery-tags=\"4\" href=\"https:\/\/lfs.cz\/wp-content\/uploads\/2025\/07\/LFS25_Z-hrace-tvurcem-hernich-svetu_HUB123_Radek-Petrasek-5.jpg\" data-elementor-open-lightbox=\"yes\" data-elementor-lightbox-slideshow=\"6b7163c\" data-elementor-lightbox-title=\"LF\u0160 2025, Letn\u00ed filmov\u00e1 \u0161kola, Workshop: Z hr\u00e1\u010de tv\u016frcem hern\u00edch sv\u011bt\u016f, lektorka Britta Senn, \u010cTK \/ Petr\u00e1\u0161ek Radek\" data-e-action-hash=\"#elementor-action%3Aaction%3Dlightbox%26settings%3DeyJpZCI6MTI3MTYsInVybCI6Imh0dHBzOlwvXC9sZnMuY3pcL3dwLWNvbnRlbnRcL3VwbG9hZHNcLzIwMjVcLzA3XC9MRlMyNV9aLWhyYWNlLXR2dXJjZW0taGVybmljaC1zdmV0dV9IVUIxMjNfUmFkZWstUGV0cmFzZWstNS5qcGciLCJzbGlkZXNob3ciOiI2YjcxNjNjIn0%3D\">\n\t\t\t\t\t<div class=\"e-gallery-image elementor-gallery-item__image\" data-thumbnail=\"https:\/\/lfs.cz\/wp-content\/uploads\/2025\/07\/LFS25_Z-hrace-tvurcem-hernich-svetu_HUB123_Radek-Petrasek-5-300x200.jpg\" data-width=\"300\" data-height=\"200\" aria-label=\"\" role=\"img\" ><\/div>\n\t\t\t\t\t\t\t\t\t\t\t<div class=\"elementor-gallery-item__overlay\"><\/div>\n\t\t\t\t\t\t\t\t\t\t\t\t\t\t<\/a>\n\t\t\t\t\t\t\t<a class=\"e-gallery-item elementor-gallery-item elementor-animated-content\" data-e-gallery-tags=\"4\" href=\"https:\/\/lfs.cz\/wp-content\/uploads\/2025\/07\/LFS25_ATMO_Petr-Mlch-6-2.jpg\" data-elementor-open-lightbox=\"yes\" data-elementor-lightbox-slideshow=\"6b7163c\" data-elementor-lightbox-title=\"LF\u0160 2025, Letn\u00ed filmov\u00e1 \u0161kola, Radio Wave, \u010cTK \/ Mlch Petr\" data-e-action-hash=\"#elementor-action%3Aaction%3Dlightbox%26settings%3DeyJpZCI6MTI4MjgsInVybCI6Imh0dHBzOlwvXC9sZnMuY3pcL3dwLWNvbnRlbnRcL3VwbG9hZHNcLzIwMjVcLzA3XC9MRlMyNV9BVE1PX1BldHItTWxjaC02LTIuanBnIiwic2xpZGVzaG93IjoiNmI3MTYzYyJ9\">\n\t\t\t\t\t<div class=\"e-gallery-image elementor-gallery-item__image\" data-thumbnail=\"https:\/\/lfs.cz\/wp-content\/uploads\/2025\/07\/LFS25_ATMO_Petr-Mlch-6-2-300x200.jpg\" data-width=\"300\" data-height=\"200\" aria-label=\"\" role=\"img\" ><\/div>\n\t\t\t\t\t\t\t\t\t\t\t<div class=\"elementor-gallery-item__overlay\"><\/div>\n\t\t\t\t\t\t\t\t\t\t\t\t\t\t<\/a>\n\t\t\t\t\t\t\t<a class=\"e-gallery-item elementor-gallery-item elementor-animated-content\" data-e-gallery-tags=\"4\" href=\"https:\/\/lfs.cz\/wp-content\/uploads\/2025\/07\/LFS25_Schola-Gregoriana-Pragensis_Radek-Petrasek-12.jpg\" data-elementor-open-lightbox=\"yes\" data-elementor-lightbox-slideshow=\"6b7163c\" data-elementor-lightbox-title=\"LF\u0160 2025, Letn\u00ed filmov\u00e1 \u0161kola, Schola Gregoriana Pragensis, Ji\u0159\u00ed B\u00e1rta, \u010cTK \/ Petr\u00e1\u0161ek Radek\" data-e-action-hash=\"#elementor-action%3Aaction%3Dlightbox%26settings%3DeyJpZCI6MTI4MTYsInVybCI6Imh0dHBzOlwvXC9sZnMuY3pcL3dwLWNvbnRlbnRcL3VwbG9hZHNcLzIwMjVcLzA3XC9MRlMyNV9TY2hvbGEtR3JlZ29yaWFuYS1QcmFnZW5zaXNfUmFkZWstUGV0cmFzZWstMTIuanBnIiwic2xpZGVzaG93IjoiNmI3MTYzYyJ9\">\n\t\t\t\t\t<div class=\"e-gallery-image elementor-gallery-item__image\" data-thumbnail=\"https:\/\/lfs.cz\/wp-content\/uploads\/2025\/07\/LFS25_Schola-Gregoriana-Pragensis_Radek-Petrasek-12-300x200.jpg\" data-width=\"300\" data-height=\"200\" aria-label=\"\" role=\"img\" ><\/div>\n\t\t\t\t\t\t\t\t\t\t\t<div class=\"elementor-gallery-item__overlay\"><\/div>\n\t\t\t\t\t\t\t\t\t\t\t\t\t\t<\/a>\n\t\t\t\t\t\t\t<a class=\"e-gallery-item elementor-gallery-item elementor-animated-content\" data-e-gallery-tags=\"0\" href=\"https:\/\/lfs.cz\/wp-content\/uploads\/2025\/07\/LFS25_merch_foto_Vincent-Stransky-8-2.jpg\" data-elementor-open-lightbox=\"yes\" data-elementor-lightbox-slideshow=\"6b7163c\" data-elementor-lightbox-title=\"LF\u0160 2025, Letn\u00ed filmov\u00e1 \u0161kola, merch, foto Vincent Str\u00e1nsk\u00fd\" data-e-action-hash=\"#elementor-action%3Aaction%3Dlightbox%26settings%3DeyJpZCI6MTIxMTcsInVybCI6Imh0dHBzOlwvXC9sZnMuY3pcL3dwLWNvbnRlbnRcL3VwbG9hZHNcLzIwMjVcLzA3XC9MRlMyNV9tZXJjaF9mb3RvX1ZpbmNlbnQtU3RyYW5za3ktOC0yLmpwZyIsInNsaWRlc2hvdyI6IjZiNzE2M2MifQ%3D%3D\">\n\t\t\t\t\t<div class=\"e-gallery-image elementor-gallery-item__image\" data-thumbnail=\"https:\/\/lfs.cz\/wp-content\/uploads\/2025\/07\/LFS25_merch_foto_Vincent-Stransky-8-2-300x200.jpg\" data-width=\"300\" data-height=\"200\" aria-label=\"\" role=\"img\" ><\/div>\n\t\t\t\t\t\t\t\t\t\t\t<div class=\"elementor-gallery-item__overlay\"><\/div>\n\t\t\t\t\t\t\t\t\t\t\t\t\t\t<\/a>\n\t\t\t\t\t\t\t<a class=\"e-gallery-item elementor-gallery-item elementor-animated-content\" data-e-gallery-tags=\"0\" href=\"https:\/\/lfs.cz\/wp-content\/uploads\/2025\/07\/LFS25_merch_foto_Vincent-Stransky-13-2.jpg\" data-elementor-open-lightbox=\"yes\" data-elementor-lightbox-slideshow=\"6b7163c\" data-elementor-lightbox-title=\"LF\u0160 2025, Letn\u00ed filmov\u00e1 \u0161kola, merch, foto Vincent Str\u00e1nsk\u00fd\" data-e-action-hash=\"#elementor-action%3Aaction%3Dlightbox%26settings%3DeyJpZCI6MTIxMTgsInVybCI6Imh0dHBzOlwvXC9sZnMuY3pcL3dwLWNvbnRlbnRcL3VwbG9hZHNcLzIwMjVcLzA3XC9MRlMyNV9tZXJjaF9mb3RvX1ZpbmNlbnQtU3RyYW5za3ktMTMtMi5qcGciLCJzbGlkZXNob3ciOiI2YjcxNjNjIn0%3D\">\n\t\t\t\t\t<div class=\"e-gallery-image elementor-gallery-item__image\" data-thumbnail=\"https:\/\/lfs.cz\/wp-content\/uploads\/2025\/07\/LFS25_merch_foto_Vincent-Stransky-13-2-300x200.jpg\" data-width=\"300\" data-height=\"200\" aria-label=\"\" role=\"img\" ><\/div>\n\t\t\t\t\t\t\t\t\t\t\t<div class=\"elementor-gallery-item__overlay\"><\/div>\n\t\t\t\t\t\t\t\t\t\t\t\t\t\t<\/a>\n\t\t\t\t\t\t\t<a class=\"e-gallery-item elementor-gallery-item elementor-animated-content\" data-e-gallery-tags=\"4\" href=\"https:\/\/lfs.cz\/wp-content\/uploads\/2025\/07\/LFS25_Divadlo-Letadlo_Sofie-Shamekh-8.jpg\" data-elementor-open-lightbox=\"yes\" data-elementor-lightbox-slideshow=\"6b7163c\" data-elementor-lightbox-title=\"Divadlo Letadlo, Letn\u00ed filmov\u00e1 \u0161kola, LF\u0160 2025, \u010cTK \/ Sofie Shamekh\" data-e-action-hash=\"#elementor-action%3Aaction%3Dlightbox%26settings%3DeyJpZCI6MTI3MDIsInVybCI6Imh0dHBzOlwvXC9sZnMuY3pcL3dwLWNvbnRlbnRcL3VwbG9hZHNcLzIwMjVcLzA3XC9MRlMyNV9EaXZhZGxvLUxldGFkbG9fU29maWUtU2hhbWVraC04LmpwZyIsInNsaWRlc2hvdyI6IjZiNzE2M2MifQ%3D%3D\">\n\t\t\t\t\t<div class=\"e-gallery-image elementor-gallery-item__image\" data-thumbnail=\"https:\/\/lfs.cz\/wp-content\/uploads\/2025\/07\/LFS25_Divadlo-Letadlo_Sofie-Shamekh-8-300x218.jpg\" data-width=\"300\" data-height=\"218\" aria-label=\"\" role=\"img\" ><\/div>\n\t\t\t\t\t\t\t\t\t\t\t<div class=\"elementor-gallery-item__overlay\"><\/div>\n\t\t\t\t\t\t\t\t\t\t\t\t\t\t<\/a>\n\t\t\t\t\t\t\t<a class=\"e-gallery-item elementor-gallery-item elementor-animated-content\" data-e-gallery-tags=\"6\" href=\"https:\/\/lfs.cz\/wp-content\/uploads\/2025\/07\/LFS25_Duchon_Rasto-Sestak_CTK-Matyas-Cech-8.jpg\" data-elementor-open-lightbox=\"yes\" data-elementor-lightbox-slideshow=\"6b7163c\" data-elementor-lightbox-title=\"LF\u0160 2025, Letn\u00ed filmov\u00e1 \u0161kola, producent Ras\u0165o \u0160est\u00e1k na prom\u00edt\u00e1n\u00ed filmu Ducho\u0148, \u010cTK \/ Maty\u00e1\u0161 \u010cech\" data-e-action-hash=\"#elementor-action%3Aaction%3Dlightbox%26settings%3DeyJpZCI6MTMwOTcsInVybCI6Imh0dHBzOlwvXC9sZnMuY3pcL3dwLWNvbnRlbnRcL3VwbG9hZHNcLzIwMjVcLzA3XC9MRlMyNV9EdWNob25fUmFzdG8tU2VzdGFrX0NUSy1NYXR5YXMtQ2VjaC04LmpwZyIsInNsaWRlc2hvdyI6IjZiNzE2M2MifQ%3D%3D\">\n\t\t\t\t\t<div class=\"e-gallery-image elementor-gallery-item__image\" data-thumbnail=\"https:\/\/lfs.cz\/wp-content\/uploads\/2025\/07\/LFS25_Duchon_Rasto-Sestak_CTK-Matyas-Cech-8-200x300.jpg\" data-width=\"200\" data-height=\"300\" aria-label=\"\" role=\"img\" ><\/div>\n\t\t\t\t\t\t\t\t\t\t\t<div class=\"elementor-gallery-item__overlay\"><\/div>\n\t\t\t\t\t\t\t\t\t\t\t\t\t\t<\/a>\n\t\t\t\t\t\t\t<a class=\"e-gallery-item elementor-gallery-item elementor-animated-content\" data-e-gallery-tags=\"6\" href=\"https:\/\/lfs.cz\/wp-content\/uploads\/2025\/07\/LFS25_ATMO_Marek-Malusek-12-1.jpg\" data-elementor-open-lightbox=\"yes\" data-elementor-lightbox-slideshow=\"6b7163c\" data-elementor-lightbox-title=\"LF\u0160 2025, Letn\u00ed filmov\u00e1 \u0161kola, atmosf\u00e9ra, foto Marek Mal\u016f\u0161ek\" data-e-action-hash=\"#elementor-action%3Aaction%3Dlightbox%26settings%3DeyJpZCI6MTMxNTMsInVybCI6Imh0dHBzOlwvXC9sZnMuY3pcL3dwLWNvbnRlbnRcL3VwbG9hZHNcLzIwMjVcLzA3XC9MRlMyNV9BVE1PX01hcmVrLU1hbHVzZWstMTItMS5qcGciLCJzbGlkZXNob3ciOiI2YjcxNjNjIn0%3D\">\n\t\t\t\t\t<div class=\"e-gallery-image elementor-gallery-item__image\" data-thumbnail=\"https:\/\/lfs.cz\/wp-content\/uploads\/2025\/07\/LFS25_ATMO_Marek-Malusek-12-1-300x200.jpg\" data-width=\"300\" data-height=\"200\" aria-label=\"\" role=\"img\" ><\/div>\n\t\t\t\t\t\t\t\t\t\t\t<div class=\"elementor-gallery-item__overlay\"><\/div>\n\t\t\t\t\t\t\t\t\t\t\t\t\t\t<\/a>\n\t\t\t\t\t\t\t<a class=\"e-gallery-item elementor-gallery-item elementor-animated-content\" data-e-gallery-tags=\"2\" href=\"https:\/\/lfs.cz\/wp-content\/uploads\/2025\/07\/LFS25_Strihoruky-Edward_Ian-Nathan_Jan-Beranek-2.jpg\" data-elementor-open-lightbox=\"yes\" data-elementor-lightbox-slideshow=\"6b7163c\" data-elementor-lightbox-title=\"LF\u0160 2025, Letn\u00ed filmov\u00e1 \u0161kola, Ian Nathan, \u010cTK \/ Jan Ber\u00e1nek\" data-e-action-hash=\"#elementor-action%3Aaction%3Dlightbox%26settings%3DeyJpZCI6MTIzMzgsInVybCI6Imh0dHBzOlwvXC9sZnMuY3pcL3dwLWNvbnRlbnRcL3VwbG9hZHNcLzIwMjVcLzA3XC9MRlMyNV9TdHJpaG9ydWt5LUVkd2FyZF9JYW4tTmF0aGFuX0phbi1CZXJhbmVrLTIuanBnIiwic2xpZGVzaG93IjoiNmI3MTYzYyJ9\">\n\t\t\t\t\t<div class=\"e-gallery-image elementor-gallery-item__image\" data-thumbnail=\"https:\/\/lfs.cz\/wp-content\/uploads\/2025\/07\/LFS25_Strihoruky-Edward_Ian-Nathan_Jan-Beranek-2-300x200.jpg\" data-width=\"300\" data-height=\"200\" aria-label=\"\" role=\"img\" ><\/div>\n\t\t\t\t\t\t\t\t\t\t\t<div class=\"elementor-gallery-item__overlay\"><\/div>\n\t\t\t\t\t\t\t\t\t\t\t\t\t\t<\/a>\n\t\t\t\t\t\t\t<a class=\"e-gallery-item elementor-gallery-item elementor-animated-content\" data-e-gallery-tags=\"3\" href=\"https:\/\/lfs.cz\/wp-content\/uploads\/2025\/07\/LFS25_Jan-Nemec-Jana-Sramkova_Byt_Marek-Malusek-6.jpg\" data-elementor-open-lightbox=\"yes\" data-elementor-lightbox-slideshow=\"6b7163c\" data-elementor-lightbox-title=\"LF\u0160 2025, Letn\u00ed filmov\u00e1 \u0161kola, Jan N\u011bmec, Jana \u0160r\u00e1mkov\u00e1: Byt, foto Marek Mal\u016f\u0161ek\" data-e-action-hash=\"#elementor-action%3Aaction%3Dlightbox%26settings%3DeyJpZCI6MTI2ODYsInVybCI6Imh0dHBzOlwvXC9sZnMuY3pcL3dwLWNvbnRlbnRcL3VwbG9hZHNcLzIwMjVcLzA3XC9MRlMyNV9KYW4tTmVtZWMtSmFuYS1TcmFta292YV9CeXRfTWFyZWstTWFsdXNlay02LmpwZyIsInNsaWRlc2hvdyI6IjZiNzE2M2MifQ%3D%3D\">\n\t\t\t\t\t<div class=\"e-gallery-image elementor-gallery-item__image\" data-thumbnail=\"https:\/\/lfs.cz\/wp-content\/uploads\/2025\/07\/LFS25_Jan-Nemec-Jana-Sramkova_Byt_Marek-Malusek-6-300x200.jpg\" data-width=\"300\" data-height=\"200\" aria-label=\"\" role=\"img\" ><\/div>\n\t\t\t\t\t\t\t\t\t\t\t<div class=\"elementor-gallery-item__overlay\"><\/div>\n\t\t\t\t\t\t\t\t\t\t\t\t\t\t<\/a>\n\t\t\t\t\t\t\t<a class=\"e-gallery-item elementor-gallery-item elementor-animated-content\" data-e-gallery-tags=\"6\" href=\"https:\/\/lfs.cz\/wp-content\/uploads\/2025\/07\/LFS25_N.O.H.A._Kolejni-nadvori_Marek-Malusek-1.jpg\" data-elementor-open-lightbox=\"yes\" data-elementor-lightbox-slideshow=\"6b7163c\" data-elementor-lightbox-title=\"LF\u0160 2025, Letn\u00ed filmov\u00e1 \u0161kola, kapela N.O.H.A., Kolejn\u00ed n\u00e1dvo\u0159\u00ed, foto Marek Mal\u016f\u0161ek\" data-e-action-hash=\"#elementor-action%3Aaction%3Dlightbox%26settings%3DeyJpZCI6MTMxNjMsInVybCI6Imh0dHBzOlwvXC9sZnMuY3pcL3dwLWNvbnRlbnRcL3VwbG9hZHNcLzIwMjVcLzA3XC9MRlMyNV9OLk8uSC5BLl9Lb2xlam5pLW5hZHZvcmlfTWFyZWstTWFsdXNlay0xLmpwZyIsInNsaWRlc2hvdyI6IjZiNzE2M2MifQ%3D%3D\">\n\t\t\t\t\t<div class=\"e-gallery-image elementor-gallery-item__image\" data-thumbnail=\"https:\/\/lfs.cz\/wp-content\/uploads\/2025\/07\/LFS25_N.O.H.A._Kolejni-nadvori_Marek-Malusek-1-300x200.jpg\" data-width=\"300\" data-height=\"200\" aria-label=\"\" role=\"img\" ><\/div>\n\t\t\t\t\t\t\t\t\t\t\t<div class=\"elementor-gallery-item__overlay\"><\/div>\n\t\t\t\t\t\t\t\t\t\t\t\t\t\t<\/a>\n\t\t\t\t\t\t\t<a class=\"e-gallery-item elementor-gallery-item elementor-animated-content\" data-e-gallery-tags=\"4\" href=\"https:\/\/lfs.cz\/wp-content\/uploads\/2025\/07\/LFS25_Schola-Gregoriana-Pragensis_Radek-Petrasek-9.jpg\" data-elementor-open-lightbox=\"yes\" data-elementor-lightbox-slideshow=\"6b7163c\" data-elementor-lightbox-title=\"LF\u0160 2025, Letn\u00ed filmov\u00e1 \u0161kola, Schola Gregoriana Pragensis, Ji\u0159\u00ed B\u00e1rta, \u010cTK \/ Petr\u00e1\u0161ek Radek\" data-e-action-hash=\"#elementor-action%3Aaction%3Dlightbox%26settings%3DeyJpZCI6MTI4MTQsInVybCI6Imh0dHBzOlwvXC9sZnMuY3pcL3dwLWNvbnRlbnRcL3VwbG9hZHNcLzIwMjVcLzA3XC9MRlMyNV9TY2hvbGEtR3JlZ29yaWFuYS1QcmFnZW5zaXNfUmFkZWstUGV0cmFzZWstOS5qcGciLCJzbGlkZXNob3ciOiI2YjcxNjNjIn0%3D\">\n\t\t\t\t\t<div class=\"e-gallery-image elementor-gallery-item__image\" data-thumbnail=\"https:\/\/lfs.cz\/wp-content\/uploads\/2025\/07\/LFS25_Schola-Gregoriana-Pragensis_Radek-Petrasek-9-300x200.jpg\" data-width=\"300\" data-height=\"200\" aria-label=\"\" role=\"img\" ><\/div>\n\t\t\t\t\t\t\t\t\t\t\t<div class=\"elementor-gallery-item__overlay\"><\/div>\n\t\t\t\t\t\t\t\t\t\t\t\t\t\t<\/a>\n\t\t\t\t\t\t\t<a class=\"e-gallery-item elementor-gallery-item elementor-animated-content\" data-e-gallery-tags=\"5\" href=\"https:\/\/lfs.cz\/wp-content\/uploads\/2025\/07\/LFS25_Velikonocni-pondeli_Julia-Polaczekova_CTK-Petr-Mlch-1.jpg\" data-elementor-open-lightbox=\"yes\" data-elementor-lightbox-slideshow=\"6b7163c\" data-elementor-lightbox-title=\"LF\u0160 2025, Letn\u00ed filmov\u00e1 \u0161kola, projekce, film, Velikono\u010dn\u00ed pond\u011bl\u00ed, Julia Polaczekov\u00e1, \u010cTK \/ Mlch Petr\" data-e-action-hash=\"#elementor-action%3Aaction%3Dlightbox%26settings%3DeyJpZCI6MTI5ODQsInVybCI6Imh0dHBzOlwvXC9sZnMuY3pcL3dwLWNvbnRlbnRcL3VwbG9hZHNcLzIwMjVcLzA3XC9MRlMyNV9WZWxpa29ub2NuaS1wb25kZWxpX0p1bGlhLVBvbGFjemVrb3ZhX0NUSy1QZXRyLU1sY2gtMS5qcGciLCJzbGlkZXNob3ciOiI2YjcxNjNjIn0%3D\">\n\t\t\t\t\t<div class=\"e-gallery-image elementor-gallery-item__image\" data-thumbnail=\"https:\/\/lfs.cz\/wp-content\/uploads\/2025\/07\/LFS25_Velikonocni-pondeli_Julia-Polaczekova_CTK-Petr-Mlch-1-300x200.jpg\" data-width=\"300\" data-height=\"200\" aria-label=\"\" role=\"img\" ><\/div>\n\t\t\t\t\t\t\t\t\t\t\t<div class=\"elementor-gallery-item__overlay\"><\/div>\n\t\t\t\t\t\t\t\t\t\t\t\t\t\t<\/a>\n\t\t\t\t\t\t\t<a class=\"e-gallery-item elementor-gallery-item elementor-animated-content\" data-e-gallery-tags=\"3\" href=\"https:\/\/lfs.cz\/wp-content\/uploads\/2025\/07\/LFS25_ATMO_Tadeas-Kaminek-3-1.jpg\" data-elementor-open-lightbox=\"yes\" data-elementor-lightbox-slideshow=\"6b7163c\" data-elementor-lightbox-title=\"LF\u0160 2025, Letn\u00ed filmov\u00e1 \u0161kola, atmosf\u00e9ra, \u010cTK \/ Tade\u00e1\u0161 Kam\u00ednek\" data-e-action-hash=\"#elementor-action%3Aaction%3Dlightbox%26settings%3DeyJpZCI6MTI2MzIsInVybCI6Imh0dHBzOlwvXC9sZnMuY3pcL3dwLWNvbnRlbnRcL3VwbG9hZHNcLzIwMjVcLzA3XC9MRlMyNV9BVE1PX1RhZGVhcy1LYW1pbmVrLTMtMS5qcGciLCJzbGlkZXNob3ciOiI2YjcxNjNjIn0%3D\">\n\t\t\t\t\t<div class=\"e-gallery-image elementor-gallery-item__image\" data-thumbnail=\"https:\/\/lfs.cz\/wp-content\/uploads\/2025\/07\/LFS25_ATMO_Tadeas-Kaminek-3-1-300x200.jpg\" data-width=\"300\" data-height=\"200\" aria-label=\"\" role=\"img\" ><\/div>\n\t\t\t\t\t\t\t\t\t\t\t<div class=\"elementor-gallery-item__overlay\"><\/div>\n\t\t\t\t\t\t\t\t\t\t\t\t\t\t<\/a>\n\t\t\t\t\t\t\t<a class=\"e-gallery-item elementor-gallery-item elementor-animated-content\" data-e-gallery-tags=\"3\" href=\"https:\/\/lfs.cz\/wp-content\/uploads\/2025\/07\/LFS25_Spioni_hudba-Jan-Tomas_Richard-Skoumal-2.jpg\" data-elementor-open-lightbox=\"yes\" data-elementor-lightbox-slideshow=\"6b7163c\" data-elementor-lightbox-title=\"Film \u0160pioni, Tom\u00e1\u0161 Vondra, Jan Tom\u00e1\u0161, Letn\u00ed filmov\u00e1 \u0161kola, LF\u0160 2025, \u010cTK \/ Skoumal Richard\" data-e-action-hash=\"#elementor-action%3Aaction%3Dlightbox%26settings%3DeyJpZCI6MTI1NTcsInVybCI6Imh0dHBzOlwvXC9sZnMuY3pcL3dwLWNvbnRlbnRcL3VwbG9hZHNcLzIwMjVcLzA3XC9MRlMyNV9TcGlvbmlfaHVkYmEtSmFuLVRvbWFzX1JpY2hhcmQtU2tvdW1hbC0yLmpwZyIsInNsaWRlc2hvdyI6IjZiNzE2M2MifQ%3D%3D\">\n\t\t\t\t\t<div class=\"e-gallery-image elementor-gallery-item__image\" data-thumbnail=\"https:\/\/lfs.cz\/wp-content\/uploads\/2025\/07\/LFS25_Spioni_hudba-Jan-Tomas_Richard-Skoumal-2-300x200.jpg\" data-width=\"300\" data-height=\"200\" aria-label=\"\" role=\"img\" ><\/div>\n\t\t\t\t\t\t\t\t\t\t\t<div class=\"elementor-gallery-item__overlay\"><\/div>\n\t\t\t\t\t\t\t\t\t\t\t\t\t\t<\/a>\n\t\t\t\t\t\t\t<a class=\"e-gallery-item elementor-gallery-item elementor-animated-content\" data-e-gallery-tags=\"3\" href=\"https:\/\/lfs.cz\/wp-content\/uploads\/2025\/07\/LFS25_ATMO_Radek-Petrasek-1-1.jpg\" data-elementor-open-lightbox=\"yes\" data-elementor-lightbox-slideshow=\"6b7163c\" data-elementor-lightbox-title=\"LF\u0160 2025, Letn\u00ed filmov\u00e1 \u0161kola, \u010cTK \/ Petr\u00e1\u0161ek Radek\" data-e-action-hash=\"#elementor-action%3Aaction%3Dlightbox%26settings%3DeyJpZCI6MTI1MDEsInVybCI6Imh0dHBzOlwvXC9sZnMuY3pcL3dwLWNvbnRlbnRcL3VwbG9hZHNcLzIwMjVcLzA3XC9MRlMyNV9BVE1PX1JhZGVrLVBldHJhc2VrLTEtMS5qcGciLCJzbGlkZXNob3ciOiI2YjcxNjNjIn0%3D\">\n\t\t\t\t\t<div class=\"e-gallery-image elementor-gallery-item__image\" data-thumbnail=\"https:\/\/lfs.cz\/wp-content\/uploads\/2025\/07\/LFS25_ATMO_Radek-Petrasek-1-1-300x200.jpg\" data-width=\"300\" data-height=\"200\" aria-label=\"\" role=\"img\" ><\/div>\n\t\t\t\t\t\t\t\t\t\t\t<div class=\"elementor-gallery-item__overlay\"><\/div>\n\t\t\t\t\t\t\t\t\t\t\t\t\t\t<\/a>\n\t\t\t\t\t\t\t<a class=\"e-gallery-item elementor-gallery-item elementor-animated-content\" data-e-gallery-tags=\"2\" href=\"https:\/\/lfs.cz\/wp-content\/uploads\/2025\/07\/LFS25_ATMO_-Jan-Beranek-2.jpg\" data-elementor-open-lightbox=\"yes\" data-elementor-lightbox-slideshow=\"6b7163c\" data-elementor-lightbox-title=\"LF\u0160 2025, Letn\u00ed filmov\u00e1 \u0161kola, Atmosf\u00e9ra, \u010cTK \/ Jan Ber\u00e1nek\" data-e-action-hash=\"#elementor-action%3Aaction%3Dlightbox%26settings%3DeyJpZCI6MTIzODgsInVybCI6Imh0dHBzOlwvXC9sZnMuY3pcL3dwLWNvbnRlbnRcL3VwbG9hZHNcLzIwMjVcLzA3XC9MRlMyNV9BVE1PXy1KYW4tQmVyYW5lay0yLmpwZyIsInNsaWRlc2hvdyI6IjZiNzE2M2MifQ%3D%3D\">\n\t\t\t\t\t<div class=\"e-gallery-image elementor-gallery-item__image\" data-thumbnail=\"https:\/\/lfs.cz\/wp-content\/uploads\/2025\/07\/LFS25_ATMO_-Jan-Beranek-2-300x200.jpg\" data-width=\"300\" data-height=\"200\" aria-label=\"\" role=\"img\" ><\/div>\n\t\t\t\t\t\t\t\t\t\t\t<div class=\"elementor-gallery-item__overlay\"><\/div>\n\t\t\t\t\t\t\t\t\t\t\t\t\t\t<\/a>\n\t\t\t\t\t\t\t<a class=\"e-gallery-item elementor-gallery-item elementor-animated-content\" data-e-gallery-tags=\"4\" href=\"https:\/\/lfs.cz\/wp-content\/uploads\/2025\/07\/LFS25_Tiskova-konference_Dzob_Jiri-Madl_Dalibor-Gluck-1.jpg\" data-elementor-open-lightbox=\"yes\" data-elementor-lightbox-slideshow=\"6b7163c\" data-elementor-lightbox-title=\"LF\u0160 2025, Letn\u00ed filmov\u00e1 \u0161kola, Tom\u00e1\u0161 Vorel mlad\u0161\u00ed, Ji\u0159\u00ed M\u00e1dl, herec, Eva Podzimkov\u00e1, here\u010dka, \u010cTK \/ Gl\u00fcck Dalibor\" data-e-action-hash=\"#elementor-action%3Aaction%3Dlightbox%26settings%3DeyJpZCI6MTI4MTksInVybCI6Imh0dHBzOlwvXC9sZnMuY3pcL3dwLWNvbnRlbnRcL3VwbG9hZHNcLzIwMjVcLzA3XC9MRlMyNV9UaXNrb3ZhLWtvbmZlcmVuY2VfRHpvYl9KaXJpLU1hZGxfRGFsaWJvci1HbHVjay0xLmpwZyIsInNsaWRlc2hvdyI6IjZiNzE2M2MifQ%3D%3D\">\n\t\t\t\t\t<div class=\"e-gallery-image elementor-gallery-item__image\" data-thumbnail=\"https:\/\/lfs.cz\/wp-content\/uploads\/2025\/07\/LFS25_Tiskova-konference_Dzob_Jiri-Madl_Dalibor-Gluck-1-300x192.jpg\" data-width=\"300\" data-height=\"192\" aria-label=\"\" role=\"img\" ><\/div>\n\t\t\t\t\t\t\t\t\t\t\t<div class=\"elementor-gallery-item__overlay\"><\/div>\n\t\t\t\t\t\t\t\t\t\t\t\t\t\t<\/a>\n\t\t\t\t\t\t\t<a class=\"e-gallery-item elementor-gallery-item elementor-animated-content\" data-e-gallery-tags=\"5\" href=\"https:\/\/lfs.cz\/wp-content\/uploads\/2025\/07\/LFS25_Andrea-Pruchova-Hruzova_Tomas-Pospiszyl_Uvedeni-knihy-Jonase-Mekase_Marek-Malusek-2.jpg\" data-elementor-open-lightbox=\"yes\" data-elementor-lightbox-slideshow=\"6b7163c\" data-elementor-lightbox-title=\"LF\u0160 2025, Letn\u00ed filmov\u00e1 \u0161kola, Andrea Pr\u016fchov\u00e1 Hr\u016fzov\u00e1, Tom\u00e1\u0161 Pospiszyl: Uveden\u00ed knihy Jonase Mekase, foto Marek Mal\u016f\u0161ek\" data-e-action-hash=\"#elementor-action%3Aaction%3Dlightbox%26settings%3DeyJpZCI6MTMwNDMsInVybCI6Imh0dHBzOlwvXC9sZnMuY3pcL3dwLWNvbnRlbnRcL3VwbG9hZHNcLzIwMjVcLzA3XC9MRlMyNV9BbmRyZWEtUHJ1Y2hvdmEtSHJ1em92YV9Ub21hcy1Qb3NwaXN6eWxfVXZlZGVuaS1rbmloeS1Kb25hc2UtTWVrYXNlX01hcmVrLU1hbHVzZWstMi5qcGciLCJzbGlkZXNob3ciOiI2YjcxNjNjIn0%3D\">\n\t\t\t\t\t<div class=\"e-gallery-image elementor-gallery-item__image\" data-thumbnail=\"https:\/\/lfs.cz\/wp-content\/uploads\/2025\/07\/LFS25_Andrea-Pruchova-Hruzova_Tomas-Pospiszyl_Uvedeni-knihy-Jonase-Mekase_Marek-Malusek-2-300x200.jpg\" data-width=\"300\" data-height=\"200\" aria-label=\"\" role=\"img\" ><\/div>\n\t\t\t\t\t\t\t\t\t\t\t<div class=\"elementor-gallery-item__overlay\"><\/div>\n\t\t\t\t\t\t\t\t\t\t\t\t\t\t<\/a>\n\t\t\t\t\t\t\t<a class=\"e-gallery-item elementor-gallery-item elementor-animated-content\" data-e-gallery-tags=\"4\" href=\"https:\/\/lfs.cz\/wp-content\/uploads\/2025\/07\/LFS25_Anki_Tadeas-Kaminek-8.jpg\" data-elementor-open-lightbox=\"yes\" data-elementor-lightbox-slideshow=\"6b7163c\" data-elementor-lightbox-title=\"LF\u0160 2025, Letn\u00ed filmov\u00e1 \u0161kola, doprovodn\u00fd program, koncert, rapper Anki, \u010cTK \/ Tade\u00e1\u0161 Kam\u00ednek\" data-e-action-hash=\"#elementor-action%3Aaction%3Dlightbox%26settings%3DeyJpZCI6MTI4NTcsInVybCI6Imh0dHBzOlwvXC9sZnMuY3pcL3dwLWNvbnRlbnRcL3VwbG9hZHNcLzIwMjVcLzA3XC9MRlMyNV9BbmtpX1RhZGVhcy1LYW1pbmVrLTguanBnIiwic2xpZGVzaG93IjoiNmI3MTYzYyJ9\">\n\t\t\t\t\t<div class=\"e-gallery-image elementor-gallery-item__image\" data-thumbnail=\"https:\/\/lfs.cz\/wp-content\/uploads\/2025\/07\/LFS25_Anki_Tadeas-Kaminek-8-300x200.jpg\" data-width=\"300\" data-height=\"200\" aria-label=\"\" role=\"img\" ><\/div>\n\t\t\t\t\t\t\t\t\t\t\t<div class=\"elementor-gallery-item__overlay\"><\/div>\n\t\t\t\t\t\t\t\t\t\t\t\t\t\t<\/a>\n\t\t\t\t\t\t\t<a class=\"e-gallery-item elementor-gallery-item elementor-animated-content\" data-e-gallery-tags=\"4\" href=\"https:\/\/lfs.cz\/wp-content\/uploads\/2025\/07\/LFS25_Z-hrace-tvurcem-hernich-svetu_HUB123_Radek-Petrasek-7.jpg\" data-elementor-open-lightbox=\"yes\" data-elementor-lightbox-slideshow=\"6b7163c\" data-elementor-lightbox-title=\"LF\u0160 2025, Letn\u00ed filmov\u00e1 \u0161kola, Workshop: Z hr\u00e1\u010de tv\u016frcem hern\u00edch sv\u011bt\u016f, lektorka Britta Senn, \u010cTK \/ Petr\u00e1\u0161ek Radek\" data-e-action-hash=\"#elementor-action%3Aaction%3Dlightbox%26settings%3DeyJpZCI6MTI3MTgsInVybCI6Imh0dHBzOlwvXC9sZnMuY3pcL3dwLWNvbnRlbnRcL3VwbG9hZHNcLzIwMjVcLzA3XC9MRlMyNV9aLWhyYWNlLXR2dXJjZW0taGVybmljaC1zdmV0dV9IVUIxMjNfUmFkZWstUGV0cmFzZWstNy5qcGciLCJzbGlkZXNob3ciOiI2YjcxNjNjIn0%3D\">\n\t\t\t\t\t<div class=\"e-gallery-image elementor-gallery-item__image\" data-thumbnail=\"https:\/\/lfs.cz\/wp-content\/uploads\/2025\/07\/LFS25_Z-hrace-tvurcem-hernich-svetu_HUB123_Radek-Petrasek-7-300x200.jpg\" data-width=\"300\" data-height=\"200\" aria-label=\"\" role=\"img\" ><\/div>\n\t\t\t\t\t\t\t\t\t\t\t<div class=\"elementor-gallery-item__overlay\"><\/div>\n\t\t\t\t\t\t\t\t\t\t\t\t\t\t<\/a>\n\t\t\t\t\t\t\t<a class=\"e-gallery-item elementor-gallery-item elementor-animated-content\" data-e-gallery-tags=\"5\" href=\"https:\/\/lfs.cz\/wp-content\/uploads\/2025\/07\/MM_1448.jpg\" data-elementor-open-lightbox=\"yes\" data-elementor-lightbox-slideshow=\"6b7163c\" data-elementor-lightbox-title=\"LF\u0160 2025, Letn\u00ed filmov\u00e1 \u0161kola, K\u0159est knihy Filmovka: 50 Letn\u00edch filmov\u00fdch \u0161kol, foto Marek Mal\u016f\u0161ek\" data-e-action-hash=\"#elementor-action%3Aaction%3Dlightbox%26settings%3DeyJpZCI6MTMwMzYsInVybCI6Imh0dHBzOlwvXC9sZnMuY3pcL3dwLWNvbnRlbnRcL3VwbG9hZHNcLzIwMjVcLzA3XC9NTV8xNDQ4LmpwZyIsInNsaWRlc2hvdyI6IjZiNzE2M2MifQ%3D%3D\">\n\t\t\t\t\t<div class=\"e-gallery-image elementor-gallery-item__image\" data-thumbnail=\"https:\/\/lfs.cz\/wp-content\/uploads\/2025\/07\/MM_1448-300x200.jpg\" data-width=\"300\" data-height=\"200\" aria-label=\"\" role=\"img\" ><\/div>\n\t\t\t\t\t\t\t\t\t\t\t<div class=\"elementor-gallery-item__overlay\"><\/div>\n\t\t\t\t\t\t\t\t\t\t\t\t\t\t<\/a>\n\t\t\t\t\t\t\t<a class=\"e-gallery-item elementor-gallery-item elementor-animated-content\" data-e-gallery-tags=\"2\" href=\"https:\/\/lfs.cz\/wp-content\/uploads\/2025\/07\/LFS25_Jan-Sramek_Jak-si-uzit-film_Marek-Malusek-5.jpg\" data-elementor-open-lightbox=\"yes\" data-elementor-lightbox-slideshow=\"6b7163c\" data-elementor-lightbox-title=\"LF\u0160 2025, Letn\u00ed filmov\u00e1 \u0161kola, Vernis\u00e1\u017e Jak si u\u017e\u00edt film, Jan \u0160r\u00e1mek, foto Marek Mal\u016f\u0161ek\" data-e-action-hash=\"#elementor-action%3Aaction%3Dlightbox%26settings%3DeyJpZCI6MTI1MjYsInVybCI6Imh0dHBzOlwvXC9sZnMuY3pcL3dwLWNvbnRlbnRcL3VwbG9hZHNcLzIwMjVcLzA3XC9MRlMyNV9KYW4tU3JhbWVrX0phay1zaS11eml0LWZpbG1fTWFyZWstTWFsdXNlay01LmpwZyIsInNsaWRlc2hvdyI6IjZiNzE2M2MifQ%3D%3D\">\n\t\t\t\t\t<div class=\"e-gallery-image elementor-gallery-item__image\" data-thumbnail=\"https:\/\/lfs.cz\/wp-content\/uploads\/2025\/07\/LFS25_Jan-Sramek_Jak-si-uzit-film_Marek-Malusek-5-300x200.jpg\" data-width=\"300\" data-height=\"200\" aria-label=\"\" role=\"img\" ><\/div>\n\t\t\t\t\t\t\t\t\t\t\t<div class=\"elementor-gallery-item__overlay\"><\/div>\n\t\t\t\t\t\t\t\t\t\t\t\t\t\t<\/a>\n\t\t\t\t\t\t\t<a class=\"e-gallery-item elementor-gallery-item elementor-animated-content\" data-e-gallery-tags=\"1\" href=\"https:\/\/lfs.cz\/wp-content\/uploads\/2025\/07\/LFS25_Vernisaz-Daniels-a-Powell-Pressburger_Petr-Mlch-4-1.jpg\" data-elementor-open-lightbox=\"yes\" data-elementor-lightbox-slideshow=\"6b7163c\" data-elementor-lightbox-title=\"LF\u0160 2025, Letn\u00ed filmov\u00e1 \u0161kola, v\u00fdstava, vernis\u00e1\u017e, fotografie, Fred Daniels a Powell &amp; Pressburger, \u010cTK \/ Mlch Petr\" data-e-action-hash=\"#elementor-action%3Aaction%3Dlightbox%26settings%3DeyJpZCI6MTIyNDMsInVybCI6Imh0dHBzOlwvXC9sZnMuY3pcL3dwLWNvbnRlbnRcL3VwbG9hZHNcLzIwMjVcLzA3XC9MRlMyNV9WZXJuaXNhei1EYW5pZWxzLWEtUG93ZWxsLVByZXNzYnVyZ2VyX1BldHItTWxjaC00LTEuanBnIiwic2xpZGVzaG93IjoiNmI3MTYzYyJ9\">\n\t\t\t\t\t<div class=\"e-gallery-image elementor-gallery-item__image\" data-thumbnail=\"https:\/\/lfs.cz\/wp-content\/uploads\/2025\/07\/LFS25_Vernisaz-Daniels-a-Powell-Pressburger_Petr-Mlch-4-1-300x200.jpg\" data-width=\"300\" data-height=\"200\" aria-label=\"\" role=\"img\" ><\/div>\n\t\t\t\t\t\t\t\t\t\t\t<div class=\"elementor-gallery-item__overlay\"><\/div>\n\t\t\t\t\t\t\t\t\t\t\t\t\t\t<\/a>\n\t\t\t\t\t\t\t<a class=\"e-gallery-item elementor-gallery-item elementor-animated-content\" data-e-gallery-tags=\"4\" href=\"https:\/\/lfs.cz\/wp-content\/uploads\/2025\/07\/LFS25_Ctyri-roky-Martina-Baxy_Respekt-stan_Petr-Mlch-4.jpg\" data-elementor-open-lightbox=\"yes\" data-elementor-lightbox-slideshow=\"6b7163c\" data-elementor-lightbox-title=\"LF\u0160 2025, Letn\u00ed filmov\u00e1 \u0161kola, debata, Martin Baxa, \u010cTK \/ Mlch Petr\" data-e-action-hash=\"#elementor-action%3Aaction%3Dlightbox%26settings%3DeyJpZCI6MTI2OTYsInVybCI6Imh0dHBzOlwvXC9sZnMuY3pcL3dwLWNvbnRlbnRcL3VwbG9hZHNcLzIwMjVcLzA3XC9MRlMyNV9DdHlyaS1yb2t5LU1hcnRpbmEtQmF4eV9SZXNwZWt0LXN0YW5fUGV0ci1NbGNoLTQuanBnIiwic2xpZGVzaG93IjoiNmI3MTYzYyJ9\">\n\t\t\t\t\t<div class=\"e-gallery-image elementor-gallery-item__image\" data-thumbnail=\"https:\/\/lfs.cz\/wp-content\/uploads\/2025\/07\/LFS25_Ctyri-roky-Martina-Baxy_Respekt-stan_Petr-Mlch-4-300x200.jpg\" data-width=\"300\" data-height=\"200\" aria-label=\"\" role=\"img\" ><\/div>\n\t\t\t\t\t\t\t\t\t\t\t<div class=\"elementor-gallery-item__overlay\"><\/div>\n\t\t\t\t\t\t\t\t\t\t\t\t\t\t<\/a>\n\t\t\t\t\t\t\t<a class=\"e-gallery-item elementor-gallery-item elementor-animated-content\" data-e-gallery-tags=\"4\" href=\"https:\/\/lfs.cz\/wp-content\/uploads\/2025\/07\/LFS25_Tiskova-konference_Dzob_Dalibor-Gluck-5.jpg\" data-elementor-open-lightbox=\"yes\" data-elementor-lightbox-slideshow=\"6b7163c\" data-elementor-lightbox-title=\"LF\u0160 2025, Letn\u00ed filmov\u00e1 \u0161kola, Tom\u00e1\u0161 Vorel, re\u017eis\u00e9r, Tom\u00e1\u0161 Vorel mlad\u0161\u00ed, Ji\u0159\u00ed M\u00e1dl, herec, Eva Podzimkov\u00e1, here\u010dka, \u010cTK \/ Gl\u00fcck Dalibor\" data-e-action-hash=\"#elementor-action%3Aaction%3Dlightbox%26settings%3DeyJpZCI6MTI4MTgsInVybCI6Imh0dHBzOlwvXC9sZnMuY3pcL3dwLWNvbnRlbnRcL3VwbG9hZHNcLzIwMjVcLzA3XC9MRlMyNV9UaXNrb3ZhLWtvbmZlcmVuY2VfRHpvYl9EYWxpYm9yLUdsdWNrLTUuanBnIiwic2xpZGVzaG93IjoiNmI3MTYzYyJ9\">\n\t\t\t\t\t<div class=\"e-gallery-image elementor-gallery-item__image\" data-thumbnail=\"https:\/\/lfs.cz\/wp-content\/uploads\/2025\/07\/LFS25_Tiskova-konference_Dzob_Dalibor-Gluck-5-300x206.jpg\" data-width=\"300\" data-height=\"206\" aria-label=\"\" role=\"img\" ><\/div>\n\t\t\t\t\t\t\t\t\t\t\t<div class=\"elementor-gallery-item__overlay\"><\/div>\n\t\t\t\t\t\t\t\t\t\t\t\t\t\t<\/a>\n\t\t\t\t\t\t\t<a class=\"e-gallery-item elementor-gallery-item elementor-animated-content\" data-e-gallery-tags=\"2\" href=\"https:\/\/lfs.cz\/wp-content\/uploads\/2025\/07\/LFS25_Miroslav-Hlauco_Marek-Malusek-3.jpg\" data-elementor-open-lightbox=\"yes\" data-elementor-lightbox-slideshow=\"6b7163c\" data-elementor-lightbox-title=\"LF\u0160 2025, Letn\u00ed filmov\u00e1 \u0161kola, Autorsk\u00e9 \u010dten\u00ed z rom\u00e1nu Letnice Miroslava Hlau\u010da, foto Marek Mal\u016f\u0161ek\" data-e-action-hash=\"#elementor-action%3Aaction%3Dlightbox%26settings%3DeyJpZCI6MTI1MzMsInVybCI6Imh0dHBzOlwvXC9sZnMuY3pcL3dwLWNvbnRlbnRcL3VwbG9hZHNcLzIwMjVcLzA3XC9MRlMyNV9NaXJvc2xhdi1IbGF1Y29fTWFyZWstTWFsdXNlay0zLmpwZyIsInNsaWRlc2hvdyI6IjZiNzE2M2MifQ%3D%3D\">\n\t\t\t\t\t<div class=\"e-gallery-image elementor-gallery-item__image\" data-thumbnail=\"https:\/\/lfs.cz\/wp-content\/uploads\/2025\/07\/LFS25_Miroslav-Hlauco_Marek-Malusek-3-300x200.jpg\" data-width=\"300\" data-height=\"200\" aria-label=\"\" role=\"img\" ><\/div>\n\t\t\t\t\t\t\t\t\t\t\t<div class=\"elementor-gallery-item__overlay\"><\/div>\n\t\t\t\t\t\t\t\t\t\t\t\t\t\t<\/a>\n\t\t\t\t\t\t\t<a class=\"e-gallery-item elementor-gallery-item elementor-animated-content\" data-e-gallery-tags=\"3\" href=\"https:\/\/lfs.cz\/wp-content\/uploads\/2025\/07\/LFS25_ARAS_Tadeas-Kaminek-6.jpg\" data-elementor-open-lightbox=\"yes\" data-elementor-lightbox-slideshow=\"6b7163c\" data-elementor-lightbox-title=\"LF\u0160 2025, Letn\u00ed filmov\u00e1 \u0161kola, Odborn\u00fd program: ARAS, \u010cTK \/ Tade\u00e1\u0161 Kam\u00ednek\" data-e-action-hash=\"#elementor-action%3Aaction%3Dlightbox%26settings%3DeyJpZCI6MTI2NDAsInVybCI6Imh0dHBzOlwvXC9sZnMuY3pcL3dwLWNvbnRlbnRcL3VwbG9hZHNcLzIwMjVcLzA3XC9MRlMyNV9BUkFTX1RhZGVhcy1LYW1pbmVrLTYuanBnIiwic2xpZGVzaG93IjoiNmI3MTYzYyJ9\">\n\t\t\t\t\t<div class=\"e-gallery-image elementor-gallery-item__image\" data-thumbnail=\"https:\/\/lfs.cz\/wp-content\/uploads\/2025\/07\/LFS25_ARAS_Tadeas-Kaminek-6-300x200.jpg\" data-width=\"300\" data-height=\"200\" aria-label=\"\" role=\"img\" ><\/div>\n\t\t\t\t\t\t\t\t\t\t\t<div class=\"elementor-gallery-item__overlay\"><\/div>\n\t\t\t\t\t\t\t\t\t\t\t\t\t\t<\/a>\n\t\t\t\t\t\t\t<a class=\"e-gallery-item elementor-gallery-item elementor-animated-content\" data-e-gallery-tags=\"2\" href=\"https:\/\/lfs.cz\/wp-content\/uploads\/2025\/07\/LFS25_Inkluze-jako-dar_Richard-Skoumal-5-1.jpg\" data-elementor-open-lightbox=\"yes\" data-elementor-lightbox-slideshow=\"6b7163c\" data-elementor-lightbox-title=\"Milu\u0161e Bla\u017ekov\u00e1, Libor Pode\u0161va, \u0158editelka festivalu Radana Koren\u00e1, S\u00e1ra Loveck\u00e1, Inkluze jako dar, Letn\u00ed filmov\u00e1 \u0161kola, LF\u0160 2025, \u010cTK \/ Tade\u00e1\u0161 Kam\u00ednek\" data-e-action-hash=\"#elementor-action%3Aaction%3Dlightbox%26settings%3DeyJpZCI6MTIzMzUsInVybCI6Imh0dHBzOlwvXC9sZnMuY3pcL3dwLWNvbnRlbnRcL3VwbG9hZHNcLzIwMjVcLzA3XC9MRlMyNV9JbmtsdXplLWpha28tZGFyX1JpY2hhcmQtU2tvdW1hbC01LTEuanBnIiwic2xpZGVzaG93IjoiNmI3MTYzYyJ9\">\n\t\t\t\t\t<div class=\"e-gallery-image elementor-gallery-item__image\" data-thumbnail=\"https:\/\/lfs.cz\/wp-content\/uploads\/2025\/07\/LFS25_Inkluze-jako-dar_Richard-Skoumal-5-1-300x200.jpg\" data-width=\"300\" data-height=\"200\" aria-label=\"\" role=\"img\" ><\/div>\n\t\t\t\t\t\t\t\t\t\t\t<div class=\"elementor-gallery-item__overlay\"><\/div>\n\t\t\t\t\t\t\t\t\t\t\t\t\t\t<\/a>\n\t\t\t\t\t\t\t<a class=\"e-gallery-item elementor-gallery-item elementor-animated-content\" data-e-gallery-tags=\"4\" href=\"https:\/\/lfs.cz\/wp-content\/uploads\/2025\/07\/LFS25_Jonas-Zboril_Flora_Marek-Malusek-8.jpg\" data-elementor-open-lightbox=\"yes\" data-elementor-lightbox-slideshow=\"6b7163c\" data-elementor-lightbox-title=\"LF\u0160 2025, Letn\u00ed filmov\u00e1 \u0161kola, Jon\u00e1\u0161 Zbo\u0159il: Flora, foto Marek Mal\u016f\u0161ek\" data-e-action-hash=\"#elementor-action%3Aaction%3Dlightbox%26settings%3DeyJpZCI6MTI4NDYsInVybCI6Imh0dHBzOlwvXC9sZnMuY3pcL3dwLWNvbnRlbnRcL3VwbG9hZHNcLzIwMjVcLzA3XC9MRlMyNV9Kb25hcy1aYm9yaWxfRmxvcmFfTWFyZWstTWFsdXNlay04LmpwZyIsInNsaWRlc2hvdyI6IjZiNzE2M2MifQ%3D%3D\">\n\t\t\t\t\t<div class=\"e-gallery-image elementor-gallery-item__image\" data-thumbnail=\"https:\/\/lfs.cz\/wp-content\/uploads\/2025\/07\/LFS25_Jonas-Zboril_Flora_Marek-Malusek-8-300x200.jpg\" data-width=\"300\" data-height=\"200\" aria-label=\"\" role=\"img\" ><\/div>\n\t\t\t\t\t\t\t\t\t\t\t<div class=\"elementor-gallery-item__overlay\"><\/div>\n\t\t\t\t\t\t\t\t\t\t\t\t\t\t<\/a>\n\t\t\t\t\t\t\t<a class=\"e-gallery-item elementor-gallery-item elementor-animated-content\" data-e-gallery-tags=\"2\" href=\"https:\/\/lfs.cz\/wp-content\/uploads\/2025\/07\/LFS25_Ana-Geislerova-a-Juliana-Brutovska_Petr-Mlch-5.jpg\" data-elementor-open-lightbox=\"yes\" data-elementor-lightbox-slideshow=\"6b7163c\" data-elementor-lightbox-title=\"LF\u0160 2025, Letn\u00ed filmov\u00e1 \u0161kola, \u010cetkast, podcast, Juliana Brutovsk\u00e1, \u010cTK \/ Mlch Petr\" data-e-action-hash=\"#elementor-action%3Aaction%3Dlightbox%26settings%3DeyJpZCI6MTIzODcsInVybCI6Imh0dHBzOlwvXC9sZnMuY3pcL3dwLWNvbnRlbnRcL3VwbG9hZHNcLzIwMjVcLzA3XC9MRlMyNV9BbmEtR2Vpc2xlcm92YS1hLUp1bGlhbmEtQnJ1dG92c2thX1BldHItTWxjaC01LmpwZyIsInNsaWRlc2hvdyI6IjZiNzE2M2MifQ%3D%3D\">\n\t\t\t\t\t<div class=\"e-gallery-image elementor-gallery-item__image\" data-thumbnail=\"https:\/\/lfs.cz\/wp-content\/uploads\/2025\/07\/LFS25_Ana-Geislerova-a-Juliana-Brutovska_Petr-Mlch-5-300x200.jpg\" data-width=\"300\" data-height=\"200\" aria-label=\"\" role=\"img\" ><\/div>\n\t\t\t\t\t\t\t\t\t\t\t<div class=\"elementor-gallery-item__overlay\"><\/div>\n\t\t\t\t\t\t\t\t\t\t\t\t\t\t<\/a>\n\t\t\t\t\t\t\t<a class=\"e-gallery-item elementor-gallery-item elementor-animated-content\" data-e-gallery-tags=\"5\" href=\"https:\/\/lfs.cz\/wp-content\/uploads\/2025\/07\/LFS25_ATMO_CTK-Radek-Petrasek-2.jpg\" data-elementor-open-lightbox=\"yes\" data-elementor-lightbox-slideshow=\"6b7163c\" data-elementor-lightbox-title=\"LF\u0160 2025, Letn\u00ed filmov\u00e1 \u0161kola, div\u00e1ci, \u010cTK \/ Petr\u00e1\u0161ek Radek\" data-e-action-hash=\"#elementor-action%3Aaction%3Dlightbox%26settings%3DeyJpZCI6MTI5MjksInVybCI6Imh0dHBzOlwvXC9sZnMuY3pcL3dwLWNvbnRlbnRcL3VwbG9hZHNcLzIwMjVcLzA3XC9MRlMyNV9BVE1PX0NUSy1SYWRlay1QZXRyYXNlay0yLmpwZyIsInNsaWRlc2hvdyI6IjZiNzE2M2MifQ%3D%3D\">\n\t\t\t\t\t<div class=\"e-gallery-image elementor-gallery-item__image\" data-thumbnail=\"https:\/\/lfs.cz\/wp-content\/uploads\/2025\/07\/LFS25_ATMO_CTK-Radek-Petrasek-2-300x200.jpg\" data-width=\"300\" data-height=\"200\" aria-label=\"\" role=\"img\" ><\/div>\n\t\t\t\t\t\t\t\t\t\t\t<div class=\"elementor-gallery-item__overlay\"><\/div>\n\t\t\t\t\t\t\t\t\t\t\t\t\t\t<\/a>\n\t\t\t\t\t\t\t<a class=\"e-gallery-item elementor-gallery-item elementor-animated-content\" data-e-gallery-tags=\"5\" href=\"https:\/\/lfs.cz\/wp-content\/uploads\/2025\/07\/LFS25_FAMU-v-roce-1989_CTK-Petr-Mlch-scaled.jpg\" data-elementor-open-lightbox=\"yes\" data-elementor-lightbox-slideshow=\"6b7163c\" data-elementor-lightbox-title=\"LF\u0160 2025, Letn\u00ed filmov\u00e1 \u0161kola, projekce, dokument, FAMU, Jedna z poslucha\u010dek l\u00ed\u010d\u00ed sv\u00e9 dojmy z listopadov\u00fdch ud\u00e1lost\u00ed ve Vy\u0161kov\u011b v roce 1989, \u010cTK \/ Mlch Petr\" data-e-action-hash=\"#elementor-action%3Aaction%3Dlightbox%26settings%3DeyJpZCI6MTI5NDMsInVybCI6Imh0dHBzOlwvXC9sZnMuY3pcL3dwLWNvbnRlbnRcL3VwbG9hZHNcLzIwMjVcLzA3XC9MRlMyNV9GQU1VLXYtcm9jZS0xOTg5X0NUSy1QZXRyLU1sY2gtc2NhbGVkLmpwZyIsInNsaWRlc2hvdyI6IjZiNzE2M2MifQ%3D%3D\">\n\t\t\t\t\t<div class=\"e-gallery-image elementor-gallery-item__image\" data-thumbnail=\"https:\/\/lfs.cz\/wp-content\/uploads\/2025\/07\/LFS25_FAMU-v-roce-1989_CTK-Petr-Mlch-300x200.jpg\" data-width=\"300\" data-height=\"200\" aria-label=\"\" role=\"img\" ><\/div>\n\t\t\t\t\t\t\t\t\t\t\t<div class=\"elementor-gallery-item__overlay\"><\/div>\n\t\t\t\t\t\t\t\t\t\t\t\t\t\t<\/a>\n\t\t\t\t\t\t\t<a class=\"e-gallery-item elementor-gallery-item elementor-animated-content\" data-e-gallery-tags=\"4\" href=\"https:\/\/lfs.cz\/wp-content\/uploads\/2025\/07\/LFS25_-Slecna-Mendova-I_hudba-Ivan-Acher_Radek-Petrasek-9.jpg\" data-elementor-open-lightbox=\"yes\" data-elementor-lightbox-slideshow=\"6b7163c\" data-elementor-lightbox-title=\"LF\u0160 2025, Letn\u00ed filmov\u00e1 \u0161kola, hudebn\u00edk Ivan Acher, \u010cTK \/ Petr\u00e1\u0161ek Radek\" data-e-action-hash=\"#elementor-action%3Aaction%3Dlightbox%26settings%3DeyJpZCI6MTI3MzQsInVybCI6Imh0dHBzOlwvXC9sZnMuY3pcL3dwLWNvbnRlbnRcL3VwbG9hZHNcLzIwMjVcLzA3XC9MRlMyNV8tU2xlY25hLU1lbmRvdmEtSV9odWRiYS1JdmFuLUFjaGVyX1JhZGVrLVBldHJhc2VrLTkuanBnIiwic2xpZGVzaG93IjoiNmI3MTYzYyJ9\">\n\t\t\t\t\t<div class=\"e-gallery-image elementor-gallery-item__image\" data-thumbnail=\"https:\/\/lfs.cz\/wp-content\/uploads\/2025\/07\/LFS25_-Slecna-Mendova-I_hudba-Ivan-Acher_Radek-Petrasek-9-300x200.jpg\" data-width=\"300\" data-height=\"200\" aria-label=\"\" role=\"img\" ><\/div>\n\t\t\t\t\t\t\t\t\t\t\t<div class=\"elementor-gallery-item__overlay\"><\/div>\n\t\t\t\t\t\t\t\t\t\t\t\t\t\t<\/a>\n\t\t\t\t\t\t\t<a class=\"e-gallery-item elementor-gallery-item elementor-animated-content\" data-e-gallery-tags=\"3\" href=\"https:\/\/lfs.cz\/wp-content\/uploads\/2025\/07\/LFS25_Spioni_hudba-Jan-Tomas_Richard-Skoumal-3.jpg\" data-elementor-open-lightbox=\"yes\" data-elementor-lightbox-slideshow=\"6b7163c\" data-elementor-lightbox-title=\"Film \u0160pioni, Tom\u00e1\u0161 Vondra, Jan Tom\u00e1\u0161, Letn\u00ed filmov\u00e1 \u0161kola, LF\u0160 2025, \u010cTK \/ Skoumal Richard\" data-e-action-hash=\"#elementor-action%3Aaction%3Dlightbox%26settings%3DeyJpZCI6MTI1NTgsInVybCI6Imh0dHBzOlwvXC9sZnMuY3pcL3dwLWNvbnRlbnRcL3VwbG9hZHNcLzIwMjVcLzA3XC9MRlMyNV9TcGlvbmlfaHVkYmEtSmFuLVRvbWFzX1JpY2hhcmQtU2tvdW1hbC0zLmpwZyIsInNsaWRlc2hvdyI6IjZiNzE2M2MifQ%3D%3D\">\n\t\t\t\t\t<div class=\"e-gallery-image elementor-gallery-item__image\" data-thumbnail=\"https:\/\/lfs.cz\/wp-content\/uploads\/2025\/07\/LFS25_Spioni_hudba-Jan-Tomas_Richard-Skoumal-3-300x200.jpg\" data-width=\"300\" data-height=\"200\" aria-label=\"\" role=\"img\" ><\/div>\n\t\t\t\t\t\t\t\t\t\t\t<div class=\"elementor-gallery-item__overlay\"><\/div>\n\t\t\t\t\t\t\t\t\t\t\t\t\t\t<\/a>\n\t\t\t\t\t\t\t<a class=\"e-gallery-item elementor-gallery-item elementor-animated-content\" data-e-gallery-tags=\"2\" href=\"https:\/\/lfs.cz\/wp-content\/uploads\/2025\/07\/profimedia-1025949816.jpg\" data-elementor-open-lightbox=\"yes\" data-elementor-lightbox-slideshow=\"6b7163c\" data-elementor-lightbox-title=\"Josef Kub\u00e1n\u00edk, konferenci\u00e9r, LF\u0160 2025, Letn\u00ed filmov\u00e1 \u0161kola, slavnostn\u00ed zah\u00e1jen\u00ed, \u010cTK \/ Petr\u00e1\u0161ek Radek\" data-e-action-hash=\"#elementor-action%3Aaction%3Dlightbox%26settings%3DeyJpZCI6MTIzNzMsInVybCI6Imh0dHBzOlwvXC9sZnMuY3pcL3dwLWNvbnRlbnRcL3VwbG9hZHNcLzIwMjVcLzA3XC9wcm9maW1lZGlhLTEwMjU5NDk4MTYuanBnIiwic2xpZGVzaG93IjoiNmI3MTYzYyJ9\">\n\t\t\t\t\t<div class=\"e-gallery-image elementor-gallery-item__image\" data-thumbnail=\"https:\/\/lfs.cz\/wp-content\/uploads\/2025\/07\/profimedia-1025949816-300x200.jpg\" data-width=\"300\" data-height=\"200\" aria-label=\"\" role=\"img\" ><\/div>\n\t\t\t\t\t\t\t\t\t\t\t<div class=\"elementor-gallery-item__overlay\"><\/div>\n\t\t\t\t\t\t\t\t\t\t\t\t\t\t<\/a>\n\t\t\t\t\t\t\t<a class=\"e-gallery-item elementor-gallery-item elementor-animated-content\" data-e-gallery-tags=\"4\" href=\"https:\/\/lfs.cz\/wp-content\/uploads\/2025\/07\/LFS25_Jindrich-Streit-.s-laskou_Marek-Malusek-12.jpg\" data-elementor-open-lightbox=\"yes\" data-elementor-lightbox-slideshow=\"6b7163c\" data-elementor-lightbox-title=\"LF\u0160 2025, Letn\u00ed filmov\u00e1 \u0161kola, Jind\u0159ich \u0160treit, Vernis\u00e1\u017e ...s l\u00e1skou, mluv\u00ed Vladim\u00edr Birgus, foto Marek Mal\u016f\u0161ek\" data-e-action-hash=\"#elementor-action%3Aaction%3Dlightbox%26settings%3DeyJpZCI6MTI4NDgsInVybCI6Imh0dHBzOlwvXC9sZnMuY3pcL3dwLWNvbnRlbnRcL3VwbG9hZHNcLzIwMjVcLzA3XC9MRlMyNV9KaW5kcmljaC1TdHJlaXQtLnMtbGFza291X01hcmVrLU1hbHVzZWstMTIuanBnIiwic2xpZGVzaG93IjoiNmI3MTYzYyJ9\">\n\t\t\t\t\t<div class=\"e-gallery-image elementor-gallery-item__image\" data-thumbnail=\"https:\/\/lfs.cz\/wp-content\/uploads\/2025\/07\/LFS25_Jindrich-Streit-.s-laskou_Marek-Malusek-12-300x200.jpg\" data-width=\"300\" data-height=\"200\" aria-label=\"\" role=\"img\" ><\/div>\n\t\t\t\t\t\t\t\t\t\t\t<div class=\"elementor-gallery-item__overlay\"><\/div>\n\t\t\t\t\t\t\t\t\t\t\t\t\t\t<\/a>\n\t\t\t\t\t\t\t<a class=\"e-gallery-item elementor-gallery-item elementor-animated-content\" data-e-gallery-tags=\"2\" href=\"https:\/\/lfs.cz\/wp-content\/uploads\/2025\/07\/LFS25_Inkluze-jako-dar_Richard-Skoumal-2-1.jpg\" data-elementor-open-lightbox=\"yes\" data-elementor-lightbox-slideshow=\"6b7163c\" data-elementor-lightbox-title=\"Milu\u0161e Bla\u017ekov\u00e1, Libor Pode\u0161va, \u0158editelka festivalu Radana Koren\u00e1, S\u00e1ra Loveck\u00e1, Inkluze jako dar, Letn\u00ed filmov\u00e1 \u0161kola, LF\u0160 2025, \u010cTK \/ Tade\u00e1\u0161 Kam\u00ednek\" data-e-action-hash=\"#elementor-action%3Aaction%3Dlightbox%26settings%3DeyJpZCI6MTIzMzQsInVybCI6Imh0dHBzOlwvXC9sZnMuY3pcL3dwLWNvbnRlbnRcL3VwbG9hZHNcLzIwMjVcLzA3XC9MRlMyNV9JbmtsdXplLWpha28tZGFyX1JpY2hhcmQtU2tvdW1hbC0yLTEuanBnIiwic2xpZGVzaG93IjoiNmI3MTYzYyJ9\">\n\t\t\t\t\t<div class=\"e-gallery-image elementor-gallery-item__image\" data-thumbnail=\"https:\/\/lfs.cz\/wp-content\/uploads\/2025\/07\/LFS25_Inkluze-jako-dar_Richard-Skoumal-2-1-300x200.jpg\" data-width=\"300\" data-height=\"200\" aria-label=\"\" role=\"img\" ><\/div>\n\t\t\t\t\t\t\t\t\t\t\t<div class=\"elementor-gallery-item__overlay\"><\/div>\n\t\t\t\t\t\t\t\t\t\t\t\t\t\t<\/a>\n\t\t\t\t\t\t\t<a class=\"e-gallery-item elementor-gallery-item elementor-animated-content\" data-e-gallery-tags=\"6\" href=\"https:\/\/lfs.cz\/wp-content\/uploads\/2025\/07\/LFS25_Radio-Wave_Slejvak_CTK-Tadeas-Kaminek-9.jpg\" data-elementor-open-lightbox=\"yes\" data-elementor-lightbox-slideshow=\"6b7163c\" data-elementor-lightbox-title=\"LF\u0160 2025, Letn\u00ed filmov\u00e1 \u0161kola, Radio Wave: Slejv\u00e1k, Vilma Svobodov\u00e1, David Olchava, M\u00edra Harant, \u010cTK \/ Tade\u00e1\u0161 Kam\u00ednek\" data-e-action-hash=\"#elementor-action%3Aaction%3Dlightbox%26settings%3DeyJpZCI6MTMxMDEsInVybCI6Imh0dHBzOlwvXC9sZnMuY3pcL3dwLWNvbnRlbnRcL3VwbG9hZHNcLzIwMjVcLzA3XC9MRlMyNV9SYWRpby1XYXZlX1NsZWp2YWtfQ1RLLVRhZGVhcy1LYW1pbmVrLTkuanBnIiwic2xpZGVzaG93IjoiNmI3MTYzYyJ9\">\n\t\t\t\t\t<div class=\"e-gallery-image elementor-gallery-item__image\" data-thumbnail=\"https:\/\/lfs.cz\/wp-content\/uploads\/2025\/07\/LFS25_Radio-Wave_Slejvak_CTK-Tadeas-Kaminek-9-300x200.jpg\" data-width=\"300\" data-height=\"200\" aria-label=\"\" role=\"img\" ><\/div>\n\t\t\t\t\t\t\t\t\t\t\t<div class=\"elementor-gallery-item__overlay\"><\/div>\n\t\t\t\t\t\t\t\t\t\t\t\t\t\t<\/a>\n\t\t\t\t\t\t\t<a class=\"e-gallery-item elementor-gallery-item elementor-animated-content\" data-e-gallery-tags=\"3\" href=\"https:\/\/lfs.cz\/wp-content\/uploads\/2025\/07\/LFS25_VR_Okolo-Hradista_Tadeas-Kaminek-4.jpg\" data-elementor-open-lightbox=\"yes\" data-elementor-lightbox-slideshow=\"6b7163c\" data-elementor-lightbox-title=\"LF\u0160 2025, Letn\u00ed filmov\u00e1 \u0161kola, doprovodn\u00fd program: virtu\u00e1ln\u00ed b\u00e1se\u0148 Okolo Hradi\u0161\u0165a, \u010cTK \/ Tade\u00e1\u0161 Kam\u00ednek\" data-e-action-hash=\"#elementor-action%3Aaction%3Dlightbox%26settings%3DeyJpZCI6MTI1MTgsInVybCI6Imh0dHBzOlwvXC9sZnMuY3pcL3dwLWNvbnRlbnRcL3VwbG9hZHNcLzIwMjVcLzA3XC9MRlMyNV9WUl9Pa29sby1IcmFkaXN0YV9UYWRlYXMtS2FtaW5lay00LmpwZyIsInNsaWRlc2hvdyI6IjZiNzE2M2MifQ%3D%3D\">\n\t\t\t\t\t<div class=\"e-gallery-image elementor-gallery-item__image\" data-thumbnail=\"https:\/\/lfs.cz\/wp-content\/uploads\/2025\/07\/LFS25_VR_Okolo-Hradista_Tadeas-Kaminek-4-300x200.jpg\" data-width=\"300\" data-height=\"200\" aria-label=\"\" role=\"img\" ><\/div>\n\t\t\t\t\t\t\t\t\t\t\t<div class=\"elementor-gallery-item__overlay\"><\/div>\n\t\t\t\t\t\t\t\t\t\t\t\t\t\t<\/a>\n\t\t\t\t\t\t\t<a class=\"e-gallery-item elementor-gallery-item elementor-animated-content\" data-e-gallery-tags=\"3\" href=\"https:\/\/lfs.cz\/wp-content\/uploads\/2025\/07\/LFS25_Ctyri-matky_Radek-Petrasek-3.jpg\" data-elementor-open-lightbox=\"yes\" data-elementor-lightbox-slideshow=\"6b7163c\" data-elementor-lightbox-title=\"LF\u0160 2025, Letn\u00ed filmov\u00e1 \u0161kola, Projekce filmu \u010cty\u0159i matky, Klub Kultury. \u00davod k filmu Silvie Suchnov\u00e1, Jan J\u00edlek, \u010cTK \/ Radek Petr\u00e1\u0161ek\" data-e-action-hash=\"#elementor-action%3Aaction%3Dlightbox%26settings%3DeyJpZCI6MTI1MDksInVybCI6Imh0dHBzOlwvXC9sZnMuY3pcL3dwLWNvbnRlbnRcL3VwbG9hZHNcLzIwMjVcLzA3XC9MRlMyNV9DdHlyaS1tYXRreV9SYWRlay1QZXRyYXNlay0zLmpwZyIsInNsaWRlc2hvdyI6IjZiNzE2M2MifQ%3D%3D\">\n\t\t\t\t\t<div class=\"e-gallery-image elementor-gallery-item__image\" data-thumbnail=\"https:\/\/lfs.cz\/wp-content\/uploads\/2025\/07\/LFS25_Ctyri-matky_Radek-Petrasek-3-300x200.jpg\" data-width=\"300\" data-height=\"200\" aria-label=\"\" role=\"img\" ><\/div>\n\t\t\t\t\t\t\t\t\t\t\t<div class=\"elementor-gallery-item__overlay\"><\/div>\n\t\t\t\t\t\t\t\t\t\t\t\t\t\t<\/a>\n\t\t\t\t\t\t\t<a class=\"e-gallery-item elementor-gallery-item elementor-animated-content\" data-e-gallery-tags=\"4\" href=\"https:\/\/lfs.cz\/wp-content\/uploads\/2025\/07\/LFS25_ATMO_CTK-Tadeas-Kaminek-7.jpg\" data-elementor-open-lightbox=\"yes\" data-elementor-lightbox-slideshow=\"6b7163c\" data-elementor-lightbox-title=\"LF\u0160 2025, Letn\u00ed filmov\u00e1 \u0161kola, atmosf\u00e9ra, \u010cTK \/ Tade\u00e1\u0161 Kam\u00ednek\" data-e-action-hash=\"#elementor-action%3Aaction%3Dlightbox%26settings%3DeyJpZCI6MTI5MzYsInVybCI6Imh0dHBzOlwvXC9sZnMuY3pcL3dwLWNvbnRlbnRcL3VwbG9hZHNcLzIwMjVcLzA3XC9MRlMyNV9BVE1PX0NUSy1UYWRlYXMtS2FtaW5lay03LmpwZyIsInNsaWRlc2hvdyI6IjZiNzE2M2MifQ%3D%3D\">\n\t\t\t\t\t<div class=\"e-gallery-image elementor-gallery-item__image\" data-thumbnail=\"https:\/\/lfs.cz\/wp-content\/uploads\/2025\/07\/LFS25_ATMO_CTK-Tadeas-Kaminek-7-300x200.jpg\" data-width=\"300\" data-height=\"200\" aria-label=\"\" role=\"img\" ><\/div>\n\t\t\t\t\t\t\t\t\t\t\t<div class=\"elementor-gallery-item__overlay\"><\/div>\n\t\t\t\t\t\t\t\t\t\t\t\t\t\t<\/a>\n\t\t\t\t\t\t\t<a class=\"e-gallery-item elementor-gallery-item elementor-animated-content\" data-e-gallery-tags=\"5\" href=\"https:\/\/lfs.cz\/wp-content\/uploads\/2025\/07\/LFS25_AFFN-Industry_Archivni-filmy_CTK-Matyas-Cech-1.jpg\" data-elementor-open-lightbox=\"yes\" data-elementor-lightbox-slideshow=\"6b7163c\" data-elementor-lightbox-title=\"AFFN Industry: Archivn\u00ed filmy, na fotografii Petr Sokol, Letn\u00ed filmov\u00e1 \u0161kola, LF\u0160 2025, \u010cTK \/ Maty\u00e1\u0161 \u010cech\" data-e-action-hash=\"#elementor-action%3Aaction%3Dlightbox%26settings%3DeyJpZCI6MTI5NjAsInVybCI6Imh0dHBzOlwvXC9sZnMuY3pcL3dwLWNvbnRlbnRcL3VwbG9hZHNcLzIwMjVcLzA3XC9MRlMyNV9BRkZOLUluZHVzdHJ5X0FyY2hpdm5pLWZpbG15X0NUSy1NYXR5YXMtQ2VjaC0xLmpwZyIsInNsaWRlc2hvdyI6IjZiNzE2M2MifQ%3D%3D\">\n\t\t\t\t\t<div class=\"e-gallery-image elementor-gallery-item__image\" data-thumbnail=\"https:\/\/lfs.cz\/wp-content\/uploads\/2025\/07\/LFS25_AFFN-Industry_Archivni-filmy_CTK-Matyas-Cech-1-300x200.jpg\" data-width=\"300\" data-height=\"200\" aria-label=\"\" role=\"img\" ><\/div>\n\t\t\t\t\t\t\t\t\t\t\t<div class=\"elementor-gallery-item__overlay\"><\/div>\n\t\t\t\t\t\t\t\t\t\t\t\t\t\t<\/a>\n\t\t\t\t\t\t\t<a class=\"e-gallery-item elementor-gallery-item elementor-animated-content\" data-e-gallery-tags=\"4\" href=\"https:\/\/lfs.cz\/wp-content\/uploads\/2025\/07\/LFS25_ATMO_Petr-Mlch-2-3.jpg\" data-elementor-open-lightbox=\"yes\" data-elementor-lightbox-slideshow=\"6b7163c\" data-elementor-lightbox-title=\"LF\u0160 2025, Letn\u00ed filmov\u00e1 \u0161kola, atmosf\u00e9ra, \u010cTK \/ Mlch Petr\" data-e-action-hash=\"#elementor-action%3Aaction%3Dlightbox%26settings%3DeyJpZCI6MTI4MjUsInVybCI6Imh0dHBzOlwvXC9sZnMuY3pcL3dwLWNvbnRlbnRcL3VwbG9hZHNcLzIwMjVcLzA3XC9MRlMyNV9BVE1PX1BldHItTWxjaC0yLTMuanBnIiwic2xpZGVzaG93IjoiNmI3MTYzYyJ9\">\n\t\t\t\t\t<div class=\"e-gallery-image elementor-gallery-item__image\" data-thumbnail=\"https:\/\/lfs.cz\/wp-content\/uploads\/2025\/07\/LFS25_ATMO_Petr-Mlch-2-3-300x200.jpg\" data-width=\"300\" data-height=\"200\" aria-label=\"\" role=\"img\" ><\/div>\n\t\t\t\t\t\t\t\t\t\t\t<div class=\"elementor-gallery-item__overlay\"><\/div>\n\t\t\t\t\t\t\t\t\t\t\t\t\t\t<\/a>\n\t\t\t\t\t\t\t<a class=\"e-gallery-item elementor-gallery-item elementor-animated-content\" data-e-gallery-tags=\"2\" href=\"https:\/\/lfs.cz\/wp-content\/uploads\/2025\/07\/LFS25_Ana-Geislerova-a-Juliana-Brutovska_Petr-Mlch-3.jpg\" data-elementor-open-lightbox=\"yes\" data-elementor-lightbox-slideshow=\"6b7163c\" data-elementor-lightbox-title=\"LF\u0160 2025, Letn\u00ed filmov\u00e1 \u0161kola, \u010cetkast, podcast, A\u0148a Geislerov\u00e1, Juliana Brutovsk\u00e1, \u010cTK \/ Mlch Petr\" data-e-action-hash=\"#elementor-action%3Aaction%3Dlightbox%26settings%3DeyJpZCI6MTIzODYsInVybCI6Imh0dHBzOlwvXC9sZnMuY3pcL3dwLWNvbnRlbnRcL3VwbG9hZHNcLzIwMjVcLzA3XC9MRlMyNV9BbmEtR2Vpc2xlcm92YS1hLUp1bGlhbmEtQnJ1dG92c2thX1BldHItTWxjaC0zLmpwZyIsInNsaWRlc2hvdyI6IjZiNzE2M2MifQ%3D%3D\">\n\t\t\t\t\t<div class=\"e-gallery-image elementor-gallery-item__image\" data-thumbnail=\"https:\/\/lfs.cz\/wp-content\/uploads\/2025\/07\/LFS25_Ana-Geislerova-a-Juliana-Brutovska_Petr-Mlch-3-196x300.jpg\" data-width=\"196\" data-height=\"300\" aria-label=\"\" role=\"img\" ><\/div>\n\t\t\t\t\t\t\t\t\t\t\t<div class=\"elementor-gallery-item__overlay\"><\/div>\n\t\t\t\t\t\t\t\t\t\t\t\t\t\t<\/a>\n\t\t\t\t\t\t\t<a class=\"e-gallery-item elementor-gallery-item elementor-animated-content\" data-e-gallery-tags=\"2\" href=\"https:\/\/lfs.cz\/wp-content\/uploads\/2025\/07\/LFS25_ATMO_Tadeas-Kaminek-3.jpg\" data-elementor-open-lightbox=\"yes\" data-elementor-lightbox-slideshow=\"6b7163c\" data-elementor-lightbox-title=\"LF\u0160 2025, Letn\u00ed filmov\u00e1 \u0161kola, atmosf\u00e9ra, \u010cTK \/ Tade\u00e1\u0161 Kam\u00ednek\" data-e-action-hash=\"#elementor-action%3Aaction%3Dlightbox%26settings%3DeyJpZCI6MTI0MDEsInVybCI6Imh0dHBzOlwvXC9sZnMuY3pcL3dwLWNvbnRlbnRcL3VwbG9hZHNcLzIwMjVcLzA3XC9MRlMyNV9BVE1PX1RhZGVhcy1LYW1pbmVrLTMuanBnIiwic2xpZGVzaG93IjoiNmI3MTYzYyJ9\">\n\t\t\t\t\t<div class=\"e-gallery-image elementor-gallery-item__image\" data-thumbnail=\"https:\/\/lfs.cz\/wp-content\/uploads\/2025\/07\/LFS25_ATMO_Tadeas-Kaminek-3-300x200.jpg\" data-width=\"300\" data-height=\"200\" aria-label=\"\" role=\"img\" ><\/div>\n\t\t\t\t\t\t\t\t\t\t\t<div class=\"elementor-gallery-item__overlay\"><\/div>\n\t\t\t\t\t\t\t\t\t\t\t\t\t\t<\/a>\n\t\t\t\t\t\t\t<a class=\"e-gallery-item elementor-gallery-item elementor-animated-content\" data-e-gallery-tags=\"3\" href=\"https:\/\/lfs.cz\/wp-content\/uploads\/2025\/07\/LFS25_Lekce-filmu-podle-Lukase-Moodyssona_Dalibor-Gluck-3.jpg\" data-elementor-open-lightbox=\"yes\" data-elementor-lightbox-slideshow=\"6b7163c\" data-elementor-lightbox-title=\"LF\u0160 2025, Letn\u00ed filmov\u00e1 \u0161kola, Lukas Moodysson, re\u017eis\u00e9r, \u010cTK \/ Dalibor Gl\u00fcck\" data-e-action-hash=\"#elementor-action%3Aaction%3Dlightbox%26settings%3DeyJpZCI6MTI1NTMsInVybCI6Imh0dHBzOlwvXC9sZnMuY3pcL3dwLWNvbnRlbnRcL3VwbG9hZHNcLzIwMjVcLzA3XC9MRlMyNV9MZWtjZS1maWxtdS1wb2RsZS1MdWthc2UtTW9vZHlzc29uYV9EYWxpYm9yLUdsdWNrLTMuanBnIiwic2xpZGVzaG93IjoiNmI3MTYzYyJ9\">\n\t\t\t\t\t<div class=\"e-gallery-image elementor-gallery-item__image\" data-thumbnail=\"https:\/\/lfs.cz\/wp-content\/uploads\/2025\/07\/LFS25_Lekce-filmu-podle-Lukase-Moodyssona_Dalibor-Gluck-3-300x201.jpg\" data-width=\"300\" data-height=\"201\" aria-label=\"\" role=\"img\" ><\/div>\n\t\t\t\t\t\t\t\t\t\t\t<div class=\"elementor-gallery-item__overlay\"><\/div>\n\t\t\t\t\t\t\t\t\t\t\t\t\t\t<\/a>\n\t\t\t\t\t\t\t<a class=\"e-gallery-item elementor-gallery-item elementor-animated-content\" data-e-gallery-tags=\"1\" href=\"https:\/\/lfs.cz\/wp-content\/uploads\/2025\/07\/LFS25_ATMO_Richard-Skoumal-3.jpg\" data-elementor-open-lightbox=\"yes\" data-elementor-lightbox-slideshow=\"6b7163c\" data-elementor-lightbox-title=\"Atmosf\u00e9ra, Letn\u00ed filmov\u00e1 \u0161kola, LF\u0160 2025, \u010cTK \/ Richard Skoumal\" data-e-action-hash=\"#elementor-action%3Aaction%3Dlightbox%26settings%3DeyJpZCI6MTIxNjgsInVybCI6Imh0dHBzOlwvXC9sZnMuY3pcL3dwLWNvbnRlbnRcL3VwbG9hZHNcLzIwMjVcLzA3XC9MRlMyNV9BVE1PX1JpY2hhcmQtU2tvdW1hbC0zLmpwZyIsInNsaWRlc2hvdyI6IjZiNzE2M2MifQ%3D%3D\">\n\t\t\t\t\t<div class=\"e-gallery-image elementor-gallery-item__image\" data-thumbnail=\"https:\/\/lfs.cz\/wp-content\/uploads\/2025\/07\/LFS25_ATMO_Richard-Skoumal-3-300x200.jpg\" data-width=\"300\" data-height=\"200\" aria-label=\"\" role=\"img\" ><\/div>\n\t\t\t\t\t\t\t\t\t\t\t<div class=\"elementor-gallery-item__overlay\"><\/div>\n\t\t\t\t\t\t\t\t\t\t\t\t\t\t<\/a>\n\t\t\t\t\t\t\t<a class=\"e-gallery-item elementor-gallery-item elementor-animated-content\" data-e-gallery-tags=\"6\" href=\"https:\/\/lfs.cz\/wp-content\/uploads\/2025\/07\/LFS25_ARAS-a-Cinepur_Toci-dobre-matky-dobre-filmy_Rozalie-Kohoutova_CTK-Tadeas-Kaminek-7.jpg\" data-elementor-open-lightbox=\"yes\" data-elementor-lightbox-slideshow=\"6b7163c\" data-elementor-lightbox-title=\"LF\u0160 2025, Letn\u00ed filmov\u00e1 \u0161kola, Doprovodn\u00fd program: ARAS a Cinepur uv\u00e1d\u011bj\u00ed: To\u010d\u00ed dobr\u00e9 matky dobr\u00e9 filmy? Roz\u00e1lie Kohoutov\u00e1, \u010cTK \/ Tade\u00e1\u0161 Kam\u00ednek\" data-e-action-hash=\"#elementor-action%3Aaction%3Dlightbox%26settings%3DeyJpZCI6MTMxMTEsInVybCI6Imh0dHBzOlwvXC9sZnMuY3pcL3dwLWNvbnRlbnRcL3VwbG9hZHNcLzIwMjVcLzA3XC9MRlMyNV9BUkFTLWEtQ2luZXB1cl9Ub2NpLWRvYnJlLW1hdGt5LWRvYnJlLWZpbG15X1JvemFsaWUtS29ob3V0b3ZhX0NUSy1UYWRlYXMtS2FtaW5lay03LmpwZyIsInNsaWRlc2hvdyI6IjZiNzE2M2MifQ%3D%3D\">\n\t\t\t\t\t<div class=\"e-gallery-image elementor-gallery-item__image\" data-thumbnail=\"https:\/\/lfs.cz\/wp-content\/uploads\/2025\/07\/LFS25_ARAS-a-Cinepur_Toci-dobre-matky-dobre-filmy_Rozalie-Kohoutova_CTK-Tadeas-Kaminek-7-300x200.jpg\" data-width=\"300\" data-height=\"200\" aria-label=\"\" role=\"img\" ><\/div>\n\t\t\t\t\t\t\t\t\t\t\t<div class=\"elementor-gallery-item__overlay\"><\/div>\n\t\t\t\t\t\t\t\t\t\t\t\t\t\t<\/a>\n\t\t\t\t\t\t\t<a class=\"e-gallery-item elementor-gallery-item elementor-animated-content\" data-e-gallery-tags=\"4\" href=\"https:\/\/lfs.cz\/wp-content\/uploads\/2025\/07\/LFS25_Minghun_Grzegorz-Loszewski_Richard-Skoumal-1.jpg\" data-elementor-open-lightbox=\"yes\" data-elementor-lightbox-slideshow=\"6b7163c\" data-elementor-lightbox-title=\"Minghun, Grzegorz \u0141oszewski, Petr Vl\u010dek, Letn\u00ed filmov\u00e1 \u0161kola, LF\u0160 2025, \u010cTK \/ Skoumal Richard\" data-e-action-hash=\"#elementor-action%3Aaction%3Dlightbox%26settings%3DeyJpZCI6MTI3MDksInVybCI6Imh0dHBzOlwvXC9sZnMuY3pcL3dwLWNvbnRlbnRcL3VwbG9hZHNcLzIwMjVcLzA3XC9MRlMyNV9NaW5naHVuX0dyemVnb3J6LUxvc3pld3NraV9SaWNoYXJkLVNrb3VtYWwtMS5qcGciLCJzbGlkZXNob3ciOiI2YjcxNjNjIn0%3D\">\n\t\t\t\t\t<div class=\"e-gallery-image elementor-gallery-item__image\" data-thumbnail=\"https:\/\/lfs.cz\/wp-content\/uploads\/2025\/07\/LFS25_Minghun_Grzegorz-Loszewski_Richard-Skoumal-1-300x200.jpg\" data-width=\"300\" data-height=\"200\" aria-label=\"\" role=\"img\" ><\/div>\n\t\t\t\t\t\t\t\t\t\t\t<div class=\"elementor-gallery-item__overlay\"><\/div>\n\t\t\t\t\t\t\t\t\t\t\t\t\t\t<\/a>\n\t\t\t\t\t\t\t<a class=\"e-gallery-item elementor-gallery-item elementor-animated-content\" data-e-gallery-tags=\"5\" href=\"https:\/\/lfs.cz\/wp-content\/uploads\/2025\/07\/LFS25_Cetkast_Jan-Sverak_CTK-Petr-Mlch-5.jpg\" data-elementor-open-lightbox=\"yes\" data-elementor-lightbox-slideshow=\"6b7163c\" data-elementor-lightbox-title=\"LF\u0160 2025, Letn\u00ed filmov\u00e1 \u0161kola, \u010cetkast, podcast, Jan Sv\u011br\u00e1k, Iva Hejl\u00ed\u010dkov\u00e1, \u010cTK \/ Mlch Petr\" data-e-action-hash=\"#elementor-action%3Aaction%3Dlightbox%26settings%3DeyJpZCI6MTMwNDYsInVybCI6Imh0dHBzOlwvXC9sZnMuY3pcL3dwLWNvbnRlbnRcL3VwbG9hZHNcLzIwMjVcLzA3XC9MRlMyNV9DZXRrYXN0X0phbi1TdmVyYWtfQ1RLLVBldHItTWxjaC01LmpwZyIsInNsaWRlc2hvdyI6IjZiNzE2M2MifQ%3D%3D\">\n\t\t\t\t\t<div class=\"e-gallery-image elementor-gallery-item__image\" data-thumbnail=\"https:\/\/lfs.cz\/wp-content\/uploads\/2025\/07\/LFS25_Cetkast_Jan-Sverak_CTK-Petr-Mlch-5-300x200.jpg\" data-width=\"300\" data-height=\"200\" aria-label=\"\" role=\"img\" ><\/div>\n\t\t\t\t\t\t\t\t\t\t\t<div class=\"elementor-gallery-item__overlay\"><\/div>\n\t\t\t\t\t\t\t\t\t\t\t\t\t\t<\/a>\n\t\t\t\t\t\t\t<a class=\"e-gallery-item elementor-gallery-item elementor-animated-content\" data-e-gallery-tags=\"2\" href=\"https:\/\/lfs.cz\/wp-content\/uploads\/2025\/07\/LFS25_Jan-Sramek_Jak-si-uzit-film_Marek-Malusek-6.jpg\" data-elementor-open-lightbox=\"yes\" data-elementor-lightbox-slideshow=\"6b7163c\" data-elementor-lightbox-title=\"LF\u0160 2025, Letn\u00ed filmov\u00e1 \u0161kola, Vernis\u00e1\u017e Jak si u\u017e\u00edt film, Jan \u0160r\u00e1mek, foto Marek Mal\u016f\u0161ek\" data-e-action-hash=\"#elementor-action%3Aaction%3Dlightbox%26settings%3DeyJpZCI6MTI1MjcsInVybCI6Imh0dHBzOlwvXC9sZnMuY3pcL3dwLWNvbnRlbnRcL3VwbG9hZHNcLzIwMjVcLzA3XC9MRlMyNV9KYW4tU3JhbWVrX0phay1zaS11eml0LWZpbG1fTWFyZWstTWFsdXNlay02LmpwZyIsInNsaWRlc2hvdyI6IjZiNzE2M2MifQ%3D%3D\">\n\t\t\t\t\t<div class=\"e-gallery-image elementor-gallery-item__image\" data-thumbnail=\"https:\/\/lfs.cz\/wp-content\/uploads\/2025\/07\/LFS25_Jan-Sramek_Jak-si-uzit-film_Marek-Malusek-6-300x200.jpg\" data-width=\"300\" data-height=\"200\" aria-label=\"\" role=\"img\" ><\/div>\n\t\t\t\t\t\t\t\t\t\t\t<div class=\"elementor-gallery-item__overlay\"><\/div>\n\t\t\t\t\t\t\t\t\t\t\t\t\t\t<\/a>\n\t\t\t\t\t\t\t<a class=\"e-gallery-item elementor-gallery-item elementor-animated-content\" data-e-gallery-tags=\"5\" href=\"https:\/\/lfs.cz\/wp-content\/uploads\/2025\/07\/LFS25_Beetlejuice_Ian-Nathan_CTK-Radek-Petrasek-2.jpg\" data-elementor-open-lightbox=\"yes\" data-elementor-lightbox-slideshow=\"6b7163c\" data-elementor-lightbox-title=\"LF\u0160 2025, Letn\u00ed filmov\u00e1 \u0161kola, div\u00e1k Beetlejuice, \u010cTK \/ Petr\u00e1\u0161ek Radek\" data-e-action-hash=\"#elementor-action%3Aaction%3Dlightbox%26settings%3DeyJpZCI6MTI5MjcsInVybCI6Imh0dHBzOlwvXC9sZnMuY3pcL3dwLWNvbnRlbnRcL3VwbG9hZHNcLzIwMjVcLzA3XC9MRlMyNV9CZWV0bGVqdWljZV9JYW4tTmF0aGFuX0NUSy1SYWRlay1QZXRyYXNlay0yLmpwZyIsInNsaWRlc2hvdyI6IjZiNzE2M2MifQ%3D%3D\">\n\t\t\t\t\t<div class=\"e-gallery-image elementor-gallery-item__image\" data-thumbnail=\"https:\/\/lfs.cz\/wp-content\/uploads\/2025\/07\/LFS25_Beetlejuice_Ian-Nathan_CTK-Radek-Petrasek-2-300x200.jpg\" data-width=\"300\" data-height=\"200\" aria-label=\"\" role=\"img\" ><\/div>\n\t\t\t\t\t\t\t\t\t\t\t<div class=\"elementor-gallery-item__overlay\"><\/div>\n\t\t\t\t\t\t\t\t\t\t\t\t\t\t<\/a>\n\t\t\t\t\t\t\t<a class=\"e-gallery-item elementor-gallery-item elementor-animated-content\" data-e-gallery-tags=\"2\" href=\"https:\/\/lfs.cz\/wp-content\/uploads\/2025\/07\/LFS25_Mat213_Tadeas-Kaminek-3.jpg\" data-elementor-open-lightbox=\"yes\" data-elementor-lightbox-slideshow=\"6b7163c\" data-elementor-lightbox-title=\"LF\u0160 2025, Letn\u00ed filmov\u00e1 \u0161kola, koncert Mat213, \u010cTK \/ Tade\u00e1\u0161 Kam\u00ednek\" data-e-action-hash=\"#elementor-action%3Aaction%3Dlightbox%26settings%3DeyJpZCI6MTI0NDIsInVybCI6Imh0dHBzOlwvXC9sZnMuY3pcL3dwLWNvbnRlbnRcL3VwbG9hZHNcLzIwMjVcLzA3XC9MRlMyNV9NYXQyMTNfVGFkZWFzLUthbWluZWstMy5qcGciLCJzbGlkZXNob3ciOiI2YjcxNjNjIn0%3D\">\n\t\t\t\t\t<div class=\"e-gallery-image elementor-gallery-item__image\" data-thumbnail=\"https:\/\/lfs.cz\/wp-content\/uploads\/2025\/07\/LFS25_Mat213_Tadeas-Kaminek-3-300x200.jpg\" data-width=\"300\" data-height=\"200\" aria-label=\"\" role=\"img\" ><\/div>\n\t\t\t\t\t\t\t\t\t\t\t<div class=\"elementor-gallery-item__overlay\"><\/div>\n\t\t\t\t\t\t\t\t\t\t\t\t\t\t<\/a>\n\t\t\t\t\t\t\t<a class=\"e-gallery-item elementor-gallery-item elementor-animated-content\" data-e-gallery-tags=\"6\" href=\"https:\/\/lfs.cz\/wp-content\/uploads\/2025\/07\/LFS25_Do-you-feel-lucky-Punk-filmovy-odkaz-Clinta-Eastwooda_LFS-stan_CTK-Sofie-Shamekh-1.jpg\" data-elementor-open-lightbox=\"yes\" data-elementor-lightbox-slideshow=\"6b7163c\" data-elementor-lightbox-title=\"LF\u0160 2025, Letn\u00ed filmov\u00e1 \u0161kola, debata, Clint Eastwood, \u010cTK \/ Sofie Shamekh\" data-e-action-hash=\"#elementor-action%3Aaction%3Dlightbox%26settings%3DeyJpZCI6MTMxNjEsInVybCI6Imh0dHBzOlwvXC9sZnMuY3pcL3dwLWNvbnRlbnRcL3VwbG9hZHNcLzIwMjVcLzA3XC9MRlMyNV9Eby15b3UtZmVlbC1sdWNreS1QdW5rLWZpbG1vdnktb2RrYXotQ2xpbnRhLUVhc3R3b29kYV9MRlMtc3Rhbl9DVEstU29maWUtU2hhbWVraC0xLmpwZyIsInNsaWRlc2hvdyI6IjZiNzE2M2MifQ%3D%3D\">\n\t\t\t\t\t<div class=\"e-gallery-image elementor-gallery-item__image\" data-thumbnail=\"https:\/\/lfs.cz\/wp-content\/uploads\/2025\/07\/LFS25_Do-you-feel-lucky-Punk-filmovy-odkaz-Clinta-Eastwooda_LFS-stan_CTK-Sofie-Shamekh-1-300x200.jpg\" data-width=\"300\" data-height=\"200\" aria-label=\"\" role=\"img\" ><\/div>\n\t\t\t\t\t\t\t\t\t\t\t<div class=\"elementor-gallery-item__overlay\"><\/div>\n\t\t\t\t\t\t\t\t\t\t\t\t\t\t<\/a>\n\t\t\t\t\t\t\t<a class=\"e-gallery-item elementor-gallery-item elementor-animated-content\" data-e-gallery-tags=\"2\" href=\"https:\/\/lfs.cz\/wp-content\/uploads\/2025\/07\/LFS25_Simona-Babcakova_Marek-Malusek-1.jpg\" data-elementor-open-lightbox=\"yes\" data-elementor-lightbox-slideshow=\"6b7163c\" data-elementor-lightbox-title=\"LF\u0160 2025, Letn\u00ed filmov\u00e1 \u0161kola, Simona Bab\u010d\u00e1kov\u00e1 a jej\u00ed improviza\u010dn\u00ed skupina NO A!, foto Marek Mal\u016f\u0161ek\" data-e-action-hash=\"#elementor-action%3Aaction%3Dlightbox%26settings%3DeyJpZCI6MTI1MjgsInVybCI6Imh0dHBzOlwvXC9sZnMuY3pcL3dwLWNvbnRlbnRcL3VwbG9hZHNcLzIwMjVcLzA3XC9MRlMyNV9TaW1vbmEtQmFiY2Frb3ZhX01hcmVrLU1hbHVzZWstMS5qcGciLCJzbGlkZXNob3ciOiI2YjcxNjNjIn0%3D\">\n\t\t\t\t\t<div class=\"e-gallery-image elementor-gallery-item__image\" data-thumbnail=\"https:\/\/lfs.cz\/wp-content\/uploads\/2025\/07\/LFS25_Simona-Babcakova_Marek-Malusek-1-300x200.jpg\" data-width=\"300\" data-height=\"200\" aria-label=\"\" role=\"img\" ><\/div>\n\t\t\t\t\t\t\t\t\t\t\t<div class=\"elementor-gallery-item__overlay\"><\/div>\n\t\t\t\t\t\t\t\t\t\t\t\t\t\t<\/a>\n\t\t\t\t\t\t\t<a class=\"e-gallery-item elementor-gallery-item elementor-animated-content\" data-e-gallery-tags=\"4\" href=\"https:\/\/lfs.cz\/wp-content\/uploads\/2025\/07\/LFS25_Cetkast_Duzan-Duong_Petr-Mlch-4.jpg\" data-elementor-open-lightbox=\"yes\" data-elementor-lightbox-slideshow=\"6b7163c\" data-elementor-lightbox-title=\"LF\u0160 2025, Letn\u00ed filmov\u00e1 \u0161kola, \u010cetkast, podcast, Du\u017ean Duong, film Letn\u00ed \u0161kola, 2001, \u010cTK \/ Mlch Petr\" data-e-action-hash=\"#elementor-action%3Aaction%3Dlightbox%26settings%3DeyJpZCI6MTI3MzEsInVybCI6Imh0dHBzOlwvXC9sZnMuY3pcL3dwLWNvbnRlbnRcL3VwbG9hZHNcLzIwMjVcLzA3XC9MRlMyNV9DZXRrYXN0X0R1emFuLUR1b25nX1BldHItTWxjaC00LmpwZyIsInNsaWRlc2hvdyI6IjZiNzE2M2MifQ%3D%3D\">\n\t\t\t\t\t<div class=\"e-gallery-image elementor-gallery-item__image\" data-thumbnail=\"https:\/\/lfs.cz\/wp-content\/uploads\/2025\/07\/LFS25_Cetkast_Duzan-Duong_Petr-Mlch-4-200x300.jpg\" data-width=\"200\" data-height=\"300\" aria-label=\"\" role=\"img\" ><\/div>\n\t\t\t\t\t\t\t\t\t\t\t<div class=\"elementor-gallery-item__overlay\"><\/div>\n\t\t\t\t\t\t\t\t\t\t\t\t\t\t<\/a>\n\t\t\t\t\t\t\t<a class=\"e-gallery-item elementor-gallery-item elementor-animated-content\" data-e-gallery-tags=\"5\" href=\"https:\/\/lfs.cz\/wp-content\/uploads\/2025\/07\/MM_1460.jpg\" data-elementor-open-lightbox=\"yes\" data-elementor-lightbox-slideshow=\"6b7163c\" data-elementor-lightbox-title=\"LF\u0160 2025, Letn\u00ed filmov\u00e1 \u0161kola, K\u0159est knihy Filmovka: 50 Letn\u00edch filmov\u00fdch \u0161kol, zleva Anton\u00edn Ko\u010d\u00ed, Jan Bergl, foto Marek Mal\u016f\u0161ek\" data-e-action-hash=\"#elementor-action%3Aaction%3Dlightbox%26settings%3DeyJpZCI6MTMwMzAsInVybCI6Imh0dHBzOlwvXC9sZnMuY3pcL3dwLWNvbnRlbnRcL3VwbG9hZHNcLzIwMjVcLzA3XC9NTV8xNDYwLmpwZyIsInNsaWRlc2hvdyI6IjZiNzE2M2MifQ%3D%3D\">\n\t\t\t\t\t<div class=\"e-gallery-image elementor-gallery-item__image\" data-thumbnail=\"https:\/\/lfs.cz\/wp-content\/uploads\/2025\/07\/MM_1460-300x200.jpg\" data-width=\"300\" data-height=\"200\" aria-label=\"\" role=\"img\" ><\/div>\n\t\t\t\t\t\t\t\t\t\t\t<div class=\"elementor-gallery-item__overlay\"><\/div>\n\t\t\t\t\t\t\t\t\t\t\t\t\t\t<\/a>\n\t\t\t\t\t\t\t<a class=\"e-gallery-item elementor-gallery-item elementor-animated-content\" data-e-gallery-tags=\"5\" href=\"https:\/\/lfs.cz\/wp-content\/uploads\/2025\/07\/LFS25_Zivotopis_Diana-Dabrowska_CTK-Jan-Beranek-1.jpg\" data-elementor-open-lightbox=\"yes\" data-elementor-lightbox-slideshow=\"6b7163c\" data-elementor-lightbox-title=\"LF\u0160 2025, Letn\u00ed filmov\u00e1 \u0161kola, Diana D\u0105browska, \u010cTK \/ Jan Ber\u00e1nek\" data-e-action-hash=\"#elementor-action%3Aaction%3Dlightbox%26settings%3DeyJpZCI6MTI5ODYsInVybCI6Imh0dHBzOlwvXC9sZnMuY3pcL3dwLWNvbnRlbnRcL3VwbG9hZHNcLzIwMjVcLzA3XC9MRlMyNV9aaXZvdG9waXNfRGlhbmEtRGFicm93c2thX0NUSy1KYW4tQmVyYW5lay0xLmpwZyIsInNsaWRlc2hvdyI6IjZiNzE2M2MifQ%3D%3D\">\n\t\t\t\t\t<div class=\"e-gallery-image elementor-gallery-item__image\" data-thumbnail=\"https:\/\/lfs.cz\/wp-content\/uploads\/2025\/07\/LFS25_Zivotopis_Diana-Dabrowska_CTK-Jan-Beranek-1-300x200.jpg\" data-width=\"300\" data-height=\"200\" aria-label=\"\" role=\"img\" ><\/div>\n\t\t\t\t\t\t\t\t\t\t\t<div class=\"elementor-gallery-item__overlay\"><\/div>\n\t\t\t\t\t\t\t\t\t\t\t\t\t\t<\/a>\n\t\t\t\t\t\t\t<a class=\"e-gallery-item elementor-gallery-item elementor-animated-content\" data-e-gallery-tags=\"5\" href=\"https:\/\/lfs.cz\/wp-content\/uploads\/2025\/07\/LFS25_Velikonocni-pondeli_Julia-Polaczekova_CTK-Petr-Mlch-2.jpg\" data-elementor-open-lightbox=\"yes\" data-elementor-lightbox-slideshow=\"6b7163c\" data-elementor-lightbox-title=\"LF\u0160 2025, Letn\u00ed filmov\u00e1 \u0161kola, projekce, film, Velikono\u010dn\u00ed pond\u011bl\u00ed, \u010cTK \/ Mlch Petr\" data-e-action-hash=\"#elementor-action%3Aaction%3Dlightbox%26settings%3DeyJpZCI6MTI5ODUsInVybCI6Imh0dHBzOlwvXC9sZnMuY3pcL3dwLWNvbnRlbnRcL3VwbG9hZHNcLzIwMjVcLzA3XC9MRlMyNV9WZWxpa29ub2NuaS1wb25kZWxpX0p1bGlhLVBvbGFjemVrb3ZhX0NUSy1QZXRyLU1sY2gtMi5qcGciLCJzbGlkZXNob3ciOiI2YjcxNjNjIn0%3D\">\n\t\t\t\t\t<div class=\"e-gallery-image elementor-gallery-item__image\" data-thumbnail=\"https:\/\/lfs.cz\/wp-content\/uploads\/2025\/07\/LFS25_Velikonocni-pondeli_Julia-Polaczekova_CTK-Petr-Mlch-2-300x200.jpg\" data-width=\"300\" data-height=\"200\" aria-label=\"\" role=\"img\" ><\/div>\n\t\t\t\t\t\t\t\t\t\t\t<div class=\"elementor-gallery-item__overlay\"><\/div>\n\t\t\t\t\t\t\t\t\t\t\t\t\t\t<\/a>\n\t\t\t\t\t\t\t<a class=\"e-gallery-item elementor-gallery-item elementor-animated-content\" data-e-gallery-tags=\"5\" href=\"https:\/\/lfs.cz\/wp-content\/uploads\/2025\/07\/LFS25_Manzelky_Milja-Mikkolaova_Aula_CTK-Petr-Mlch13.jpg\" data-elementor-open-lightbox=\"yes\" data-elementor-lightbox-slideshow=\"6b7163c\" data-elementor-lightbox-title=\"LF\u0160 2025, Letn\u00ed filmov\u00e1 \u0161kola, projekce, film, Man\u017eelky, Milja Mikkolaov\u00e1, \u010cTK \/ Mlch Petr\" data-e-action-hash=\"#elementor-action%3Aaction%3Dlightbox%26settings%3DeyJpZCI6MTI5MTQsInVybCI6Imh0dHBzOlwvXC9sZnMuY3pcL3dwLWNvbnRlbnRcL3VwbG9hZHNcLzIwMjVcLzA3XC9MRlMyNV9NYW56ZWxreV9NaWxqYS1NaWtrb2xhb3ZhX0F1bGFfQ1RLLVBldHItTWxjaDEzLmpwZyIsInNsaWRlc2hvdyI6IjZiNzE2M2MifQ%3D%3D\">\n\t\t\t\t\t<div class=\"e-gallery-image elementor-gallery-item__image\" data-thumbnail=\"https:\/\/lfs.cz\/wp-content\/uploads\/2025\/07\/LFS25_Manzelky_Milja-Mikkolaova_Aula_CTK-Petr-Mlch13-300x200.jpg\" data-width=\"300\" data-height=\"200\" aria-label=\"\" role=\"img\" ><\/div>\n\t\t\t\t\t\t\t\t\t\t\t<div class=\"elementor-gallery-item__overlay\"><\/div>\n\t\t\t\t\t\t\t\t\t\t\t\t\t\t<\/a>\n\t\t\t\t\t\t\t<a class=\"e-gallery-item elementor-gallery-item elementor-animated-content\" data-e-gallery-tags=\"3\" href=\"https:\/\/lfs.cz\/wp-content\/uploads\/2025\/07\/LFS25_ATMO_Radek-Petrasek-4.jpg\" data-elementor-open-lightbox=\"yes\" data-elementor-lightbox-slideshow=\"6b7163c\" data-elementor-lightbox-title=\"LF\u0160 2025, Letn\u00ed filmov\u00e1 \u0161kola, \u010cTK \/ Petr\u00e1\u0161ek Radek\" data-e-action-hash=\"#elementor-action%3Aaction%3Dlightbox%26settings%3DeyJpZCI6MTI1MDMsInVybCI6Imh0dHBzOlwvXC9sZnMuY3pcL3dwLWNvbnRlbnRcL3VwbG9hZHNcLzIwMjVcLzA3XC9MRlMyNV9BVE1PX1JhZGVrLVBldHJhc2VrLTQuanBnIiwic2xpZGVzaG93IjoiNmI3MTYzYyJ9\">\n\t\t\t\t\t<div class=\"e-gallery-image elementor-gallery-item__image\" data-thumbnail=\"https:\/\/lfs.cz\/wp-content\/uploads\/2025\/07\/LFS25_ATMO_Radek-Petrasek-4-300x200.jpg\" data-width=\"300\" data-height=\"200\" aria-label=\"\" role=\"img\" ><\/div>\n\t\t\t\t\t\t\t\t\t\t\t<div class=\"elementor-gallery-item__overlay\"><\/div>\n\t\t\t\t\t\t\t\t\t\t\t\t\t\t<\/a>\n\t\t\t\t\t\t\t<a class=\"e-gallery-item elementor-gallery-item elementor-animated-content\" data-e-gallery-tags=\"6\" href=\"https:\/\/lfs.cz\/wp-content\/uploads\/2025\/07\/LFS25_Slavnostni-zakonceni-Pod-parou_Hana-Vagnerova_CTK-Tadeas-Kaminek-10.jpg\" data-elementor-open-lightbox=\"yes\" data-elementor-lightbox-slideshow=\"6b7163c\" data-elementor-lightbox-title=\"LF\u0160 2025, Letn\u00ed filmov\u00e1 \u0161kola, slavnostn\u00ed zakon\u010den\u00ed, projekce filmu Pod parou, Hana Vagnerov\u00e1, \u010cTK \/ Tade\u00e1\u0161 Kam\u00ednek\" data-e-action-hash=\"#elementor-action%3Aaction%3Dlightbox%26settings%3DeyJpZCI6MTMxNzMsInVybCI6Imh0dHBzOlwvXC9sZnMuY3pcL3dwLWNvbnRlbnRcL3VwbG9hZHNcLzIwMjVcLzA3XC9MRlMyNV9TbGF2bm9zdG5pLXpha29uY2VuaS1Qb2QtcGFyb3VfSGFuYS1WYWduZXJvdmFfQ1RLLVRhZGVhcy1LYW1pbmVrLTEwLmpwZyIsInNsaWRlc2hvdyI6IjZiNzE2M2MifQ%3D%3D\">\n\t\t\t\t\t<div class=\"e-gallery-image elementor-gallery-item__image\" data-thumbnail=\"https:\/\/lfs.cz\/wp-content\/uploads\/2025\/07\/LFS25_Slavnostni-zakonceni-Pod-parou_Hana-Vagnerova_CTK-Tadeas-Kaminek-10-300x200.jpg\" data-width=\"300\" data-height=\"200\" aria-label=\"\" role=\"img\" ><\/div>\n\t\t\t\t\t\t\t\t\t\t\t<div class=\"elementor-gallery-item__overlay\"><\/div>\n\t\t\t\t\t\t\t\t\t\t\t\t\t\t<\/a>\n\t\t\t\t\t\t\t<a class=\"e-gallery-item elementor-gallery-item elementor-animated-content\" data-e-gallery-tags=\"1\" href=\"https:\/\/lfs.cz\/wp-content\/uploads\/2025\/07\/LFS25_Kristina-Hamplova_LoverFighter_Marek-Malusek-2.jpg\" data-elementor-open-lightbox=\"yes\" data-elementor-lightbox-slideshow=\"6b7163c\" data-elementor-lightbox-title=\"LF\u0160 2025, Letn\u00ed filmov\u00e1 \u0161kola, Kristina Hamplov\u00e1, foto Marek Mal\u016f\u0161ek\" data-e-action-hash=\"#elementor-action%3Aaction%3Dlightbox%26settings%3DeyJpZCI6MTIyNjYsInVybCI6Imh0dHBzOlwvXC9sZnMuY3pcL3dwLWNvbnRlbnRcL3VwbG9hZHNcLzIwMjVcLzA3XC9MRlMyNV9LcmlzdGluYS1IYW1wbG92YV9Mb3ZlckZpZ2h0ZXJfTWFyZWstTWFsdXNlay0yLmpwZyIsInNsaWRlc2hvdyI6IjZiNzE2M2MifQ%3D%3D\">\n\t\t\t\t\t<div class=\"e-gallery-image elementor-gallery-item__image\" data-thumbnail=\"https:\/\/lfs.cz\/wp-content\/uploads\/2025\/07\/LFS25_Kristina-Hamplova_LoverFighter_Marek-Malusek-2-300x200.jpg\" data-width=\"300\" data-height=\"200\" aria-label=\"\" role=\"img\" ><\/div>\n\t\t\t\t\t\t\t\t\t\t\t<div class=\"elementor-gallery-item__overlay\"><\/div>\n\t\t\t\t\t\t\t\t\t\t\t\t\t\t<\/a>\n\t\t\t\t\t\t\t<a class=\"e-gallery-item elementor-gallery-item elementor-animated-content\" data-e-gallery-tags=\"2\" href=\"https:\/\/lfs.cz\/wp-content\/uploads\/2025\/07\/LFS25_Tajemne-X_hudba-Islaja_Radek-Petrasek-3.jpg\" data-elementor-open-lightbox=\"yes\" data-elementor-lightbox-slideshow=\"6b7163c\" data-elementor-lightbox-title=\"Merja Kokkonen, Islaja, zp\u011bva\u010dka, \u010cTK \/ Petr\u00e1\u0161ek Radek\" data-e-action-hash=\"#elementor-action%3Aaction%3Dlightbox%26settings%3DeyJpZCI6MTIzNDcsInVybCI6Imh0dHBzOlwvXC9sZnMuY3pcL3dwLWNvbnRlbnRcL3VwbG9hZHNcLzIwMjVcLzA3XC9MRlMyNV9UYWplbW5lLVhfaHVkYmEtSXNsYWphX1JhZGVrLVBldHJhc2VrLTMuanBnIiwic2xpZGVzaG93IjoiNmI3MTYzYyJ9\">\n\t\t\t\t\t<div class=\"e-gallery-image elementor-gallery-item__image\" data-thumbnail=\"https:\/\/lfs.cz\/wp-content\/uploads\/2025\/07\/LFS25_Tajemne-X_hudba-Islaja_Radek-Petrasek-3-300x200.jpg\" data-width=\"300\" data-height=\"200\" aria-label=\"\" role=\"img\" ><\/div>\n\t\t\t\t\t\t\t\t\t\t\t<div class=\"elementor-gallery-item__overlay\"><\/div>\n\t\t\t\t\t\t\t\t\t\t\t\t\t\t<\/a>\n\t\t\t\t\t\t\t<a class=\"e-gallery-item elementor-gallery-item elementor-animated-content\" data-e-gallery-tags=\"3\" href=\"https:\/\/lfs.cz\/wp-content\/uploads\/2025\/07\/LFS25_CreWcollection_Moving-Orchestra_Tadeas-Kaminek-3.jpg\" data-elementor-open-lightbox=\"yes\" data-elementor-lightbox-slideshow=\"6b7163c\" data-elementor-lightbox-title=\"LF\u0160 2025, Letn\u00ed filmov\u00e1 \u0161kola, doprovodn\u00fd program: CreWcollective: Moving Orchestra, \u010cTK \/ Tade\u00e1\u0161 Kam\u00ednek\" data-e-action-hash=\"#elementor-action%3Aaction%3Dlightbox%26settings%3DeyJpZCI6MTI2MjQsInVybCI6Imh0dHBzOlwvXC9sZnMuY3pcL3dwLWNvbnRlbnRcL3VwbG9hZHNcLzIwMjVcLzA3XC9MRlMyNV9DcmVXY29sbGVjdGlvbl9Nb3ZpbmctT3JjaGVzdHJhX1RhZGVhcy1LYW1pbmVrLTMuanBnIiwic2xpZGVzaG93IjoiNmI3MTYzYyJ9\">\n\t\t\t\t\t<div class=\"e-gallery-image elementor-gallery-item__image\" data-thumbnail=\"https:\/\/lfs.cz\/wp-content\/uploads\/2025\/07\/LFS25_CreWcollection_Moving-Orchestra_Tadeas-Kaminek-3-300x200.jpg\" data-width=\"300\" data-height=\"200\" aria-label=\"\" role=\"img\" ><\/div>\n\t\t\t\t\t\t\t\t\t\t\t<div class=\"elementor-gallery-item__overlay\"><\/div>\n\t\t\t\t\t\t\t\t\t\t\t\t\t\t<\/a>\n\t\t\t\t\t\t\t<a class=\"e-gallery-item elementor-gallery-item elementor-animated-content\" data-e-gallery-tags=\"3\" href=\"https:\/\/lfs.cz\/wp-content\/uploads\/2025\/07\/LFS25_CreWcollection_Moving-Orchestra_Tadeas-Kaminek-10.jpg\" data-elementor-open-lightbox=\"yes\" data-elementor-lightbox-slideshow=\"6b7163c\" data-elementor-lightbox-title=\"LF\u0160 2025, Letn\u00ed filmov\u00e1 \u0161kola, doprovodn\u00fd program: CreWcollective: Moving Orch, \u010cTK \/ Tade\u00e1\u0161 Kam\u00ednekestra\" data-e-action-hash=\"#elementor-action%3Aaction%3Dlightbox%26settings%3DeyJpZCI6MTI2MjgsInVybCI6Imh0dHBzOlwvXC9sZnMuY3pcL3dwLWNvbnRlbnRcL3VwbG9hZHNcLzIwMjVcLzA3XC9MRlMyNV9DcmVXY29sbGVjdGlvbl9Nb3ZpbmctT3JjaGVzdHJhX1RhZGVhcy1LYW1pbmVrLTEwLmpwZyIsInNsaWRlc2hvdyI6IjZiNzE2M2MifQ%3D%3D\">\n\t\t\t\t\t<div class=\"e-gallery-image elementor-gallery-item__image\" data-thumbnail=\"https:\/\/lfs.cz\/wp-content\/uploads\/2025\/07\/LFS25_CreWcollection_Moving-Orchestra_Tadeas-Kaminek-10-300x200.jpg\" data-width=\"300\" data-height=\"200\" aria-label=\"\" role=\"img\" ><\/div>\n\t\t\t\t\t\t\t\t\t\t\t<div class=\"elementor-gallery-item__overlay\"><\/div>\n\t\t\t\t\t\t\t\t\t\t\t\t\t\t<\/a>\n\t\t\t\t\t\t\t<a class=\"e-gallery-item elementor-gallery-item elementor-animated-content\" data-e-gallery-tags=\"0,1\" href=\"https:\/\/lfs.cz\/wp-content\/uploads\/2025\/07\/LFS25_Valecne-okamziky_Palackeho-namesti_Petr-Mlch-2-1.jpg\" data-elementor-open-lightbox=\"yes\" data-elementor-lightbox-slideshow=\"6b7163c\" data-elementor-lightbox-title=\"LF\u0160 2025, Letn\u00ed filmov\u00e1 \u0161kola, \u010cTK, v\u00fdstava, V\u00e1le\u010dn\u00e9 okam\u017eiky, fotografie, \u010cTK \/ Petr Mlch\" data-e-action-hash=\"#elementor-action%3Aaction%3Dlightbox%26settings%3DeyJpZCI6MTIxMjcsInVybCI6Imh0dHBzOlwvXC9sZnMuY3pcL3dwLWNvbnRlbnRcL3VwbG9hZHNcLzIwMjVcLzA3XC9MRlMyNV9WYWxlY25lLW9rYW16aWt5X1BhbGFja2Voby1uYW1lc3RpX1BldHItTWxjaC0yLTEuanBnIiwic2xpZGVzaG93IjoiNmI3MTYzYyJ9\">\n\t\t\t\t\t<div class=\"e-gallery-image elementor-gallery-item__image\" data-thumbnail=\"https:\/\/lfs.cz\/wp-content\/uploads\/2025\/07\/LFS25_Valecne-okamziky_Palackeho-namesti_Petr-Mlch-2-1-300x200.jpg\" data-width=\"300\" data-height=\"200\" aria-label=\"\" role=\"img\" ><\/div>\n\t\t\t\t\t\t\t\t\t\t\t<div class=\"elementor-gallery-item__overlay\"><\/div>\n\t\t\t\t\t\t\t\t\t\t\t\t\t\t<\/a>\n\t\t\t\t\t\t\t<a class=\"e-gallery-item elementor-gallery-item elementor-animated-content\" data-e-gallery-tags=\"3\" href=\"https:\/\/lfs.cz\/wp-content\/uploads\/2025\/07\/LFS25_Cetkast_Ondrej-Provaznik_Petr-Mlch-2.jpg\" data-elementor-open-lightbox=\"yes\" data-elementor-lightbox-slideshow=\"6b7163c\" data-elementor-lightbox-title=\"LF\u0160 2025, Letn\u00ed filmov\u00e1 \u0161kola, \u010cetkast, podcast, Ond\u0159ej Provazn\u00edk, \u010cTK \/ Mlch Petr\" data-e-action-hash=\"#elementor-action%3Aaction%3Dlightbox%26settings%3DeyJpZCI6MTI1MTIsInVybCI6Imh0dHBzOlwvXC9sZnMuY3pcL3dwLWNvbnRlbnRcL3VwbG9hZHNcLzIwMjVcLzA3XC9MRlMyNV9DZXRrYXN0X09uZHJlai1Qcm92YXpuaWtfUGV0ci1NbGNoLTIuanBnIiwic2xpZGVzaG93IjoiNmI3MTYzYyJ9\">\n\t\t\t\t\t<div class=\"e-gallery-image elementor-gallery-item__image\" data-thumbnail=\"https:\/\/lfs.cz\/wp-content\/uploads\/2025\/07\/LFS25_Cetkast_Ondrej-Provaznik_Petr-Mlch-2-300x200.jpg\" data-width=\"300\" data-height=\"200\" aria-label=\"\" role=\"img\" ><\/div>\n\t\t\t\t\t\t\t\t\t\t\t<div class=\"elementor-gallery-item__overlay\"><\/div>\n\t\t\t\t\t\t\t\t\t\t\t\t\t\t<\/a>\n\t\t\t\t\t\t\t<a class=\"e-gallery-item elementor-gallery-item elementor-animated-content\" data-e-gallery-tags=\"3\" href=\"https:\/\/lfs.cz\/wp-content\/uploads\/2025\/07\/LFS25_Cetkast_Ondrej-Provaznik_Petr-Mlch-3.jpg\" data-elementor-open-lightbox=\"yes\" data-elementor-lightbox-slideshow=\"6b7163c\" data-elementor-lightbox-title=\"LF\u0160 2025, Letn\u00ed filmov\u00e1 \u0161kola, \u010cetkast, podcast, Ond\u0159ej Provazn\u00edk, \u010cTK \/ Mlch Petr\" data-e-action-hash=\"#elementor-action%3Aaction%3Dlightbox%26settings%3DeyJpZCI6MTI1MTMsInVybCI6Imh0dHBzOlwvXC9sZnMuY3pcL3dwLWNvbnRlbnRcL3VwbG9hZHNcLzIwMjVcLzA3XC9MRlMyNV9DZXRrYXN0X09uZHJlai1Qcm92YXpuaWtfUGV0ci1NbGNoLTMuanBnIiwic2xpZGVzaG93IjoiNmI3MTYzYyJ9\">\n\t\t\t\t\t<div class=\"e-gallery-image elementor-gallery-item__image\" data-thumbnail=\"https:\/\/lfs.cz\/wp-content\/uploads\/2025\/07\/LFS25_Cetkast_Ondrej-Provaznik_Petr-Mlch-3-300x200.jpg\" data-width=\"300\" data-height=\"200\" aria-label=\"\" role=\"img\" ><\/div>\n\t\t\t\t\t\t\t\t\t\t\t<div class=\"elementor-gallery-item__overlay\"><\/div>\n\t\t\t\t\t\t\t\t\t\t\t\t\t\t<\/a>\n\t\t\t\t\t\t\t<a class=\"e-gallery-item elementor-gallery-item elementor-animated-content\" data-e-gallery-tags=\"3\" href=\"https:\/\/lfs.cz\/wp-content\/uploads\/2025\/07\/LFS25_ATMO_Radek-Petrasek-5.jpg\" data-elementor-open-lightbox=\"yes\" data-elementor-lightbox-slideshow=\"6b7163c\" data-elementor-lightbox-title=\"LF\u0160 2025, Letn\u00ed filmov\u00e1 \u0161kola, \u010cTK \/ Petr\u00e1\u0161ek Radek\" data-e-action-hash=\"#elementor-action%3Aaction%3Dlightbox%26settings%3DeyJpZCI6MTI1MDQsInVybCI6Imh0dHBzOlwvXC9sZnMuY3pcL3dwLWNvbnRlbnRcL3VwbG9hZHNcLzIwMjVcLzA3XC9MRlMyNV9BVE1PX1JhZGVrLVBldHJhc2VrLTUuanBnIiwic2xpZGVzaG93IjoiNmI3MTYzYyJ9\">\n\t\t\t\t\t<div class=\"e-gallery-image elementor-gallery-item__image\" data-thumbnail=\"https:\/\/lfs.cz\/wp-content\/uploads\/2025\/07\/LFS25_ATMO_Radek-Petrasek-5-300x200.jpg\" data-width=\"300\" data-height=\"200\" aria-label=\"\" role=\"img\" ><\/div>\n\t\t\t\t\t\t\t\t\t\t\t<div class=\"elementor-gallery-item__overlay\"><\/div>\n\t\t\t\t\t\t\t\t\t\t\t\t\t\t<\/a>\n\t\t\t\t\t\t\t<a class=\"e-gallery-item elementor-gallery-item elementor-animated-content\" data-e-gallery-tags=\"4\" href=\"https:\/\/lfs.cz\/wp-content\/uploads\/2025\/07\/LFS25_Schola-Gregoriana-Pragensis_Radek-Petrasek-1.jpg\" data-elementor-open-lightbox=\"yes\" data-elementor-lightbox-slideshow=\"6b7163c\" data-elementor-lightbox-title=\"LF\u0160 2025, Letn\u00ed filmov\u00e1 \u0161kola, Schola Gregoriana Pragensis, Ji\u0159\u00ed B\u00e1rta, \u010cTK \/ Petr\u00e1\u0161ek Radek\" data-e-action-hash=\"#elementor-action%3Aaction%3Dlightbox%26settings%3DeyJpZCI6MTI4MTIsInVybCI6Imh0dHBzOlwvXC9sZnMuY3pcL3dwLWNvbnRlbnRcL3VwbG9hZHNcLzIwMjVcLzA3XC9MRlMyNV9TY2hvbGEtR3JlZ29yaWFuYS1QcmFnZW5zaXNfUmFkZWstUGV0cmFzZWstMS5qcGciLCJzbGlkZXNob3ciOiI2YjcxNjNjIn0%3D\">\n\t\t\t\t\t<div class=\"e-gallery-image elementor-gallery-item__image\" data-thumbnail=\"https:\/\/lfs.cz\/wp-content\/uploads\/2025\/07\/LFS25_Schola-Gregoriana-Pragensis_Radek-Petrasek-1-300x200.jpg\" data-width=\"300\" data-height=\"200\" aria-label=\"\" role=\"img\" ><\/div>\n\t\t\t\t\t\t\t\t\t\t\t<div class=\"elementor-gallery-item__overlay\"><\/div>\n\t\t\t\t\t\t\t\t\t\t\t\t\t\t<\/a>\n\t\t\t\t\t\t\t<a class=\"e-gallery-item elementor-gallery-item elementor-animated-content\" data-e-gallery-tags=\"1\" href=\"https:\/\/lfs.cz\/wp-content\/uploads\/2025\/07\/LFS25_Cimbal-stage_Petr-Mlch-5.jpg\" data-elementor-open-lightbox=\"yes\" data-elementor-lightbox-slideshow=\"6b7163c\" data-elementor-lightbox-title=\"LF\u0160 2025, Letn\u00ed filmov\u00e1 \u0161kola, hudba, \u010cTK \/ Mlch Petr\" data-e-action-hash=\"#elementor-action%3Aaction%3Dlightbox%26settings%3DeyJpZCI6MTIyNjMsInVybCI6Imh0dHBzOlwvXC9sZnMuY3pcL3dwLWNvbnRlbnRcL3VwbG9hZHNcLzIwMjVcLzA3XC9MRlMyNV9DaW1iYWwtc3RhZ2VfUGV0ci1NbGNoLTUuanBnIiwic2xpZGVzaG93IjoiNmI3MTYzYyJ9\">\n\t\t\t\t\t<div class=\"e-gallery-image elementor-gallery-item__image\" data-thumbnail=\"https:\/\/lfs.cz\/wp-content\/uploads\/2025\/07\/LFS25_Cimbal-stage_Petr-Mlch-5-300x200.jpg\" data-width=\"300\" data-height=\"200\" aria-label=\"\" role=\"img\" ><\/div>\n\t\t\t\t\t\t\t\t\t\t\t<div class=\"elementor-gallery-item__overlay\"><\/div>\n\t\t\t\t\t\t\t\t\t\t\t\t\t\t<\/a>\n\t\t\t\t\t\t\t<a class=\"e-gallery-item elementor-gallery-item elementor-animated-content\" data-e-gallery-tags=\"3\" href=\"https:\/\/lfs.cz\/wp-content\/uploads\/2025\/07\/LFS25_Emma-Kausc_Naruseni-deje_Stan-literatury-Nove-reality_Marek-Malusek-6.jpg\" data-elementor-open-lightbox=\"yes\" data-elementor-lightbox-slideshow=\"6b7163c\" data-elementor-lightbox-title=\"LF\u0160 2025, Letn\u00ed filmov\u00e1 \u0161kola, Emma Kausc: Naru\u0161en\u00ed d\u011bje, autorsk\u00e9 \u010dten\u00ed, foto Marek Mal\u016f\u0161ek\" data-e-action-hash=\"#elementor-action%3Aaction%3Dlightbox%26settings%3DeyJpZCI6MTI2ODMsInVybCI6Imh0dHBzOlwvXC9sZnMuY3pcL3dwLWNvbnRlbnRcL3VwbG9hZHNcLzIwMjVcLzA3XC9MRlMyNV9FbW1hLUthdXNjX05hcnVzZW5pLWRlamVfU3Rhbi1saXRlcmF0dXJ5LU5vdmUtcmVhbGl0eV9NYXJlay1NYWx1c2VrLTYuanBnIiwic2xpZGVzaG93IjoiNmI3MTYzYyJ9\">\n\t\t\t\t\t<div class=\"e-gallery-image elementor-gallery-item__image\" data-thumbnail=\"https:\/\/lfs.cz\/wp-content\/uploads\/2025\/07\/LFS25_Emma-Kausc_Naruseni-deje_Stan-literatury-Nove-reality_Marek-Malusek-6-300x200.jpg\" data-width=\"300\" data-height=\"200\" aria-label=\"\" role=\"img\" ><\/div>\n\t\t\t\t\t\t\t\t\t\t\t<div class=\"elementor-gallery-item__overlay\"><\/div>\n\t\t\t\t\t\t\t\t\t\t\t\t\t\t<\/a>\n\t\t\t\t\t\t\t<a class=\"e-gallery-item elementor-gallery-item elementor-animated-content\" data-e-gallery-tags=\"6\" href=\"https:\/\/lfs.cz\/wp-content\/uploads\/2025\/07\/LFS25_N.O.H.A._Kolejni-nadvori_Marek-Malusek-3.jpg\" data-elementor-open-lightbox=\"yes\" data-elementor-lightbox-slideshow=\"6b7163c\" data-elementor-lightbox-title=\"LF\u0160 2025, Letn\u00ed filmov\u00e1 \u0161kola, kapela N.O.H.A., Kolejn\u00ed n\u00e1dvo\u0159\u00ed, foto Marek Mal\u016f\u0161ek\" data-e-action-hash=\"#elementor-action%3Aaction%3Dlightbox%26settings%3DeyJpZCI6MTMxNjUsInVybCI6Imh0dHBzOlwvXC9sZnMuY3pcL3dwLWNvbnRlbnRcL3VwbG9hZHNcLzIwMjVcLzA3XC9MRlMyNV9OLk8uSC5BLl9Lb2xlam5pLW5hZHZvcmlfTWFyZWstTWFsdXNlay0zLmpwZyIsInNsaWRlc2hvdyI6IjZiNzE2M2MifQ%3D%3D\">\n\t\t\t\t\t<div class=\"e-gallery-image elementor-gallery-item__image\" data-thumbnail=\"https:\/\/lfs.cz\/wp-content\/uploads\/2025\/07\/LFS25_N.O.H.A._Kolejni-nadvori_Marek-Malusek-3-300x200.jpg\" data-width=\"300\" data-height=\"200\" aria-label=\"\" role=\"img\" ><\/div>\n\t\t\t\t\t\t\t\t\t\t\t<div class=\"elementor-gallery-item__overlay\"><\/div>\n\t\t\t\t\t\t\t\t\t\t\t\t\t\t<\/a>\n\t\t\t\t\t\t\t<a class=\"e-gallery-item elementor-gallery-item elementor-animated-content\" data-e-gallery-tags=\"4\" href=\"https:\/\/lfs.cz\/wp-content\/uploads\/2025\/07\/LFS25_Jindrich-Streit-.s-laskou_Marek-Malusek-4.jpg\" data-elementor-open-lightbox=\"yes\" data-elementor-lightbox-slideshow=\"6b7163c\" data-elementor-lightbox-title=\"LF\u0160 2025, Letn\u00ed filmov\u00e1 \u0161kola, Jind\u0159ich \u0160treit, Vernis\u00e1\u017e ...s l\u00e1skou, foto Marek Mal\u016f\u0161ek\" data-e-action-hash=\"#elementor-action%3Aaction%3Dlightbox%26settings%3DeyJpZCI6MTI4NDcsInVybCI6Imh0dHBzOlwvXC9sZnMuY3pcL3dwLWNvbnRlbnRcL3VwbG9hZHNcLzIwMjVcLzA3XC9MRlMyNV9KaW5kcmljaC1TdHJlaXQtLnMtbGFza291X01hcmVrLU1hbHVzZWstNC5qcGciLCJzbGlkZXNob3ciOiI2YjcxNjNjIn0%3D\">\n\t\t\t\t\t<div class=\"e-gallery-image elementor-gallery-item__image\" data-thumbnail=\"https:\/\/lfs.cz\/wp-content\/uploads\/2025\/07\/LFS25_Jindrich-Streit-.s-laskou_Marek-Malusek-4-300x200.jpg\" data-width=\"300\" data-height=\"200\" aria-label=\"\" role=\"img\" ><\/div>\n\t\t\t\t\t\t\t\t\t\t\t<div class=\"elementor-gallery-item__overlay\"><\/div>\n\t\t\t\t\t\t\t\t\t\t\t\t\t\t<\/a>\n\t\t\t\t\t\t\t<a class=\"e-gallery-item elementor-gallery-item elementor-animated-content\" data-e-gallery-tags=\"1\" href=\"https:\/\/lfs.cz\/wp-content\/uploads\/2025\/07\/LFS25_ATMO_Marek-Malusek-8.jpg\" data-elementor-open-lightbox=\"yes\" data-elementor-lightbox-slideshow=\"6b7163c\" data-elementor-lightbox-title=\"LF\u0160 2025, Letn\u00ed filmov\u00e1 \u0161kola, Jind\u0159ich \u0160treit, foto Marek Mal\u016f\u0161ek\" data-e-action-hash=\"#elementor-action%3Aaction%3Dlightbox%26settings%3DeyJpZCI6MTIyNjEsInVybCI6Imh0dHBzOlwvXC9sZnMuY3pcL3dwLWNvbnRlbnRcL3VwbG9hZHNcLzIwMjVcLzA3XC9MRlMyNV9BVE1PX01hcmVrLU1hbHVzZWstOC5qcGciLCJzbGlkZXNob3ciOiI2YjcxNjNjIn0%3D\">\n\t\t\t\t\t<div class=\"e-gallery-image elementor-gallery-item__image\" data-thumbnail=\"https:\/\/lfs.cz\/wp-content\/uploads\/2025\/07\/LFS25_ATMO_Marek-Malusek-8-300x200.jpg\" data-width=\"300\" data-height=\"200\" aria-label=\"\" role=\"img\" ><\/div>\n\t\t\t\t\t\t\t\t\t\t\t<div class=\"elementor-gallery-item__overlay\"><\/div>\n\t\t\t\t\t\t\t\t\t\t\t\t\t\t<\/a>\n\t\t\t\t\t\t\t<a class=\"e-gallery-item elementor-gallery-item elementor-animated-content\" data-e-gallery-tags=\"2\" href=\"https:\/\/lfs.cz\/wp-content\/uploads\/2025\/07\/LFS25_Slam-poetry_Jan-Beranek-10.jpg\" data-elementor-open-lightbox=\"yes\" data-elementor-lightbox-slideshow=\"6b7163c\" data-elementor-lightbox-title=\"LF\u0160 2025, Letn\u00ed filmov\u00e1 \u0161kola, Slam poetry, div\u00e1ci, \u010cTK \/ Jan Ber\u00e1nek\" data-e-action-hash=\"#elementor-action%3Aaction%3Dlightbox%26settings%3DeyJpZCI6MTI0MzAsInVybCI6Imh0dHBzOlwvXC9sZnMuY3pcL3dwLWNvbnRlbnRcL3VwbG9hZHNcLzIwMjVcLzA3XC9MRlMyNV9TbGFtLXBvZXRyeV9KYW4tQmVyYW5lay0xMC5qcGciLCJzbGlkZXNob3ciOiI2YjcxNjNjIn0%3D\">\n\t\t\t\t\t<div class=\"e-gallery-image elementor-gallery-item__image\" data-thumbnail=\"https:\/\/lfs.cz\/wp-content\/uploads\/2025\/07\/LFS25_Slam-poetry_Jan-Beranek-10-300x200.jpg\" data-width=\"300\" data-height=\"200\" aria-label=\"\" role=\"img\" ><\/div>\n\t\t\t\t\t\t\t\t\t\t\t<div class=\"elementor-gallery-item__overlay\"><\/div>\n\t\t\t\t\t\t\t\t\t\t\t\t\t\t<\/a>\n\t\t\t\t\t\t\t<a class=\"e-gallery-item elementor-gallery-item elementor-animated-content\" data-e-gallery-tags=\"1\" href=\"https:\/\/lfs.cz\/wp-content\/uploads\/2025\/07\/LFS25_Sbormistr_Kino-Hvezda_Radek-Petrasek-1.jpg\" data-elementor-open-lightbox=\"yes\" data-elementor-lightbox-slideshow=\"6b7163c\" data-elementor-lightbox-title=\"LF\u0160 2025, Letn\u00ed filmov\u00e1 \u0161kola, \u010cTK \/  Radek Petr\u00e1\u0161ek\" data-e-action-hash=\"#elementor-action%3Aaction%3Dlightbox%26settings%3DeyJpZCI6MTIxNzEsInVybCI6Imh0dHBzOlwvXC9sZnMuY3pcL3dwLWNvbnRlbnRcL3VwbG9hZHNcLzIwMjVcLzA3XC9MRlMyNV9TYm9ybWlzdHJfS2luby1IdmV6ZGFfUmFkZWstUGV0cmFzZWstMS5qcGciLCJzbGlkZXNob3ciOiI2YjcxNjNjIn0%3D\">\n\t\t\t\t\t<div class=\"e-gallery-image elementor-gallery-item__image\" data-thumbnail=\"https:\/\/lfs.cz\/wp-content\/uploads\/2025\/07\/LFS25_Sbormistr_Kino-Hvezda_Radek-Petrasek-1-300x200.jpg\" data-width=\"300\" data-height=\"200\" aria-label=\"\" role=\"img\" ><\/div>\n\t\t\t\t\t\t\t\t\t\t\t<div class=\"elementor-gallery-item__overlay\"><\/div>\n\t\t\t\t\t\t\t\t\t\t\t\t\t\t<\/a>\n\t\t\t\t\t\t\t<a class=\"e-gallery-item elementor-gallery-item elementor-animated-content\" data-e-gallery-tags=\"4\" href=\"https:\/\/lfs.cz\/wp-content\/uploads\/2025\/07\/LFS25_ATMO_Tadeas-Kaminek-18.jpg\" data-elementor-open-lightbox=\"yes\" data-elementor-lightbox-slideshow=\"6b7163c\" data-elementor-lightbox-title=\"LF\u0160 2025, Letn\u00ed filmov\u00e1 \u0161kola, atmosf\u00e9ra, \u010cTK \/ Tade\u00e1\u0161 Kam\u00ednek\" data-e-action-hash=\"#elementor-action%3Aaction%3Dlightbox%26settings%3DeyJpZCI6MTI4NDEsInVybCI6Imh0dHBzOlwvXC9sZnMuY3pcL3dwLWNvbnRlbnRcL3VwbG9hZHNcLzIwMjVcLzA3XC9MRlMyNV9BVE1PX1RhZGVhcy1LYW1pbmVrLTE4LmpwZyIsInNsaWRlc2hvdyI6IjZiNzE2M2MifQ%3D%3D\">\n\t\t\t\t\t<div class=\"e-gallery-image elementor-gallery-item__image\" data-thumbnail=\"https:\/\/lfs.cz\/wp-content\/uploads\/2025\/07\/LFS25_ATMO_Tadeas-Kaminek-18-300x200.jpg\" data-width=\"300\" data-height=\"200\" aria-label=\"\" role=\"img\" ><\/div>\n\t\t\t\t\t\t\t\t\t\t\t<div class=\"elementor-gallery-item__overlay\"><\/div>\n\t\t\t\t\t\t\t\t\t\t\t\t\t\t<\/a>\n\t\t\t\t\t\t\t<a class=\"e-gallery-item elementor-gallery-item elementor-animated-content\" data-e-gallery-tags=\"4\" href=\"https:\/\/lfs.cz\/wp-content\/uploads\/2025\/07\/LFS25_ATMO_Jan-Beranek-5.jpg\" data-elementor-open-lightbox=\"yes\" data-elementor-lightbox-slideshow=\"6b7163c\" data-elementor-lightbox-title=\"LF\u0160 2025, Letn\u00ed filmov\u00e1 \u0161kola, Atmosf\u00e9ra, \u010cTK \/ Jan Ber\u00e1nek\" data-e-action-hash=\"#elementor-action%3Aaction%3Dlightbox%26settings%3DeyJpZCI6MTI3MzksInVybCI6Imh0dHBzOlwvXC9sZnMuY3pcL3dwLWNvbnRlbnRcL3VwbG9hZHNcLzIwMjVcLzA3XC9MRlMyNV9BVE1PX0phbi1CZXJhbmVrLTUuanBnIiwic2xpZGVzaG93IjoiNmI3MTYzYyJ9\">\n\t\t\t\t\t<div class=\"e-gallery-image elementor-gallery-item__image\" data-thumbnail=\"https:\/\/lfs.cz\/wp-content\/uploads\/2025\/07\/LFS25_ATMO_Jan-Beranek-5-300x200.jpg\" data-width=\"300\" data-height=\"200\" aria-label=\"\" role=\"img\" ><\/div>\n\t\t\t\t\t\t\t\t\t\t\t<div class=\"elementor-gallery-item__overlay\"><\/div>\n\t\t\t\t\t\t\t\t\t\t\t\t\t\t<\/a>\n\t\t\t\t\t\t\t<a class=\"e-gallery-item elementor-gallery-item elementor-animated-content\" data-e-gallery-tags=\"2\" href=\"https:\/\/lfs.cz\/wp-content\/uploads\/2025\/07\/LFS25_Miroslav-Hlauco_Marek-Malusek-4.jpg\" data-elementor-open-lightbox=\"yes\" data-elementor-lightbox-slideshow=\"6b7163c\" data-elementor-lightbox-title=\"LF\u0160 2025, Letn\u00ed filmov\u00e1 \u0161kola, Autorsk\u00e9 \u010dten\u00ed z rom\u00e1nu Letnice Miroslava Hlau\u010da, foto Marek Mal\u016f\u0161ek\" data-e-action-hash=\"#elementor-action%3Aaction%3Dlightbox%26settings%3DeyJpZCI6MTI1MzQsInVybCI6Imh0dHBzOlwvXC9sZnMuY3pcL3dwLWNvbnRlbnRcL3VwbG9hZHNcLzIwMjVcLzA3XC9MRlMyNV9NaXJvc2xhdi1IbGF1Y29fTWFyZWstTWFsdXNlay00LmpwZyIsInNsaWRlc2hvdyI6IjZiNzE2M2MifQ%3D%3D\">\n\t\t\t\t\t<div class=\"e-gallery-image elementor-gallery-item__image\" data-thumbnail=\"https:\/\/lfs.cz\/wp-content\/uploads\/2025\/07\/LFS25_Miroslav-Hlauco_Marek-Malusek-4-300x200.jpg\" data-width=\"300\" data-height=\"200\" aria-label=\"\" role=\"img\" ><\/div>\n\t\t\t\t\t\t\t\t\t\t\t<div class=\"elementor-gallery-item__overlay\"><\/div>\n\t\t\t\t\t\t\t\t\t\t\t\t\t\t<\/a>\n\t\t\t\t\t\t\t<a class=\"e-gallery-item elementor-gallery-item elementor-animated-content\" data-e-gallery-tags=\"2\" href=\"https:\/\/lfs.cz\/wp-content\/uploads\/2025\/07\/LFS25_Mat213_Tadeas-Kaminek-1.jpg\" data-elementor-open-lightbox=\"yes\" data-elementor-lightbox-slideshow=\"6b7163c\" data-elementor-lightbox-title=\"LF\u0160 2025, Letn\u00ed filmov\u00e1 \u0161kola, koncert Mat213, \u010cTK \/ Tade\u00e1\u0161 Kam\u00ednek\" data-e-action-hash=\"#elementor-action%3Aaction%3Dlightbox%26settings%3DeyJpZCI6MTI0NDAsInVybCI6Imh0dHBzOlwvXC9sZnMuY3pcL3dwLWNvbnRlbnRcL3VwbG9hZHNcLzIwMjVcLzA3XC9MRlMyNV9NYXQyMTNfVGFkZWFzLUthbWluZWstMS5qcGciLCJzbGlkZXNob3ciOiI2YjcxNjNjIn0%3D\">\n\t\t\t\t\t<div class=\"e-gallery-image elementor-gallery-item__image\" data-thumbnail=\"https:\/\/lfs.cz\/wp-content\/uploads\/2025\/07\/LFS25_Mat213_Tadeas-Kaminek-1-300x200.jpg\" data-width=\"300\" data-height=\"200\" aria-label=\"\" role=\"img\" ><\/div>\n\t\t\t\t\t\t\t\t\t\t\t<div class=\"elementor-gallery-item__overlay\"><\/div>\n\t\t\t\t\t\t\t\t\t\t\t\t\t\t<\/a>\n\t\t\t\t\t\t\t<a class=\"e-gallery-item elementor-gallery-item elementor-animated-content\" data-e-gallery-tags=\"4\" href=\"https:\/\/lfs.cz\/wp-content\/uploads\/2025\/07\/LFS25_Dzob_Klub-kultury_Dalibor-Gluck-2.jpg\" data-elementor-open-lightbox=\"yes\" data-elementor-lightbox-slideshow=\"6b7163c\" data-elementor-lightbox-title=\"Letn\u00ed filmov\u00e1 \u0161kola 2025, debata, diskuze, film D\u017eob, \u010cTK \/ Gl\u00fcck Dalibor\" data-e-action-hash=\"#elementor-action%3Aaction%3Dlightbox%26settings%3DeyJpZCI6MTI3MjgsInVybCI6Imh0dHBzOlwvXC9sZnMuY3pcL3dwLWNvbnRlbnRcL3VwbG9hZHNcLzIwMjVcLzA3XC9MRlMyNV9Eem9iX0tsdWIta3VsdHVyeV9EYWxpYm9yLUdsdWNrLTIuanBnIiwic2xpZGVzaG93IjoiNmI3MTYzYyJ9\">\n\t\t\t\t\t<div class=\"e-gallery-image elementor-gallery-item__image\" data-thumbnail=\"https:\/\/lfs.cz\/wp-content\/uploads\/2025\/07\/LFS25_Dzob_Klub-kultury_Dalibor-Gluck-2-300x181.jpg\" data-width=\"300\" data-height=\"181\" aria-label=\"\" role=\"img\" ><\/div>\n\t\t\t\t\t\t\t\t\t\t\t<div class=\"elementor-gallery-item__overlay\"><\/div>\n\t\t\t\t\t\t\t\t\t\t\t\t\t\t<\/a>\n\t\t\t\t\t\t\t<a class=\"e-gallery-item elementor-gallery-item elementor-animated-content\" data-e-gallery-tags=\"2\" href=\"https:\/\/lfs.cz\/wp-content\/uploads\/2025\/07\/LFS25_ATMO_Tadeas-Kaminek-1.jpg\" data-elementor-open-lightbox=\"yes\" data-elementor-lightbox-slideshow=\"6b7163c\" data-elementor-lightbox-title=\"LF\u0160 2025, Letn\u00ed filmov\u00e1 \u0161kola, n\u00e1v\u0161t\u011bvn\u00edci, \u010cTK \/ Tade\u00e1\u0161 Kam\u00ednek\" data-e-action-hash=\"#elementor-action%3Aaction%3Dlightbox%26settings%3DeyJpZCI6MTI0MDAsInVybCI6Imh0dHBzOlwvXC9sZnMuY3pcL3dwLWNvbnRlbnRcL3VwbG9hZHNcLzIwMjVcLzA3XC9MRlMyNV9BVE1PX1RhZGVhcy1LYW1pbmVrLTEuanBnIiwic2xpZGVzaG93IjoiNmI3MTYzYyJ9\">\n\t\t\t\t\t<div class=\"e-gallery-image elementor-gallery-item__image\" data-thumbnail=\"https:\/\/lfs.cz\/wp-content\/uploads\/2025\/07\/LFS25_ATMO_Tadeas-Kaminek-1-300x200.jpg\" data-width=\"300\" data-height=\"200\" aria-label=\"\" role=\"img\" ><\/div>\n\t\t\t\t\t\t\t\t\t\t\t<div class=\"elementor-gallery-item__overlay\"><\/div>\n\t\t\t\t\t\t\t\t\t\t\t\t\t\t<\/a>\n\t\t\t\t\t\t\t<a class=\"e-gallery-item elementor-gallery-item elementor-animated-content\" data-e-gallery-tags=\"5\" href=\"https:\/\/lfs.cz\/wp-content\/uploads\/2025\/07\/LFS25_FAMU-v-roce-1989_Petr-Kotek_Zdenek-Tyc_CTK-Petr-Mlch-3.jpg\" data-elementor-open-lightbox=\"yes\" data-elementor-lightbox-slideshow=\"6b7163c\" data-elementor-lightbox-title=\"LF\u0160 2025, Letn\u00ed filmov\u00e1 \u0161kola, projekce, dokument, FAMU, Petr Kotek, Zden\u011bk Tyc, \u010cTK \/ Mlch Petr\" data-e-action-hash=\"#elementor-action%3Aaction%3Dlightbox%26settings%3DeyJpZCI6MTI5NDUsInVybCI6Imh0dHBzOlwvXC9sZnMuY3pcL3dwLWNvbnRlbnRcL3VwbG9hZHNcLzIwMjVcLzA3XC9MRlMyNV9GQU1VLXYtcm9jZS0xOTg5X1BldHItS290ZWtfWmRlbmVrLVR5Y19DVEstUGV0ci1NbGNoLTMuanBnIiwic2xpZGVzaG93IjoiNmI3MTYzYyJ9\">\n\t\t\t\t\t<div class=\"e-gallery-image elementor-gallery-item__image\" data-thumbnail=\"https:\/\/lfs.cz\/wp-content\/uploads\/2025\/07\/LFS25_FAMU-v-roce-1989_Petr-Kotek_Zdenek-Tyc_CTK-Petr-Mlch-3-300x200.jpg\" data-width=\"300\" data-height=\"200\" aria-label=\"\" role=\"img\" ><\/div>\n\t\t\t\t\t\t\t\t\t\t\t<div class=\"elementor-gallery-item__overlay\"><\/div>\n\t\t\t\t\t\t\t\t\t\t\t\t\t\t<\/a>\n\t\t\t\t\t\t\t<a class=\"e-gallery-item elementor-gallery-item elementor-animated-content\" data-e-gallery-tags=\"2\" href=\"https:\/\/lfs.cz\/wp-content\/uploads\/2025\/07\/LFS25_AZ-kviz_Jan-Beranek-3.jpg\" data-elementor-open-lightbox=\"yes\" data-elementor-lightbox-slideshow=\"6b7163c\" data-elementor-lightbox-title=\"LF\u0160 2025, Letn\u00ed filmov\u00e1 \u0161kola, AZ kv\u00edz, \u010cTK \/ Jan Ber\u00e1nek\" data-e-action-hash=\"#elementor-action%3Aaction%3Dlightbox%26settings%3DeyJpZCI6MTI1NzIsInVybCI6Imh0dHBzOlwvXC9sZnMuY3pcL3dwLWNvbnRlbnRcL3VwbG9hZHNcLzIwMjVcLzA3XC9MRlMyNV9BWi1rdml6X0phbi1CZXJhbmVrLTMuanBnIiwic2xpZGVzaG93IjoiNmI3MTYzYyJ9\">\n\t\t\t\t\t<div class=\"e-gallery-image elementor-gallery-item__image\" data-thumbnail=\"https:\/\/lfs.cz\/wp-content\/uploads\/2025\/07\/LFS25_AZ-kviz_Jan-Beranek-3-300x200.jpg\" data-width=\"300\" data-height=\"200\" aria-label=\"\" role=\"img\" ><\/div>\n\t\t\t\t\t\t\t\t\t\t\t<div class=\"elementor-gallery-item__overlay\"><\/div>\n\t\t\t\t\t\t\t\t\t\t\t\t\t\t<\/a>\n\t\t\t\t\t\t\t<a class=\"e-gallery-item elementor-gallery-item elementor-animated-content\" data-e-gallery-tags=\"1\" href=\"https:\/\/lfs.cz\/wp-content\/uploads\/2025\/07\/LFS25_Predani-Vyrocni-veny-ACFK_Radek-Petrasek-5.jpg\" data-elementor-open-lightbox=\"yes\" data-elementor-lightbox-slideshow=\"6b7163c\" data-elementor-lightbox-title=\"LF\u0160 2025, Letn\u00ed filmov\u00e1 \u0161kola, \u010cTK \/ Petr\u00e1\u0161ek Radek\" data-e-action-hash=\"#elementor-action%3Aaction%3Dlightbox%26settings%3DeyJpZCI6MTIyMzgsInVybCI6Imh0dHBzOlwvXC9sZnMuY3pcL3dwLWNvbnRlbnRcL3VwbG9hZHNcLzIwMjVcLzA3XC9MRlMyNV9QcmVkYW5pLVZ5cm9jbmktdmVueS1BQ0ZLX1JhZGVrLVBldHJhc2VrLTUuanBnIiwic2xpZGVzaG93IjoiNmI3MTYzYyJ9\">\n\t\t\t\t\t<div class=\"e-gallery-image elementor-gallery-item__image\" data-thumbnail=\"https:\/\/lfs.cz\/wp-content\/uploads\/2025\/07\/LFS25_Predani-Vyrocni-veny-ACFK_Radek-Petrasek-5-300x200.jpg\" data-width=\"300\" data-height=\"200\" aria-label=\"\" role=\"img\" ><\/div>\n\t\t\t\t\t\t\t\t\t\t\t<div class=\"elementor-gallery-item__overlay\"><\/div>\n\t\t\t\t\t\t\t\t\t\t\t\t\t\t<\/a>\n\t\t\t\t\t\t\t<a class=\"e-gallery-item elementor-gallery-item elementor-animated-content\" data-e-gallery-tags=\"5\" href=\"https:\/\/lfs.cz\/wp-content\/uploads\/2025\/07\/LFS25_Cetkast_Jan-Sverak_Jan-JendrejkCTK-Petr-Mlch-6.jpg\" data-elementor-open-lightbox=\"yes\" data-elementor-lightbox-slideshow=\"6b7163c\" data-elementor-lightbox-title=\"LF\u0160 2025, Letn\u00ed filmov\u00e1 \u0161kola, \u010cetkast, podcast, Jan Sv\u011br\u00e1k, Jan Jend\u0159ejek, \u010cTK \/ Mlch Petr\" data-e-action-hash=\"#elementor-action%3Aaction%3Dlightbox%26settings%3DeyJpZCI6MTMwNDksInVybCI6Imh0dHBzOlwvXC9sZnMuY3pcL3dwLWNvbnRlbnRcL3VwbG9hZHNcLzIwMjVcLzA3XC9MRlMyNV9DZXRrYXN0X0phbi1TdmVyYWtfSmFuLUplbmRyZWprQ1RLLVBldHItTWxjaC02LmpwZyIsInNsaWRlc2hvdyI6IjZiNzE2M2MifQ%3D%3D\">\n\t\t\t\t\t<div class=\"e-gallery-image elementor-gallery-item__image\" data-thumbnail=\"https:\/\/lfs.cz\/wp-content\/uploads\/2025\/07\/LFS25_Cetkast_Jan-Sverak_Jan-JendrejkCTK-Petr-Mlch-6-300x200.jpg\" data-width=\"300\" data-height=\"200\" aria-label=\"\" role=\"img\" ><\/div>\n\t\t\t\t\t\t\t\t\t\t\t<div class=\"elementor-gallery-item__overlay\"><\/div>\n\t\t\t\t\t\t\t\t\t\t\t\t\t\t<\/a>\n\t\t\t\t\t\t\t<a class=\"e-gallery-item elementor-gallery-item elementor-animated-content\" data-e-gallery-tags=\"6\" href=\"https:\/\/lfs.cz\/wp-content\/uploads\/2025\/07\/LFS25_Duchon_CTK-Matyas-Cech-2.jpg\" data-elementor-open-lightbox=\"yes\" data-elementor-lightbox-slideshow=\"6b7163c\" data-elementor-lightbox-title=\"LF\u0160 2025, Letn\u00ed filmov\u00e1 \u0161kola, (zleva) Re\u017eis\u00e9r Peter Bebjak, producent Ras\u0165o \u0160est\u00e1k a herec Vladislav Plev\u010d\u00edk na prom\u00edt\u00e1n\u00ed filmu Ducho\u0148, \u010cTK \/ Maty\u00e1\u0161 \u010cech\" data-e-action-hash=\"#elementor-action%3Aaction%3Dlightbox%26settings%3DeyJpZCI6MTMwOTQsInVybCI6Imh0dHBzOlwvXC9sZnMuY3pcL3dwLWNvbnRlbnRcL3VwbG9hZHNcLzIwMjVcLzA3XC9MRlMyNV9EdWNob25fQ1RLLU1hdHlhcy1DZWNoLTIuanBnIiwic2xpZGVzaG93IjoiNmI3MTYzYyJ9\">\n\t\t\t\t\t<div class=\"e-gallery-image elementor-gallery-item__image\" data-thumbnail=\"https:\/\/lfs.cz\/wp-content\/uploads\/2025\/07\/LFS25_Duchon_CTK-Matyas-Cech-2-300x200.jpg\" data-width=\"300\" data-height=\"200\" aria-label=\"\" role=\"img\" ><\/div>\n\t\t\t\t\t\t\t\t\t\t\t<div class=\"elementor-gallery-item__overlay\"><\/div>\n\t\t\t\t\t\t\t\t\t\t\t\t\t\t<\/a>\n\t\t\t\t\t\t\t<a class=\"e-gallery-item elementor-gallery-item elementor-animated-content\" data-e-gallery-tags=\"4\" href=\"https:\/\/lfs.cz\/wp-content\/uploads\/2025\/07\/LFS25_Generace-F_Bara-Starek_Petr-Mlch-1.jpg\" data-elementor-open-lightbox=\"yes\" data-elementor-lightbox-slideshow=\"6b7163c\" data-elementor-lightbox-title=\"LF\u0160 2025, Letn\u00ed filmov\u00e1 \u0161kola, Radio Wave, B\u00e1ra St\u00e1rek, \u010cTK \/ Mlch Petr\" data-e-action-hash=\"#elementor-action%3Aaction%3Dlightbox%26settings%3DeyJpZCI6MTI4MjEsInVybCI6Imh0dHBzOlwvXC9sZnMuY3pcL3dwLWNvbnRlbnRcL3VwbG9hZHNcLzIwMjVcLzA3XC9MRlMyNV9HZW5lcmFjZS1GX0JhcmEtU3RhcmVrX1BldHItTWxjaC0xLmpwZyIsInNsaWRlc2hvdyI6IjZiNzE2M2MifQ%3D%3D\">\n\t\t\t\t\t<div class=\"e-gallery-image elementor-gallery-item__image\" data-thumbnail=\"https:\/\/lfs.cz\/wp-content\/uploads\/2025\/07\/LFS25_Generace-F_Bara-Starek_Petr-Mlch-1-200x300.jpg\" data-width=\"200\" data-height=\"300\" aria-label=\"\" role=\"img\" ><\/div>\n\t\t\t\t\t\t\t\t\t\t\t<div class=\"elementor-gallery-item__overlay\"><\/div>\n\t\t\t\t\t\t\t\t\t\t\t\t\t\t<\/a>\n\t\t\t\t\t\t\t<a class=\"e-gallery-item elementor-gallery-item elementor-animated-content\" data-e-gallery-tags=\"5\" href=\"https:\/\/lfs.cz\/wp-content\/uploads\/2025\/07\/LFS25_Joga_CTK-Richard-Skoumal-1.jpg\" data-elementor-open-lightbox=\"yes\" data-elementor-lightbox-slideshow=\"6b7163c\" data-elementor-lightbox-title=\"J\u00f3ga pro v\u0161echny, Jana Drobn\u00e1, Letn\u00ed filmov\u00e1 \u0161kola, LF\u0160 2025, \u010cTK \/ Skoumal Richard\" data-e-action-hash=\"#elementor-action%3Aaction%3Dlightbox%26settings%3DeyJpZCI6MTI5MjAsInVybCI6Imh0dHBzOlwvXC9sZnMuY3pcL3dwLWNvbnRlbnRcL3VwbG9hZHNcLzIwMjVcLzA3XC9MRlMyNV9Kb2dhX0NUSy1SaWNoYXJkLVNrb3VtYWwtMS5qcGciLCJzbGlkZXNob3ciOiI2YjcxNjNjIn0%3D\">\n\t\t\t\t\t<div class=\"e-gallery-image elementor-gallery-item__image\" data-thumbnail=\"https:\/\/lfs.cz\/wp-content\/uploads\/2025\/07\/LFS25_Joga_CTK-Richard-Skoumal-1-300x200.jpg\" data-width=\"300\" data-height=\"200\" aria-label=\"\" role=\"img\" ><\/div>\n\t\t\t\t\t\t\t\t\t\t\t<div class=\"elementor-gallery-item__overlay\"><\/div>\n\t\t\t\t\t\t\t\t\t\t\t\t\t\t<\/a>\n\t\t\t\t\t\t\t<a class=\"e-gallery-item elementor-gallery-item elementor-animated-content\" data-e-gallery-tags=\"5\" href=\"https:\/\/lfs.cz\/wp-content\/uploads\/2025\/07\/LFS25_Krasna-vyzvedacka_hudba-Olga-Anna-Markowska_CTK-Tadeas-Kaminek-1.jpg\" data-elementor-open-lightbox=\"yes\" data-elementor-lightbox-slideshow=\"6b7163c\" data-elementor-lightbox-title=\"LF\u0160 2025, Letn\u00ed filmov\u00e1 \u0161kola, projekce filmu: Kr\u00e1sn\u00e1 vyzv\u011bda\u010dka, Olga Anna Markowsk\u00e1, \u010cTK \/ Tade\u00e1\u0161 Kam\u00ednek\" data-e-action-hash=\"#elementor-action%3Aaction%3Dlightbox%26settings%3DeyJpZCI6MTI5NzEsInVybCI6Imh0dHBzOlwvXC9sZnMuY3pcL3dwLWNvbnRlbnRcL3VwbG9hZHNcLzIwMjVcLzA3XC9MRlMyNV9LcmFzbmEtdnl6dmVkYWNrYV9odWRiYS1PbGdhLUFubmEtTWFya293c2thX0NUSy1UYWRlYXMtS2FtaW5lay0xLmpwZyIsInNsaWRlc2hvdyI6IjZiNzE2M2MifQ%3D%3D\">\n\t\t\t\t\t<div class=\"e-gallery-image elementor-gallery-item__image\" data-thumbnail=\"https:\/\/lfs.cz\/wp-content\/uploads\/2025\/07\/LFS25_Krasna-vyzvedacka_hudba-Olga-Anna-Markowska_CTK-Tadeas-Kaminek-1-300x200.jpg\" data-width=\"300\" data-height=\"200\" aria-label=\"\" role=\"img\" ><\/div>\n\t\t\t\t\t\t\t\t\t\t\t<div class=\"elementor-gallery-item__overlay\"><\/div>\n\t\t\t\t\t\t\t\t\t\t\t\t\t\t<\/a>\n\t\t\t\t\t\t\t<a class=\"e-gallery-item elementor-gallery-item elementor-animated-content\" data-e-gallery-tags=\"2\" href=\"https:\/\/lfs.cz\/wp-content\/uploads\/2025\/07\/LFS25_ATMO_Tadeas-Kaminek-6.jpg\" data-elementor-open-lightbox=\"yes\" data-elementor-lightbox-slideshow=\"6b7163c\" data-elementor-lightbox-title=\"LF\u0160 2025, Letn\u00ed filmov\u00e1 \u0161kola, atmosf\u00e9ra, \u010cTK \/ Tade\u00e1\u0161 Kam\u00ednek\" data-e-action-hash=\"#elementor-action%3Aaction%3Dlightbox%26settings%3DeyJpZCI6MTI0MDMsInVybCI6Imh0dHBzOlwvXC9sZnMuY3pcL3dwLWNvbnRlbnRcL3VwbG9hZHNcLzIwMjVcLzA3XC9MRlMyNV9BVE1PX1RhZGVhcy1LYW1pbmVrLTYuanBnIiwic2xpZGVzaG93IjoiNmI3MTYzYyJ9\">\n\t\t\t\t\t<div class=\"e-gallery-image elementor-gallery-item__image\" data-thumbnail=\"https:\/\/lfs.cz\/wp-content\/uploads\/2025\/07\/LFS25_ATMO_Tadeas-Kaminek-6-300x200.jpg\" data-width=\"300\" data-height=\"200\" aria-label=\"\" role=\"img\" ><\/div>\n\t\t\t\t\t\t\t\t\t\t\t<div class=\"elementor-gallery-item__overlay\"><\/div>\n\t\t\t\t\t\t\t\t\t\t\t\t\t\t<\/a>\n\t\t\t\t\t\t\t<a class=\"e-gallery-item elementor-gallery-item elementor-animated-content\" data-e-gallery-tags=\"3\" href=\"https:\/\/lfs.cz\/wp-content\/uploads\/2025\/07\/LFS25_Spioni_hudba-Jan-Tomas_Richard-Skoumal-9.jpg\" data-elementor-open-lightbox=\"yes\" data-elementor-lightbox-slideshow=\"6b7163c\" data-elementor-lightbox-title=\"Film \u0160pioni, Tom\u00e1\u0161 Vondra, Jan Tom\u00e1\u0161, Letn\u00ed filmov\u00e1 \u0161kola, LF\u0160 2025, \u010cTK \/ Skoumal Richard\" data-e-action-hash=\"#elementor-action%3Aaction%3Dlightbox%26settings%3DeyJpZCI6MTI1NjEsInVybCI6Imh0dHBzOlwvXC9sZnMuY3pcL3dwLWNvbnRlbnRcL3VwbG9hZHNcLzIwMjVcLzA3XC9MRlMyNV9TcGlvbmlfaHVkYmEtSmFuLVRvbWFzX1JpY2hhcmQtU2tvdW1hbC05LmpwZyIsInNsaWRlc2hvdyI6IjZiNzE2M2MifQ%3D%3D\">\n\t\t\t\t\t<div class=\"e-gallery-image elementor-gallery-item__image\" data-thumbnail=\"https:\/\/lfs.cz\/wp-content\/uploads\/2025\/07\/LFS25_Spioni_hudba-Jan-Tomas_Richard-Skoumal-9-300x200.jpg\" data-width=\"300\" data-height=\"200\" aria-label=\"\" role=\"img\" ><\/div>\n\t\t\t\t\t\t\t\t\t\t\t<div class=\"elementor-gallery-item__overlay\"><\/div>\n\t\t\t\t\t\t\t\t\t\t\t\t\t\t<\/a>\n\t\t\t\t\t\t\t<a class=\"e-gallery-item elementor-gallery-item elementor-animated-content\" data-e-gallery-tags=\"5\" href=\"https:\/\/lfs.cz\/wp-content\/uploads\/2025\/07\/LFS25_Adela-Knapova_Krvavy-kompot_Stan-literatury-Nove-reality_Marek-Malusek-4.jpg\" data-elementor-open-lightbox=\"yes\" data-elementor-lightbox-slideshow=\"6b7163c\" data-elementor-lightbox-title=\"LF\u0160 2025, Letn\u00ed filmov\u00e1 \u0161kola, Ad\u00e9la Knapov\u00e1: Krvav\u00fd kompot, foto Marek Mal\u016f\u0161ek\" data-e-action-hash=\"#elementor-action%3Aaction%3Dlightbox%26settings%3DeyJpZCI6MTMwNDIsInVybCI6Imh0dHBzOlwvXC9sZnMuY3pcL3dwLWNvbnRlbnRcL3VwbG9hZHNcLzIwMjVcLzA3XC9MRlMyNV9BZGVsYS1LbmFwb3ZhX0tydmF2eS1rb21wb3RfU3Rhbi1saXRlcmF0dXJ5LU5vdmUtcmVhbGl0eV9NYXJlay1NYWx1c2VrLTQuanBnIiwic2xpZGVzaG93IjoiNmI3MTYzYyJ9\">\n\t\t\t\t\t<div class=\"e-gallery-image elementor-gallery-item__image\" data-thumbnail=\"https:\/\/lfs.cz\/wp-content\/uploads\/2025\/07\/LFS25_Adela-Knapova_Krvavy-kompot_Stan-literatury-Nove-reality_Marek-Malusek-4-300x200.jpg\" data-width=\"300\" data-height=\"200\" aria-label=\"\" role=\"img\" ><\/div>\n\t\t\t\t\t\t\t\t\t\t\t<div class=\"elementor-gallery-item__overlay\"><\/div>\n\t\t\t\t\t\t\t\t\t\t\t\t\t\t<\/a>\n\t\t\t\t\t\t\t<a class=\"e-gallery-item elementor-gallery-item elementor-animated-content\" data-e-gallery-tags=\"4\" href=\"https:\/\/lfs.cz\/wp-content\/uploads\/2025\/07\/LFS25_Anki_Tadeas-Kaminek-1.jpg\" data-elementor-open-lightbox=\"yes\" data-elementor-lightbox-slideshow=\"6b7163c\" data-elementor-lightbox-title=\"LF\u0160 2025, Letn\u00ed filmov\u00e1 \u0161kola, doprovodn\u00fd program, koncert, rapper Anki, \u010cTK \/ Tade\u00e1\u0161 Kam\u00ednek\" data-e-action-hash=\"#elementor-action%3Aaction%3Dlightbox%26settings%3DeyJpZCI6MTI4NTUsInVybCI6Imh0dHBzOlwvXC9sZnMuY3pcL3dwLWNvbnRlbnRcL3VwbG9hZHNcLzIwMjVcLzA3XC9MRlMyNV9BbmtpX1RhZGVhcy1LYW1pbmVrLTEuanBnIiwic2xpZGVzaG93IjoiNmI3MTYzYyJ9\">\n\t\t\t\t\t<div class=\"e-gallery-image elementor-gallery-item__image\" data-thumbnail=\"https:\/\/lfs.cz\/wp-content\/uploads\/2025\/07\/LFS25_Anki_Tadeas-Kaminek-1-300x200.jpg\" data-width=\"300\" data-height=\"200\" aria-label=\"\" role=\"img\" ><\/div>\n\t\t\t\t\t\t\t\t\t\t\t<div class=\"elementor-gallery-item__overlay\"><\/div>\n\t\t\t\t\t\t\t\t\t\t\t\t\t\t<\/a>\n\t\t\t\t\t\t\t<a class=\"e-gallery-item elementor-gallery-item elementor-animated-content\" data-e-gallery-tags=\"1\" href=\"https:\/\/lfs.cz\/wp-content\/uploads\/2025\/07\/LFS25_Deset-malych-cernousku_Reduta_Tadeas-Kaminek-7-1.jpg\" data-elementor-open-lightbox=\"yes\" data-elementor-lightbox-slideshow=\"6b7163c\" data-elementor-lightbox-title=\"LF\u0160 2025, Letn\u00ed filmov\u00e1 \u0161kola, Luk\u00e1\u0161 Tuzar, \u010cTK \/ Tade\u00e1\u0161 Kam\u00ednek\" data-e-action-hash=\"#elementor-action%3Aaction%3Dlightbox%26settings%3DeyJpZCI6MTI0MjEsInVybCI6Imh0dHBzOlwvXC9sZnMuY3pcL3dwLWNvbnRlbnRcL3VwbG9hZHNcLzIwMjVcLzA3XC9MRlMyNV9EZXNldC1tYWx5Y2gtY2Vybm91c2t1X1JlZHV0YV9UYWRlYXMtS2FtaW5lay03LTEuanBnIiwic2xpZGVzaG93IjoiNmI3MTYzYyJ9\">\n\t\t\t\t\t<div class=\"e-gallery-image elementor-gallery-item__image\" data-thumbnail=\"https:\/\/lfs.cz\/wp-content\/uploads\/2025\/07\/LFS25_Deset-malych-cernousku_Reduta_Tadeas-Kaminek-7-1-300x200.jpg\" data-width=\"300\" data-height=\"200\" aria-label=\"\" role=\"img\" ><\/div>\n\t\t\t\t\t\t\t\t\t\t\t<div class=\"elementor-gallery-item__overlay\"><\/div>\n\t\t\t\t\t\t\t\t\t\t\t\t\t\t<\/a>\n\t\t\t\t\t\t\t<a class=\"e-gallery-item elementor-gallery-item elementor-animated-content\" data-e-gallery-tags=\"2\" href=\"https:\/\/lfs.cz\/wp-content\/uploads\/2025\/07\/LFS25_ATMO_Richard-Skoumal-15.jpg\" data-elementor-open-lightbox=\"yes\" data-elementor-lightbox-slideshow=\"6b7163c\" data-elementor-lightbox-title=\"Atmosf\u00e9ra, Letn\u00ed filmov\u00e1 \u0161kola, LF\u0160 2025, \u010cTK \/ Skoumal Richard\" data-e-action-hash=\"#elementor-action%3Aaction%3Dlightbox%26settings%3DeyJpZCI6MTIzOTksInVybCI6Imh0dHBzOlwvXC9sZnMuY3pcL3dwLWNvbnRlbnRcL3VwbG9hZHNcLzIwMjVcLzA3XC9MRlMyNV9BVE1PX1JpY2hhcmQtU2tvdW1hbC0xNS5qcGciLCJzbGlkZXNob3ciOiI2YjcxNjNjIn0%3D\">\n\t\t\t\t\t<div class=\"e-gallery-image elementor-gallery-item__image\" data-thumbnail=\"https:\/\/lfs.cz\/wp-content\/uploads\/2025\/07\/LFS25_ATMO_Richard-Skoumal-15-300x200.jpg\" data-width=\"300\" data-height=\"200\" aria-label=\"\" role=\"img\" ><\/div>\n\t\t\t\t\t\t\t\t\t\t\t<div class=\"elementor-gallery-item__overlay\"><\/div>\n\t\t\t\t\t\t\t\t\t\t\t\t\t\t<\/a>\n\t\t\t\t\t\t\t<a class=\"e-gallery-item elementor-gallery-item elementor-animated-content\" data-e-gallery-tags=\"2\" href=\"https:\/\/lfs.cz\/wp-content\/uploads\/2025\/07\/LFS25_Slam-poetry_Jan-Beranek-3.jpg\" data-elementor-open-lightbox=\"yes\" data-elementor-lightbox-slideshow=\"6b7163c\" data-elementor-lightbox-title=\"LF\u0160 2025, Letn\u00ed filmov\u00e1 \u0161kola, Slam poetry, slamer Sufian Massalema, \u010cTK \/ Jan Ber\u00e1nek\" data-e-action-hash=\"#elementor-action%3Aaction%3Dlightbox%26settings%3DeyJpZCI6MTI0MjcsInVybCI6Imh0dHBzOlwvXC9sZnMuY3pcL3dwLWNvbnRlbnRcL3VwbG9hZHNcLzIwMjVcLzA3XC9MRlMyNV9TbGFtLXBvZXRyeV9KYW4tQmVyYW5lay0zLmpwZyIsInNsaWRlc2hvdyI6IjZiNzE2M2MifQ%3D%3D\">\n\t\t\t\t\t<div class=\"e-gallery-image elementor-gallery-item__image\" data-thumbnail=\"https:\/\/lfs.cz\/wp-content\/uploads\/2025\/07\/LFS25_Slam-poetry_Jan-Beranek-3-300x200.jpg\" data-width=\"300\" data-height=\"200\" aria-label=\"\" role=\"img\" ><\/div>\n\t\t\t\t\t\t\t\t\t\t\t<div class=\"elementor-gallery-item__overlay\"><\/div>\n\t\t\t\t\t\t\t\t\t\t\t\t\t\t<\/a>\n\t\t\t\t\t\t\t<a class=\"e-gallery-item elementor-gallery-item elementor-animated-content\" data-e-gallery-tags=\"2\" href=\"https:\/\/lfs.cz\/wp-content\/uploads\/2025\/07\/LFS25_Tajemne-X_hudba-Islaja_R.-Kokes_Radek-Petrasek-11.jpg\" data-elementor-open-lightbox=\"yes\" data-elementor-lightbox-slideshow=\"6b7163c\" data-elementor-lightbox-title=\"LF\u0160 2025, Letn\u00ed filmov\u00e1 \u0161kola, \u010cTK \/ Petr\u00e1\u0161ek Radek\" data-e-action-hash=\"#elementor-action%3Aaction%3Dlightbox%26settings%3DeyJpZCI6MTIzNDQsInVybCI6Imh0dHBzOlwvXC9sZnMuY3pcL3dwLWNvbnRlbnRcL3VwbG9hZHNcLzIwMjVcLzA3XC9MRlMyNV9UYWplbW5lLVhfaHVkYmEtSXNsYWphX1IuLUtva2VzX1JhZGVrLVBldHJhc2VrLTExLmpwZyIsInNsaWRlc2hvdyI6IjZiNzE2M2MifQ%3D%3D\">\n\t\t\t\t\t<div class=\"e-gallery-image elementor-gallery-item__image\" data-thumbnail=\"https:\/\/lfs.cz\/wp-content\/uploads\/2025\/07\/LFS25_Tajemne-X_hudba-Islaja_R.-Kokes_Radek-Petrasek-11-300x200.jpg\" data-width=\"300\" data-height=\"200\" aria-label=\"\" role=\"img\" ><\/div>\n\t\t\t\t\t\t\t\t\t\t\t<div class=\"elementor-gallery-item__overlay\"><\/div>\n\t\t\t\t\t\t\t\t\t\t\t\t\t\t<\/a>\n\t\t\t\t\t\t\t<a class=\"e-gallery-item elementor-gallery-item elementor-animated-content\" data-e-gallery-tags=\"3\" href=\"https:\/\/lfs.cz\/wp-content\/uploads\/2025\/07\/LFS25_Spioni_hudba-Jan-Tomas_Richard-Skoumal-12.jpg\" data-elementor-open-lightbox=\"yes\" data-elementor-lightbox-slideshow=\"6b7163c\" data-elementor-lightbox-title=\"Film \u0160pioni, Tom\u00e1\u0161 Vondra, Jan Tom\u00e1\u0161, Letn\u00ed filmov\u00e1 \u0161kola, LF\u0160 2025, \u010cTK \/ Skoumal Richard\" data-e-action-hash=\"#elementor-action%3Aaction%3Dlightbox%26settings%3DeyJpZCI6MTI1NjMsInVybCI6Imh0dHBzOlwvXC9sZnMuY3pcL3dwLWNvbnRlbnRcL3VwbG9hZHNcLzIwMjVcLzA3XC9MRlMyNV9TcGlvbmlfaHVkYmEtSmFuLVRvbWFzX1JpY2hhcmQtU2tvdW1hbC0xMi5qcGciLCJzbGlkZXNob3ciOiI2YjcxNjNjIn0%3D\">\n\t\t\t\t\t<div class=\"e-gallery-image elementor-gallery-item__image\" data-thumbnail=\"https:\/\/lfs.cz\/wp-content\/uploads\/2025\/07\/LFS25_Spioni_hudba-Jan-Tomas_Richard-Skoumal-12-300x200.jpg\" data-width=\"300\" data-height=\"200\" aria-label=\"\" role=\"img\" ><\/div>\n\t\t\t\t\t\t\t\t\t\t\t<div class=\"elementor-gallery-item__overlay\"><\/div>\n\t\t\t\t\t\t\t\t\t\t\t\t\t\t<\/a>\n\t\t\t\t\t\t\t<a class=\"e-gallery-item elementor-gallery-item elementor-animated-content\" data-e-gallery-tags=\"4\" href=\"https:\/\/lfs.cz\/wp-content\/uploads\/2025\/07\/LFS25_ATMO_Tadeas-Kaminek-14.jpg\" data-elementor-open-lightbox=\"yes\" data-elementor-lightbox-slideshow=\"6b7163c\" data-elementor-lightbox-title=\"LF\u0160 2025, Letn\u00ed filmov\u00e1 \u0161kola, atmosf\u00e9ra, \u010cTK \/ Tade\u00e1\u0161 Kam\u00ednek\" data-e-action-hash=\"#elementor-action%3Aaction%3Dlightbox%26settings%3DeyJpZCI6MTI3NTQsInVybCI6Imh0dHBzOlwvXC9sZnMuY3pcL3dwLWNvbnRlbnRcL3VwbG9hZHNcLzIwMjVcLzA3XC9MRlMyNV9BVE1PX1RhZGVhcy1LYW1pbmVrLTE0LmpwZyIsInNsaWRlc2hvdyI6IjZiNzE2M2MifQ%3D%3D\">\n\t\t\t\t\t<div class=\"e-gallery-image elementor-gallery-item__image\" data-thumbnail=\"https:\/\/lfs.cz\/wp-content\/uploads\/2025\/07\/LFS25_ATMO_Tadeas-Kaminek-14-200x300.jpg\" data-width=\"200\" data-height=\"300\" aria-label=\"\" role=\"img\" ><\/div>\n\t\t\t\t\t\t\t\t\t\t\t<div class=\"elementor-gallery-item__overlay\"><\/div>\n\t\t\t\t\t\t\t\t\t\t\t\t\t\t<\/a>\n\t\t\t\t\t\t\t<a class=\"e-gallery-item elementor-gallery-item elementor-animated-content\" data-e-gallery-tags=\"6\" href=\"https:\/\/lfs.cz\/wp-content\/uploads\/2025\/07\/LFS25_Slavnostni-zakonceni-Pod-parou_Zuzana-Bydzovska_CTK-Tadeas-Kaminek-9.jpg\" data-elementor-open-lightbox=\"yes\" data-elementor-lightbox-slideshow=\"6b7163c\" data-elementor-lightbox-title=\"LF\u0160 2025, Letn\u00ed filmov\u00e1 \u0161kola, slavnostn\u00ed zakon\u010den\u00ed, projekce filmu Pod parou, Zuzana Byd\u017eovsk\u00e1, \u010cTK \/ Tade\u00e1\u0161 Kam\u00ednek\" data-e-action-hash=\"#elementor-action%3Aaction%3Dlightbox%26settings%3DeyJpZCI6MTMxNzUsInVybCI6Imh0dHBzOlwvXC9sZnMuY3pcL3dwLWNvbnRlbnRcL3VwbG9hZHNcLzIwMjVcLzA3XC9MRlMyNV9TbGF2bm9zdG5pLXpha29uY2VuaS1Qb2QtcGFyb3VfWnV6YW5hLUJ5ZHpvdnNrYV9DVEstVGFkZWFzLUthbWluZWstOS5qcGciLCJzbGlkZXNob3ciOiI2YjcxNjNjIn0%3D\">\n\t\t\t\t\t<div class=\"e-gallery-image elementor-gallery-item__image\" data-thumbnail=\"https:\/\/lfs.cz\/wp-content\/uploads\/2025\/07\/LFS25_Slavnostni-zakonceni-Pod-parou_Zuzana-Bydzovska_CTK-Tadeas-Kaminek-9-300x200.jpg\" data-width=\"300\" data-height=\"200\" aria-label=\"\" role=\"img\" ><\/div>\n\t\t\t\t\t\t\t\t\t\t\t<div class=\"elementor-gallery-item__overlay\"><\/div>\n\t\t\t\t\t\t\t\t\t\t\t\t\t\t<\/a>\n\t\t\t\t\t\t\t<a class=\"e-gallery-item elementor-gallery-item elementor-animated-content\" data-e-gallery-tags=\"6\" href=\"https:\/\/lfs.cz\/wp-content\/uploads\/2025\/07\/LFS25_Krmitko_Petr-Ctvrtnicek_Stan-CRo_Marek-Malusek.jpg\" data-elementor-open-lightbox=\"yes\" data-elementor-lightbox-slideshow=\"6b7163c\" data-elementor-lightbox-title=\"LF\u0160 2025, Letn\u00ed filmov\u00e1 \u0161kola, Krm\u00edtko x VHSky 2, zleva V\u00edt Schmarc, Petr \u010ctvrtn\u00ed\u010dek, foto Marek Mal\u016f\u0161ek\" data-e-action-hash=\"#elementor-action%3Aaction%3Dlightbox%26settings%3DeyJpZCI6MTMxNjIsInVybCI6Imh0dHBzOlwvXC9sZnMuY3pcL3dwLWNvbnRlbnRcL3VwbG9hZHNcLzIwMjVcLzA3XC9MRlMyNV9Lcm1pdGtvX1BldHItQ3R2cnRuaWNla19TdGFuLUNSb19NYXJlay1NYWx1c2VrLmpwZyIsInNsaWRlc2hvdyI6IjZiNzE2M2MifQ%3D%3D\">\n\t\t\t\t\t<div class=\"e-gallery-image elementor-gallery-item__image\" data-thumbnail=\"https:\/\/lfs.cz\/wp-content\/uploads\/2025\/07\/LFS25_Krmitko_Petr-Ctvrtnicek_Stan-CRo_Marek-Malusek-300x200.jpg\" data-width=\"300\" data-height=\"200\" aria-label=\"\" role=\"img\" ><\/div>\n\t\t\t\t\t\t\t\t\t\t\t<div class=\"elementor-gallery-item__overlay\"><\/div>\n\t\t\t\t\t\t\t\t\t\t\t\t\t\t<\/a>\n\t\t\t\t\t\t\t<a class=\"e-gallery-item elementor-gallery-item elementor-animated-content\" data-e-gallery-tags=\"5\" href=\"https:\/\/lfs.cz\/wp-content\/uploads\/2025\/07\/LFS25_Beetlejuice_Ian-Nathan_CTK-Radek-Petrasek-1.jpg\" data-elementor-open-lightbox=\"yes\" data-elementor-lightbox-slideshow=\"6b7163c\" data-elementor-lightbox-title=\"LF\u0160 2025, Letn\u00ed filmov\u00e1 \u0161kola, Ian Nathan, Beetlejuice, \u010cTK \/ Petr\u00e1\u0161ek Radek\" data-e-action-hash=\"#elementor-action%3Aaction%3Dlightbox%26settings%3DeyJpZCI6MTI5MjYsInVybCI6Imh0dHBzOlwvXC9sZnMuY3pcL3dwLWNvbnRlbnRcL3VwbG9hZHNcLzIwMjVcLzA3XC9MRlMyNV9CZWV0bGVqdWljZV9JYW4tTmF0aGFuX0NUSy1SYWRlay1QZXRyYXNlay0xLmpwZyIsInNsaWRlc2hvdyI6IjZiNzE2M2MifQ%3D%3D\">\n\t\t\t\t\t<div class=\"e-gallery-image elementor-gallery-item__image\" data-thumbnail=\"https:\/\/lfs.cz\/wp-content\/uploads\/2025\/07\/LFS25_Beetlejuice_Ian-Nathan_CTK-Radek-Petrasek-1-300x200.jpg\" data-width=\"300\" data-height=\"200\" aria-label=\"\" role=\"img\" ><\/div>\n\t\t\t\t\t\t\t\t\t\t\t<div class=\"elementor-gallery-item__overlay\"><\/div>\n\t\t\t\t\t\t\t\t\t\t\t\t\t\t<\/a>\n\t\t\t\t\t\t\t<a class=\"e-gallery-item elementor-gallery-item elementor-animated-content\" data-e-gallery-tags=\"2\" href=\"https:\/\/lfs.cz\/wp-content\/uploads\/2025\/07\/Voxpot-Afrika_LFS-stan_Matyas-Cech-1.jpg\" data-elementor-open-lightbox=\"yes\" data-elementor-lightbox-slideshow=\"6b7163c\" data-elementor-lightbox-title=\"Letn\u00ed filmov\u00e1 \u0161kola, LF\u0160 2025, \u010cTK \/ Maty\u00e1\u0161 \u010cech\" data-e-action-hash=\"#elementor-action%3Aaction%3Dlightbox%26settings%3DeyJpZCI6MTI0MDQsInVybCI6Imh0dHBzOlwvXC9sZnMuY3pcL3dwLWNvbnRlbnRcL3VwbG9hZHNcLzIwMjVcLzA3XC9Wb3hwb3QtQWZyaWthX0xGUy1zdGFuX01hdHlhcy1DZWNoLTEuanBnIiwic2xpZGVzaG93IjoiNmI3MTYzYyJ9\">\n\t\t\t\t\t<div class=\"e-gallery-image elementor-gallery-item__image\" data-thumbnail=\"https:\/\/lfs.cz\/wp-content\/uploads\/2025\/07\/Voxpot-Afrika_LFS-stan_Matyas-Cech-1-300x200.jpg\" data-width=\"300\" data-height=\"200\" aria-label=\"\" role=\"img\" ><\/div>\n\t\t\t\t\t\t\t\t\t\t\t<div class=\"elementor-gallery-item__overlay\"><\/div>\n\t\t\t\t\t\t\t\t\t\t\t\t\t\t<\/a>\n\t\t\t\t\t\t\t<a class=\"e-gallery-item elementor-gallery-item elementor-animated-content\" data-e-gallery-tags=\"5\" href=\"https:\/\/lfs.cz\/wp-content\/uploads\/2025\/07\/LFS25_Manzelky_Milja-Mikkolaova_Aula_CTK-Petr-Mlch18.jpg\" data-elementor-open-lightbox=\"yes\" data-elementor-lightbox-slideshow=\"6b7163c\" data-elementor-lightbox-title=\"LF\u0160 2025, Letn\u00ed filmov\u00e1 \u0161kola, projekce, film, Man\u017eelky, Jan J\u00edlek, \u010cTK \/ Mlch Petr\" data-e-action-hash=\"#elementor-action%3Aaction%3Dlightbox%26settings%3DeyJpZCI6MTI5MTYsInVybCI6Imh0dHBzOlwvXC9sZnMuY3pcL3dwLWNvbnRlbnRcL3VwbG9hZHNcLzIwMjVcLzA3XC9MRlMyNV9NYW56ZWxreV9NaWxqYS1NaWtrb2xhb3ZhX0F1bGFfQ1RLLVBldHItTWxjaDE4LmpwZyIsInNsaWRlc2hvdyI6IjZiNzE2M2MifQ%3D%3D\">\n\t\t\t\t\t<div class=\"e-gallery-image elementor-gallery-item__image\" data-thumbnail=\"https:\/\/lfs.cz\/wp-content\/uploads\/2025\/07\/LFS25_Manzelky_Milja-Mikkolaova_Aula_CTK-Petr-Mlch18-300x200.jpg\" data-width=\"300\" data-height=\"200\" aria-label=\"\" role=\"img\" ><\/div>\n\t\t\t\t\t\t\t\t\t\t\t<div class=\"elementor-gallery-item__overlay\"><\/div>\n\t\t\t\t\t\t\t\t\t\t\t\t\t\t<\/a>\n\t\t\t\t\t\t\t<a class=\"e-gallery-item elementor-gallery-item elementor-animated-content\" data-e-gallery-tags=\"3\" href=\"https:\/\/lfs.cz\/wp-content\/uploads\/2025\/07\/LFS25_Filmovy-kviz-pro-teenagery_Matyas-Cech-1.jpg\" data-elementor-open-lightbox=\"yes\" data-elementor-lightbox-slideshow=\"6b7163c\" data-elementor-lightbox-title=\"Letn\u00ed filmov\u00e1 \u0161kola, LF\u0160 2025, Filmov\u00fd kv\u00edz pro teenagery, \u010cTK \/ Maty\u00e1\u0161 \u010cech\" data-e-action-hash=\"#elementor-action%3Aaction%3Dlightbox%26settings%3DeyJpZCI6MTI2NDIsInVybCI6Imh0dHBzOlwvXC9sZnMuY3pcL3dwLWNvbnRlbnRcL3VwbG9hZHNcLzIwMjVcLzA3XC9MRlMyNV9GaWxtb3Z5LWt2aXotcHJvLXRlZW5hZ2VyeV9NYXR5YXMtQ2VjaC0xLmpwZyIsInNsaWRlc2hvdyI6IjZiNzE2M2MifQ%3D%3D\">\n\t\t\t\t\t<div class=\"e-gallery-image elementor-gallery-item__image\" data-thumbnail=\"https:\/\/lfs.cz\/wp-content\/uploads\/2025\/07\/LFS25_Filmovy-kviz-pro-teenagery_Matyas-Cech-1-300x200.jpg\" data-width=\"300\" data-height=\"200\" aria-label=\"\" role=\"img\" ><\/div>\n\t\t\t\t\t\t\t\t\t\t\t<div class=\"elementor-gallery-item__overlay\"><\/div>\n\t\t\t\t\t\t\t\t\t\t\t\t\t\t<\/a>\n\t\t\t\t\t\t\t<a class=\"e-gallery-item elementor-gallery-item elementor-animated-content\" data-e-gallery-tags=\"1\" href=\"https:\/\/lfs.cz\/wp-content\/uploads\/2025\/07\/LFS25_Chybny-pohyb_Slovacke-divadlo_Radeas-Kaminek-1.jpg\" data-elementor-open-lightbox=\"yes\" data-elementor-lightbox-slideshow=\"6b7163c\" data-elementor-lightbox-title=\"LF\u0160 2025, Letn\u00ed filmov\u00e1 \u0161kola, Slov\u00e1ck\u00e9 divadlo, \u010cTK \/ Tade\u00e1\u0161 Kam\u00ednek\" data-e-action-hash=\"#elementor-action%3Aaction%3Dlightbox%26settings%3DeyJpZCI6MTIyMjksInVybCI6Imh0dHBzOlwvXC9sZnMuY3pcL3dwLWNvbnRlbnRcL3VwbG9hZHNcLzIwMjVcLzA3XC9MRlMyNV9DaHlibnktcG9oeWJfU2xvdmFja2UtZGl2YWRsb19SYWRlYXMtS2FtaW5lay0xLmpwZyIsInNsaWRlc2hvdyI6IjZiNzE2M2MifQ%3D%3D\">\n\t\t\t\t\t<div class=\"e-gallery-image elementor-gallery-item__image\" data-thumbnail=\"https:\/\/lfs.cz\/wp-content\/uploads\/2025\/07\/LFS25_Chybny-pohyb_Slovacke-divadlo_Radeas-Kaminek-1-300x200.jpg\" data-width=\"300\" data-height=\"200\" aria-label=\"\" role=\"img\" ><\/div>\n\t\t\t\t\t\t\t\t\t\t\t<div class=\"elementor-gallery-item__overlay\"><\/div>\n\t\t\t\t\t\t\t\t\t\t\t\t\t\t<\/a>\n\t\t\t\t\t\t\t<a class=\"e-gallery-item elementor-gallery-item elementor-animated-content\" data-e-gallery-tags=\"4\" href=\"https:\/\/lfs.cz\/wp-content\/uploads\/2025\/07\/LFS25_ATMO_Petr-Mlch-3-4.jpg\" data-elementor-open-lightbox=\"yes\" data-elementor-lightbox-slideshow=\"6b7163c\" data-elementor-lightbox-title=\"LF\u0160 2025, Letn\u00ed filmov\u00e1 \u0161kola, Radio Wave, \u010cTK \/ Mlch Petr\" data-e-action-hash=\"#elementor-action%3Aaction%3Dlightbox%26settings%3DeyJpZCI6MTI4MjYsInVybCI6Imh0dHBzOlwvXC9sZnMuY3pcL3dwLWNvbnRlbnRcL3VwbG9hZHNcLzIwMjVcLzA3XC9MRlMyNV9BVE1PX1BldHItTWxjaC0zLTQuanBnIiwic2xpZGVzaG93IjoiNmI3MTYzYyJ9\">\n\t\t\t\t\t<div class=\"e-gallery-image elementor-gallery-item__image\" data-thumbnail=\"https:\/\/lfs.cz\/wp-content\/uploads\/2025\/07\/LFS25_ATMO_Petr-Mlch-3-4-300x200.jpg\" data-width=\"300\" data-height=\"200\" aria-label=\"\" role=\"img\" ><\/div>\n\t\t\t\t\t\t\t\t\t\t\t<div class=\"elementor-gallery-item__overlay\"><\/div>\n\t\t\t\t\t\t\t\t\t\t\t\t\t\t<\/a>\n\t\t\t\t\t\t\t<a class=\"e-gallery-item elementor-gallery-item elementor-animated-content\" data-e-gallery-tags=\"4\" href=\"https:\/\/lfs.cz\/wp-content\/uploads\/2025\/07\/LFS25_Z-hrace-tvurcem-hernich-svetu_HUB123_Radek-Petrasek-6.jpg\" data-elementor-open-lightbox=\"yes\" data-elementor-lightbox-slideshow=\"6b7163c\" data-elementor-lightbox-title=\"LF\u0160 2025, Letn\u00ed filmov\u00e1 \u0161kola, Workshop: Z hr\u00e1\u010de tv\u016frcem hern\u00edch sv\u011bt\u016f, lektorka Britta Senn, \u010cTK \/ Petr\u00e1\u0161ek Radek\" data-e-action-hash=\"#elementor-action%3Aaction%3Dlightbox%26settings%3DeyJpZCI6MTI3MTcsInVybCI6Imh0dHBzOlwvXC9sZnMuY3pcL3dwLWNvbnRlbnRcL3VwbG9hZHNcLzIwMjVcLzA3XC9MRlMyNV9aLWhyYWNlLXR2dXJjZW0taGVybmljaC1zdmV0dV9IVUIxMjNfUmFkZWstUGV0cmFzZWstNi5qcGciLCJzbGlkZXNob3ciOiI2YjcxNjNjIn0%3D\">\n\t\t\t\t\t<div class=\"e-gallery-image elementor-gallery-item__image\" data-thumbnail=\"https:\/\/lfs.cz\/wp-content\/uploads\/2025\/07\/LFS25_Z-hrace-tvurcem-hernich-svetu_HUB123_Radek-Petrasek-6-300x200.jpg\" data-width=\"300\" data-height=\"200\" aria-label=\"\" role=\"img\" ><\/div>\n\t\t\t\t\t\t\t\t\t\t\t<div class=\"elementor-gallery-item__overlay\"><\/div>\n\t\t\t\t\t\t\t\t\t\t\t\t\t\t<\/a>\n\t\t\t\t\t\t\t<a class=\"e-gallery-item elementor-gallery-item elementor-animated-content\" data-e-gallery-tags=\"3\" href=\"https:\/\/lfs.cz\/wp-content\/uploads\/2025\/07\/LFS25_Jan-Nemec-Jana-Sramkova_Byt_Marek-Malusek-5.jpg\" data-elementor-open-lightbox=\"yes\" data-elementor-lightbox-slideshow=\"6b7163c\" data-elementor-lightbox-title=\"LF\u0160 2025, Letn\u00ed filmov\u00e1 \u0161kola, Jan N\u011bmec, Jana \u0160r\u00e1mkov\u00e1: Byt, foto Marek Mal\u016f\u0161ek\" data-e-action-hash=\"#elementor-action%3Aaction%3Dlightbox%26settings%3DeyJpZCI6MTI2ODUsInVybCI6Imh0dHBzOlwvXC9sZnMuY3pcL3dwLWNvbnRlbnRcL3VwbG9hZHNcLzIwMjVcLzA3XC9MRlMyNV9KYW4tTmVtZWMtSmFuYS1TcmFta292YV9CeXRfTWFyZWstTWFsdXNlay01LmpwZyIsInNsaWRlc2hvdyI6IjZiNzE2M2MifQ%3D%3D\">\n\t\t\t\t\t<div class=\"e-gallery-image elementor-gallery-item__image\" data-thumbnail=\"https:\/\/lfs.cz\/wp-content\/uploads\/2025\/07\/LFS25_Jan-Nemec-Jana-Sramkova_Byt_Marek-Malusek-5-300x200.jpg\" data-width=\"300\" data-height=\"200\" aria-label=\"\" role=\"img\" ><\/div>\n\t\t\t\t\t\t\t\t\t\t\t<div class=\"elementor-gallery-item__overlay\"><\/div>\n\t\t\t\t\t\t\t\t\t\t\t\t\t\t<\/a>\n\t\t\t\t\t\t\t<a class=\"e-gallery-item elementor-gallery-item elementor-animated-content\" data-e-gallery-tags=\"4\" href=\"https:\/\/lfs.cz\/wp-content\/uploads\/2025\/07\/LFS25_Mindok_Richard-Skoumal-2.jpg\" data-elementor-open-lightbox=\"yes\" data-elementor-lightbox-slideshow=\"6b7163c\" data-elementor-lightbox-title=\"Ve\u010der deskov\u00fdch her s MINDOKem, Letn\u00ed filmov\u00e1 \u0161kola, LF\u0160 2025, \u010cTK \/ Skoumal Richard\" data-e-action-hash=\"#elementor-action%3Aaction%3Dlightbox%26settings%3DeyJpZCI6MTI4MDYsInVybCI6Imh0dHBzOlwvXC9sZnMuY3pcL3dwLWNvbnRlbnRcL3VwbG9hZHNcLzIwMjVcLzA3XC9MRlMyNV9NaW5kb2tfUmljaGFyZC1Ta291bWFsLTIuanBnIiwic2xpZGVzaG93IjoiNmI3MTYzYyJ9\">\n\t\t\t\t\t<div class=\"e-gallery-image elementor-gallery-item__image\" data-thumbnail=\"https:\/\/lfs.cz\/wp-content\/uploads\/2025\/07\/LFS25_Mindok_Richard-Skoumal-2-300x200.jpg\" data-width=\"300\" data-height=\"200\" aria-label=\"\" role=\"img\" ><\/div>\n\t\t\t\t\t\t\t\t\t\t\t<div class=\"elementor-gallery-item__overlay\"><\/div>\n\t\t\t\t\t\t\t\t\t\t\t\t\t\t<\/a>\n\t\t\t\t\t\t\t<a class=\"e-gallery-item elementor-gallery-item elementor-animated-content\" data-e-gallery-tags=\"1\" href=\"https:\/\/lfs.cz\/wp-content\/uploads\/2025\/07\/LFS25_Deset-malych-cernousku_Reduta_Tadeas-Kaminek-9.jpg\" data-elementor-open-lightbox=\"yes\" data-elementor-lightbox-slideshow=\"6b7163c\" data-elementor-lightbox-title=\"LF\u0160 2025, Letn\u00ed filmov\u00e1 \u0161kola, \u010cTK \/ Tade\u00e1\u0161 Kam\u00ednek\" data-e-action-hash=\"#elementor-action%3Aaction%3Dlightbox%26settings%3DeyJpZCI6MTI0MjIsInVybCI6Imh0dHBzOlwvXC9sZnMuY3pcL3dwLWNvbnRlbnRcL3VwbG9hZHNcLzIwMjVcLzA3XC9MRlMyNV9EZXNldC1tYWx5Y2gtY2Vybm91c2t1X1JlZHV0YV9UYWRlYXMtS2FtaW5lay05LmpwZyIsInNsaWRlc2hvdyI6IjZiNzE2M2MifQ%3D%3D\">\n\t\t\t\t\t<div class=\"e-gallery-image elementor-gallery-item__image\" data-thumbnail=\"https:\/\/lfs.cz\/wp-content\/uploads\/2025\/07\/LFS25_Deset-malych-cernousku_Reduta_Tadeas-Kaminek-9-300x200.jpg\" data-width=\"300\" data-height=\"200\" aria-label=\"\" role=\"img\" ><\/div>\n\t\t\t\t\t\t\t\t\t\t\t<div class=\"elementor-gallery-item__overlay\"><\/div>\n\t\t\t\t\t\t\t\t\t\t\t\t\t\t<\/a>\n\t\t\t\t\t\t\t<a class=\"e-gallery-item elementor-gallery-item elementor-animated-content\" data-e-gallery-tags=\"2\" href=\"https:\/\/lfs.cz\/wp-content\/uploads\/2025\/07\/LFS25_ATMO_Tadeas-Kaminek-4.jpg\" data-elementor-open-lightbox=\"yes\" data-elementor-lightbox-slideshow=\"6b7163c\" data-elementor-lightbox-title=\"LF\u0160 2025, Letn\u00ed filmov\u00e1 \u0161kola, atmosf\u00e9ra, \u010cTK \/ Tade\u00e1\u0161 Kam\u00ednek\" data-e-action-hash=\"#elementor-action%3Aaction%3Dlightbox%26settings%3DeyJpZCI6MTI0MDIsInVybCI6Imh0dHBzOlwvXC9sZnMuY3pcL3dwLWNvbnRlbnRcL3VwbG9hZHNcLzIwMjVcLzA3XC9MRlMyNV9BVE1PX1RhZGVhcy1LYW1pbmVrLTQuanBnIiwic2xpZGVzaG93IjoiNmI3MTYzYyJ9\">\n\t\t\t\t\t<div class=\"e-gallery-image elementor-gallery-item__image\" data-thumbnail=\"https:\/\/lfs.cz\/wp-content\/uploads\/2025\/07\/LFS25_ATMO_Tadeas-Kaminek-4-300x200.jpg\" data-width=\"300\" data-height=\"200\" aria-label=\"\" role=\"img\" ><\/div>\n\t\t\t\t\t\t\t\t\t\t\t<div class=\"elementor-gallery-item__overlay\"><\/div>\n\t\t\t\t\t\t\t\t\t\t\t\t\t\t<\/a>\n\t\t\t\t\t\t\t<a class=\"e-gallery-item elementor-gallery-item elementor-animated-content\" data-e-gallery-tags=\"5\" href=\"https:\/\/lfs.cz\/wp-content\/uploads\/2025\/07\/LFS25_Krasna-vyzvedacka_hudba-Olga-Anna-Markowska_CTK-Tadeas-Kaminek-2.jpg\" data-elementor-open-lightbox=\"yes\" data-elementor-lightbox-slideshow=\"6b7163c\" data-elementor-lightbox-title=\"LF\u0160 2025, Letn\u00ed filmov\u00e1 \u0161kola, projekce filmu: Kr\u00e1sn\u00e1 vyzv\u011bda\u010dka, Olga Anna Markowsk\u00e1, \u010cTK \/ Tade\u00e1\u0161 Kam\u00ednek\" data-e-action-hash=\"#elementor-action%3Aaction%3Dlightbox%26settings%3DeyJpZCI6MTI5NzIsInVybCI6Imh0dHBzOlwvXC9sZnMuY3pcL3dwLWNvbnRlbnRcL3VwbG9hZHNcLzIwMjVcLzA3XC9MRlMyNV9LcmFzbmEtdnl6dmVkYWNrYV9odWRiYS1PbGdhLUFubmEtTWFya293c2thX0NUSy1UYWRlYXMtS2FtaW5lay0yLmpwZyIsInNsaWRlc2hvdyI6IjZiNzE2M2MifQ%3D%3D\">\n\t\t\t\t\t<div class=\"e-gallery-image elementor-gallery-item__image\" data-thumbnail=\"https:\/\/lfs.cz\/wp-content\/uploads\/2025\/07\/LFS25_Krasna-vyzvedacka_hudba-Olga-Anna-Markowska_CTK-Tadeas-Kaminek-2-300x200.jpg\" data-width=\"300\" data-height=\"200\" aria-label=\"\" role=\"img\" ><\/div>\n\t\t\t\t\t\t\t\t\t\t\t<div class=\"elementor-gallery-item__overlay\"><\/div>\n\t\t\t\t\t\t\t\t\t\t\t\t\t\t<\/a>\n\t\t\t\t\t\t\t<a class=\"e-gallery-item elementor-gallery-item elementor-animated-content\" data-e-gallery-tags=\"4\" href=\"https:\/\/lfs.cz\/wp-content\/uploads\/2025\/07\/LFS25_Kulturak_Vietnamska-kultura-v-Cesku_Jonas-Zboril_Richard-Skoumal-5.jpg\" data-elementor-open-lightbox=\"yes\" data-elementor-lightbox-slideshow=\"6b7163c\" data-elementor-lightbox-title=\"Kultur\u00e1k: Vietnamsk\u00e1 kultura v \u010cesku, Anki, Du\u017ean Duong, Ve\u010derka, Jon\u00e1\u0161 Zbo\u0159il, Letn\u00ed filmov\u00e1 \u0161kola, LF\u0160 2025, \u010cTK \/ Skoumal Richard\" data-e-action-hash=\"#elementor-action%3Aaction%3Dlightbox%26settings%3DeyJpZCI6MTI3MDUsInVybCI6Imh0dHBzOlwvXC9sZnMuY3pcL3dwLWNvbnRlbnRcL3VwbG9hZHNcLzIwMjVcLzA3XC9MRlMyNV9LdWx0dXJha19WaWV0bmFtc2thLWt1bHR1cmEtdi1DZXNrdV9Kb25hcy1aYm9yaWxfUmljaGFyZC1Ta291bWFsLTUuanBnIiwic2xpZGVzaG93IjoiNmI3MTYzYyJ9\">\n\t\t\t\t\t<div class=\"e-gallery-image elementor-gallery-item__image\" data-thumbnail=\"https:\/\/lfs.cz\/wp-content\/uploads\/2025\/07\/LFS25_Kulturak_Vietnamska-kultura-v-Cesku_Jonas-Zboril_Richard-Skoumal-5-300x200.jpg\" data-width=\"300\" data-height=\"200\" aria-label=\"\" role=\"img\" ><\/div>\n\t\t\t\t\t\t\t\t\t\t\t<div class=\"elementor-gallery-item__overlay\"><\/div>\n\t\t\t\t\t\t\t\t\t\t\t\t\t\t<\/a>\n\t\t\t\t\t\t\t<a class=\"e-gallery-item elementor-gallery-item elementor-animated-content\" data-e-gallery-tags=\"0\" href=\"https:\/\/lfs.cz\/wp-content\/uploads\/2025\/07\/LFS25_Valecne-okamziky_Palackeho-namesti_Petr-Mlch-1-1.jpg\" data-elementor-open-lightbox=\"yes\" data-elementor-lightbox-slideshow=\"6b7163c\" data-elementor-lightbox-title=\"LF\u0160 2025, Letn\u00ed filmov\u00e1 \u0161kola, \u010cTK, v\u00fdstava, V\u00e1le\u010dn\u00e9 okam\u017eiky, fotografie, \u010cTK \/ Petr Mlch\" data-e-action-hash=\"#elementor-action%3Aaction%3Dlightbox%26settings%3DeyJpZCI6MTIxMjYsInVybCI6Imh0dHBzOlwvXC9sZnMuY3pcL3dwLWNvbnRlbnRcL3VwbG9hZHNcLzIwMjVcLzA3XC9MRlMyNV9WYWxlY25lLW9rYW16aWt5X1BhbGFja2Voby1uYW1lc3RpX1BldHItTWxjaC0xLTEuanBnIiwic2xpZGVzaG93IjoiNmI3MTYzYyJ9\">\n\t\t\t\t\t<div class=\"e-gallery-image elementor-gallery-item__image\" data-thumbnail=\"https:\/\/lfs.cz\/wp-content\/uploads\/2025\/07\/LFS25_Valecne-okamziky_Palackeho-namesti_Petr-Mlch-1-1-300x200.jpg\" data-width=\"300\" data-height=\"200\" aria-label=\"\" role=\"img\" ><\/div>\n\t\t\t\t\t\t\t\t\t\t\t<div class=\"elementor-gallery-item__overlay\"><\/div>\n\t\t\t\t\t\t\t\t\t\t\t\t\t\t<\/a>\n\t\t\t\t\t\t\t<a class=\"e-gallery-item elementor-gallery-item elementor-animated-content\" data-e-gallery-tags=\"2\" href=\"https:\/\/lfs.cz\/wp-content\/uploads\/2025\/07\/LFS25_ATMO_Richard-Skoumal-8.jpg\" data-elementor-open-lightbox=\"yes\" data-elementor-lightbox-slideshow=\"6b7163c\" data-elementor-lightbox-title=\"Atmosf\u00e9ra, Letn\u00ed filmov\u00e1 \u0161kola, LF\u0160 2025, \u010cTK \/ Skoumal Richard\" data-e-action-hash=\"#elementor-action%3Aaction%3Dlightbox%26settings%3DeyJpZCI6MTIzOTYsInVybCI6Imh0dHBzOlwvXC9sZnMuY3pcL3dwLWNvbnRlbnRcL3VwbG9hZHNcLzIwMjVcLzA3XC9MRlMyNV9BVE1PX1JpY2hhcmQtU2tvdW1hbC04LmpwZyIsInNsaWRlc2hvdyI6IjZiNzE2M2MifQ%3D%3D\">\n\t\t\t\t\t<div class=\"e-gallery-image elementor-gallery-item__image\" data-thumbnail=\"https:\/\/lfs.cz\/wp-content\/uploads\/2025\/07\/LFS25_ATMO_Richard-Skoumal-8-300x200.jpg\" data-width=\"300\" data-height=\"200\" aria-label=\"\" role=\"img\" ><\/div>\n\t\t\t\t\t\t\t\t\t\t\t<div class=\"elementor-gallery-item__overlay\"><\/div>\n\t\t\t\t\t\t\t\t\t\t\t\t\t\t<\/a>\n\t\t\t\t\t\t\t<a class=\"e-gallery-item elementor-gallery-item elementor-animated-content\" data-e-gallery-tags=\"5\" href=\"https:\/\/lfs.cz\/wp-content\/uploads\/2025\/07\/LFS25_Manzelky_Milja-Mikkolaova_Aula_CTK-Petr-Mlch11.jpg\" data-elementor-open-lightbox=\"yes\" data-elementor-lightbox-slideshow=\"6b7163c\" data-elementor-lightbox-title=\"LF\u0160 2025, Letn\u00ed filmov\u00e1 \u0161kola, projekce, film, Man\u017eelky, \u010cTK \/ Mlch Petr\" data-e-action-hash=\"#elementor-action%3Aaction%3Dlightbox%26settings%3DeyJpZCI6MTI5MTMsInVybCI6Imh0dHBzOlwvXC9sZnMuY3pcL3dwLWNvbnRlbnRcL3VwbG9hZHNcLzIwMjVcLzA3XC9MRlMyNV9NYW56ZWxreV9NaWxqYS1NaWtrb2xhb3ZhX0F1bGFfQ1RLLVBldHItTWxjaDExLmpwZyIsInNsaWRlc2hvdyI6IjZiNzE2M2MifQ%3D%3D\">\n\t\t\t\t\t<div class=\"e-gallery-image elementor-gallery-item__image\" data-thumbnail=\"https:\/\/lfs.cz\/wp-content\/uploads\/2025\/07\/LFS25_Manzelky_Milja-Mikkolaova_Aula_CTK-Petr-Mlch11-300x200.jpg\" data-width=\"300\" data-height=\"200\" aria-label=\"\" role=\"img\" ><\/div>\n\t\t\t\t\t\t\t\t\t\t\t<div class=\"elementor-gallery-item__overlay\"><\/div>\n\t\t\t\t\t\t\t\t\t\t\t\t\t\t<\/a>\n\t\t\t\t\t\t\t<a class=\"e-gallery-item elementor-gallery-item elementor-animated-content\" data-e-gallery-tags=\"2\" href=\"https:\/\/lfs.cz\/wp-content\/uploads\/2025\/07\/LFS25_Slam-poetry_Jan-Beranek-5.jpg\" data-elementor-open-lightbox=\"yes\" data-elementor-lightbox-slideshow=\"6b7163c\" data-elementor-lightbox-title=\"LF\u0160 2025, Letn\u00ed filmov\u00e1 \u0161kola, Slam poetry, div\u00e1ci, \u010cTK \/ Jan Ber\u00e1nek\" data-e-action-hash=\"#elementor-action%3Aaction%3Dlightbox%26settings%3DeyJpZCI6MTI0MjksInVybCI6Imh0dHBzOlwvXC9sZnMuY3pcL3dwLWNvbnRlbnRcL3VwbG9hZHNcLzIwMjVcLzA3XC9MRlMyNV9TbGFtLXBvZXRyeV9KYW4tQmVyYW5lay01LmpwZyIsInNsaWRlc2hvdyI6IjZiNzE2M2MifQ%3D%3D\">\n\t\t\t\t\t<div class=\"e-gallery-image elementor-gallery-item__image\" data-thumbnail=\"https:\/\/lfs.cz\/wp-content\/uploads\/2025\/07\/LFS25_Slam-poetry_Jan-Beranek-5-300x200.jpg\" data-width=\"300\" data-height=\"200\" aria-label=\"\" role=\"img\" ><\/div>\n\t\t\t\t\t\t\t\t\t\t\t<div class=\"elementor-gallery-item__overlay\"><\/div>\n\t\t\t\t\t\t\t\t\t\t\t\t\t\t<\/a>\n\t\t\t\t\t\t\t<a class=\"e-gallery-item elementor-gallery-item elementor-animated-content\" data-e-gallery-tags=\"5\" href=\"https:\/\/lfs.cz\/wp-content\/uploads\/2025\/07\/LFS25_Baba-z-ledu_Zuzana-Kronerova_CTK-Radek-Petrasek-5.jpg\" data-elementor-open-lightbox=\"yes\" data-elementor-lightbox-slideshow=\"6b7163c\" data-elementor-lightbox-title=\"LF\u0160 2025, Letn\u00ed filmov\u00e1 \u0161kola, Zuzana Kronerov\u00e1, \u010cTK \/ Petr\u00e1\u0161ek Radek\" data-e-action-hash=\"#elementor-action%3Aaction%3Dlightbox%26settings%3DeyJpZCI6MTI5NjYsInVybCI6Imh0dHBzOlwvXC9sZnMuY3pcL3dwLWNvbnRlbnRcL3VwbG9hZHNcLzIwMjVcLzA3XC9MRlMyNV9CYWJhLXotbGVkdV9adXphbmEtS3JvbmVyb3ZhX0NUSy1SYWRlay1QZXRyYXNlay01LmpwZyIsInNsaWRlc2hvdyI6IjZiNzE2M2MifQ%3D%3D\">\n\t\t\t\t\t<div class=\"e-gallery-image elementor-gallery-item__image\" data-thumbnail=\"https:\/\/lfs.cz\/wp-content\/uploads\/2025\/07\/LFS25_Baba-z-ledu_Zuzana-Kronerova_CTK-Radek-Petrasek-5-300x200.jpg\" data-width=\"300\" data-height=\"200\" aria-label=\"\" role=\"img\" ><\/div>\n\t\t\t\t\t\t\t\t\t\t\t<div class=\"elementor-gallery-item__overlay\"><\/div>\n\t\t\t\t\t\t\t\t\t\t\t\t\t\t<\/a>\n\t\t\t\t\t\t\t<a class=\"e-gallery-item elementor-gallery-item elementor-animated-content\" data-e-gallery-tags=\"3\" href=\"https:\/\/lfs.cz\/wp-content\/uploads\/2025\/07\/LFS25_Cetkast_Ondrej-Provaznik_Petr-Mlch-4.jpg\" data-elementor-open-lightbox=\"yes\" data-elementor-lightbox-slideshow=\"6b7163c\" data-elementor-lightbox-title=\"LF\u0160 2025, Letn\u00ed filmov\u00e1 \u0161kola, \u010cetkast, podcast, Ond\u0159ej Provazn\u00edk, \u010cTK \/ Mlch Petr\" data-e-action-hash=\"#elementor-action%3Aaction%3Dlightbox%26settings%3DeyJpZCI6MTI1MTQsInVybCI6Imh0dHBzOlwvXC9sZnMuY3pcL3dwLWNvbnRlbnRcL3VwbG9hZHNcLzIwMjVcLzA3XC9MRlMyNV9DZXRrYXN0X09uZHJlai1Qcm92YXpuaWtfUGV0ci1NbGNoLTQuanBnIiwic2xpZGVzaG93IjoiNmI3MTYzYyJ9\">\n\t\t\t\t\t<div class=\"e-gallery-image elementor-gallery-item__image\" data-thumbnail=\"https:\/\/lfs.cz\/wp-content\/uploads\/2025\/07\/LFS25_Cetkast_Ondrej-Provaznik_Petr-Mlch-4-200x300.jpg\" data-width=\"200\" data-height=\"300\" aria-label=\"\" role=\"img\" ><\/div>\n\t\t\t\t\t\t\t\t\t\t\t<div class=\"elementor-gallery-item__overlay\"><\/div>\n\t\t\t\t\t\t\t\t\t\t\t\t\t\t<\/a>\n\t\t\t\t\t\t\t<a class=\"e-gallery-item elementor-gallery-item elementor-animated-content\" data-e-gallery-tags=\"2\" href=\"https:\/\/lfs.cz\/wp-content\/uploads\/2025\/07\/LFS25_Slam-poetry_Jan-Beranek-2.jpg\" data-elementor-open-lightbox=\"yes\" data-elementor-lightbox-slideshow=\"6b7163c\" data-elementor-lightbox-title=\"LF\u0160 2025, Letn\u00ed filmov\u00e1 \u0161kola, Slam poetry, div\u00e1ci, \u010cTK \/ Jan Ber\u00e1nek\" data-e-action-hash=\"#elementor-action%3Aaction%3Dlightbox%26settings%3DeyJpZCI6MTI0MjYsInVybCI6Imh0dHBzOlwvXC9sZnMuY3pcL3dwLWNvbnRlbnRcL3VwbG9hZHNcLzIwMjVcLzA3XC9MRlMyNV9TbGFtLXBvZXRyeV9KYW4tQmVyYW5lay0yLmpwZyIsInNsaWRlc2hvdyI6IjZiNzE2M2MifQ%3D%3D\">\n\t\t\t\t\t<div class=\"e-gallery-image elementor-gallery-item__image\" data-thumbnail=\"https:\/\/lfs.cz\/wp-content\/uploads\/2025\/07\/LFS25_Slam-poetry_Jan-Beranek-2-300x200.jpg\" data-width=\"300\" data-height=\"200\" aria-label=\"\" role=\"img\" ><\/div>\n\t\t\t\t\t\t\t\t\t\t\t<div class=\"elementor-gallery-item__overlay\"><\/div>\n\t\t\t\t\t\t\t\t\t\t\t\t\t\t<\/a>\n\t\t\t\t\t\t\t<a class=\"e-gallery-item elementor-gallery-item elementor-animated-content\" data-e-gallery-tags=\"5\" href=\"https:\/\/lfs.cz\/wp-content\/uploads\/2025\/07\/LFS25_FAMU-History_Jan-Sverak_CTK-Dalibor-Gluck-3.jpg\" data-elementor-open-lightbox=\"yes\" data-elementor-lightbox-slideshow=\"6b7163c\" data-elementor-lightbox-title=\"Jan Sv\u011br\u00e1k, re\u017eis\u00e9r, LF\u0160 2025, Letn\u00ed filmov\u00e1 \u0161kola, \u010cTK \/ Gl\u00fcck Dalibor\" data-e-action-hash=\"#elementor-action%3Aaction%3Dlightbox%26settings%3DeyJpZCI6MTI5NjksInVybCI6Imh0dHBzOlwvXC9sZnMuY3pcL3dwLWNvbnRlbnRcL3VwbG9hZHNcLzIwMjVcLzA3XC9MRlMyNV9GQU1VLUhpc3RvcnlfSmFuLVN2ZXJha19DVEstRGFsaWJvci1HbHVjay0zLmpwZyIsInNsaWRlc2hvdyI6IjZiNzE2M2MifQ%3D%3D\">\n\t\t\t\t\t<div class=\"e-gallery-image elementor-gallery-item__image\" data-thumbnail=\"https:\/\/lfs.cz\/wp-content\/uploads\/2025\/07\/LFS25_FAMU-History_Jan-Sverak_CTK-Dalibor-Gluck-3-300x200.jpg\" data-width=\"300\" data-height=\"200\" aria-label=\"\" role=\"img\" ><\/div>\n\t\t\t\t\t\t\t\t\t\t\t<div class=\"elementor-gallery-item__overlay\"><\/div>\n\t\t\t\t\t\t\t\t\t\t\t\t\t\t<\/a>\n\t\t\t\t\t\t\t<a class=\"e-gallery-item elementor-gallery-item elementor-animated-content\" data-e-gallery-tags=\"6\" href=\"https:\/\/lfs.cz\/wp-content\/uploads\/2025\/07\/LFS25_Duchon_CTK-Matyas-Cech-5.jpg\" data-elementor-open-lightbox=\"yes\" data-elementor-lightbox-slideshow=\"6b7163c\" data-elementor-lightbox-title=\"LF\u0160 2025, Letn\u00ed filmov\u00e1 \u0161kola, (zleva) Re\u017eis\u00e9r Peter Bebjak, producent Ras\u0165o \u0160est\u00e1k a herec Vladislav Plev\u010d\u00edk na prom\u00edt\u00e1n\u00ed filmu Ducho\u0148, \u010cTK \/ Maty\u00e1\u0161 \u010cech\" data-e-action-hash=\"#elementor-action%3Aaction%3Dlightbox%26settings%3DeyJpZCI6MTMwOTUsInVybCI6Imh0dHBzOlwvXC9sZnMuY3pcL3dwLWNvbnRlbnRcL3VwbG9hZHNcLzIwMjVcLzA3XC9MRlMyNV9EdWNob25fQ1RLLU1hdHlhcy1DZWNoLTUuanBnIiwic2xpZGVzaG93IjoiNmI3MTYzYyJ9\">\n\t\t\t\t\t<div class=\"e-gallery-image elementor-gallery-item__image\" data-thumbnail=\"https:\/\/lfs.cz\/wp-content\/uploads\/2025\/07\/LFS25_Duchon_CTK-Matyas-Cech-5-300x200.jpg\" data-width=\"300\" data-height=\"200\" aria-label=\"\" role=\"img\" ><\/div>\n\t\t\t\t\t\t\t\t\t\t\t<div class=\"elementor-gallery-item__overlay\"><\/div>\n\t\t\t\t\t\t\t\t\t\t\t\t\t\t<\/a>\n\t\t\t\t\t\t\t<a class=\"e-gallery-item elementor-gallery-item elementor-animated-content\" data-e-gallery-tags=\"4\" href=\"https:\/\/lfs.cz\/wp-content\/uploads\/2025\/07\/LFS25_Nahore-nebe-v-doline-ja_CTK-Ricard-Skoumal-9.jpg\" data-elementor-open-lightbox=\"yes\" data-elementor-lightbox-slideshow=\"6b7163c\" data-elementor-lightbox-title=\"Naho\u0159e nebe, v dolin\u011b j\u00e1, Katar\u00edna Gramatov\u00e1, Tom\u00e1\u0161 Kotas, Julie \u017d\u00e1\u010dkov\u00e1, Letn\u00ed filmov\u00e1 \u0161kola, LF\u0160 2025, \u010cTK \/ Skoumal Richard\" data-e-action-hash=\"#elementor-action%3Aaction%3Dlightbox%26settings%3DeyJpZCI6MTI5MzIsInVybCI6Imh0dHBzOlwvXC9sZnMuY3pcL3dwLWNvbnRlbnRcL3VwbG9hZHNcLzIwMjVcLzA3XC9MRlMyNV9OYWhvcmUtbmViZS12LWRvbGluZS1qYV9DVEstUmljYXJkLVNrb3VtYWwtOS5qcGciLCJzbGlkZXNob3ciOiI2YjcxNjNjIn0%3D\">\n\t\t\t\t\t<div class=\"e-gallery-image elementor-gallery-item__image\" data-thumbnail=\"https:\/\/lfs.cz\/wp-content\/uploads\/2025\/07\/LFS25_Nahore-nebe-v-doline-ja_CTK-Ricard-Skoumal-9-300x200.jpg\" data-width=\"300\" data-height=\"200\" aria-label=\"\" role=\"img\" ><\/div>\n\t\t\t\t\t\t\t\t\t\t\t<div class=\"elementor-gallery-item__overlay\"><\/div>\n\t\t\t\t\t\t\t\t\t\t\t\t\t\t<\/a>\n\t\t\t\t\t\t\t<a class=\"e-gallery-item elementor-gallery-item elementor-animated-content\" data-e-gallery-tags=\"6\" href=\"https:\/\/lfs.cz\/wp-content\/uploads\/2025\/07\/LFS25_Slavnostni-zakonceni-Pod-parou_CTK-Tadeas-Kaminek-7.jpg\" data-elementor-open-lightbox=\"yes\" data-elementor-lightbox-slideshow=\"6b7163c\" data-elementor-lightbox-title=\"LF\u0160 2025, Letn\u00ed filmov\u00e1 \u0161kola, slavnostn\u00ed zakon\u010den\u00ed, projekce filmu Pod parou, Martin My\u0161i\u010dka, \u010cTK \/ Tade\u00e1\u0161 Kam\u00ednek\" data-e-action-hash=\"#elementor-action%3Aaction%3Dlightbox%26settings%3DeyJpZCI6MTMxNzIsInVybCI6Imh0dHBzOlwvXC9sZnMuY3pcL3dwLWNvbnRlbnRcL3VwbG9hZHNcLzIwMjVcLzA3XC9MRlMyNV9TbGF2bm9zdG5pLXpha29uY2VuaS1Qb2QtcGFyb3VfQ1RLLVRhZGVhcy1LYW1pbmVrLTcuanBnIiwic2xpZGVzaG93IjoiNmI3MTYzYyJ9\">\n\t\t\t\t\t<div class=\"e-gallery-image elementor-gallery-item__image\" data-thumbnail=\"https:\/\/lfs.cz\/wp-content\/uploads\/2025\/07\/LFS25_Slavnostni-zakonceni-Pod-parou_CTK-Tadeas-Kaminek-7-300x200.jpg\" data-width=\"300\" data-height=\"200\" aria-label=\"\" role=\"img\" ><\/div>\n\t\t\t\t\t\t\t\t\t\t\t<div class=\"elementor-gallery-item__overlay\"><\/div>\n\t\t\t\t\t\t\t\t\t\t\t\t\t\t<\/a>\n\t\t\t\t\t\t\t<a class=\"e-gallery-item elementor-gallery-item elementor-animated-content\" data-e-gallery-tags=\"5\" href=\"https:\/\/lfs.cz\/wp-content\/uploads\/2025\/07\/LFS25_FAMU-v-roce-1989_Petr-Kotek_CTK-Petr-Mlch-5.jpg\" data-elementor-open-lightbox=\"yes\" data-elementor-lightbox-slideshow=\"6b7163c\" data-elementor-lightbox-title=\"LF\u0160 2025, Letn\u00ed filmov\u00e1 \u0161kola, projekce, dokument, FAMU, Petr Kotek, \u010cTK \/ Mlch Petr\" data-e-action-hash=\"#elementor-action%3Aaction%3Dlightbox%26settings%3DeyJpZCI6MTI5NDQsInVybCI6Imh0dHBzOlwvXC9sZnMuY3pcL3dwLWNvbnRlbnRcL3VwbG9hZHNcLzIwMjVcLzA3XC9MRlMyNV9GQU1VLXYtcm9jZS0xOTg5X1BldHItS290ZWtfQ1RLLVBldHItTWxjaC01LmpwZyIsInNsaWRlc2hvdyI6IjZiNzE2M2MifQ%3D%3D\">\n\t\t\t\t\t<div class=\"e-gallery-image elementor-gallery-item__image\" data-thumbnail=\"https:\/\/lfs.cz\/wp-content\/uploads\/2025\/07\/LFS25_FAMU-v-roce-1989_Petr-Kotek_CTK-Petr-Mlch-5-300x200.jpg\" data-width=\"300\" data-height=\"200\" aria-label=\"\" role=\"img\" ><\/div>\n\t\t\t\t\t\t\t\t\t\t\t<div class=\"elementor-gallery-item__overlay\"><\/div>\n\t\t\t\t\t\t\t\t\t\t\t\t\t\t<\/a>\n\t\t\t\t\t\t\t<a class=\"e-gallery-item elementor-gallery-item elementor-animated-content\" data-e-gallery-tags=\"5\" href=\"https:\/\/lfs.cz\/wp-content\/uploads\/2025\/07\/LFS25_Vladneme-nerusit_Respekt-stan_CTK-Sofie-Shamekh-3.jpg\" data-elementor-open-lightbox=\"yes\" data-elementor-lightbox-slideshow=\"6b7163c\" data-elementor-lightbox-title=\"LF\u0160 2025, Letn\u00ed filmov\u00e1 \u0161kola, debata, Respekt, podcast: Vl\u00e1dneme neru\u0161it, \u010cTK \/ Sofie Shamekh\" data-e-action-hash=\"#elementor-action%3Aaction%3Dlightbox%26settings%3DeyJpZCI6MTMwMDksInVybCI6Imh0dHBzOlwvXC9sZnMuY3pcL3dwLWNvbnRlbnRcL3VwbG9hZHNcLzIwMjVcLzA3XC9MRlMyNV9WbGFkbmVtZS1uZXJ1c2l0X1Jlc3Bla3Qtc3Rhbl9DVEstU29maWUtU2hhbWVraC0zLmpwZyIsInNsaWRlc2hvdyI6IjZiNzE2M2MifQ%3D%3D\">\n\t\t\t\t\t<div class=\"e-gallery-image elementor-gallery-item__image\" data-thumbnail=\"https:\/\/lfs.cz\/wp-content\/uploads\/2025\/07\/LFS25_Vladneme-nerusit_Respekt-stan_CTK-Sofie-Shamekh-3-300x205.jpg\" data-width=\"300\" data-height=\"205\" aria-label=\"\" role=\"img\" ><\/div>\n\t\t\t\t\t\t\t\t\t\t\t<div class=\"elementor-gallery-item__overlay\"><\/div>\n\t\t\t\t\t\t\t\t\t\t\t\t\t\t<\/a>\n\t\t\t\t\t\t\t<a class=\"e-gallery-item elementor-gallery-item elementor-animated-content\" data-e-gallery-tags=\"5\" href=\"https:\/\/lfs.cz\/wp-content\/uploads\/2025\/07\/MM_1434.jpg\" data-elementor-open-lightbox=\"yes\" data-elementor-lightbox-slideshow=\"6b7163c\" data-elementor-lightbox-title=\"LF\u0160 2025, Letn\u00ed filmov\u00e1 \u0161kola, K\u0159est knihy Filmovka: 50 Letn\u00edch filmov\u00fdch \u0161kol, foto Marek Mal\u016f\u0161ek\" data-e-action-hash=\"#elementor-action%3Aaction%3Dlightbox%26settings%3DeyJpZCI6MTMwMzUsInVybCI6Imh0dHBzOlwvXC9sZnMuY3pcL3dwLWNvbnRlbnRcL3VwbG9hZHNcLzIwMjVcLzA3XC9NTV8xNDM0LmpwZyIsInNsaWRlc2hvdyI6IjZiNzE2M2MifQ%3D%3D\">\n\t\t\t\t\t<div class=\"e-gallery-image elementor-gallery-item__image\" data-thumbnail=\"https:\/\/lfs.cz\/wp-content\/uploads\/2025\/07\/MM_1434-300x200.jpg\" data-width=\"300\" data-height=\"200\" aria-label=\"\" role=\"img\" ><\/div>\n\t\t\t\t\t\t\t\t\t\t\t<div class=\"elementor-gallery-item__overlay\"><\/div>\n\t\t\t\t\t\t\t\t\t\t\t\t\t\t<\/a>\n\t\t\t\t\t\t\t<a class=\"e-gallery-item elementor-gallery-item elementor-animated-content\" data-e-gallery-tags=\"4\" href=\"https:\/\/lfs.cz\/wp-content\/uploads\/2025\/07\/LFS25_Ctyri-roky-Martina-Baxy_Respekt-stan_Petr-Mlch-5.jpg\" data-elementor-open-lightbox=\"yes\" data-elementor-lightbox-slideshow=\"6b7163c\" data-elementor-lightbox-title=\"LF\u0160 2025, Letn\u00ed filmov\u00e1 \u0161kola, debata, Martin Baxa, \u010cTK \/ Mlch Petr\" data-e-action-hash=\"#elementor-action%3Aaction%3Dlightbox%26settings%3DeyJpZCI6MTI2OTcsInVybCI6Imh0dHBzOlwvXC9sZnMuY3pcL3dwLWNvbnRlbnRcL3VwbG9hZHNcLzIwMjVcLzA3XC9MRlMyNV9DdHlyaS1yb2t5LU1hcnRpbmEtQmF4eV9SZXNwZWt0LXN0YW5fUGV0ci1NbGNoLTUuanBnIiwic2xpZGVzaG93IjoiNmI3MTYzYyJ9\">\n\t\t\t\t\t<div class=\"e-gallery-image elementor-gallery-item__image\" data-thumbnail=\"https:\/\/lfs.cz\/wp-content\/uploads\/2025\/07\/LFS25_Ctyri-roky-Martina-Baxy_Respekt-stan_Petr-Mlch-5-300x200.jpg\" data-width=\"300\" data-height=\"200\" aria-label=\"\" role=\"img\" ><\/div>\n\t\t\t\t\t\t\t\t\t\t\t<div class=\"elementor-gallery-item__overlay\"><\/div>\n\t\t\t\t\t\t\t\t\t\t\t\t\t\t<\/a>\n\t\t\t\t\t\t\t<a class=\"e-gallery-item elementor-gallery-item elementor-animated-content\" data-e-gallery-tags=\"2\" href=\"https:\/\/lfs.cz\/wp-content\/uploads\/2025\/07\/LFS25_Ze-hry-do-reality_Sofie-Shamekh-3.jpg\" data-elementor-open-lightbox=\"yes\" data-elementor-lightbox-slideshow=\"6b7163c\" data-elementor-lightbox-title=\"Workshop, tvorba, Letn\u00ed filmov\u00e1 \u0161kola, LF\u0160 2025, \u010cTK \/ Sofie Shamekh\" data-e-action-hash=\"#elementor-action%3Aaction%3Dlightbox%26settings%3DeyJpZCI6MTIzNTAsInVybCI6Imh0dHBzOlwvXC9sZnMuY3pcL3dwLWNvbnRlbnRcL3VwbG9hZHNcLzIwMjVcLzA3XC9MRlMyNV9aZS1ocnktZG8tcmVhbGl0eV9Tb2ZpZS1TaGFtZWtoLTMuanBnIiwic2xpZGVzaG93IjoiNmI3MTYzYyJ9\">\n\t\t\t\t\t<div class=\"e-gallery-image elementor-gallery-item__image\" data-thumbnail=\"https:\/\/lfs.cz\/wp-content\/uploads\/2025\/07\/LFS25_Ze-hry-do-reality_Sofie-Shamekh-3-300x200.jpg\" data-width=\"300\" data-height=\"200\" aria-label=\"\" role=\"img\" ><\/div>\n\t\t\t\t\t\t\t\t\t\t\t<div class=\"elementor-gallery-item__overlay\"><\/div>\n\t\t\t\t\t\t\t\t\t\t\t\t\t\t<\/a>\n\t\t\t\t\t\t\t<a class=\"e-gallery-item elementor-gallery-item elementor-animated-content\" data-e-gallery-tags=\"1\" href=\"https:\/\/lfs.cz\/wp-content\/uploads\/2025\/07\/LFS_ATMO_Jan-Beranek-1.jpg\" data-elementor-open-lightbox=\"yes\" data-elementor-lightbox-slideshow=\"6b7163c\" data-elementor-lightbox-title=\"LF\u0160 2025, Letn\u00ed filmov\u00e1 \u0161kola, Atmosf\u00e9ra, \u010cTK \/ Jan Ber\u00e1nek\" data-e-action-hash=\"#elementor-action%3Aaction%3Dlightbox%26settings%3DeyJpZCI6MTIyMjUsInVybCI6Imh0dHBzOlwvXC9sZnMuY3pcL3dwLWNvbnRlbnRcL3VwbG9hZHNcLzIwMjVcLzA3XC9MRlNfQVRNT19KYW4tQmVyYW5lay0xLmpwZyIsInNsaWRlc2hvdyI6IjZiNzE2M2MifQ%3D%3D\">\n\t\t\t\t\t<div class=\"e-gallery-image elementor-gallery-item__image\" data-thumbnail=\"https:\/\/lfs.cz\/wp-content\/uploads\/2025\/07\/LFS_ATMO_Jan-Beranek-1-300x200.jpg\" data-width=\"300\" data-height=\"200\" aria-label=\"\" role=\"img\" ><\/div>\n\t\t\t\t\t\t\t\t\t\t\t<div class=\"elementor-gallery-item__overlay\"><\/div>\n\t\t\t\t\t\t\t\t\t\t\t\t\t\t<\/a>\n\t\t\t\t\t\t\t<a class=\"e-gallery-item elementor-gallery-item elementor-animated-content\" data-e-gallery-tags=\"6\" href=\"https:\/\/lfs.cz\/wp-content\/uploads\/2025\/07\/LFS25_Slavnostni-zakonceni-Pod-parou_Jan-Jilek_CTK-Tadeas-Kaminek-1.jpg\" data-elementor-open-lightbox=\"yes\" data-elementor-lightbox-slideshow=\"6b7163c\" data-elementor-lightbox-title=\"LF\u0160 2025, Letn\u00ed filmov\u00e1 \u0161kola, slavnostn\u00ed zakon\u010den\u00ed, projekce filmu Pod parou, Jan J\u00edlek, \u010cTK \/ Tade\u00e1\u0161 Kam\u00ednek\" data-e-action-hash=\"#elementor-action%3Aaction%3Dlightbox%26settings%3DeyJpZCI6MTMxNzQsInVybCI6Imh0dHBzOlwvXC9sZnMuY3pcL3dwLWNvbnRlbnRcL3VwbG9hZHNcLzIwMjVcLzA3XC9MRlMyNV9TbGF2bm9zdG5pLXpha29uY2VuaS1Qb2QtcGFyb3VfSmFuLUppbGVrX0NUSy1UYWRlYXMtS2FtaW5lay0xLmpwZyIsInNsaWRlc2hvdyI6IjZiNzE2M2MifQ%3D%3D\">\n\t\t\t\t\t<div class=\"e-gallery-image elementor-gallery-item__image\" data-thumbnail=\"https:\/\/lfs.cz\/wp-content\/uploads\/2025\/07\/LFS25_Slavnostni-zakonceni-Pod-parou_Jan-Jilek_CTK-Tadeas-Kaminek-1-300x200.jpg\" data-width=\"300\" data-height=\"200\" aria-label=\"\" role=\"img\" ><\/div>\n\t\t\t\t\t\t\t\t\t\t\t<div class=\"elementor-gallery-item__overlay\"><\/div>\n\t\t\t\t\t\t\t\t\t\t\t\t\t\t<\/a>\n\t\t\t\t\t\t\t<a class=\"e-gallery-item elementor-gallery-item elementor-animated-content\" data-e-gallery-tags=\"2\" href=\"https:\/\/lfs.cz\/wp-content\/uploads\/2025\/07\/LFS25_Miroslav-Hlauco-a-Jan-Nemec_Marek-Malusek.jpg\" data-elementor-open-lightbox=\"yes\" data-elementor-lightbox-slideshow=\"6b7163c\" data-elementor-lightbox-title=\"LF\u0160 2025, Letn\u00ed filmov\u00e1 \u0161kola, Autorsk\u00e9 \u010dten\u00ed z rom\u00e1nu Letnice Miroslava Hlau\u010da, Jan N\u011bmec, foto Marek Mal\u016f\u0161ek\" data-e-action-hash=\"#elementor-action%3Aaction%3Dlightbox%26settings%3DeyJpZCI6MTI1MzIsInVybCI6Imh0dHBzOlwvXC9sZnMuY3pcL3dwLWNvbnRlbnRcL3VwbG9hZHNcLzIwMjVcLzA3XC9MRlMyNV9NaXJvc2xhdi1IbGF1Y28tYS1KYW4tTmVtZWNfTWFyZWstTWFsdXNlay5qcGciLCJzbGlkZXNob3ciOiI2YjcxNjNjIn0%3D\">\n\t\t\t\t\t<div class=\"e-gallery-image elementor-gallery-item__image\" data-thumbnail=\"https:\/\/lfs.cz\/wp-content\/uploads\/2025\/07\/LFS25_Miroslav-Hlauco-a-Jan-Nemec_Marek-Malusek-300x200.jpg\" data-width=\"300\" data-height=\"200\" aria-label=\"\" role=\"img\" ><\/div>\n\t\t\t\t\t\t\t\t\t\t\t<div class=\"elementor-gallery-item__overlay\"><\/div>\n\t\t\t\t\t\t\t\t\t\t\t\t\t\t<\/a>\n\t\t\t\t\t\t\t<a class=\"e-gallery-item elementor-gallery-item elementor-animated-content\" data-e-gallery-tags=\"6\" href=\"https:\/\/lfs.cz\/wp-content\/uploads\/2025\/07\/LFS25_ARAS-a-Cinepur_Toci-dobre-matky-dobre-filmy_CTK-Tadeas-Kaminek-4.jpg\" data-elementor-open-lightbox=\"yes\" data-elementor-lightbox-slideshow=\"6b7163c\" data-elementor-lightbox-title=\"LF\u0160 2025, Letn\u00ed filmov\u00e1 \u0161kola, Doprovodn\u00fd program: ARAS a Cinepur uv\u00e1d\u011bj\u00ed: To\u010d\u00ed dobr\u00e9 matky dobr\u00e9 filmy?, \u010cTK \/ Tade\u00e1\u0161 Kam\u00ednek\" data-e-action-hash=\"#elementor-action%3Aaction%3Dlightbox%26settings%3DeyJpZCI6MTMxMDcsInVybCI6Imh0dHBzOlwvXC9sZnMuY3pcL3dwLWNvbnRlbnRcL3VwbG9hZHNcLzIwMjVcLzA3XC9MRlMyNV9BUkFTLWEtQ2luZXB1cl9Ub2NpLWRvYnJlLW1hdGt5LWRvYnJlLWZpbG15X0NUSy1UYWRlYXMtS2FtaW5lay00LmpwZyIsInNsaWRlc2hvdyI6IjZiNzE2M2MifQ%3D%3D\">\n\t\t\t\t\t<div class=\"e-gallery-image elementor-gallery-item__image\" data-thumbnail=\"https:\/\/lfs.cz\/wp-content\/uploads\/2025\/07\/LFS25_ARAS-a-Cinepur_Toci-dobre-matky-dobre-filmy_CTK-Tadeas-Kaminek-4-300x200.jpg\" data-width=\"300\" data-height=\"200\" aria-label=\"\" role=\"img\" ><\/div>\n\t\t\t\t\t\t\t\t\t\t\t<div class=\"elementor-gallery-item__overlay\"><\/div>\n\t\t\t\t\t\t\t\t\t\t\t\t\t\t<\/a>\n\t\t\t\t\t\t\t<a class=\"e-gallery-item elementor-gallery-item elementor-animated-content\" data-e-gallery-tags=\"4\" href=\"https:\/\/lfs.cz\/wp-content\/uploads\/2025\/07\/LFS25_ATMO_FMLTHRPY_Jan-Beranek-5.jpg\" data-elementor-open-lightbox=\"yes\" data-elementor-lightbox-slideshow=\"6b7163c\" data-elementor-lightbox-title=\"LF\u0160 2025, Letn\u00ed filmov\u00e1 \u0161kola, FMLTHRPY, \u010cTK \/ Jan Ber\u00e1nek\" data-e-action-hash=\"#elementor-action%3Aaction%3Dlightbox%26settings%3DeyJpZCI6MTI4NjAsInVybCI6Imh0dHBzOlwvXC9sZnMuY3pcL3dwLWNvbnRlbnRcL3VwbG9hZHNcLzIwMjVcLzA3XC9MRlMyNV9BVE1PX0ZNTFRIUlBZX0phbi1CZXJhbmVrLTUuanBnIiwic2xpZGVzaG93IjoiNmI3MTYzYyJ9\">\n\t\t\t\t\t<div class=\"e-gallery-image elementor-gallery-item__image\" data-thumbnail=\"https:\/\/lfs.cz\/wp-content\/uploads\/2025\/07\/LFS25_ATMO_FMLTHRPY_Jan-Beranek-5-300x200.jpg\" data-width=\"300\" data-height=\"200\" aria-label=\"\" role=\"img\" ><\/div>\n\t\t\t\t\t\t\t\t\t\t\t<div class=\"elementor-gallery-item__overlay\"><\/div>\n\t\t\t\t\t\t\t\t\t\t\t\t\t\t<\/a>\n\t\t\t\t\t\t\t<a class=\"e-gallery-item elementor-gallery-item elementor-animated-content\" data-e-gallery-tags=\"4\" href=\"https:\/\/lfs.cz\/wp-content\/uploads\/2025\/07\/LFS25_ATMO_Jan-Jilek_Radek-Petrasek.jpg\" data-elementor-open-lightbox=\"yes\" data-elementor-lightbox-slideshow=\"6b7163c\" data-elementor-lightbox-title=\"LF\u0160 2025, Letn\u00ed filmov\u00e1 \u0161kola, Jan J\u00edlek, \u010cTK \/ Petr\u00e1\u0161ek Radek\" data-e-action-hash=\"#elementor-action%3Aaction%3Dlightbox%26settings%3DeyJpZCI6MTI3NDAsInVybCI6Imh0dHBzOlwvXC9sZnMuY3pcL3dwLWNvbnRlbnRcL3VwbG9hZHNcLzIwMjVcLzA3XC9MRlMyNV9BVE1PX0phbi1KaWxla19SYWRlay1QZXRyYXNlay5qcGciLCJzbGlkZXNob3ciOiI2YjcxNjNjIn0%3D\">\n\t\t\t\t\t<div class=\"e-gallery-image elementor-gallery-item__image\" data-thumbnail=\"https:\/\/lfs.cz\/wp-content\/uploads\/2025\/07\/LFS25_ATMO_Jan-Jilek_Radek-Petrasek-300x200.jpg\" data-width=\"300\" data-height=\"200\" aria-label=\"\" role=\"img\" ><\/div>\n\t\t\t\t\t\t\t\t\t\t\t<div class=\"elementor-gallery-item__overlay\"><\/div>\n\t\t\t\t\t\t\t\t\t\t\t\t\t\t<\/a>\n\t\t\t\t\t\t\t<a class=\"e-gallery-item elementor-gallery-item elementor-animated-content\" data-e-gallery-tags=\"6\" href=\"https:\/\/lfs.cz\/wp-content\/uploads\/2025\/07\/LFS25_ATMO_Marek-Malusek-14.jpg\" data-elementor-open-lightbox=\"yes\" data-elementor-lightbox-slideshow=\"6b7163c\" data-elementor-lightbox-title=\"LF\u0160 2025, Letn\u00ed filmov\u00e1 \u0161kola, atmosf\u00e9ra, foto Marek Mal\u016f\u0161ek\" data-e-action-hash=\"#elementor-action%3Aaction%3Dlightbox%26settings%3DeyJpZCI6MTMxNTQsInVybCI6Imh0dHBzOlwvXC9sZnMuY3pcL3dwLWNvbnRlbnRcL3VwbG9hZHNcLzIwMjVcLzA3XC9MRlMyNV9BVE1PX01hcmVrLU1hbHVzZWstMTQuanBnIiwic2xpZGVzaG93IjoiNmI3MTYzYyJ9\">\n\t\t\t\t\t<div class=\"e-gallery-image elementor-gallery-item__image\" data-thumbnail=\"https:\/\/lfs.cz\/wp-content\/uploads\/2025\/07\/LFS25_ATMO_Marek-Malusek-14-300x200.jpg\" data-width=\"300\" data-height=\"200\" aria-label=\"\" role=\"img\" ><\/div>\n\t\t\t\t\t\t\t\t\t\t\t<div class=\"elementor-gallery-item__overlay\"><\/div>\n\t\t\t\t\t\t\t\t\t\t\t\t\t\t<\/a>\n\t\t\t\t\t\t\t<a class=\"e-gallery-item elementor-gallery-item elementor-animated-content\" data-e-gallery-tags=\"2\" href=\"https:\/\/lfs.cz\/wp-content\/uploads\/2025\/07\/LFS25_Tajemne-X_hudba-Islaja_Radek-Petrasek-1.jpg\" data-elementor-open-lightbox=\"yes\" data-elementor-lightbox-slideshow=\"6b7163c\" data-elementor-lightbox-title=\"Merja Kokkonen, Islaja, zp\u011bva\u010dka, \u010cTK \/ Petr\u00e1\u0161ek Radek\" data-e-action-hash=\"#elementor-action%3Aaction%3Dlightbox%26settings%3DeyJpZCI6MTIzNDYsInVybCI6Imh0dHBzOlwvXC9sZnMuY3pcL3dwLWNvbnRlbnRcL3VwbG9hZHNcLzIwMjVcLzA3XC9MRlMyNV9UYWplbW5lLVhfaHVkYmEtSXNsYWphX1JhZGVrLVBldHJhc2VrLTEuanBnIiwic2xpZGVzaG93IjoiNmI3MTYzYyJ9\">\n\t\t\t\t\t<div class=\"e-gallery-image elementor-gallery-item__image\" data-thumbnail=\"https:\/\/lfs.cz\/wp-content\/uploads\/2025\/07\/LFS25_Tajemne-X_hudba-Islaja_Radek-Petrasek-1-300x200.jpg\" data-width=\"300\" data-height=\"200\" aria-label=\"\" role=\"img\" ><\/div>\n\t\t\t\t\t\t\t\t\t\t\t<div class=\"elementor-gallery-item__overlay\"><\/div>\n\t\t\t\t\t\t\t\t\t\t\t\t\t\t<\/a>\n\t\t\t\t\t\t\t<a class=\"e-gallery-item elementor-gallery-item elementor-animated-content\" data-e-gallery-tags=\"4\" href=\"https:\/\/lfs.cz\/wp-content\/uploads\/2025\/07\/LFS25_Jiri-Suchy_Marek-Malusek-12.jpg\" data-elementor-open-lightbox=\"yes\" data-elementor-lightbox-slideshow=\"6b7163c\" data-elementor-lightbox-title=\"LF\u0160 2025, Letn\u00ed filmov\u00e1 \u0161kola, Ji\u0159\u00ed Such\u00fd, Cimb\u00e1l stage, foto Marek Mal\u016f\u0161ek\" data-e-action-hash=\"#elementor-action%3Aaction%3Dlightbox%26settings%3DeyJpZCI6MTI4NTQsInVybCI6Imh0dHBzOlwvXC9sZnMuY3pcL3dwLWNvbnRlbnRcL3VwbG9hZHNcLzIwMjVcLzA3XC9MRlMyNV9KaXJpLVN1Y2h5X01hcmVrLU1hbHVzZWstMTIuanBnIiwic2xpZGVzaG93IjoiNmI3MTYzYyJ9\">\n\t\t\t\t\t<div class=\"e-gallery-image elementor-gallery-item__image\" data-thumbnail=\"https:\/\/lfs.cz\/wp-content\/uploads\/2025\/07\/LFS25_Jiri-Suchy_Marek-Malusek-12-300x200.jpg\" data-width=\"300\" data-height=\"200\" aria-label=\"\" role=\"img\" ><\/div>\n\t\t\t\t\t\t\t\t\t\t\t<div class=\"elementor-gallery-item__overlay\"><\/div>\n\t\t\t\t\t\t\t\t\t\t\t\t\t\t<\/a>\n\t\t\t\t\t\t\t<a class=\"e-gallery-item elementor-gallery-item elementor-animated-content\" data-e-gallery-tags=\"5\" href=\"https:\/\/lfs.cz\/wp-content\/uploads\/2025\/07\/LFS25_Statni-fond-audiovize_Radek-Petrasek-1.jpg\" data-elementor-open-lightbox=\"yes\" data-elementor-lightbox-slideshow=\"6b7163c\" data-elementor-lightbox-title=\"LF\u0160 2025, Letn\u00ed filmov\u00e1 \u0161kola, Marta \u0160vecov\u00e1 Lamperov\u00e1, \u010cTK \/ Petr\u00e1\u0161ek Radek\" data-e-action-hash=\"#elementor-action%3Aaction%3Dlightbox%26settings%3DeyJpZCI6MTI5MTAsInVybCI6Imh0dHBzOlwvXC9sZnMuY3pcL3dwLWNvbnRlbnRcL3VwbG9hZHNcLzIwMjVcLzA3XC9MRlMyNV9TdGF0bmktZm9uZC1hdWRpb3ZpemVfUmFkZWstUGV0cmFzZWstMS5qcGciLCJzbGlkZXNob3ciOiI2YjcxNjNjIn0%3D\">\n\t\t\t\t\t<div class=\"e-gallery-image elementor-gallery-item__image\" data-thumbnail=\"https:\/\/lfs.cz\/wp-content\/uploads\/2025\/07\/LFS25_Statni-fond-audiovize_Radek-Petrasek-1-300x200.jpg\" data-width=\"300\" data-height=\"200\" aria-label=\"\" role=\"img\" ><\/div>\n\t\t\t\t\t\t\t\t\t\t\t<div class=\"elementor-gallery-item__overlay\"><\/div>\n\t\t\t\t\t\t\t\t\t\t\t\t\t\t<\/a>\n\t\t\t\t\t\t\t<a class=\"e-gallery-item elementor-gallery-item elementor-animated-content\" data-e-gallery-tags=\"4\" href=\"https:\/\/lfs.cz\/wp-content\/uploads\/2025\/07\/LFS25_Nahore-nebe-v-doline-ja_Katarina-Gramatova_Tomas-Kotas_Julie-ZackovaCTK-Ricard-Skoumal-4.jpg\" data-elementor-open-lightbox=\"yes\" data-elementor-lightbox-slideshow=\"6b7163c\" data-elementor-lightbox-title=\"Naho\u0159e nebe, v dolin\u011b j\u00e1, Katar\u00edna Gramatov\u00e1, Tom\u00e1\u0161 Kotas, Julie \u017d\u00e1\u010dkov\u00e1, Letn\u00ed filmov\u00e1 \u0161kola, LF\u0160 2025, \u010cTK \/ Skoumal Richard\" data-e-action-hash=\"#elementor-action%3Aaction%3Dlightbox%26settings%3DeyJpZCI6MTI5MzMsInVybCI6Imh0dHBzOlwvXC9sZnMuY3pcL3dwLWNvbnRlbnRcL3VwbG9hZHNcLzIwMjVcLzA3XC9MRlMyNV9OYWhvcmUtbmViZS12LWRvbGluZS1qYV9LYXRhcmluYS1HcmFtYXRvdmFfVG9tYXMtS290YXNfSnVsaWUtWmFja292YUNUSy1SaWNhcmQtU2tvdW1hbC00LmpwZyIsInNsaWRlc2hvdyI6IjZiNzE2M2MifQ%3D%3D\">\n\t\t\t\t\t<div class=\"e-gallery-image elementor-gallery-item__image\" data-thumbnail=\"https:\/\/lfs.cz\/wp-content\/uploads\/2025\/07\/LFS25_Nahore-nebe-v-doline-ja_Katarina-Gramatova_Tomas-Kotas_Julie-ZackovaCTK-Ricard-Skoumal-4-300x200.jpg\" data-width=\"300\" data-height=\"200\" aria-label=\"\" role=\"img\" ><\/div>\n\t\t\t\t\t\t\t\t\t\t\t<div class=\"elementor-gallery-item__overlay\"><\/div>\n\t\t\t\t\t\t\t\t\t\t\t\t\t\t<\/a>\n\t\t\t\t\t\t\t<a class=\"e-gallery-item elementor-gallery-item elementor-animated-content\" data-e-gallery-tags=\"4\" href=\"https:\/\/lfs.cz\/wp-content\/uploads\/2025\/07\/LFS25_Hot-TV_Co-dnes-znamena-televize_Tadeas-Kaminek-8.jpg\" data-elementor-open-lightbox=\"yes\" data-elementor-lightbox-slideshow=\"6b7163c\" data-elementor-lightbox-title=\"LF\u0160 2025, Letn\u00ed filmov\u00e1 \u0161kola, odborn\u00fd program: Hot TV: Co dnes znamen\u00e1 televize?, \u010cTK \/ Tade\u00e1\u0161 Kam\u00ednek\" data-e-action-hash=\"#elementor-action%3Aaction%3Dlightbox%26settings%3DeyJpZCI6MTI3OTEsInVybCI6Imh0dHBzOlwvXC9sZnMuY3pcL3dwLWNvbnRlbnRcL3VwbG9hZHNcLzIwMjVcLzA3XC9MRlMyNV9Ib3QtVFZfQ28tZG5lcy16bmFtZW5hLXRlbGV2aXplX1RhZGVhcy1LYW1pbmVrLTguanBnIiwic2xpZGVzaG93IjoiNmI3MTYzYyJ9\">\n\t\t\t\t\t<div class=\"e-gallery-image elementor-gallery-item__image\" data-thumbnail=\"https:\/\/lfs.cz\/wp-content\/uploads\/2025\/07\/LFS25_Hot-TV_Co-dnes-znamena-televize_Tadeas-Kaminek-8-300x200.jpg\" data-width=\"300\" data-height=\"200\" aria-label=\"\" role=\"img\" ><\/div>\n\t\t\t\t\t\t\t\t\t\t\t<div class=\"elementor-gallery-item__overlay\"><\/div>\n\t\t\t\t\t\t\t\t\t\t\t\t\t\t<\/a>\n\t\t\t\t\t\t\t<a class=\"e-gallery-item elementor-gallery-item elementor-animated-content\" data-e-gallery-tags=\"3\" href=\"https:\/\/lfs.cz\/wp-content\/uploads\/2025\/07\/LFS25_CreWcollection_Moving-Orchestra_Tadeas-Kaminek-14.jpg\" data-elementor-open-lightbox=\"yes\" data-elementor-lightbox-slideshow=\"6b7163c\" data-elementor-lightbox-title=\"LF\u0160 2025, Letn\u00ed filmov\u00e1 \u0161kola, doprovodn\u00fd program: CreWcollective: Moving Orchestra, \u010cTK \/ Tade\u00e1\u0161 Kam\u00ednek\" data-e-action-hash=\"#elementor-action%3Aaction%3Dlightbox%26settings%3DeyJpZCI6MTI2MzEsInVybCI6Imh0dHBzOlwvXC9sZnMuY3pcL3dwLWNvbnRlbnRcL3VwbG9hZHNcLzIwMjVcLzA3XC9MRlMyNV9DcmVXY29sbGVjdGlvbl9Nb3ZpbmctT3JjaGVzdHJhX1RhZGVhcy1LYW1pbmVrLTE0LmpwZyIsInNsaWRlc2hvdyI6IjZiNzE2M2MifQ%3D%3D\">\n\t\t\t\t\t<div class=\"e-gallery-image elementor-gallery-item__image\" data-thumbnail=\"https:\/\/lfs.cz\/wp-content\/uploads\/2025\/07\/LFS25_CreWcollection_Moving-Orchestra_Tadeas-Kaminek-14-300x200.jpg\" data-width=\"300\" data-height=\"200\" aria-label=\"\" role=\"img\" ><\/div>\n\t\t\t\t\t\t\t\t\t\t\t<div class=\"elementor-gallery-item__overlay\"><\/div>\n\t\t\t\t\t\t\t\t\t\t\t\t\t\t<\/a>\n\t\t\t\t\t\t\t<a class=\"e-gallery-item elementor-gallery-item elementor-animated-content\" data-e-gallery-tags=\"6\" href=\"https:\/\/lfs.cz\/wp-content\/uploads\/2025\/07\/LFS25_Slavnostni-zakonceni-Pod-parou_CTK-Tadeas-Kaminek-4.jpg\" data-elementor-open-lightbox=\"yes\" data-elementor-lightbox-slideshow=\"6b7163c\" data-elementor-lightbox-title=\"LF\u0160 2025, Letn\u00ed filmov\u00e1 \u0161kola, slavnostn\u00ed zakon\u010den\u00ed, projekce filmu Pod parou, \u010cTK \/ Tade\u00e1\u0161 Kam\u00ednek\" data-e-action-hash=\"#elementor-action%3Aaction%3Dlightbox%26settings%3DeyJpZCI6MTMxMzYsInVybCI6Imh0dHBzOlwvXC9sZnMuY3pcL3dwLWNvbnRlbnRcL3VwbG9hZHNcLzIwMjVcLzA3XC9MRlMyNV9TbGF2bm9zdG5pLXpha29uY2VuaS1Qb2QtcGFyb3VfQ1RLLVRhZGVhcy1LYW1pbmVrLTQuanBnIiwic2xpZGVzaG93IjoiNmI3MTYzYyJ9\">\n\t\t\t\t\t<div class=\"e-gallery-image elementor-gallery-item__image\" data-thumbnail=\"https:\/\/lfs.cz\/wp-content\/uploads\/2025\/07\/LFS25_Slavnostni-zakonceni-Pod-parou_CTK-Tadeas-Kaminek-4-300x200.jpg\" data-width=\"300\" data-height=\"200\" aria-label=\"\" role=\"img\" ><\/div>\n\t\t\t\t\t\t\t\t\t\t\t<div class=\"elementor-gallery-item__overlay\"><\/div>\n\t\t\t\t\t\t\t\t\t\t\t\t\t\t<\/a>\n\t\t\t\t\t\t\t<a class=\"e-gallery-item elementor-gallery-item elementor-animated-content\" data-e-gallery-tags=\"6\" href=\"https:\/\/lfs.cz\/wp-content\/uploads\/2025\/07\/LFS25_Radio-Wave_Slejvak_Vilma-Svobodova_CTK-Tadeas-Kaminek-14.jpg\" data-elementor-open-lightbox=\"yes\" data-elementor-lightbox-slideshow=\"6b7163c\" data-elementor-lightbox-title=\"LF\u0160 2025, Letn\u00ed filmov\u00e1 \u0161kola, Radio Wave: Slejv\u00e1k, Vilma Svobodov\u00e1, \u010cTK \/ Tade\u00e1\u0161 Kam\u00ednek\" data-e-action-hash=\"#elementor-action%3Aaction%3Dlightbox%26settings%3DeyJpZCI6MTMxMDMsInVybCI6Imh0dHBzOlwvXC9sZnMuY3pcL3dwLWNvbnRlbnRcL3VwbG9hZHNcLzIwMjVcLzA3XC9MRlMyNV9SYWRpby1XYXZlX1NsZWp2YWtfVmlsbWEtU3ZvYm9kb3ZhX0NUSy1UYWRlYXMtS2FtaW5lay0xNC5qcGciLCJzbGlkZXNob3ciOiI2YjcxNjNjIn0%3D\">\n\t\t\t\t\t<div class=\"e-gallery-image elementor-gallery-item__image\" data-thumbnail=\"https:\/\/lfs.cz\/wp-content\/uploads\/2025\/07\/LFS25_Radio-Wave_Slejvak_Vilma-Svobodova_CTK-Tadeas-Kaminek-14-300x200.jpg\" data-width=\"300\" data-height=\"200\" aria-label=\"\" role=\"img\" ><\/div>\n\t\t\t\t\t\t\t\t\t\t\t<div class=\"elementor-gallery-item__overlay\"><\/div>\n\t\t\t\t\t\t\t\t\t\t\t\t\t\t<\/a>\n\t\t\t\t\t\t\t<a class=\"e-gallery-item elementor-gallery-item elementor-animated-content\" data-e-gallery-tags=\"3\" href=\"https:\/\/lfs.cz\/wp-content\/uploads\/2025\/07\/LFS25_VR_Okolo-Hradista_Tadeas-Kaminek-6.jpg\" data-elementor-open-lightbox=\"yes\" data-elementor-lightbox-slideshow=\"6b7163c\" data-elementor-lightbox-title=\"LF\u0160 2025, Letn\u00ed filmov\u00e1 \u0161kola, doprovodn\u00fd program: virtu\u00e1ln\u00ed b\u00e1se\u0148 Okolo Hradi\u0161\u0165a, Jind\u0159ich \u0160treit, \u010cTK \/ Tade\u00e1\u0161 Kam\u00ednek\" data-e-action-hash=\"#elementor-action%3Aaction%3Dlightbox%26settings%3DeyJpZCI6MTI1MjAsInVybCI6Imh0dHBzOlwvXC9sZnMuY3pcL3dwLWNvbnRlbnRcL3VwbG9hZHNcLzIwMjVcLzA3XC9MRlMyNV9WUl9Pa29sby1IcmFkaXN0YV9UYWRlYXMtS2FtaW5lay02LmpwZyIsInNsaWRlc2hvdyI6IjZiNzE2M2MifQ%3D%3D\">\n\t\t\t\t\t<div class=\"e-gallery-image elementor-gallery-item__image\" data-thumbnail=\"https:\/\/lfs.cz\/wp-content\/uploads\/2025\/07\/LFS25_VR_Okolo-Hradista_Tadeas-Kaminek-6-300x200.jpg\" data-width=\"300\" data-height=\"200\" aria-label=\"\" role=\"img\" ><\/div>\n\t\t\t\t\t\t\t\t\t\t\t<div class=\"elementor-gallery-item__overlay\"><\/div>\n\t\t\t\t\t\t\t\t\t\t\t\t\t\t<\/a>\n\t\t\t\t\t\t\t<a class=\"e-gallery-item elementor-gallery-item elementor-animated-content\" data-e-gallery-tags=\"5\" href=\"https:\/\/lfs.cz\/wp-content\/uploads\/2025\/07\/LFS25_Vyrocni-cena-ACFK_Klubistka-Lenka-Sepsova_CTK-Dalibor-Gluck-3.jpg\" data-elementor-open-lightbox=\"yes\" data-elementor-lightbox-slideshow=\"6b7163c\" data-elementor-lightbox-title=\"LF\u0160 2025, Letn\u00ed filmov\u00e1 \u0161kola, klubistka Lenka \u0160epsov\u00e1 dostala na Letn\u00ed filmov\u00e9 \u0161kole v\u00fdro\u010dn\u00ed cenu Asociace \u010desk\u00fdch filmov\u00fdch klub\u016f, \u010cTK \/ Gl\u00fcck Dalibor\" data-e-action-hash=\"#elementor-action%3Aaction%3Dlightbox%26settings%3DeyJpZCI6MTMwMDIsInVybCI6Imh0dHBzOlwvXC9sZnMuY3pcL3dwLWNvbnRlbnRcL3VwbG9hZHNcLzIwMjVcLzA3XC9MRlMyNV9WeXJvY25pLWNlbmEtQUNGS19LbHViaXN0a2EtTGVua2EtU2Vwc292YV9DVEstRGFsaWJvci1HbHVjay0zLmpwZyIsInNsaWRlc2hvdyI6IjZiNzE2M2MifQ%3D%3D\">\n\t\t\t\t\t<div class=\"e-gallery-image elementor-gallery-item__image\" data-thumbnail=\"https:\/\/lfs.cz\/wp-content\/uploads\/2025\/07\/LFS25_Vyrocni-cena-ACFK_Klubistka-Lenka-Sepsova_CTK-Dalibor-Gluck-3-300x206.jpg\" data-width=\"300\" data-height=\"206\" aria-label=\"\" role=\"img\" ><\/div>\n\t\t\t\t\t\t\t\t\t\t\t<div class=\"elementor-gallery-item__overlay\"><\/div>\n\t\t\t\t\t\t\t\t\t\t\t\t\t\t<\/a>\n\t\t\t\t\t\t\t<a class=\"e-gallery-item elementor-gallery-item elementor-animated-content\" data-e-gallery-tags=\"3\" href=\"https:\/\/lfs.cz\/wp-content\/uploads\/2025\/07\/LFS25_Spioni_hudba-Jan-Tomas_Richard-Skoumal-7.jpg\" data-elementor-open-lightbox=\"yes\" data-elementor-lightbox-slideshow=\"6b7163c\" data-elementor-lightbox-title=\"Radom\u00edr D. Koke\u0161, Film \u0160pioni, Tom\u00e1\u0161 Vondra, Jan Tom\u00e1\u0161, Letn\u00ed filmov\u00e1 \u0161kola, LF\u0160 2025, \u010cTK \/ Skoumal Richard\" data-e-action-hash=\"#elementor-action%3Aaction%3Dlightbox%26settings%3DeyJpZCI6MTI1NjAsInVybCI6Imh0dHBzOlwvXC9sZnMuY3pcL3dwLWNvbnRlbnRcL3VwbG9hZHNcLzIwMjVcLzA3XC9MRlMyNV9TcGlvbmlfaHVkYmEtSmFuLVRvbWFzX1JpY2hhcmQtU2tvdW1hbC03LmpwZyIsInNsaWRlc2hvdyI6IjZiNzE2M2MifQ%3D%3D\">\n\t\t\t\t\t<div class=\"e-gallery-image elementor-gallery-item__image\" data-thumbnail=\"https:\/\/lfs.cz\/wp-content\/uploads\/2025\/07\/LFS25_Spioni_hudba-Jan-Tomas_Richard-Skoumal-7-200x300.jpg\" data-width=\"200\" data-height=\"300\" aria-label=\"\" role=\"img\" ><\/div>\n\t\t\t\t\t\t\t\t\t\t\t<div class=\"elementor-gallery-item__overlay\"><\/div>\n\t\t\t\t\t\t\t\t\t\t\t\t\t\t<\/a>\n\t\t\t\t\t\t\t<a class=\"e-gallery-item elementor-gallery-item elementor-animated-content\" data-e-gallery-tags=\"4\" href=\"https:\/\/lfs.cz\/wp-content\/uploads\/2025\/07\/LFS25_Opojen-pisni_Leos-Janacek_Matyas-Cech-1.jpg\" data-elementor-open-lightbox=\"yes\" data-elementor-lightbox-slideshow=\"6b7163c\" data-elementor-lightbox-title=\"Letn\u00ed filmov\u00e1 \u0161kola, LF\u0160 2025, \u010cTK \/ Maty\u00e1\u0161 \u010cech\" data-e-action-hash=\"#elementor-action%3Aaction%3Dlightbox%26settings%3DeyJpZCI6MTI4MDIsInVybCI6Imh0dHBzOlwvXC9sZnMuY3pcL3dwLWNvbnRlbnRcL3VwbG9hZHNcLzIwMjVcLzA3XC9MRlMyNV9PcG9qZW4tcGlzbmlfTGVvcy1KYW5hY2VrX01hdHlhcy1DZWNoLTEuanBnIiwic2xpZGVzaG93IjoiNmI3MTYzYyJ9\">\n\t\t\t\t\t<div class=\"e-gallery-image elementor-gallery-item__image\" data-thumbnail=\"https:\/\/lfs.cz\/wp-content\/uploads\/2025\/07\/LFS25_Opojen-pisni_Leos-Janacek_Matyas-Cech-1-300x200.jpg\" data-width=\"300\" data-height=\"200\" aria-label=\"\" role=\"img\" ><\/div>\n\t\t\t\t\t\t\t\t\t\t\t<div class=\"elementor-gallery-item__overlay\"><\/div>\n\t\t\t\t\t\t\t\t\t\t\t\t\t\t<\/a>\n\t\t\t\t\t\t\t<a class=\"e-gallery-item elementor-gallery-item elementor-animated-content\" data-e-gallery-tags=\"0\" href=\"https:\/\/lfs.cz\/wp-content\/uploads\/2025\/07\/LFS25_ATMO_Petr-Mlch-3-1.jpg\" data-elementor-open-lightbox=\"yes\" data-elementor-lightbox-slideshow=\"6b7163c\" data-elementor-lightbox-title=\"LF\u0160 2025, Letn\u00ed filmov\u00e1 \u0161kola, p\u0159\u00edpravy, \u010cTK \/ Petr Mlch\" data-e-action-hash=\"#elementor-action%3Aaction%3Dlightbox%26settings%3DeyJpZCI6MTIxMTIsInVybCI6Imh0dHBzOlwvXC9sZnMuY3pcL3dwLWNvbnRlbnRcL3VwbG9hZHNcLzIwMjVcLzA3XC9MRlMyNV9BVE1PX1BldHItTWxjaC0zLTEuanBnIiwic2xpZGVzaG93IjoiNmI3MTYzYyJ9\">\n\t\t\t\t\t<div class=\"e-gallery-image elementor-gallery-item__image\" data-thumbnail=\"https:\/\/lfs.cz\/wp-content\/uploads\/2025\/07\/LFS25_ATMO_Petr-Mlch-3-1-300x200.jpg\" data-width=\"300\" data-height=\"200\" aria-label=\"\" role=\"img\" ><\/div>\n\t\t\t\t\t\t\t\t\t\t\t<div class=\"elementor-gallery-item__overlay\"><\/div>\n\t\t\t\t\t\t\t\t\t\t\t\t\t\t<\/a>\n\t\t\t\t\t\t\t<a class=\"e-gallery-item elementor-gallery-item elementor-animated-content\" data-e-gallery-tags=\"3\" href=\"https:\/\/lfs.cz\/wp-content\/uploads\/2025\/07\/LFS25_ATMO_Richard-Skoumal-5-1.jpg\" data-elementor-open-lightbox=\"yes\" data-elementor-lightbox-slideshow=\"6b7163c\" data-elementor-lightbox-title=\"Atmosf\u00e9ra, Letn\u00ed filmov\u00e1 \u0161kola, LF\u0160 2025, \u010cTK \/ Skoumal Richard\" data-e-action-hash=\"#elementor-action%3Aaction%3Dlightbox%26settings%3DeyJpZCI6MTI1NjQsInVybCI6Imh0dHBzOlwvXC9sZnMuY3pcL3dwLWNvbnRlbnRcL3VwbG9hZHNcLzIwMjVcLzA3XC9MRlMyNV9BVE1PX1JpY2hhcmQtU2tvdW1hbC01LTEuanBnIiwic2xpZGVzaG93IjoiNmI3MTYzYyJ9\">\n\t\t\t\t\t<div class=\"e-gallery-image elementor-gallery-item__image\" data-thumbnail=\"https:\/\/lfs.cz\/wp-content\/uploads\/2025\/07\/LFS25_ATMO_Richard-Skoumal-5-1-300x200.jpg\" data-width=\"300\" data-height=\"200\" aria-label=\"\" role=\"img\" ><\/div>\n\t\t\t\t\t\t\t\t\t\t\t<div class=\"elementor-gallery-item__overlay\"><\/div>\n\t\t\t\t\t\t\t\t\t\t\t\t\t\t<\/a>\n\t\t\t\t\t\t\t<a class=\"e-gallery-item elementor-gallery-item elementor-animated-content\" data-e-gallery-tags=\"6\" href=\"https:\/\/lfs.cz\/wp-content\/uploads\/2025\/07\/LFS25_Duchon_Peter-Bebjak_CTK-Matyas-Cech-4.jpg\" data-elementor-open-lightbox=\"yes\" data-elementor-lightbox-slideshow=\"6b7163c\" data-elementor-lightbox-title=\"LF\u0160 2025, Letn\u00ed filmov\u00e1 \u0161kola, re\u017eis\u00e9r Peter Bebjak na prom\u00edt\u00e1n\u00ed filmu Ducho\u0148, \u010cTK \/ Maty\u00e1\u0161 \u010cech\" data-e-action-hash=\"#elementor-action%3Aaction%3Dlightbox%26settings%3DeyJpZCI6MTMwOTYsInVybCI6Imh0dHBzOlwvXC9sZnMuY3pcL3dwLWNvbnRlbnRcL3VwbG9hZHNcLzIwMjVcLzA3XC9MRlMyNV9EdWNob25fUGV0ZXItQmViamFrX0NUSy1NYXR5YXMtQ2VjaC00LmpwZyIsInNsaWRlc2hvdyI6IjZiNzE2M2MifQ%3D%3D\">\n\t\t\t\t\t<div class=\"e-gallery-image elementor-gallery-item__image\" data-thumbnail=\"https:\/\/lfs.cz\/wp-content\/uploads\/2025\/07\/LFS25_Duchon_Peter-Bebjak_CTK-Matyas-Cech-4-200x300.jpg\" data-width=\"200\" data-height=\"300\" aria-label=\"\" role=\"img\" ><\/div>\n\t\t\t\t\t\t\t\t\t\t\t<div class=\"elementor-gallery-item__overlay\"><\/div>\n\t\t\t\t\t\t\t\t\t\t\t\t\t\t<\/a>\n\t\t\t\t\t\t\t<a class=\"e-gallery-item elementor-gallery-item elementor-animated-content\" data-e-gallery-tags=\"4\" href=\"https:\/\/lfs.cz\/wp-content\/uploads\/2025\/07\/LFS25_Hot-TV_Co-dnes-znamena-televize_Tadeas-Kaminek-9.jpg\" data-elementor-open-lightbox=\"yes\" data-elementor-lightbox-slideshow=\"6b7163c\" data-elementor-lightbox-title=\"LF\u0160 2025, Letn\u00ed filmov\u00e1 \u0161kola, odborn\u00fd program: Hot TV: Co dnes znamen\u00e1 televize?, \u010cTK \/ Tade\u00e1\u0161 Kam\u00ednek\" data-e-action-hash=\"#elementor-action%3Aaction%3Dlightbox%26settings%3DeyJpZCI6MTI3OTIsInVybCI6Imh0dHBzOlwvXC9sZnMuY3pcL3dwLWNvbnRlbnRcL3VwbG9hZHNcLzIwMjVcLzA3XC9MRlMyNV9Ib3QtVFZfQ28tZG5lcy16bmFtZW5hLXRlbGV2aXplX1RhZGVhcy1LYW1pbmVrLTkuanBnIiwic2xpZGVzaG93IjoiNmI3MTYzYyJ9\">\n\t\t\t\t\t<div class=\"e-gallery-image elementor-gallery-item__image\" data-thumbnail=\"https:\/\/lfs.cz\/wp-content\/uploads\/2025\/07\/LFS25_Hot-TV_Co-dnes-znamena-televize_Tadeas-Kaminek-9-300x200.jpg\" data-width=\"300\" data-height=\"200\" aria-label=\"\" role=\"img\" ><\/div>\n\t\t\t\t\t\t\t\t\t\t\t<div class=\"elementor-gallery-item__overlay\"><\/div>\n\t\t\t\t\t\t\t\t\t\t\t\t\t\t<\/a>\n\t\t\t\t\t\t\t<a class=\"e-gallery-item elementor-gallery-item elementor-animated-content\" data-e-gallery-tags=\"1\" href=\"https:\/\/lfs.cz\/wp-content\/uploads\/2025\/07\/LFS25_Sbormistr_Kino-Hvezda_Radek-Petrasek-5.jpg\" data-elementor-open-lightbox=\"yes\" data-elementor-lightbox-slideshow=\"6b7163c\" data-elementor-lightbox-title=\"LF\u0160 2025, Letn\u00ed filmov\u00e1 \u0161kola, \u010cTK \/ Radek Petr\u00e1\u0161ek\" data-e-action-hash=\"#elementor-action%3Aaction%3Dlightbox%26settings%3DeyJpZCI6MTIxNzIsInVybCI6Imh0dHBzOlwvXC9sZnMuY3pcL3dwLWNvbnRlbnRcL3VwbG9hZHNcLzIwMjVcLzA3XC9MRlMyNV9TYm9ybWlzdHJfS2luby1IdmV6ZGFfUmFkZWstUGV0cmFzZWstNS5qcGciLCJzbGlkZXNob3ciOiI2YjcxNjNjIn0%3D\">\n\t\t\t\t\t<div class=\"e-gallery-image elementor-gallery-item__image\" data-thumbnail=\"https:\/\/lfs.cz\/wp-content\/uploads\/2025\/07\/LFS25_Sbormistr_Kino-Hvezda_Radek-Petrasek-5-300x200.jpg\" data-width=\"300\" data-height=\"200\" aria-label=\"\" role=\"img\" ><\/div>\n\t\t\t\t\t\t\t\t\t\t\t<div class=\"elementor-gallery-item__overlay\"><\/div>\n\t\t\t\t\t\t\t\t\t\t\t\t\t\t<\/a>\n\t\t\t\t\t\t\t<a class=\"e-gallery-item elementor-gallery-item elementor-animated-content\" data-e-gallery-tags=\"4\" href=\"https:\/\/lfs.cz\/wp-content\/uploads\/2025\/07\/LFS25_ATMO_Richard-Skoumal-7-1.jpg\" data-elementor-open-lightbox=\"yes\" data-elementor-lightbox-slideshow=\"6b7163c\" data-elementor-lightbox-title=\"Atmosf\u00e9ra, Letn\u00ed filmov\u00e1 \u0161kola, LF\u0160 2025, \u010cTK \/ Skoumal Richard\" data-e-action-hash=\"#elementor-action%3Aaction%3Dlightbox%26settings%3DeyJpZCI6MTI4MzIsInVybCI6Imh0dHBzOlwvXC9sZnMuY3pcL3dwLWNvbnRlbnRcL3VwbG9hZHNcLzIwMjVcLzA3XC9MRlMyNV9BVE1PX1JpY2hhcmQtU2tvdW1hbC03LTEuanBnIiwic2xpZGVzaG93IjoiNmI3MTYzYyJ9\">\n\t\t\t\t\t<div class=\"e-gallery-image elementor-gallery-item__image\" data-thumbnail=\"https:\/\/lfs.cz\/wp-content\/uploads\/2025\/07\/LFS25_ATMO_Richard-Skoumal-7-1-300x200.jpg\" data-width=\"300\" data-height=\"200\" aria-label=\"\" role=\"img\" ><\/div>\n\t\t\t\t\t\t\t\t\t\t\t<div class=\"elementor-gallery-item__overlay\"><\/div>\n\t\t\t\t\t\t\t\t\t\t\t\t\t\t<\/a>\n\t\t\t\t\t\t\t<a class=\"e-gallery-item elementor-gallery-item elementor-animated-content\" data-e-gallery-tags=\"0\" href=\"https:\/\/lfs.cz\/wp-content\/uploads\/2025\/07\/LFS25_merch_foto_Vincent-Stransky-15-2.jpg\" data-elementor-open-lightbox=\"yes\" data-elementor-lightbox-slideshow=\"6b7163c\" data-elementor-lightbox-title=\"LF\u0160 2025, Letn\u00ed filmov\u00e1 \u0161kola, merch, foto Vincent Str\u00e1nsk\u00fd\" data-e-action-hash=\"#elementor-action%3Aaction%3Dlightbox%26settings%3DeyJpZCI6MTIxMTksInVybCI6Imh0dHBzOlwvXC9sZnMuY3pcL3dwLWNvbnRlbnRcL3VwbG9hZHNcLzIwMjVcLzA3XC9MRlMyNV9tZXJjaF9mb3RvX1ZpbmNlbnQtU3RyYW5za3ktMTUtMi5qcGciLCJzbGlkZXNob3ciOiI2YjcxNjNjIn0%3D\">\n\t\t\t\t\t<div class=\"e-gallery-image elementor-gallery-item__image\" data-thumbnail=\"https:\/\/lfs.cz\/wp-content\/uploads\/2025\/07\/LFS25_merch_foto_Vincent-Stransky-15-2-300x200.jpg\" data-width=\"300\" data-height=\"200\" aria-label=\"\" role=\"img\" ><\/div>\n\t\t\t\t\t\t\t\t\t\t\t<div class=\"elementor-gallery-item__overlay\"><\/div>\n\t\t\t\t\t\t\t\t\t\t\t\t\t\t<\/a>\n\t\t\t\t\t\t\t<a class=\"e-gallery-item elementor-gallery-item elementor-animated-content\" data-e-gallery-tags=\"2\" href=\"https:\/\/lfs.cz\/wp-content\/uploads\/2025\/07\/LFS25_Miroslav-Hlauco_Marek-Malusek-5.jpg\" data-elementor-open-lightbox=\"yes\" data-elementor-lightbox-slideshow=\"6b7163c\" data-elementor-lightbox-title=\"LF\u0160 2025, Letn\u00ed filmov\u00e1 \u0161kola, Autorsk\u00e9 \u010dten\u00ed z rom\u00e1nu Letnice Miroslava Hlau\u010da, foto Marek Mal\u016f\u0161ek\" data-e-action-hash=\"#elementor-action%3Aaction%3Dlightbox%26settings%3DeyJpZCI6MTI1MzUsInVybCI6Imh0dHBzOlwvXC9sZnMuY3pcL3dwLWNvbnRlbnRcL3VwbG9hZHNcLzIwMjVcLzA3XC9MRlMyNV9NaXJvc2xhdi1IbGF1Y29fTWFyZWstTWFsdXNlay01LmpwZyIsInNsaWRlc2hvdyI6IjZiNzE2M2MifQ%3D%3D\">\n\t\t\t\t\t<div class=\"e-gallery-image elementor-gallery-item__image\" data-thumbnail=\"https:\/\/lfs.cz\/wp-content\/uploads\/2025\/07\/LFS25_Miroslav-Hlauco_Marek-Malusek-5-300x200.jpg\" data-width=\"300\" data-height=\"200\" aria-label=\"\" role=\"img\" ><\/div>\n\t\t\t\t\t\t\t\t\t\t\t<div class=\"elementor-gallery-item__overlay\"><\/div>\n\t\t\t\t\t\t\t\t\t\t\t\t\t\t<\/a>\n\t\t\t\t\t\t\t<a class=\"e-gallery-item elementor-gallery-item elementor-animated-content\" data-e-gallery-tags=\"3\" href=\"https:\/\/lfs.cz\/wp-content\/uploads\/2025\/07\/LFS25_Jan-Nemec-Jana-Sramkova_Byt_Marek-Malusek-2.jpg\" data-elementor-open-lightbox=\"yes\" data-elementor-lightbox-slideshow=\"6b7163c\" data-elementor-lightbox-title=\"LF\u0160 2025, Letn\u00ed filmov\u00e1 \u0161kola, Jan N\u011bmec, Jana \u0160r\u00e1mkov\u00e1: Byt, foto Marek Mal\u016f\u0161ek\" data-e-action-hash=\"#elementor-action%3Aaction%3Dlightbox%26settings%3DeyJpZCI6MTI2ODQsInVybCI6Imh0dHBzOlwvXC9sZnMuY3pcL3dwLWNvbnRlbnRcL3VwbG9hZHNcLzIwMjVcLzA3XC9MRlMyNV9KYW4tTmVtZWMtSmFuYS1TcmFta292YV9CeXRfTWFyZWstTWFsdXNlay0yLmpwZyIsInNsaWRlc2hvdyI6IjZiNzE2M2MifQ%3D%3D\">\n\t\t\t\t\t<div class=\"e-gallery-image elementor-gallery-item__image\" data-thumbnail=\"https:\/\/lfs.cz\/wp-content\/uploads\/2025\/07\/LFS25_Jan-Nemec-Jana-Sramkova_Byt_Marek-Malusek-2-300x200.jpg\" data-width=\"300\" data-height=\"200\" aria-label=\"\" role=\"img\" ><\/div>\n\t\t\t\t\t\t\t\t\t\t\t<div class=\"elementor-gallery-item__overlay\"><\/div>\n\t\t\t\t\t\t\t\t\t\t\t\t\t\t<\/a>\n\t\t\t\t\t\t\t<a class=\"e-gallery-item elementor-gallery-item elementor-animated-content\" data-e-gallery-tags=\"2\" href=\"https:\/\/lfs.cz\/wp-content\/uploads\/2025\/07\/LFS25_Sexualni-poradna_Stan-CT_Richard-Skoumal-4.jpg\" data-elementor-open-lightbox=\"yes\" data-elementor-lightbox-slideshow=\"6b7163c\" data-elementor-lightbox-title=\"Zuzana Ka\u0161parov\u00e1, Ter\u00e9zia Ferjan\u010dekov\u00e1, Chi Chi Tornado, Sexu\u00e1ln\u00ed poradna: iVys\u00edl\u00e1n\u00ed edition, Letn\u00ed filmov\u00e1 \u0161kola, LF\u0160 2025, \u010cTK \/ Skoumal Richard\" data-e-action-hash=\"#elementor-action%3Aaction%3Dlightbox%26settings%3DeyJpZCI6MTIzMzYsInVybCI6Imh0dHBzOlwvXC9sZnMuY3pcL3dwLWNvbnRlbnRcL3VwbG9hZHNcLzIwMjVcLzA3XC9MRlMyNV9TZXh1YWxuaS1wb3JhZG5hX1N0YW4tQ1RfUmljaGFyZC1Ta291bWFsLTQuanBnIiwic2xpZGVzaG93IjoiNmI3MTYzYyJ9\">\n\t\t\t\t\t<div class=\"e-gallery-image elementor-gallery-item__image\" data-thumbnail=\"https:\/\/lfs.cz\/wp-content\/uploads\/2025\/07\/LFS25_Sexualni-poradna_Stan-CT_Richard-Skoumal-4-300x200.jpg\" data-width=\"300\" data-height=\"200\" aria-label=\"\" role=\"img\" ><\/div>\n\t\t\t\t\t\t\t\t\t\t\t<div class=\"elementor-gallery-item__overlay\"><\/div>\n\t\t\t\t\t\t\t\t\t\t\t\t\t\t<\/a>\n\t\t\t\t\t\t\t<a class=\"e-gallery-item elementor-gallery-item elementor-animated-content\" data-e-gallery-tags=\"3\" href=\"https:\/\/lfs.cz\/wp-content\/uploads\/2025\/07\/LFS25_ARAS_Tadeas-Kaminek-3.jpg\" data-elementor-open-lightbox=\"yes\" data-elementor-lightbox-slideshow=\"6b7163c\" data-elementor-lightbox-title=\"LF\u0160 2025, Letn\u00ed filmov\u00e1 \u0161kola, Odborn\u00fd program: ARAS, Eva Podzimkov\u00e1 Josef\u00edkov\u00e1, \u010cTK \/ Tade\u00e1\u0161 Kam\u00ednek\" data-e-action-hash=\"#elementor-action%3Aaction%3Dlightbox%26settings%3DeyJpZCI6MTI2MzgsInVybCI6Imh0dHBzOlwvXC9sZnMuY3pcL3dwLWNvbnRlbnRcL3VwbG9hZHNcLzIwMjVcLzA3XC9MRlMyNV9BUkFTX1RhZGVhcy1LYW1pbmVrLTMuanBnIiwic2xpZGVzaG93IjoiNmI3MTYzYyJ9\">\n\t\t\t\t\t<div class=\"e-gallery-image elementor-gallery-item__image\" data-thumbnail=\"https:\/\/lfs.cz\/wp-content\/uploads\/2025\/07\/LFS25_ARAS_Tadeas-Kaminek-3-200x300.jpg\" data-width=\"200\" data-height=\"300\" aria-label=\"\" role=\"img\" ><\/div>\n\t\t\t\t\t\t\t\t\t\t\t<div class=\"elementor-gallery-item__overlay\"><\/div>\n\t\t\t\t\t\t\t\t\t\t\t\t\t\t<\/a>\n\t\t\t\t\t\t\t<a class=\"e-gallery-item elementor-gallery-item elementor-animated-content\" data-e-gallery-tags=\"4\" href=\"https:\/\/lfs.cz\/wp-content\/uploads\/2025\/07\/LFS25_Povidka-o-policajtovi_Arnaud-Dumatin_Matyas-Cech-1.jpg\" data-elementor-open-lightbox=\"yes\" data-elementor-lightbox-slideshow=\"6b7163c\" data-elementor-lightbox-title=\"Letn\u00ed filmov\u00e1 \u0161kola, LF\u0160 2025, Arnaud Dumatin p\u0159i \u00favodu filmu Pov\u00eddka o policajtovi na Letn\u00ed filmov\u00e9 \u0161kole v Uhersk\u00e9m Hradi\u0161ti 2025, \u010cTK \/ Maty\u00e1\u0161 \u010cech\" data-e-action-hash=\"#elementor-action%3Aaction%3Dlightbox%26settings%3DeyJpZCI6MTI3MTAsInVybCI6Imh0dHBzOlwvXC9sZnMuY3pcL3dwLWNvbnRlbnRcL3VwbG9hZHNcLzIwMjVcLzA3XC9MRlMyNV9Qb3ZpZGthLW8tcG9saWNhanRvdmlfQXJuYXVkLUR1bWF0aW5fTWF0eWFzLUNlY2gtMS5qcGciLCJzbGlkZXNob3ciOiI2YjcxNjNjIn0%3D\">\n\t\t\t\t\t<div class=\"e-gallery-image elementor-gallery-item__image\" data-thumbnail=\"https:\/\/lfs.cz\/wp-content\/uploads\/2025\/07\/LFS25_Povidka-o-policajtovi_Arnaud-Dumatin_Matyas-Cech-1-200x300.jpg\" data-width=\"200\" data-height=\"300\" aria-label=\"\" role=\"img\" ><\/div>\n\t\t\t\t\t\t\t\t\t\t\t<div class=\"elementor-gallery-item__overlay\"><\/div>\n\t\t\t\t\t\t\t\t\t\t\t\t\t\t<\/a>\n\t\t\t\t\t\t\t<a class=\"e-gallery-item elementor-gallery-item elementor-animated-content\" data-e-gallery-tags=\"3\" href=\"https:\/\/lfs.cz\/wp-content\/uploads\/2025\/07\/LFS25_Spolecne-99-Vyrocni-cena-ACFK_Lukas-Moodysson_Radek-Petrasek-11.jpg\" data-elementor-open-lightbox=\"yes\" data-elementor-lightbox-slideshow=\"6b7163c\" data-elementor-lightbox-title=\"LF\u0160 2025, Letn\u00ed filmov\u00e1 \u0161kola, P\u0159ed\u00e1n\u00ed v\u00fdro\u010dn\u00ed ceny A\u010cFK Lukasu Moodyssonovi, \u010cTK \/ Petr\u00e1\u0161ek Radek\" data-e-action-hash=\"#elementor-action%3Aaction%3Dlightbox%26settings%3DeyJpZCI6MTI2MjMsInVybCI6Imh0dHBzOlwvXC9sZnMuY3pcL3dwLWNvbnRlbnRcL3VwbG9hZHNcLzIwMjVcLzA3XC9MRlMyNV9TcG9sZWNuZS05OS1WeXJvY25pLWNlbmEtQUNGS19MdWthcy1Nb29keXNzb25fUmFkZWstUGV0cmFzZWstMTEuanBnIiwic2xpZGVzaG93IjoiNmI3MTYzYyJ9\">\n\t\t\t\t\t<div class=\"e-gallery-image elementor-gallery-item__image\" data-thumbnail=\"https:\/\/lfs.cz\/wp-content\/uploads\/2025\/07\/LFS25_Spolecne-99-Vyrocni-cena-ACFK_Lukas-Moodysson_Radek-Petrasek-11-300x200.jpg\" data-width=\"300\" data-height=\"200\" aria-label=\"\" role=\"img\" ><\/div>\n\t\t\t\t\t\t\t\t\t\t\t<div class=\"elementor-gallery-item__overlay\"><\/div>\n\t\t\t\t\t\t\t\t\t\t\t\t\t\t<\/a>\n\t\t\t\t\t\t\t<a class=\"e-gallery-item elementor-gallery-item elementor-animated-content\" data-e-gallery-tags=\"2\" href=\"https:\/\/lfs.cz\/wp-content\/uploads\/2025\/07\/LFS25_ATMO_Richard-Skoumal-11.jpg\" data-elementor-open-lightbox=\"yes\" data-elementor-lightbox-slideshow=\"6b7163c\" data-elementor-lightbox-title=\"Atmosf\u00e9ra, Letn\u00ed filmov\u00e1 \u0161kola, LF\u0160 2025, \u010cTK \/ Skoumal Richard\" data-e-action-hash=\"#elementor-action%3Aaction%3Dlightbox%26settings%3DeyJpZCI6MTIzOTgsInVybCI6Imh0dHBzOlwvXC9sZnMuY3pcL3dwLWNvbnRlbnRcL3VwbG9hZHNcLzIwMjVcLzA3XC9MRlMyNV9BVE1PX1JpY2hhcmQtU2tvdW1hbC0xMS5qcGciLCJzbGlkZXNob3ciOiI2YjcxNjNjIn0%3D\">\n\t\t\t\t\t<div class=\"e-gallery-image elementor-gallery-item__image\" data-thumbnail=\"https:\/\/lfs.cz\/wp-content\/uploads\/2025\/07\/LFS25_ATMO_Richard-Skoumal-11-300x200.jpg\" data-width=\"300\" data-height=\"200\" aria-label=\"\" role=\"img\" ><\/div>\n\t\t\t\t\t\t\t\t\t\t\t<div class=\"elementor-gallery-item__overlay\"><\/div>\n\t\t\t\t\t\t\t\t\t\t\t\t\t\t<\/a>\n\t\t\t\t\t\t\t<a class=\"e-gallery-item elementor-gallery-item elementor-animated-content\" data-e-gallery-tags=\"1\" href=\"https:\/\/lfs.cz\/wp-content\/uploads\/2025\/07\/LFS25_Konec-sveta_-Matyas-Cech-1.jpg\" data-elementor-open-lightbox=\"yes\" data-elementor-lightbox-slideshow=\"6b7163c\" data-elementor-lightbox-title=\"Letn\u00ed filmov\u00e1 \u0161kola, LF\u0160 2025, Zuzana Mau\u00e9ry, Jind\u0159ich Mot\u00fdl, Josef Slav\u00edk, Konec Sv\u011bta, \u010cTK \/ Maty\u00e1\u0161 \u010cech\" data-e-action-hash=\"#elementor-action%3Aaction%3Dlightbox%26settings%3DeyJpZCI6MTIyMzQsInVybCI6Imh0dHBzOlwvXC9sZnMuY3pcL3dwLWNvbnRlbnRcL3VwbG9hZHNcLzIwMjVcLzA3XC9MRlMyNV9Lb25lYy1zdmV0YV8tTWF0eWFzLUNlY2gtMS5qcGciLCJzbGlkZXNob3ciOiI2YjcxNjNjIn0%3D\">\n\t\t\t\t\t<div class=\"e-gallery-image elementor-gallery-item__image\" data-thumbnail=\"https:\/\/lfs.cz\/wp-content\/uploads\/2025\/07\/LFS25_Konec-sveta_-Matyas-Cech-1-300x200.jpg\" data-width=\"300\" data-height=\"200\" aria-label=\"\" role=\"img\" ><\/div>\n\t\t\t\t\t\t\t\t\t\t\t<div class=\"elementor-gallery-item__overlay\"><\/div>\n\t\t\t\t\t\t\t\t\t\t\t\t\t\t<\/a>\n\t\t\t\t\t\t\t<a class=\"e-gallery-item elementor-gallery-item elementor-animated-content\" data-e-gallery-tags=\"4\" href=\"https:\/\/lfs.cz\/wp-content\/uploads\/2025\/07\/LFS25_Z-hrace-tvurcem-hernich-svetu_HUB123_Radek-Petrasek-1.jpg\" data-elementor-open-lightbox=\"yes\" data-elementor-lightbox-slideshow=\"6b7163c\" data-elementor-lightbox-title=\"LF\u0160 2025, Letn\u00ed filmov\u00e1 \u0161kola, Workshop: Z hr\u00e1\u010de tv\u016frcem hern\u00edch sv\u011bt\u016f, lektorka Britta Senn, \u010cTK \/ Petr\u00e1\u0161ek Radek\" data-e-action-hash=\"#elementor-action%3Aaction%3Dlightbox%26settings%3DeyJpZCI6MTI3MTUsInVybCI6Imh0dHBzOlwvXC9sZnMuY3pcL3dwLWNvbnRlbnRcL3VwbG9hZHNcLzIwMjVcLzA3XC9MRlMyNV9aLWhyYWNlLXR2dXJjZW0taGVybmljaC1zdmV0dV9IVUIxMjNfUmFkZWstUGV0cmFzZWstMS5qcGciLCJzbGlkZXNob3ciOiI2YjcxNjNjIn0%3D\">\n\t\t\t\t\t<div class=\"e-gallery-image elementor-gallery-item__image\" data-thumbnail=\"https:\/\/lfs.cz\/wp-content\/uploads\/2025\/07\/LFS25_Z-hrace-tvurcem-hernich-svetu_HUB123_Radek-Petrasek-1-300x200.jpg\" data-width=\"300\" data-height=\"200\" aria-label=\"\" role=\"img\" ><\/div>\n\t\t\t\t\t\t\t\t\t\t\t<div class=\"elementor-gallery-item__overlay\"><\/div>\n\t\t\t\t\t\t\t\t\t\t\t\t\t\t<\/a>\n\t\t\t\t\t\t\t<a class=\"e-gallery-item elementor-gallery-item elementor-animated-content\" data-e-gallery-tags=\"4\" href=\"https:\/\/lfs.cz\/wp-content\/uploads\/2025\/07\/LFS25_ATMO_Tadeas-Kaminek-6-1.jpg\" data-elementor-open-lightbox=\"yes\" data-elementor-lightbox-slideshow=\"6b7163c\" data-elementor-lightbox-title=\"LF\u0160 2025, Letn\u00ed filmov\u00e1 \u0161kola, atmosf\u00e9ra, \u010cTK \/ Tade\u00e1\u0161 Kam\u00ednek\" data-e-action-hash=\"#elementor-action%3Aaction%3Dlightbox%26settings%3DeyJpZCI6MTI3NDUsInVybCI6Imh0dHBzOlwvXC9sZnMuY3pcL3dwLWNvbnRlbnRcL3VwbG9hZHNcLzIwMjVcLzA3XC9MRlMyNV9BVE1PX1RhZGVhcy1LYW1pbmVrLTYtMS5qcGciLCJzbGlkZXNob3ciOiI2YjcxNjNjIn0%3D\">\n\t\t\t\t\t<div class=\"e-gallery-image elementor-gallery-item__image\" data-thumbnail=\"https:\/\/lfs.cz\/wp-content\/uploads\/2025\/07\/LFS25_ATMO_Tadeas-Kaminek-6-1-300x200.jpg\" data-width=\"300\" data-height=\"200\" aria-label=\"\" role=\"img\" ><\/div>\n\t\t\t\t\t\t\t\t\t\t\t<div class=\"elementor-gallery-item__overlay\"><\/div>\n\t\t\t\t\t\t\t\t\t\t\t\t\t\t<\/a>\n\t\t\t\t\t\t\t<a class=\"e-gallery-item elementor-gallery-item elementor-animated-content\" data-e-gallery-tags=\"0\" href=\"https:\/\/lfs.cz\/wp-content\/uploads\/2025\/07\/LFS25_ATMO_Petr-Mlch-2-1.jpg\" data-elementor-open-lightbox=\"yes\" data-elementor-lightbox-slideshow=\"6b7163c\" data-elementor-lightbox-title=\"LF\u0160 2025, Letn\u00ed filmov\u00e1 \u0161kola, p\u0159\u00edpravy, \u010cTK \/ Petr Mlch\" data-e-action-hash=\"#elementor-action%3Aaction%3Dlightbox%26settings%3DeyJpZCI6MTIxMTEsInVybCI6Imh0dHBzOlwvXC9sZnMuY3pcL3dwLWNvbnRlbnRcL3VwbG9hZHNcLzIwMjVcLzA3XC9MRlMyNV9BVE1PX1BldHItTWxjaC0yLTEuanBnIiwic2xpZGVzaG93IjoiNmI3MTYzYyJ9\">\n\t\t\t\t\t<div class=\"e-gallery-image elementor-gallery-item__image\" data-thumbnail=\"https:\/\/lfs.cz\/wp-content\/uploads\/2025\/07\/LFS25_ATMO_Petr-Mlch-2-1-300x200.jpg\" data-width=\"300\" data-height=\"200\" aria-label=\"\" role=\"img\" ><\/div>\n\t\t\t\t\t\t\t\t\t\t\t<div class=\"elementor-gallery-item__overlay\"><\/div>\n\t\t\t\t\t\t\t\t\t\t\t\t\t\t<\/a>\n\t\t\t\t\t\t\t<a class=\"e-gallery-item elementor-gallery-item elementor-animated-content\" data-e-gallery-tags=\"5\" href=\"https:\/\/lfs.cz\/wp-content\/uploads\/2025\/07\/MM_1644.jpg\" data-elementor-open-lightbox=\"yes\" data-elementor-lightbox-slideshow=\"6b7163c\" data-elementor-lightbox-title=\"LF\u0160 2025, Letn\u00ed filmov\u00e1 \u0161kola, Zuzana Kronerov\u00e1: Shirley Valentine, Slov\u00e1ck\u00e9 divadlo, foto Marek Mal\u016f\u0161ek\" data-e-action-hash=\"#elementor-action%3Aaction%3Dlightbox%26settings%3DeyJpZCI6MTMwMzMsInVybCI6Imh0dHBzOlwvXC9sZnMuY3pcL3dwLWNvbnRlbnRcL3VwbG9hZHNcLzIwMjVcLzA3XC9NTV8xNjQ0LmpwZyIsInNsaWRlc2hvdyI6IjZiNzE2M2MifQ%3D%3D\">\n\t\t\t\t\t<div class=\"e-gallery-image elementor-gallery-item__image\" data-thumbnail=\"https:\/\/lfs.cz\/wp-content\/uploads\/2025\/07\/MM_1644-300x200.jpg\" data-width=\"300\" data-height=\"200\" aria-label=\"\" role=\"img\" ><\/div>\n\t\t\t\t\t\t\t\t\t\t\t<div class=\"elementor-gallery-item__overlay\"><\/div>\n\t\t\t\t\t\t\t\t\t\t\t\t\t\t<\/a>\n\t\t\t\t\t\t\t<a class=\"e-gallery-item elementor-gallery-item elementor-animated-content\" data-e-gallery-tags=\"4\" href=\"https:\/\/lfs.cz\/wp-content\/uploads\/2025\/07\/LFS25_ATMO_Richard-Skoumal-5-2.jpg\" data-elementor-open-lightbox=\"yes\" data-elementor-lightbox-slideshow=\"6b7163c\" data-elementor-lightbox-title=\"Atmosf\u00e9ra, Letn\u00ed filmov\u00e1 \u0161kola, LF\u0160 2025, \u010cTK \/ Skoumal Richard\" data-e-action-hash=\"#elementor-action%3Aaction%3Dlightbox%26settings%3DeyJpZCI6MTI4MzAsInVybCI6Imh0dHBzOlwvXC9sZnMuY3pcL3dwLWNvbnRlbnRcL3VwbG9hZHNcLzIwMjVcLzA3XC9MRlMyNV9BVE1PX1JpY2hhcmQtU2tvdW1hbC01LTIuanBnIiwic2xpZGVzaG93IjoiNmI3MTYzYyJ9\">\n\t\t\t\t\t<div class=\"e-gallery-image elementor-gallery-item__image\" data-thumbnail=\"https:\/\/lfs.cz\/wp-content\/uploads\/2025\/07\/LFS25_ATMO_Richard-Skoumal-5-2-300x200.jpg\" data-width=\"300\" data-height=\"200\" aria-label=\"\" role=\"img\" ><\/div>\n\t\t\t\t\t\t\t\t\t\t\t<div class=\"elementor-gallery-item__overlay\"><\/div>\n\t\t\t\t\t\t\t\t\t\t\t\t\t\t<\/a>\n\t\t\t\t\t\t\t<a class=\"e-gallery-item elementor-gallery-item elementor-animated-content\" data-e-gallery-tags=\"6\" href=\"https:\/\/lfs.cz\/wp-content\/uploads\/2025\/07\/LFS25_ATMO_Marek-Malusek-11.jpg\" data-elementor-open-lightbox=\"yes\" data-elementor-lightbox-slideshow=\"6b7163c\" data-elementor-lightbox-title=\"LF\u0160 2025, Letn\u00ed filmov\u00e1 \u0161kola, atmosf\u00e9ra, foto Marek Mal\u016f\u0161ek\" data-e-action-hash=\"#elementor-action%3Aaction%3Dlightbox%26settings%3DeyJpZCI6MTMxNTIsInVybCI6Imh0dHBzOlwvXC9sZnMuY3pcL3dwLWNvbnRlbnRcL3VwbG9hZHNcLzIwMjVcLzA3XC9MRlMyNV9BVE1PX01hcmVrLU1hbHVzZWstMTEuanBnIiwic2xpZGVzaG93IjoiNmI3MTYzYyJ9\">\n\t\t\t\t\t<div class=\"e-gallery-image elementor-gallery-item__image\" data-thumbnail=\"https:\/\/lfs.cz\/wp-content\/uploads\/2025\/07\/LFS25_ATMO_Marek-Malusek-11-300x200.jpg\" data-width=\"300\" data-height=\"200\" aria-label=\"\" role=\"img\" ><\/div>\n\t\t\t\t\t\t\t\t\t\t\t<div class=\"elementor-gallery-item__overlay\"><\/div>\n\t\t\t\t\t\t\t\t\t\t\t\t\t\t<\/a>\n\t\t\t\t\t\t\t<a class=\"e-gallery-item elementor-gallery-item elementor-animated-content\" data-e-gallery-tags=\"3\" href=\"https:\/\/lfs.cz\/wp-content\/uploads\/2025\/07\/LFS25_Spolecne-99-Vyrocni-cena-ACFK_Lukas-Moodysson_Radek-Petrasek-1.jpg\" data-elementor-open-lightbox=\"yes\" data-elementor-lightbox-slideshow=\"6b7163c\" data-elementor-lightbox-title=\"LF\u0160 2025, Letn\u00ed filmov\u00e1 \u0161kola, P\u0159ed\u00e1n\u00ed v\u00fdro\u010dn\u00ed ceny A\u010cFK Lukasu Moodyssonovi, zleva \u0159editelka Letn\u00ed filmov\u00e9 \u0161koly Radana Koren\u00e1, programov\u00fd \u0159editel Letn\u00ed filmov\u00e9 \u0161koly Jan J\u00edlek, \u010cTK \/ Petr\u00e1\u0161ek Radek\" data-e-action-hash=\"#elementor-action%3Aaction%3Dlightbox%26settings%3DeyJpZCI6MTI2MTcsInVybCI6Imh0dHBzOlwvXC9sZnMuY3pcL3dwLWNvbnRlbnRcL3VwbG9hZHNcLzIwMjVcLzA3XC9MRlMyNV9TcG9sZWNuZS05OS1WeXJvY25pLWNlbmEtQUNGS19MdWthcy1Nb29keXNzb25fUmFkZWstUGV0cmFzZWstMS5qcGciLCJzbGlkZXNob3ciOiI2YjcxNjNjIn0%3D\">\n\t\t\t\t\t<div class=\"e-gallery-image elementor-gallery-item__image\" data-thumbnail=\"https:\/\/lfs.cz\/wp-content\/uploads\/2025\/07\/LFS25_Spolecne-99-Vyrocni-cena-ACFK_Lukas-Moodysson_Radek-Petrasek-1-300x200.jpg\" data-width=\"300\" data-height=\"200\" aria-label=\"\" role=\"img\" ><\/div>\n\t\t\t\t\t\t\t\t\t\t\t<div class=\"elementor-gallery-item__overlay\"><\/div>\n\t\t\t\t\t\t\t\t\t\t\t\t\t\t<\/a>\n\t\t\t\t\t\t\t<a class=\"e-gallery-item elementor-gallery-item elementor-animated-content\" data-e-gallery-tags=\"6\" href=\"https:\/\/lfs.cz\/wp-content\/uploads\/2025\/07\/LFS25_ATMO_Marek-Malusek-20.jpg\" data-elementor-open-lightbox=\"yes\" data-elementor-lightbox-slideshow=\"6b7163c\" data-elementor-lightbox-title=\"LF\u0160 2025, Letn\u00ed filmov\u00e1 \u0161kola, atmosf\u00e9ra, foto Marek Mal\u016f\u0161ek\" data-e-action-hash=\"#elementor-action%3Aaction%3Dlightbox%26settings%3DeyJpZCI6MTMxNTYsInVybCI6Imh0dHBzOlwvXC9sZnMuY3pcL3dwLWNvbnRlbnRcL3VwbG9hZHNcLzIwMjVcLzA3XC9MRlMyNV9BVE1PX01hcmVrLU1hbHVzZWstMjAuanBnIiwic2xpZGVzaG93IjoiNmI3MTYzYyJ9\">\n\t\t\t\t\t<div class=\"e-gallery-image elementor-gallery-item__image\" data-thumbnail=\"https:\/\/lfs.cz\/wp-content\/uploads\/2025\/07\/LFS25_ATMO_Marek-Malusek-20-300x200.jpg\" data-width=\"300\" data-height=\"200\" aria-label=\"\" role=\"img\" ><\/div>\n\t\t\t\t\t\t\t\t\t\t\t<div class=\"elementor-gallery-item__overlay\"><\/div>\n\t\t\t\t\t\t\t\t\t\t\t\t\t\t<\/a>\n\t\t\t\t\t\t\t<a class=\"e-gallery-item elementor-gallery-item elementor-animated-content\" data-e-gallery-tags=\"2\" href=\"https:\/\/lfs.cz\/wp-content\/uploads\/2025\/07\/LFS25_Studio-N-live_Lukas-Hejlik_Richard-Skoumal-3.jpg\" data-elementor-open-lightbox=\"yes\" data-elementor-lightbox-slideshow=\"6b7163c\" data-elementor-lightbox-title=\"Filip Titlbach, Luk\u00e1\u0161 Hejl\u00edk, Studio N live, Letn\u00ed filmov\u00e1 \u0161kola, LF\u0160 2025, \u010cTK \/ Skoumal Richard\" data-e-action-hash=\"#elementor-action%3Aaction%3Dlightbox%26settings%3DeyJpZCI6MTIzMzksInVybCI6Imh0dHBzOlwvXC9sZnMuY3pcL3dwLWNvbnRlbnRcL3VwbG9hZHNcLzIwMjVcLzA3XC9MRlMyNV9TdHVkaW8tTi1saXZlX0x1a2FzLUhlamxpa19SaWNoYXJkLVNrb3VtYWwtMy5qcGciLCJzbGlkZXNob3ciOiI2YjcxNjNjIn0%3D\">\n\t\t\t\t\t<div class=\"e-gallery-image elementor-gallery-item__image\" data-thumbnail=\"https:\/\/lfs.cz\/wp-content\/uploads\/2025\/07\/LFS25_Studio-N-live_Lukas-Hejlik_Richard-Skoumal-3-200x300.jpg\" data-width=\"200\" data-height=\"300\" aria-label=\"\" role=\"img\" ><\/div>\n\t\t\t\t\t\t\t\t\t\t\t<div class=\"elementor-gallery-item__overlay\"><\/div>\n\t\t\t\t\t\t\t\t\t\t\t\t\t\t<\/a>\n\t\t\t\t\t\t\t<a class=\"e-gallery-item elementor-gallery-item elementor-animated-content\" data-e-gallery-tags=\"0\" href=\"https:\/\/lfs.cz\/wp-content\/uploads\/2025\/07\/LFS25_ATMO_Petr-Mlch-6-1.jpg\" data-elementor-open-lightbox=\"yes\" data-elementor-lightbox-slideshow=\"6b7163c\" data-elementor-lightbox-title=\"LF\u0160 2025, Letn\u00ed filmov\u00e1 \u0161kola, p\u0159\u00edpravy, \u010cTK \/ Petr Mlch\" data-e-action-hash=\"#elementor-action%3Aaction%3Dlightbox%26settings%3DeyJpZCI6MTIxMTUsInVybCI6Imh0dHBzOlwvXC9sZnMuY3pcL3dwLWNvbnRlbnRcL3VwbG9hZHNcLzIwMjVcLzA3XC9MRlMyNV9BVE1PX1BldHItTWxjaC02LTEuanBnIiwic2xpZGVzaG93IjoiNmI3MTYzYyJ9\">\n\t\t\t\t\t<div class=\"e-gallery-image elementor-gallery-item__image\" data-thumbnail=\"https:\/\/lfs.cz\/wp-content\/uploads\/2025\/07\/LFS25_ATMO_Petr-Mlch-6-1-300x200.jpg\" data-width=\"300\" data-height=\"200\" aria-label=\"\" role=\"img\" ><\/div>\n\t\t\t\t\t\t\t\t\t\t\t<div class=\"elementor-gallery-item__overlay\"><\/div>\n\t\t\t\t\t\t\t\t\t\t\t\t\t\t<\/a>\n\t\t\t\t\t\t\t<a class=\"e-gallery-item elementor-gallery-item elementor-animated-content\" data-e-gallery-tags=\"2\" href=\"https:\/\/lfs.cz\/wp-content\/uploads\/2025\/07\/LFS25_Cetkast_Ian-Nathan_Petr-Mlch-5-1.jpg\" data-elementor-open-lightbox=\"yes\" data-elementor-lightbox-slideshow=\"6b7163c\" data-elementor-lightbox-title=\"Ian Nathan, LF\u0160 2025, Letn\u00ed filmov\u00e1 \u0161kola, \u010cTK \/ Mlch Petr\" data-e-action-hash=\"#elementor-action%3Aaction%3Dlightbox%26settings%3DeyJpZCI6MTIzMzEsInVybCI6Imh0dHBzOlwvXC9sZnMuY3pcL3dwLWNvbnRlbnRcL3VwbG9hZHNcLzIwMjVcLzA3XC9MRlMyNV9DZXRrYXN0X0lhbi1OYXRoYW5fUGV0ci1NbGNoLTUtMS5qcGciLCJzbGlkZXNob3ciOiI2YjcxNjNjIn0%3D\">\n\t\t\t\t\t<div class=\"e-gallery-image elementor-gallery-item__image\" data-thumbnail=\"https:\/\/lfs.cz\/wp-content\/uploads\/2025\/07\/LFS25_Cetkast_Ian-Nathan_Petr-Mlch-5-1-300x200.jpg\" data-width=\"300\" data-height=\"200\" aria-label=\"\" role=\"img\" ><\/div>\n\t\t\t\t\t\t\t\t\t\t\t<div class=\"elementor-gallery-item__overlay\"><\/div>\n\t\t\t\t\t\t\t\t\t\t\t\t\t\t<\/a>\n\t\t\t\t\t\t\t<a class=\"e-gallery-item elementor-gallery-item elementor-animated-content\" data-e-gallery-tags=\"2\" href=\"https:\/\/lfs.cz\/wp-content\/uploads\/2025\/07\/LFS25_Slam-poetry_Tukan_Jan-Beranek-9.jpg\" data-elementor-open-lightbox=\"yes\" data-elementor-lightbox-slideshow=\"6b7163c\" data-elementor-lightbox-title=\"LF\u0160 2025, Letn\u00ed filmov\u00e1 \u0161kola, Slam poetry, slamer Tukan, \u010cTK \/ Jan Ber\u00e1nek\" data-e-action-hash=\"#elementor-action%3Aaction%3Dlightbox%26settings%3DeyJpZCI6MTI0MzUsInVybCI6Imh0dHBzOlwvXC9sZnMuY3pcL3dwLWNvbnRlbnRcL3VwbG9hZHNcLzIwMjVcLzA3XC9MRlMyNV9TbGFtLXBvZXRyeV9UdWthbl9KYW4tQmVyYW5lay05LmpwZyIsInNsaWRlc2hvdyI6IjZiNzE2M2MifQ%3D%3D\">\n\t\t\t\t\t<div class=\"e-gallery-image elementor-gallery-item__image\" data-thumbnail=\"https:\/\/lfs.cz\/wp-content\/uploads\/2025\/07\/LFS25_Slam-poetry_Tukan_Jan-Beranek-9-300x200.jpg\" data-width=\"300\" data-height=\"200\" aria-label=\"\" role=\"img\" ><\/div>\n\t\t\t\t\t\t\t\t\t\t\t<div class=\"elementor-gallery-item__overlay\"><\/div>\n\t\t\t\t\t\t\t\t\t\t\t\t\t\t<\/a>\n\t\t\t\t\t\t\t<a class=\"e-gallery-item elementor-gallery-item elementor-animated-content\" data-e-gallery-tags=\"4\" href=\"https:\/\/lfs.cz\/wp-content\/uploads\/2025\/07\/LFS25_ATMO_Tadeas-Kaminek-16.jpg\" data-elementor-open-lightbox=\"yes\" data-elementor-lightbox-slideshow=\"6b7163c\" data-elementor-lightbox-title=\"LF\u0160 2025, Letn\u00ed filmov\u00e1 \u0161kola, atmosf\u00e9ra, \u010cTK \/ Tade\u00e1\u0161 Kam\u00ednek\" data-e-action-hash=\"#elementor-action%3Aaction%3Dlightbox%26settings%3DeyJpZCI6MTI3NTUsInVybCI6Imh0dHBzOlwvXC9sZnMuY3pcL3dwLWNvbnRlbnRcL3VwbG9hZHNcLzIwMjVcLzA3XC9MRlMyNV9BVE1PX1RhZGVhcy1LYW1pbmVrLTE2LmpwZyIsInNsaWRlc2hvdyI6IjZiNzE2M2MifQ%3D%3D\">\n\t\t\t\t\t<div class=\"e-gallery-image elementor-gallery-item__image\" data-thumbnail=\"https:\/\/lfs.cz\/wp-content\/uploads\/2025\/07\/LFS25_ATMO_Tadeas-Kaminek-16-300x200.jpg\" data-width=\"300\" data-height=\"200\" aria-label=\"\" role=\"img\" ><\/div>\n\t\t\t\t\t\t\t\t\t\t\t<div class=\"elementor-gallery-item__overlay\"><\/div>\n\t\t\t\t\t\t\t\t\t\t\t\t\t\t<\/a>\n\t\t\t\t\t\t\t<a class=\"e-gallery-item elementor-gallery-item elementor-animated-content\" data-e-gallery-tags=\"2\" href=\"https:\/\/lfs.cz\/wp-content\/uploads\/2025\/07\/LFS25_Cetkast_Ian-Nathan_Petr-Mlch-4.jpg\" data-elementor-open-lightbox=\"yes\" data-elementor-lightbox-slideshow=\"6b7163c\" data-elementor-lightbox-title=\"Ian Nathan, LF\u0160 2025, Letn\u00ed filmov\u00e1 \u0161kola, \u010cTK \/ Mlch Petr\" data-e-action-hash=\"#elementor-action%3Aaction%3Dlightbox%26settings%3DeyJpZCI6MTIzMDUsInVybCI6Imh0dHBzOlwvXC9sZnMuY3pcL3dwLWNvbnRlbnRcL3VwbG9hZHNcLzIwMjVcLzA3XC9MRlMyNV9DZXRrYXN0X0lhbi1OYXRoYW5fUGV0ci1NbGNoLTQuanBnIiwic2xpZGVzaG93IjoiNmI3MTYzYyJ9\">\n\t\t\t\t\t<div class=\"e-gallery-image elementor-gallery-item__image\" data-thumbnail=\"https:\/\/lfs.cz\/wp-content\/uploads\/2025\/07\/LFS25_Cetkast_Ian-Nathan_Petr-Mlch-4-300x200.jpg\" data-width=\"300\" data-height=\"200\" aria-label=\"\" role=\"img\" ><\/div>\n\t\t\t\t\t\t\t\t\t\t\t<div class=\"elementor-gallery-item__overlay\"><\/div>\n\t\t\t\t\t\t\t\t\t\t\t\t\t\t<\/a>\n\t\t\t\t\t\t\t<a class=\"e-gallery-item elementor-gallery-item elementor-animated-content\" data-e-gallery-tags=\"5\" href=\"https:\/\/lfs.cz\/wp-content\/uploads\/2025\/07\/profimedia-1026507983.jpg\" data-elementor-open-lightbox=\"yes\" data-elementor-lightbox-slideshow=\"6b7163c\" data-elementor-lightbox-title=\"LF\u0160 2025, Letn\u00ed filmov\u00e1 \u0161kola, Zuzana Kronerov\u00e1, \u010cTK \/ Petr\u00e1\u0161ek Radek\" data-e-action-hash=\"#elementor-action%3Aaction%3Dlightbox%26settings%3DeyJpZCI6MTI5NTIsInVybCI6Imh0dHBzOlwvXC9sZnMuY3pcL3dwLWNvbnRlbnRcL3VwbG9hZHNcLzIwMjVcLzA3XC9wcm9maW1lZGlhLTEwMjY1MDc5ODMuanBnIiwic2xpZGVzaG93IjoiNmI3MTYzYyJ9\">\n\t\t\t\t\t<div class=\"e-gallery-image elementor-gallery-item__image\" data-thumbnail=\"https:\/\/lfs.cz\/wp-content\/uploads\/2025\/07\/profimedia-1026507983-300x200.jpg\" data-width=\"300\" data-height=\"200\" aria-label=\"\" role=\"img\" ><\/div>\n\t\t\t\t\t\t\t\t\t\t\t<div class=\"elementor-gallery-item__overlay\"><\/div>\n\t\t\t\t\t\t\t\t\t\t\t\t\t\t<\/a>\n\t\t\t\t\t\t\t<a class=\"e-gallery-item elementor-gallery-item elementor-animated-content\" data-e-gallery-tags=\"6\" href=\"https:\/\/lfs.cz\/wp-content\/uploads\/2025\/07\/LFS25_N.O.H.A._Kolejni-nadvori_Marek-Malusek-5.jpg\" data-elementor-open-lightbox=\"yes\" data-elementor-lightbox-slideshow=\"6b7163c\" data-elementor-lightbox-title=\"LF\u0160 2025, Letn\u00ed filmov\u00e1 \u0161kola, kapela N.O.H.A., Kolejn\u00ed n\u00e1dvo\u0159\u00ed, foto Marek Mal\u016f\u0161ek\" data-e-action-hash=\"#elementor-action%3Aaction%3Dlightbox%26settings%3DeyJpZCI6MTMxNjYsInVybCI6Imh0dHBzOlwvXC9sZnMuY3pcL3dwLWNvbnRlbnRcL3VwbG9hZHNcLzIwMjVcLzA3XC9MRlMyNV9OLk8uSC5BLl9Lb2xlam5pLW5hZHZvcmlfTWFyZWstTWFsdXNlay01LmpwZyIsInNsaWRlc2hvdyI6IjZiNzE2M2MifQ%3D%3D\">\n\t\t\t\t\t<div class=\"e-gallery-image elementor-gallery-item__image\" data-thumbnail=\"https:\/\/lfs.cz\/wp-content\/uploads\/2025\/07\/LFS25_N.O.H.A._Kolejni-nadvori_Marek-Malusek-5-300x200.jpg\" data-width=\"300\" data-height=\"200\" aria-label=\"\" role=\"img\" ><\/div>\n\t\t\t\t\t\t\t\t\t\t\t<div class=\"elementor-gallery-item__overlay\"><\/div>\n\t\t\t\t\t\t\t\t\t\t\t\t\t\t<\/a>\n\t\t\t\t\t\t\t<a class=\"e-gallery-item elementor-gallery-item elementor-animated-content\" data-e-gallery-tags=\"3\" href=\"https:\/\/lfs.cz\/wp-content\/uploads\/2025\/07\/LFS25_Rok-vdovy_Sofie-Shamekh-1.jpg\" data-elementor-open-lightbox=\"yes\" data-elementor-lightbox-slideshow=\"6b7163c\" data-elementor-lightbox-title=\"Rok vdovy, debata, Letn\u00ed filmov\u00e1 \u0161kola, LF\u0160 2025, \u010cTK \/ Sofie Shamekh\" data-e-action-hash=\"#elementor-action%3Aaction%3Dlightbox%26settings%3DeyJpZCI6MTI2NDcsInVybCI6Imh0dHBzOlwvXC9sZnMuY3pcL3dwLWNvbnRlbnRcL3VwbG9hZHNcLzIwMjVcLzA3XC9MRlMyNV9Sb2stdmRvdnlfU29maWUtU2hhbWVraC0xLmpwZyIsInNsaWRlc2hvdyI6IjZiNzE2M2MifQ%3D%3D\">\n\t\t\t\t\t<div class=\"e-gallery-image elementor-gallery-item__image\" data-thumbnail=\"https:\/\/lfs.cz\/wp-content\/uploads\/2025\/07\/LFS25_Rok-vdovy_Sofie-Shamekh-1-300x190.jpg\" data-width=\"300\" data-height=\"190\" aria-label=\"\" role=\"img\" ><\/div>\n\t\t\t\t\t\t\t\t\t\t\t<div class=\"elementor-gallery-item__overlay\"><\/div>\n\t\t\t\t\t\t\t\t\t\t\t\t\t\t<\/a>\n\t\t\t\t\t\t\t<a class=\"e-gallery-item elementor-gallery-item elementor-animated-content\" data-e-gallery-tags=\"1\" href=\"https:\/\/lfs.cz\/wp-content\/uploads\/2025\/07\/LFS25_Deset-malych-cernousku_Reduta_Tadeas-Kaminek-4.jpg\" data-elementor-open-lightbox=\"yes\" data-elementor-lightbox-slideshow=\"6b7163c\" data-elementor-lightbox-title=\"LF\u0160 2025, Letn\u00ed filmov\u00e1 \u0161kola, Luk\u00e1\u0161 Tuzar, Eli\u0161ka Ada Hub\u00e1\u010dkov\u00e1, Jan J\u00edlek, \u010cTK \/ Tade\u00e1\u0161 Kam\u00ednek\" data-e-action-hash=\"#elementor-action%3Aaction%3Dlightbox%26settings%3DeyJpZCI6MTIyNjQsInVybCI6Imh0dHBzOlwvXC9sZnMuY3pcL3dwLWNvbnRlbnRcL3VwbG9hZHNcLzIwMjVcLzA3XC9MRlMyNV9EZXNldC1tYWx5Y2gtY2Vybm91c2t1X1JlZHV0YV9UYWRlYXMtS2FtaW5lay00LmpwZyIsInNsaWRlc2hvdyI6IjZiNzE2M2MifQ%3D%3D\">\n\t\t\t\t\t<div class=\"e-gallery-image elementor-gallery-item__image\" data-thumbnail=\"https:\/\/lfs.cz\/wp-content\/uploads\/2025\/07\/LFS25_Deset-malych-cernousku_Reduta_Tadeas-Kaminek-4-300x200.jpg\" data-width=\"300\" data-height=\"200\" aria-label=\"\" role=\"img\" ><\/div>\n\t\t\t\t\t\t\t\t\t\t\t<div class=\"elementor-gallery-item__overlay\"><\/div>\n\t\t\t\t\t\t\t\t\t\t\t\t\t\t<\/a>\n\t\t\t\t\t\t\t<a class=\"e-gallery-item elementor-gallery-item elementor-animated-content\" data-e-gallery-tags=\"4\" href=\"https:\/\/lfs.cz\/wp-content\/uploads\/2025\/07\/LFS25_Schola-Gregoriana-Pragensis_Radek-Petrasek-10.jpg\" data-elementor-open-lightbox=\"yes\" data-elementor-lightbox-slideshow=\"6b7163c\" data-elementor-lightbox-title=\"LF\u0160 2025, Letn\u00ed filmov\u00e1 \u0161kola, Schola Gregoriana Pragensis, Ji\u0159\u00ed B\u00e1rta, \u010cTK \/ Petr\u00e1\u0161ek Radek\" data-e-action-hash=\"#elementor-action%3Aaction%3Dlightbox%26settings%3DeyJpZCI6MTI4MTUsInVybCI6Imh0dHBzOlwvXC9sZnMuY3pcL3dwLWNvbnRlbnRcL3VwbG9hZHNcLzIwMjVcLzA3XC9MRlMyNV9TY2hvbGEtR3JlZ29yaWFuYS1QcmFnZW5zaXNfUmFkZWstUGV0cmFzZWstMTAuanBnIiwic2xpZGVzaG93IjoiNmI3MTYzYyJ9\">\n\t\t\t\t\t<div class=\"e-gallery-image elementor-gallery-item__image\" data-thumbnail=\"https:\/\/lfs.cz\/wp-content\/uploads\/2025\/07\/LFS25_Schola-Gregoriana-Pragensis_Radek-Petrasek-10-200x300.jpg\" data-width=\"200\" data-height=\"300\" aria-label=\"\" role=\"img\" ><\/div>\n\t\t\t\t\t\t\t\t\t\t\t<div class=\"elementor-gallery-item__overlay\"><\/div>\n\t\t\t\t\t\t\t\t\t\t\t\t\t\t<\/a>\n\t\t\t\t\t\t\t<a class=\"e-gallery-item elementor-gallery-item elementor-animated-content\" data-e-gallery-tags=\"6\" href=\"https:\/\/lfs.cz\/wp-content\/uploads\/2025\/07\/LFS25_Vyrocni-cena_Kino-Hvezda_Marek-Malusek-2.jpg\" data-elementor-open-lightbox=\"yes\" data-elementor-lightbox-slideshow=\"6b7163c\" data-elementor-lightbox-title=\"LF\u0160 2025, Letn\u00ed filmov\u00e1 \u0161kola, slavnostn\u00ed zakon\u010den\u00ed, projekce filmu Pod parou, foto Marek Mal\u016f\u0161ek\" data-e-action-hash=\"#elementor-action%3Aaction%3Dlightbox%26settings%3DeyJpZCI6MTMxNzYsInVybCI6Imh0dHBzOlwvXC9sZnMuY3pcL3dwLWNvbnRlbnRcL3VwbG9hZHNcLzIwMjVcLzA3XC9MRlMyNV9WeXJvY25pLWNlbmFfS2luby1IdmV6ZGFfTWFyZWstTWFsdXNlay0yLmpwZyIsInNsaWRlc2hvdyI6IjZiNzE2M2MifQ%3D%3D\">\n\t\t\t\t\t<div class=\"e-gallery-image elementor-gallery-item__image\" data-thumbnail=\"https:\/\/lfs.cz\/wp-content\/uploads\/2025\/07\/LFS25_Vyrocni-cena_Kino-Hvezda_Marek-Malusek-2-300x200.jpg\" data-width=\"300\" data-height=\"200\" aria-label=\"\" role=\"img\" ><\/div>\n\t\t\t\t\t\t\t\t\t\t\t<div class=\"elementor-gallery-item__overlay\"><\/div>\n\t\t\t\t\t\t\t\t\t\t\t\t\t\t<\/a>\n\t\t\t\t\t\t\t<a class=\"e-gallery-item elementor-gallery-item elementor-animated-content\" data-e-gallery-tags=\"4\" href=\"https:\/\/lfs.cz\/wp-content\/uploads\/2025\/07\/LFS25_Generace-F_Josef-Trojan_Petr-Mlch-6.jpg\" data-elementor-open-lightbox=\"yes\" data-elementor-lightbox-slideshow=\"6b7163c\" data-elementor-lightbox-title=\"LF\u0160 2025, Letn\u00ed filmov\u00e1 \u0161kola, Radio Wave, Josef Trojan, \u010cTK \/ Mlch Petr\" data-e-action-hash=\"#elementor-action%3Aaction%3Dlightbox%26settings%3DeyJpZCI6MTI4MjIsInVybCI6Imh0dHBzOlwvXC9sZnMuY3pcL3dwLWNvbnRlbnRcL3VwbG9hZHNcLzIwMjVcLzA3XC9MRlMyNV9HZW5lcmFjZS1GX0pvc2VmLVRyb2phbl9QZXRyLU1sY2gtNi5qcGciLCJzbGlkZXNob3ciOiI2YjcxNjNjIn0%3D\">\n\t\t\t\t\t<div class=\"e-gallery-image elementor-gallery-item__image\" data-thumbnail=\"https:\/\/lfs.cz\/wp-content\/uploads\/2025\/07\/LFS25_Generace-F_Josef-Trojan_Petr-Mlch-6-300x200.jpg\" data-width=\"300\" data-height=\"200\" aria-label=\"\" role=\"img\" ><\/div>\n\t\t\t\t\t\t\t\t\t\t\t<div class=\"elementor-gallery-item__overlay\"><\/div>\n\t\t\t\t\t\t\t\t\t\t\t\t\t\t<\/a>\n\t\t\t\t\t\t\t<a class=\"e-gallery-item elementor-gallery-item elementor-animated-content\" data-e-gallery-tags=\"3\" href=\"https:\/\/lfs.cz\/wp-content\/uploads\/2025\/07\/LFS25_CreWcollection_Moving-Orchestra_Tadeas-Kaminek-7.jpg\" data-elementor-open-lightbox=\"yes\" data-elementor-lightbox-slideshow=\"6b7163c\" data-elementor-lightbox-title=\"LF\u0160 2025, Letn\u00ed filmov\u00e1 \u0161kola, doprovodn\u00fd program: CreWcollective: Moving Orchestra, \u010cTK \/ Tade\u00e1\u0161 Kam\u00ednek\" data-e-action-hash=\"#elementor-action%3Aaction%3Dlightbox%26settings%3DeyJpZCI6MTI2MjcsInVybCI6Imh0dHBzOlwvXC9sZnMuY3pcL3dwLWNvbnRlbnRcL3VwbG9hZHNcLzIwMjVcLzA3XC9MRlMyNV9DcmVXY29sbGVjdGlvbl9Nb3ZpbmctT3JjaGVzdHJhX1RhZGVhcy1LYW1pbmVrLTcuanBnIiwic2xpZGVzaG93IjoiNmI3MTYzYyJ9\">\n\t\t\t\t\t<div class=\"e-gallery-image elementor-gallery-item__image\" data-thumbnail=\"https:\/\/lfs.cz\/wp-content\/uploads\/2025\/07\/LFS25_CreWcollection_Moving-Orchestra_Tadeas-Kaminek-7-300x200.jpg\" data-width=\"300\" data-height=\"200\" aria-label=\"\" role=\"img\" ><\/div>\n\t\t\t\t\t\t\t\t\t\t\t<div class=\"elementor-gallery-item__overlay\"><\/div>\n\t\t\t\t\t\t\t\t\t\t\t\t\t\t<\/a>\n\t\t\t\t\t\t\t<a class=\"e-gallery-item elementor-gallery-item elementor-animated-content\" data-e-gallery-tags=\"5\" href=\"https:\/\/lfs.cz\/wp-content\/uploads\/2025\/07\/LFS25_Pedro-Midanka_Michal-Stransky_Marek-Malusek-1.jpg\" data-elementor-open-lightbox=\"yes\" data-elementor-lightbox-slideshow=\"6b7163c\" data-elementor-lightbox-title=\"LF\u0160 2025, Letn\u00ed filmov\u00e1 \u0161kola, Petro Mi\u010fanka: Patriarcha karpatsk\u00e9 poezie, Michal Str\u00e1nsk\u00fd, foto Marek Mal\u016f\u0161ek\" data-e-action-hash=\"#elementor-action%3Aaction%3Dlightbox%26settings%3DeyJpZCI6MTMwNTYsInVybCI6Imh0dHBzOlwvXC9sZnMuY3pcL3dwLWNvbnRlbnRcL3VwbG9hZHNcLzIwMjVcLzA3XC9MRlMyNV9QZWRyby1NaWRhbmthX01pY2hhbC1TdHJhbnNreV9NYXJlay1NYWx1c2VrLTEuanBnIiwic2xpZGVzaG93IjoiNmI3MTYzYyJ9\">\n\t\t\t\t\t<div class=\"e-gallery-image elementor-gallery-item__image\" data-thumbnail=\"https:\/\/lfs.cz\/wp-content\/uploads\/2025\/07\/LFS25_Pedro-Midanka_Michal-Stransky_Marek-Malusek-1-300x200.jpg\" data-width=\"300\" data-height=\"200\" aria-label=\"\" role=\"img\" ><\/div>\n\t\t\t\t\t\t\t\t\t\t\t<div class=\"elementor-gallery-item__overlay\"><\/div>\n\t\t\t\t\t\t\t\t\t\t\t\t\t\t<\/a>\n\t\t\t\t\t\t\t<a class=\"e-gallery-item elementor-gallery-item elementor-animated-content\" data-e-gallery-tags=\"6\" href=\"https:\/\/lfs.cz\/wp-content\/uploads\/2025\/07\/LFS25_Kreutzerova-sonata_Robert-Vizvari_Reduta_CTK-Richard-Skoumal-4.jpg\" data-elementor-open-lightbox=\"yes\" data-elementor-lightbox-slideshow=\"6b7163c\" data-elementor-lightbox-title=\"Robert Vizv\u00e1ri, Letn\u00ed filmov\u00e1 \u0161kola, LF\u0160 2025, \u010cTK \/ Skoumal Richard\" data-e-action-hash=\"#elementor-action%3Aaction%3Dlightbox%26settings%3DeyJpZCI6MTMxMjgsInVybCI6Imh0dHBzOlwvXC9sZnMuY3pcL3dwLWNvbnRlbnRcL3VwbG9hZHNcLzIwMjVcLzA3XC9MRlMyNV9LcmV1dHplcm92YS1zb25hdGFfUm9iZXJ0LVZpenZhcmlfUmVkdXRhX0NUSy1SaWNoYXJkLVNrb3VtYWwtNC5qcGciLCJzbGlkZXNob3ciOiI2YjcxNjNjIn0%3D\">\n\t\t\t\t\t<div class=\"e-gallery-image elementor-gallery-item__image\" data-thumbnail=\"https:\/\/lfs.cz\/wp-content\/uploads\/2025\/07\/LFS25_Kreutzerova-sonata_Robert-Vizvari_Reduta_CTK-Richard-Skoumal-4-300x200.jpg\" data-width=\"300\" data-height=\"200\" aria-label=\"\" role=\"img\" ><\/div>\n\t\t\t\t\t\t\t\t\t\t\t<div class=\"elementor-gallery-item__overlay\"><\/div>\n\t\t\t\t\t\t\t\t\t\t\t\t\t\t<\/a>\n\t\t\t\t\t\t\t<a class=\"e-gallery-item elementor-gallery-item elementor-animated-content\" data-e-gallery-tags=\"4\" href=\"https:\/\/lfs.cz\/wp-content\/uploads\/2025\/07\/LFS25_Mindok_Richard-Skoumal-3.jpg\" data-elementor-open-lightbox=\"yes\" data-elementor-lightbox-slideshow=\"6b7163c\" data-elementor-lightbox-title=\"Ve\u010der deskov\u00fdch her s MINDOKem, Letn\u00ed filmov\u00e1 \u0161kola, LF\u0160 2025, \u010cTK \/ Skoumal Richard\" data-e-action-hash=\"#elementor-action%3Aaction%3Dlightbox%26settings%3DeyJpZCI6MTI4MDcsInVybCI6Imh0dHBzOlwvXC9sZnMuY3pcL3dwLWNvbnRlbnRcL3VwbG9hZHNcLzIwMjVcLzA3XC9MRlMyNV9NaW5kb2tfUmljaGFyZC1Ta291bWFsLTMuanBnIiwic2xpZGVzaG93IjoiNmI3MTYzYyJ9\">\n\t\t\t\t\t<div class=\"e-gallery-image elementor-gallery-item__image\" data-thumbnail=\"https:\/\/lfs.cz\/wp-content\/uploads\/2025\/07\/LFS25_Mindok_Richard-Skoumal-3-300x200.jpg\" data-width=\"300\" data-height=\"200\" aria-label=\"\" role=\"img\" ><\/div>\n\t\t\t\t\t\t\t\t\t\t\t<div class=\"elementor-gallery-item__overlay\"><\/div>\n\t\t\t\t\t\t\t\t\t\t\t\t\t\t<\/a>\n\t\t\t\t\t\t\t<a class=\"e-gallery-item elementor-gallery-item elementor-animated-content\" data-e-gallery-tags=\"5\" href=\"https:\/\/lfs.cz\/wp-content\/uploads\/2025\/07\/LFS25_AFFN-Industry_Archivni-filmy_CTK-Matyas-Cech-2.jpg\" data-elementor-open-lightbox=\"yes\" data-elementor-lightbox-slideshow=\"6b7163c\" data-elementor-lightbox-title=\"AFFN Industry: Archivn\u00ed filmy, Letn\u00ed filmov\u00e1 \u0161kola, LF\u0160 2025, \u010cTK \/ Maty\u00e1\u0161 \u010cech\" data-e-action-hash=\"#elementor-action%3Aaction%3Dlightbox%26settings%3DeyJpZCI6MTI5NjEsInVybCI6Imh0dHBzOlwvXC9sZnMuY3pcL3dwLWNvbnRlbnRcL3VwbG9hZHNcLzIwMjVcLzA3XC9MRlMyNV9BRkZOLUluZHVzdHJ5X0FyY2hpdm5pLWZpbG15X0NUSy1NYXR5YXMtQ2VjaC0yLmpwZyIsInNsaWRlc2hvdyI6IjZiNzE2M2MifQ%3D%3D\">\n\t\t\t\t\t<div class=\"e-gallery-image elementor-gallery-item__image\" data-thumbnail=\"https:\/\/lfs.cz\/wp-content\/uploads\/2025\/07\/LFS25_AFFN-Industry_Archivni-filmy_CTK-Matyas-Cech-2-300x200.jpg\" data-width=\"300\" data-height=\"200\" aria-label=\"\" role=\"img\" ><\/div>\n\t\t\t\t\t\t\t\t\t\t\t<div class=\"elementor-gallery-item__overlay\"><\/div>\n\t\t\t\t\t\t\t\t\t\t\t\t\t\t<\/a>\n\t\t\t\t\t\t\t<a class=\"e-gallery-item elementor-gallery-item elementor-animated-content\" data-e-gallery-tags=\"3\" href=\"https:\/\/lfs.cz\/wp-content\/uploads\/2025\/07\/LFS25_Na-druhe-strane-leta_Vojtech-Strakaty_Tadeas-Kaminek-2.jpg\" data-elementor-open-lightbox=\"yes\" data-elementor-lightbox-slideshow=\"6b7163c\" data-elementor-lightbox-title=\"LF\u0160 2025, Letn\u00ed filmov\u00e1 \u0161kola, Vojt\u011bch Strakat\u00fd, projekce filmu Na druh\u00e9 stran\u011b l\u00e9ta, \u010cTK \/ Tade\u00e1\u0161 Kam\u00ednek\" data-e-action-hash=\"#elementor-action%3Aaction%3Dlightbox%26settings%3DeyJpZCI6MTI1ODcsInVybCI6Imh0dHBzOlwvXC9sZnMuY3pcL3dwLWNvbnRlbnRcL3VwbG9hZHNcLzIwMjVcLzA3XC9MRlMyNV9OYS1kcnVoZS1zdHJhbmUtbGV0YV9Wb2p0ZWNoLVN0cmFrYXR5X1RhZGVhcy1LYW1pbmVrLTIuanBnIiwic2xpZGVzaG93IjoiNmI3MTYzYyJ9\">\n\t\t\t\t\t<div class=\"e-gallery-image elementor-gallery-item__image\" data-thumbnail=\"https:\/\/lfs.cz\/wp-content\/uploads\/2025\/07\/LFS25_Na-druhe-strane-leta_Vojtech-Strakaty_Tadeas-Kaminek-2-300x200.jpg\" data-width=\"300\" data-height=\"200\" aria-label=\"\" role=\"img\" ><\/div>\n\t\t\t\t\t\t\t\t\t\t\t<div class=\"elementor-gallery-item__overlay\"><\/div>\n\t\t\t\t\t\t\t\t\t\t\t\t\t\t<\/a>\n\t\t\t\t\t\t\t<a class=\"e-gallery-item elementor-gallery-item elementor-animated-content\" data-e-gallery-tags=\"2\" href=\"https:\/\/lfs.cz\/wp-content\/uploads\/2025\/07\/LFS25_Harakiri-Czurakami_Marek-Malusek-1.jpg\" data-elementor-open-lightbox=\"yes\" data-elementor-lightbox-slideshow=\"6b7163c\" data-elementor-lightbox-title=\"LF\u0160 2025, Letn\u00ed filmov\u00e1 \u0161kola, Harakiri Czurakami #40: B\u00e1rtov\u00e1, Vyb\u00edralov\u00e1, Dvo\u0159\u00e1k, Tom\u00e1\u0161, foto Marek Mal\u016f\u0161ek\" data-e-action-hash=\"#elementor-action%3Aaction%3Dlightbox%26settings%3DeyJpZCI6MTI1MzYsInVybCI6Imh0dHBzOlwvXC9sZnMuY3pcL3dwLWNvbnRlbnRcL3VwbG9hZHNcLzIwMjVcLzA3XC9MRlMyNV9IYXJha2lyaS1DenVyYWthbWlfTWFyZWstTWFsdXNlay0xLmpwZyIsInNsaWRlc2hvdyI6IjZiNzE2M2MifQ%3D%3D\">\n\t\t\t\t\t<div class=\"e-gallery-image elementor-gallery-item__image\" data-thumbnail=\"https:\/\/lfs.cz\/wp-content\/uploads\/2025\/07\/LFS25_Harakiri-Czurakami_Marek-Malusek-1-300x200.jpg\" data-width=\"300\" data-height=\"200\" aria-label=\"\" role=\"img\" ><\/div>\n\t\t\t\t\t\t\t\t\t\t\t<div class=\"elementor-gallery-item__overlay\"><\/div>\n\t\t\t\t\t\t\t\t\t\t\t\t\t\t<\/a>\n\t\t\t\t\t\t\t<a class=\"e-gallery-item elementor-gallery-item elementor-animated-content\" data-e-gallery-tags=\"3\" href=\"https:\/\/lfs.cz\/wp-content\/uploads\/2025\/07\/LFS25_Rok-vdovy_Veronika-Liskova_Sofie-Shamekh-2.jpg\" data-elementor-open-lightbox=\"yes\" data-elementor-lightbox-slideshow=\"6b7163c\" data-elementor-lightbox-title=\"Veronika Li\u0161kov\u00e1, Rok vdovy, Letn\u00ed filmov\u00e1 \u0161kola, LF\u0160 2025, \u010cTK \/ Sofie Shamekh\" data-e-action-hash=\"#elementor-action%3Aaction%3Dlightbox%26settings%3DeyJpZCI6MTI2NDgsInVybCI6Imh0dHBzOlwvXC9sZnMuY3pcL3dwLWNvbnRlbnRcL3VwbG9hZHNcLzIwMjVcLzA3XC9MRlMyNV9Sb2stdmRvdnlfVmVyb25pa2EtTGlza292YV9Tb2ZpZS1TaGFtZWtoLTIuanBnIiwic2xpZGVzaG93IjoiNmI3MTYzYyJ9\">\n\t\t\t\t\t<div class=\"e-gallery-image elementor-gallery-item__image\" data-thumbnail=\"https:\/\/lfs.cz\/wp-content\/uploads\/2025\/07\/LFS25_Rok-vdovy_Veronika-Liskova_Sofie-Shamekh-2-225x300.jpg\" data-width=\"225\" data-height=\"300\" aria-label=\"\" role=\"img\" ><\/div>\n\t\t\t\t\t\t\t\t\t\t\t<div class=\"elementor-gallery-item__overlay\"><\/div>\n\t\t\t\t\t\t\t\t\t\t\t\t\t\t<\/a>\n\t\t\t\t\t\t\t<a class=\"e-gallery-item elementor-gallery-item elementor-animated-content\" data-e-gallery-tags=\"1\" href=\"https:\/\/lfs.cz\/wp-content\/uploads\/2025\/07\/LFS25_Predani-Vyrocni-veny-ACFK_Radek-Petrasek-1.jpg\" data-elementor-open-lightbox=\"yes\" data-elementor-lightbox-slideshow=\"6b7163c\" data-elementor-lightbox-title=\"LF\u0160 2025, Letn\u00ed filmov\u00e1 \u0161kola, \u010cTK \/ Petr\u00e1\u0161ek Radek\" data-e-action-hash=\"#elementor-action%3Aaction%3Dlightbox%26settings%3DeyJpZCI6MTIyMzYsInVybCI6Imh0dHBzOlwvXC9sZnMuY3pcL3dwLWNvbnRlbnRcL3VwbG9hZHNcLzIwMjVcLzA3XC9MRlMyNV9QcmVkYW5pLVZ5cm9jbmktdmVueS1BQ0ZLX1JhZGVrLVBldHJhc2VrLTEuanBnIiwic2xpZGVzaG93IjoiNmI3MTYzYyJ9\">\n\t\t\t\t\t<div class=\"e-gallery-image elementor-gallery-item__image\" data-thumbnail=\"https:\/\/lfs.cz\/wp-content\/uploads\/2025\/07\/LFS25_Predani-Vyrocni-veny-ACFK_Radek-Petrasek-1-300x200.jpg\" data-width=\"300\" data-height=\"200\" aria-label=\"\" role=\"img\" ><\/div>\n\t\t\t\t\t\t\t\t\t\t\t<div class=\"elementor-gallery-item__overlay\"><\/div>\n\t\t\t\t\t\t\t\t\t\t\t\t\t\t<\/a>\n\t\t\t\t\t\t\t<a class=\"e-gallery-item elementor-gallery-item elementor-animated-content\" data-e-gallery-tags=\"3\" href=\"https:\/\/lfs.cz\/wp-content\/uploads\/2025\/07\/LFS25_ARAS_Tadeas-Kaminek-7.jpg\" data-elementor-open-lightbox=\"yes\" data-elementor-lightbox-slideshow=\"6b7163c\" data-elementor-lightbox-title=\"LF\u0160 2025, Letn\u00ed filmov\u00e1 \u0161kola, Odborn\u00fd program: ARAS, Veronika Li\u0161kov\u00e1, \u010cTK \/ Tade\u00e1\u0161 Kam\u00ednek\" data-e-action-hash=\"#elementor-action%3Aaction%3Dlightbox%26settings%3DeyJpZCI6MTI2NDEsInVybCI6Imh0dHBzOlwvXC9sZnMuY3pcL3dwLWNvbnRlbnRcL3VwbG9hZHNcLzIwMjVcLzA3XC9MRlMyNV9BUkFTX1RhZGVhcy1LYW1pbmVrLTcuanBnIiwic2xpZGVzaG93IjoiNmI3MTYzYyJ9\">\n\t\t\t\t\t<div class=\"e-gallery-image elementor-gallery-item__image\" data-thumbnail=\"https:\/\/lfs.cz\/wp-content\/uploads\/2025\/07\/LFS25_ARAS_Tadeas-Kaminek-7-300x200.jpg\" data-width=\"300\" data-height=\"200\" aria-label=\"\" role=\"img\" ><\/div>\n\t\t\t\t\t\t\t\t\t\t\t<div class=\"elementor-gallery-item__overlay\"><\/div>\n\t\t\t\t\t\t\t\t\t\t\t\t\t\t<\/a>\n\t\t\t\t\t\t\t<a class=\"e-gallery-item elementor-gallery-item elementor-animated-content\" data-e-gallery-tags=\"3\" href=\"https:\/\/lfs.cz\/wp-content\/uploads\/2025\/07\/LFS25_Spolecne-99-Vyrocni-cena-ACFK_Lukas-Moodysson_Radek-Petrasek-8.jpg\" data-elementor-open-lightbox=\"yes\" data-elementor-lightbox-slideshow=\"6b7163c\" data-elementor-lightbox-title=\"LF\u0160 2025, Letn\u00ed filmov\u00e1 \u0161kola, P\u0159ed\u00e1n\u00ed v\u00fdro\u010dn\u00ed ceny A\u010cFK Lukasu Moodyssonovi, \u010cTK \/ Petr\u00e1\u0161ek Radek\" data-e-action-hash=\"#elementor-action%3Aaction%3Dlightbox%26settings%3DeyJpZCI6MTI2MjEsInVybCI6Imh0dHBzOlwvXC9sZnMuY3pcL3dwLWNvbnRlbnRcL3VwbG9hZHNcLzIwMjVcLzA3XC9MRlMyNV9TcG9sZWNuZS05OS1WeXJvY25pLWNlbmEtQUNGS19MdWthcy1Nb29keXNzb25fUmFkZWstUGV0cmFzZWstOC5qcGciLCJzbGlkZXNob3ciOiI2YjcxNjNjIn0%3D\">\n\t\t\t\t\t<div class=\"e-gallery-image elementor-gallery-item__image\" data-thumbnail=\"https:\/\/lfs.cz\/wp-content\/uploads\/2025\/07\/LFS25_Spolecne-99-Vyrocni-cena-ACFK_Lukas-Moodysson_Radek-Petrasek-8-300x212.jpg\" data-width=\"300\" data-height=\"212\" aria-label=\"\" role=\"img\" ><\/div>\n\t\t\t\t\t\t\t\t\t\t\t<div class=\"elementor-gallery-item__overlay\"><\/div>\n\t\t\t\t\t\t\t\t\t\t\t\t\t\t<\/a>\n\t\t\t\t\t\t\t<a class=\"e-gallery-item elementor-gallery-item elementor-animated-content\" data-e-gallery-tags=\"4\" href=\"https:\/\/lfs.cz\/wp-content\/uploads\/2025\/07\/LFS25_Hot-TV_Co-dnes-znamena-televize_Tadeas-Kaminek-3.jpg\" data-elementor-open-lightbox=\"yes\" data-elementor-lightbox-slideshow=\"6b7163c\" data-elementor-lightbox-title=\"LF\u0160 2025, Letn\u00ed filmov\u00e1 \u0161kola, odborn\u00fd program: Hot TV: Co dnes znamen\u00e1 televize?, \u010cTK \/ Tade\u00e1\u0161 Kam\u00ednek\" data-e-action-hash=\"#elementor-action%3Aaction%3Dlightbox%26settings%3DeyJpZCI6MTI3ODgsInVybCI6Imh0dHBzOlwvXC9sZnMuY3pcL3dwLWNvbnRlbnRcL3VwbG9hZHNcLzIwMjVcLzA3XC9MRlMyNV9Ib3QtVFZfQ28tZG5lcy16bmFtZW5hLXRlbGV2aXplX1RhZGVhcy1LYW1pbmVrLTMuanBnIiwic2xpZGVzaG93IjoiNmI3MTYzYyJ9\">\n\t\t\t\t\t<div class=\"e-gallery-image elementor-gallery-item__image\" data-thumbnail=\"https:\/\/lfs.cz\/wp-content\/uploads\/2025\/07\/LFS25_Hot-TV_Co-dnes-znamena-televize_Tadeas-Kaminek-3-300x200.jpg\" data-width=\"300\" data-height=\"200\" aria-label=\"\" role=\"img\" ><\/div>\n\t\t\t\t\t\t\t\t\t\t\t<div class=\"elementor-gallery-item__overlay\"><\/div>\n\t\t\t\t\t\t\t\t\t\t\t\t\t\t<\/a>\n\t\t\t\t\t\t\t<a class=\"e-gallery-item elementor-gallery-item elementor-animated-content\" data-e-gallery-tags=\"0\" href=\"https:\/\/lfs.cz\/wp-content\/uploads\/2025\/07\/LFS25_Stabni-skoleni_Kino-Hvezda_Petr-Mlch-11-1.jpg\" data-elementor-open-lightbox=\"yes\" data-elementor-lightbox-slideshow=\"6b7163c\" data-elementor-lightbox-title=\"LF\u0160 2025, Letn\u00ed filmov\u00e1 \u0161kola, \u0161t\u00e1b, \u0161kolen\u00ed, \u010cTK \/ Petr Mlch\" data-e-action-hash=\"#elementor-action%3Aaction%3Dlightbox%26settings%3DeyJpZCI6MTIxMjQsInVybCI6Imh0dHBzOlwvXC9sZnMuY3pcL3dwLWNvbnRlbnRcL3VwbG9hZHNcLzIwMjVcLzA3XC9MRlMyNV9TdGFibmktc2tvbGVuaV9LaW5vLUh2ZXpkYV9QZXRyLU1sY2gtMTEtMS5qcGciLCJzbGlkZXNob3ciOiI2YjcxNjNjIn0%3D\">\n\t\t\t\t\t<div class=\"e-gallery-image elementor-gallery-item__image\" data-thumbnail=\"https:\/\/lfs.cz\/wp-content\/uploads\/2025\/07\/LFS25_Stabni-skoleni_Kino-Hvezda_Petr-Mlch-11-1-300x200.jpg\" data-width=\"300\" data-height=\"200\" aria-label=\"\" role=\"img\" ><\/div>\n\t\t\t\t\t\t\t\t\t\t\t<div class=\"elementor-gallery-item__overlay\"><\/div>\n\t\t\t\t\t\t\t\t\t\t\t\t\t\t<\/a>\n\t\t\t\t\t\t\t<a class=\"e-gallery-item elementor-gallery-item elementor-animated-content\" data-e-gallery-tags=\"2\" href=\"https:\/\/lfs.cz\/wp-content\/uploads\/2025\/07\/LFS25_Studio-N-live_Lukas-Hejlik_Richard-Skoumal-5.jpg\" data-elementor-open-lightbox=\"yes\" data-elementor-lightbox-slideshow=\"6b7163c\" data-elementor-lightbox-title=\"Filip Titlbach, Luk\u00e1\u0161 Hejl\u00edk, Studio N live, Letn\u00ed filmov\u00e1 \u0161kola, LF\u0160 2025, \u010cTK \/ Skoumal Richard\" data-e-action-hash=\"#elementor-action%3Aaction%3Dlightbox%26settings%3DeyJpZCI6MTIzNDAsInVybCI6Imh0dHBzOlwvXC9sZnMuY3pcL3dwLWNvbnRlbnRcL3VwbG9hZHNcLzIwMjVcLzA3XC9MRlMyNV9TdHVkaW8tTi1saXZlX0x1a2FzLUhlamxpa19SaWNoYXJkLVNrb3VtYWwtNS5qcGciLCJzbGlkZXNob3ciOiI2YjcxNjNjIn0%3D\">\n\t\t\t\t\t<div class=\"e-gallery-image elementor-gallery-item__image\" data-thumbnail=\"https:\/\/lfs.cz\/wp-content\/uploads\/2025\/07\/LFS25_Studio-N-live_Lukas-Hejlik_Richard-Skoumal-5-300x200.jpg\" data-width=\"300\" data-height=\"200\" aria-label=\"\" role=\"img\" ><\/div>\n\t\t\t\t\t\t\t\t\t\t\t<div class=\"elementor-gallery-item__overlay\"><\/div>\n\t\t\t\t\t\t\t\t\t\t\t\t\t\t<\/a>\n\t\t\t\t\t\t\t<a class=\"e-gallery-item elementor-gallery-item elementor-animated-content\" data-e-gallery-tags=\"5\" href=\"https:\/\/lfs.cz\/wp-content\/uploads\/2025\/07\/LFS25_Lekce-filmu-podle-Zuzany-Kronerove_Stan-LFS_CTK-Radek-Petrasek-2.jpg\" data-elementor-open-lightbox=\"yes\" data-elementor-lightbox-slideshow=\"6b7163c\" data-elementor-lightbox-title=\"LF\u0160 2025, Letn\u00ed filmov\u00e1 \u0161kola, Zuzana Kronerov\u00e1, \u010cTK \/ Petr\u00e1\u0161ek Radek\" data-e-action-hash=\"#elementor-action%3Aaction%3Dlightbox%26settings%3DeyJpZCI6MTI5MTcsInVybCI6Imh0dHBzOlwvXC9sZnMuY3pcL3dwLWNvbnRlbnRcL3VwbG9hZHNcLzIwMjVcLzA3XC9MRlMyNV9MZWtjZS1maWxtdS1wb2RsZS1adXphbnktS3JvbmVyb3ZlX1N0YW4tTEZTX0NUSy1SYWRlay1QZXRyYXNlay0yLmpwZyIsInNsaWRlc2hvdyI6IjZiNzE2M2MifQ%3D%3D\">\n\t\t\t\t\t<div class=\"e-gallery-image elementor-gallery-item__image\" data-thumbnail=\"https:\/\/lfs.cz\/wp-content\/uploads\/2025\/07\/LFS25_Lekce-filmu-podle-Zuzany-Kronerove_Stan-LFS_CTK-Radek-Petrasek-2-300x200.jpg\" data-width=\"300\" data-height=\"200\" aria-label=\"\" role=\"img\" ><\/div>\n\t\t\t\t\t\t\t\t\t\t\t<div class=\"elementor-gallery-item__overlay\"><\/div>\n\t\t\t\t\t\t\t\t\t\t\t\t\t\t<\/a>\n\t\t\t\t\t\t\t<a class=\"e-gallery-item elementor-gallery-item elementor-animated-content\" data-e-gallery-tags=\"5\" href=\"https:\/\/lfs.cz\/wp-content\/uploads\/2025\/07\/LFS25_Krasna-vyzvedacka_hudba-Olga-Anna-Markowska_CTK-Tadeas-Kaminek-5.jpg\" data-elementor-open-lightbox=\"yes\" data-elementor-lightbox-slideshow=\"6b7163c\" data-elementor-lightbox-title=\"LF\u0160 2025, Letn\u00ed filmov\u00e1 \u0161kola, projekce filmu: Kr\u00e1sn\u00e1 vyzv\u011bda\u010dka, Olga Anna Markowsk\u00e1, \u010cTK \/ Tade\u00e1\u0161 Kam\u00ednek\" data-e-action-hash=\"#elementor-action%3Aaction%3Dlightbox%26settings%3DeyJpZCI6MTI5NzQsInVybCI6Imh0dHBzOlwvXC9sZnMuY3pcL3dwLWNvbnRlbnRcL3VwbG9hZHNcLzIwMjVcLzA3XC9MRlMyNV9LcmFzbmEtdnl6dmVkYWNrYV9odWRiYS1PbGdhLUFubmEtTWFya293c2thX0NUSy1UYWRlYXMtS2FtaW5lay01LmpwZyIsInNsaWRlc2hvdyI6IjZiNzE2M2MifQ%3D%3D\">\n\t\t\t\t\t<div class=\"e-gallery-image elementor-gallery-item__image\" data-thumbnail=\"https:\/\/lfs.cz\/wp-content\/uploads\/2025\/07\/LFS25_Krasna-vyzvedacka_hudba-Olga-Anna-Markowska_CTK-Tadeas-Kaminek-5-300x200.jpg\" data-width=\"300\" data-height=\"200\" aria-label=\"\" role=\"img\" ><\/div>\n\t\t\t\t\t\t\t\t\t\t\t<div class=\"elementor-gallery-item__overlay\"><\/div>\n\t\t\t\t\t\t\t\t\t\t\t\t\t\t<\/a>\n\t\t\t\t\t\t\t<a class=\"e-gallery-item elementor-gallery-item elementor-animated-content\" data-e-gallery-tags=\"5\" href=\"https:\/\/lfs.cz\/wp-content\/uploads\/2025\/07\/LFS25_Zivotopis_Diana-Dabrowska_CTK-Jan-Beranek-4.jpg\" data-elementor-open-lightbox=\"yes\" data-elementor-lightbox-slideshow=\"6b7163c\" data-elementor-lightbox-title=\"LF\u0160 2025, Letn\u00ed filmov\u00e1 \u0161kola, Diana D\u0105browska, \u010cTK \/ Jan Ber\u00e1nek\" data-e-action-hash=\"#elementor-action%3Aaction%3Dlightbox%26settings%3DeyJpZCI6MTI5ODgsInVybCI6Imh0dHBzOlwvXC9sZnMuY3pcL3dwLWNvbnRlbnRcL3VwbG9hZHNcLzIwMjVcLzA3XC9MRlMyNV9aaXZvdG9waXNfRGlhbmEtRGFicm93c2thX0NUSy1KYW4tQmVyYW5lay00LmpwZyIsInNsaWRlc2hvdyI6IjZiNzE2M2MifQ%3D%3D\">\n\t\t\t\t\t<div class=\"e-gallery-image elementor-gallery-item__image\" data-thumbnail=\"https:\/\/lfs.cz\/wp-content\/uploads\/2025\/07\/LFS25_Zivotopis_Diana-Dabrowska_CTK-Jan-Beranek-4-300x200.jpg\" data-width=\"300\" data-height=\"200\" aria-label=\"\" role=\"img\" ><\/div>\n\t\t\t\t\t\t\t\t\t\t\t<div class=\"elementor-gallery-item__overlay\"><\/div>\n\t\t\t\t\t\t\t\t\t\t\t\t\t\t<\/a>\n\t\t\t\t\t\t\t<a class=\"e-gallery-item elementor-gallery-item elementor-animated-content\" data-e-gallery-tags=\"2\" href=\"https:\/\/lfs.cz\/wp-content\/uploads\/2025\/07\/LFS25_Slam-poetry_Potopa-Basa_Jan-Beranek-7.jpg\" data-elementor-open-lightbox=\"yes\" data-elementor-lightbox-slideshow=\"6b7163c\" data-elementor-lightbox-title=\"LF\u0160 2025, Letn\u00ed filmov\u00e1 \u0161kola, Slam poetry, slamerka Potopa Ba\u0161a, \u010cTK \/ Jan Ber\u00e1nek\" data-e-action-hash=\"#elementor-action%3Aaction%3Dlightbox%26settings%3DeyJpZCI6MTI0MzQsInVybCI6Imh0dHBzOlwvXC9sZnMuY3pcL3dwLWNvbnRlbnRcL3VwbG9hZHNcLzIwMjVcLzA3XC9MRlMyNV9TbGFtLXBvZXRyeV9Qb3RvcGEtQmFzYV9KYW4tQmVyYW5lay03LmpwZyIsInNsaWRlc2hvdyI6IjZiNzE2M2MifQ%3D%3D\">\n\t\t\t\t\t<div class=\"e-gallery-image elementor-gallery-item__image\" data-thumbnail=\"https:\/\/lfs.cz\/wp-content\/uploads\/2025\/07\/LFS25_Slam-poetry_Potopa-Basa_Jan-Beranek-7-300x200.jpg\" data-width=\"300\" data-height=\"200\" aria-label=\"\" role=\"img\" ><\/div>\n\t\t\t\t\t\t\t\t\t\t\t<div class=\"elementor-gallery-item__overlay\"><\/div>\n\t\t\t\t\t\t\t\t\t\t\t\t\t\t<\/a>\n\t\t\t\t\t\t\t<a class=\"e-gallery-item elementor-gallery-item elementor-animated-content\" data-e-gallery-tags=\"1\" href=\"https:\/\/lfs.cz\/wp-content\/uploads\/2025\/07\/LFS25_Michal-Prokop-Framus-Five_Kolejni-nadvori_Marek-Malusek-5.jpg\" data-elementor-open-lightbox=\"yes\" data-elementor-lightbox-slideshow=\"6b7163c\" data-elementor-lightbox-title=\"LF\u0160 2025, Letn\u00ed filmov\u00e1 \u0161kola, Michal Prokop &amp; Framus Five, Kolejn\u00ed n\u00e1dvo\u0159\u00ed, foto Marek Mal\u016f\u0161ek\" data-e-action-hash=\"#elementor-action%3Aaction%3Dlightbox%26settings%3DeyJpZCI6MTIyNjcsInVybCI6Imh0dHBzOlwvXC9sZnMuY3pcL3dwLWNvbnRlbnRcL3VwbG9hZHNcLzIwMjVcLzA3XC9MRlMyNV9NaWNoYWwtUHJva29wLUZyYW11cy1GaXZlX0tvbGVqbmktbmFkdm9yaV9NYXJlay1NYWx1c2VrLTUuanBnIiwic2xpZGVzaG93IjoiNmI3MTYzYyJ9\">\n\t\t\t\t\t<div class=\"e-gallery-image elementor-gallery-item__image\" data-thumbnail=\"https:\/\/lfs.cz\/wp-content\/uploads\/2025\/07\/LFS25_Michal-Prokop-Framus-Five_Kolejni-nadvori_Marek-Malusek-5-300x200.jpg\" data-width=\"300\" data-height=\"200\" aria-label=\"\" role=\"img\" ><\/div>\n\t\t\t\t\t\t\t\t\t\t\t<div class=\"elementor-gallery-item__overlay\"><\/div>\n\t\t\t\t\t\t\t\t\t\t\t\t\t\t<\/a>\n\t\t\t\t\t\t\t<a class=\"e-gallery-item elementor-gallery-item elementor-animated-content\" data-e-gallery-tags=\"2\" href=\"https:\/\/lfs.cz\/wp-content\/uploads\/2025\/07\/LFS25_Svabi_lub-kultury-Velky-sal_Radek-Petrasek-3.jpg\" data-elementor-open-lightbox=\"yes\" data-elementor-lightbox-slideshow=\"6b7163c\" data-elementor-lightbox-title=\"LF\u0160 2025, Letn\u00ed filmov\u00e1 \u0161kola, \u010cTK \/ Petr\u00e1\u0161ek Radek\" data-e-action-hash=\"#elementor-action%3Aaction%3Dlightbox%26settings%3DeyJpZCI6MTIzNDIsInVybCI6Imh0dHBzOlwvXC9sZnMuY3pcL3dwLWNvbnRlbnRcL3VwbG9hZHNcLzIwMjVcLzA3XC9MRlMyNV9TdmFiaV9sdWIta3VsdHVyeS1WZWxreS1zYWxfUmFkZWstUGV0cmFzZWstMy5qcGciLCJzbGlkZXNob3ciOiI2YjcxNjNjIn0%3D\">\n\t\t\t\t\t<div class=\"e-gallery-image elementor-gallery-item__image\" data-thumbnail=\"https:\/\/lfs.cz\/wp-content\/uploads\/2025\/07\/LFS25_Svabi_lub-kultury-Velky-sal_Radek-Petrasek-3-300x200.jpg\" data-width=\"300\" data-height=\"200\" aria-label=\"\" role=\"img\" ><\/div>\n\t\t\t\t\t\t\t\t\t\t\t<div class=\"elementor-gallery-item__overlay\"><\/div>\n\t\t\t\t\t\t\t\t\t\t\t\t\t\t<\/a>\n\t\t\t\t\t\t\t<a class=\"e-gallery-item elementor-gallery-item elementor-animated-content\" data-e-gallery-tags=\"2\" href=\"https:\/\/lfs.cz\/wp-content\/uploads\/2025\/07\/LFS25_Svabi_lub-kultury-Velky-sal_Radek-Petrasek-2.jpg\" data-elementor-open-lightbox=\"yes\" data-elementor-lightbox-slideshow=\"6b7163c\" data-elementor-lightbox-title=\"LF\u0160 2025, Letn\u00ed filmov\u00e1 \u0161kola, \u010cTK \/ Petr\u00e1\u0161ek Radek\" data-e-action-hash=\"#elementor-action%3Aaction%3Dlightbox%26settings%3DeyJpZCI6MTIzNDEsInVybCI6Imh0dHBzOlwvXC9sZnMuY3pcL3dwLWNvbnRlbnRcL3VwbG9hZHNcLzIwMjVcLzA3XC9MRlMyNV9TdmFiaV9sdWIta3VsdHVyeS1WZWxreS1zYWxfUmFkZWstUGV0cmFzZWstMi5qcGciLCJzbGlkZXNob3ciOiI2YjcxNjNjIn0%3D\">\n\t\t\t\t\t<div class=\"e-gallery-image elementor-gallery-item__image\" data-thumbnail=\"https:\/\/lfs.cz\/wp-content\/uploads\/2025\/07\/LFS25_Svabi_lub-kultury-Velky-sal_Radek-Petrasek-2-300x200.jpg\" data-width=\"300\" data-height=\"200\" aria-label=\"\" role=\"img\" ><\/div>\n\t\t\t\t\t\t\t\t\t\t\t<div class=\"elementor-gallery-item__overlay\"><\/div>\n\t\t\t\t\t\t\t\t\t\t\t\t\t\t<\/a>\n\t\t\t\t\t\t\t<a class=\"e-gallery-item elementor-gallery-item elementor-animated-content\" data-e-gallery-tags=\"3\" href=\"https:\/\/lfs.cz\/wp-content\/uploads\/2025\/07\/LFS25_VR_Okolo-Hradista_Tadeas-Kaminek-9.jpg\" data-elementor-open-lightbox=\"yes\" data-elementor-lightbox-slideshow=\"6b7163c\" data-elementor-lightbox-title=\"LF\u0160 2025, Letn\u00ed filmov\u00e1 \u0161kola, doprovodn\u00fd program: virtu\u00e1ln\u00ed b\u00e1se\u0148 Okolo Hradi\u0161\u0165a, \u010cTK \/ Tade\u00e1\u0161 Kam\u00ednek\" data-e-action-hash=\"#elementor-action%3Aaction%3Dlightbox%26settings%3DeyJpZCI6MTI1MjEsInVybCI6Imh0dHBzOlwvXC9sZnMuY3pcL3dwLWNvbnRlbnRcL3VwbG9hZHNcLzIwMjVcLzA3XC9MRlMyNV9WUl9Pa29sby1IcmFkaXN0YV9UYWRlYXMtS2FtaW5lay05LmpwZyIsInNsaWRlc2hvdyI6IjZiNzE2M2MifQ%3D%3D\">\n\t\t\t\t\t<div class=\"e-gallery-image elementor-gallery-item__image\" data-thumbnail=\"https:\/\/lfs.cz\/wp-content\/uploads\/2025\/07\/LFS25_VR_Okolo-Hradista_Tadeas-Kaminek-9-300x200.jpg\" data-width=\"300\" data-height=\"200\" aria-label=\"\" role=\"img\" ><\/div>\n\t\t\t\t\t\t\t\t\t\t\t<div class=\"elementor-gallery-item__overlay\"><\/div>\n\t\t\t\t\t\t\t\t\t\t\t\t\t\t<\/a>\n\t\t\t\t\t\t\t<a class=\"e-gallery-item elementor-gallery-item elementor-animated-content\" data-e-gallery-tags=\"2\" href=\"https:\/\/lfs.cz\/wp-content\/uploads\/2025\/07\/LFS25_Slam-poetry_Ondrej-Hrabal_Jan-Beranek-12.jpg\" data-elementor-open-lightbox=\"yes\" data-elementor-lightbox-slideshow=\"6b7163c\" data-elementor-lightbox-title=\"LF\u0160 2025, Letn\u00ed filmov\u00e1 \u0161kola, Slam poetry, moder\u00e1tor Ond\u0159ej Hrabal, \u010cTK \/ Jan Ber\u00e1nek\" data-e-action-hash=\"#elementor-action%3Aaction%3Dlightbox%26settings%3DeyJpZCI6MTI0MzMsInVybCI6Imh0dHBzOlwvXC9sZnMuY3pcL3dwLWNvbnRlbnRcL3VwbG9hZHNcLzIwMjVcLzA3XC9MRlMyNV9TbGFtLXBvZXRyeV9PbmRyZWotSHJhYmFsX0phbi1CZXJhbmVrLTEyLmpwZyIsInNsaWRlc2hvdyI6IjZiNzE2M2MifQ%3D%3D\">\n\t\t\t\t\t<div class=\"e-gallery-image elementor-gallery-item__image\" data-thumbnail=\"https:\/\/lfs.cz\/wp-content\/uploads\/2025\/07\/LFS25_Slam-poetry_Ondrej-Hrabal_Jan-Beranek-12-300x200.jpg\" data-width=\"300\" data-height=\"200\" aria-label=\"\" role=\"img\" ><\/div>\n\t\t\t\t\t\t\t\t\t\t\t<div class=\"elementor-gallery-item__overlay\"><\/div>\n\t\t\t\t\t\t\t\t\t\t\t\t\t\t<\/a>\n\t\t\t\t\t\t\t<a class=\"e-gallery-item elementor-gallery-item elementor-animated-content\" data-e-gallery-tags=\"4\" href=\"https:\/\/lfs.cz\/wp-content\/uploads\/2025\/07\/LFS25_Tiskova-konference_Dzob_Tomas-Vorel_Dalibor-Gluck-4.jpg\" data-elementor-open-lightbox=\"yes\" data-elementor-lightbox-slideshow=\"6b7163c\" data-elementor-lightbox-title=\"LF\u0160 2025, Letn\u00ed filmov\u00e1 \u0161kola, Tom\u00e1\u0161 Vorel, re\u017eis\u00e9r, Tom\u00e1\u0161 Vorel mlad\u0161\u00ed, herec, \u010cTK \/ Gl\u00fcck Dalibor\" data-e-action-hash=\"#elementor-action%3Aaction%3Dlightbox%26settings%3DeyJpZCI6MTI4MjAsInVybCI6Imh0dHBzOlwvXC9sZnMuY3pcL3dwLWNvbnRlbnRcL3VwbG9hZHNcLzIwMjVcLzA3XC9MRlMyNV9UaXNrb3ZhLWtvbmZlcmVuY2VfRHpvYl9Ub21hcy1Wb3JlbF9EYWxpYm9yLUdsdWNrLTQuanBnIiwic2xpZGVzaG93IjoiNmI3MTYzYyJ9\">\n\t\t\t\t\t<div class=\"e-gallery-image elementor-gallery-item__image\" data-thumbnail=\"https:\/\/lfs.cz\/wp-content\/uploads\/2025\/07\/LFS25_Tiskova-konference_Dzob_Tomas-Vorel_Dalibor-Gluck-4-300x200.jpg\" data-width=\"300\" data-height=\"200\" aria-label=\"\" role=\"img\" ><\/div>\n\t\t\t\t\t\t\t\t\t\t\t<div class=\"elementor-gallery-item__overlay\"><\/div>\n\t\t\t\t\t\t\t\t\t\t\t\t\t\t<\/a>\n\t\t\t\t\t\t\t<a class=\"e-gallery-item elementor-gallery-item elementor-animated-content\" data-e-gallery-tags=\"1\" href=\"https:\/\/lfs.cz\/wp-content\/uploads\/2025\/07\/LFS25_Vernisaz-Daniels-a-Powell-Pressburger_Petr-Mlch-4.jpg\" data-elementor-open-lightbox=\"yes\" data-elementor-lightbox-slideshow=\"6b7163c\" data-elementor-lightbox-title=\"LF\u0160 2025, Letn\u00ed filmov\u00e1 \u0161kola, v\u00fdstava, vernis\u00e1\u017e, fotografie, Fred Daniels a Powell &amp; Pressburger, Nigel Arthur, Ewa Reeves, \u010cTK \/ Mlch Petr\" data-e-action-hash=\"#elementor-action%3Aaction%3Dlightbox%26settings%3DeyJpZCI6MTIyNDAsInVybCI6Imh0dHBzOlwvXC9sZnMuY3pcL3dwLWNvbnRlbnRcL3VwbG9hZHNcLzIwMjVcLzA3XC9MRlMyNV9WZXJuaXNhei1EYW5pZWxzLWEtUG93ZWxsLVByZXNzYnVyZ2VyX1BldHItTWxjaC00LmpwZyIsInNsaWRlc2hvdyI6IjZiNzE2M2MifQ%3D%3D\">\n\t\t\t\t\t<div class=\"e-gallery-image elementor-gallery-item__image\" data-thumbnail=\"https:\/\/lfs.cz\/wp-content\/uploads\/2025\/07\/LFS25_Vernisaz-Daniels-a-Powell-Pressburger_Petr-Mlch-4-300x200.jpg\" data-width=\"300\" data-height=\"200\" aria-label=\"\" role=\"img\" ><\/div>\n\t\t\t\t\t\t\t\t\t\t\t<div class=\"elementor-gallery-item__overlay\"><\/div>\n\t\t\t\t\t\t\t\t\t\t\t\t\t\t<\/a>\n\t\t\t\t\t\t\t<a class=\"e-gallery-item elementor-gallery-item elementor-animated-content\" data-e-gallery-tags=\"2\" href=\"https:\/\/lfs.cz\/wp-content\/uploads\/2025\/07\/LFS25_AZ-kviz_Jan-Beranek-1.jpg\" data-elementor-open-lightbox=\"yes\" data-elementor-lightbox-slideshow=\"6b7163c\" data-elementor-lightbox-title=\"LF\u0160 2025, Letn\u00ed filmov\u00e1 \u0161kola, AZ kv\u00edz, \u010cTK \/ Jan Ber\u00e1nek\" data-e-action-hash=\"#elementor-action%3Aaction%3Dlightbox%26settings%3DeyJpZCI6MTI1NzAsInVybCI6Imh0dHBzOlwvXC9sZnMuY3pcL3dwLWNvbnRlbnRcL3VwbG9hZHNcLzIwMjVcLzA3XC9MRlMyNV9BWi1rdml6X0phbi1CZXJhbmVrLTEuanBnIiwic2xpZGVzaG93IjoiNmI3MTYzYyJ9\">\n\t\t\t\t\t<div class=\"e-gallery-image elementor-gallery-item__image\" data-thumbnail=\"https:\/\/lfs.cz\/wp-content\/uploads\/2025\/07\/LFS25_AZ-kviz_Jan-Beranek-1-300x200.jpg\" data-width=\"300\" data-height=\"200\" aria-label=\"\" role=\"img\" ><\/div>\n\t\t\t\t\t\t\t\t\t\t\t<div class=\"elementor-gallery-item__overlay\"><\/div>\n\t\t\t\t\t\t\t\t\t\t\t\t\t\t<\/a>\n\t\t\t\t\t\t\t<a class=\"e-gallery-item elementor-gallery-item elementor-animated-content\" data-e-gallery-tags=\"3\" href=\"https:\/\/lfs.cz\/wp-content\/uploads\/2025\/07\/LFS25_Spioni_hudba-Jan-Tomas_Richard-Skoumal-5.jpg\" data-elementor-open-lightbox=\"yes\" data-elementor-lightbox-slideshow=\"6b7163c\" data-elementor-lightbox-title=\"Film \u0160pioni, Tom\u00e1\u0161 Vondra, Jan Tom\u00e1\u0161, Letn\u00ed filmov\u00e1 \u0161kola, LF\u0160 2025, \u010cTK \/ Skoumal Richard\" data-e-action-hash=\"#elementor-action%3Aaction%3Dlightbox%26settings%3DeyJpZCI6MTI1NTksInVybCI6Imh0dHBzOlwvXC9sZnMuY3pcL3dwLWNvbnRlbnRcL3VwbG9hZHNcLzIwMjVcLzA3XC9MRlMyNV9TcGlvbmlfaHVkYmEtSmFuLVRvbWFzX1JpY2hhcmQtU2tvdW1hbC01LmpwZyIsInNsaWRlc2hvdyI6IjZiNzE2M2MifQ%3D%3D\">\n\t\t\t\t\t<div class=\"e-gallery-image elementor-gallery-item__image\" data-thumbnail=\"https:\/\/lfs.cz\/wp-content\/uploads\/2025\/07\/LFS25_Spioni_hudba-Jan-Tomas_Richard-Skoumal-5-300x200.jpg\" data-width=\"300\" data-height=\"200\" aria-label=\"\" role=\"img\" ><\/div>\n\t\t\t\t\t\t\t\t\t\t\t<div class=\"elementor-gallery-item__overlay\"><\/div>\n\t\t\t\t\t\t\t\t\t\t\t\t\t\t<\/a>\n\t\t\t\t\t\t\t<a class=\"e-gallery-item elementor-gallery-item elementor-animated-content\" data-e-gallery-tags=\"4\" href=\"https:\/\/lfs.cz\/wp-content\/uploads\/2025\/07\/LFS25_Linda-Bartosova_Marek-Malusek-6.jpg\" data-elementor-open-lightbox=\"yes\" data-elementor-lightbox-slideshow=\"6b7163c\" data-elementor-lightbox-title=\"LF\u0160 2025, Letn\u00ed filmov\u00e1 \u0161kola, Linda Barto\u0161ov\u00e1, foto Marek Mal\u016f\u0161ek\" data-e-action-hash=\"#elementor-action%3Aaction%3Dlightbox%26settings%3DeyJpZCI6MTI4NTEsInVybCI6Imh0dHBzOlwvXC9sZnMuY3pcL3dwLWNvbnRlbnRcL3VwbG9hZHNcLzIwMjVcLzA3XC9MRlMyNV9MaW5kYS1CYXJ0b3NvdmFfTWFyZWstTWFsdXNlay02LmpwZyIsInNsaWRlc2hvdyI6IjZiNzE2M2MifQ%3D%3D\">\n\t\t\t\t\t<div class=\"e-gallery-image elementor-gallery-item__image\" data-thumbnail=\"https:\/\/lfs.cz\/wp-content\/uploads\/2025\/07\/LFS25_Linda-Bartosova_Marek-Malusek-6-300x200.jpg\" data-width=\"300\" data-height=\"200\" aria-label=\"\" role=\"img\" ><\/div>\n\t\t\t\t\t\t\t\t\t\t\t<div class=\"elementor-gallery-item__overlay\"><\/div>\n\t\t\t\t\t\t\t\t\t\t\t\t\t\t<\/a>\n\t\t\t\t\t\t\t<a class=\"e-gallery-item elementor-gallery-item elementor-animated-content\" data-e-gallery-tags=\"1\" href=\"https:\/\/lfs.cz\/wp-content\/uploads\/2025\/07\/LFS25_Vanda-Kavkova_Marek-Malusek-4.jpg\" data-elementor-open-lightbox=\"yes\" data-elementor-lightbox-slideshow=\"6b7163c\" data-elementor-lightbox-title=\"LF\u0160 2025, Letn\u00ed filmov\u00e1 \u0161kola, Vanda Kavkov\u00e1, foto Marek Mal\u016f\u0161ek\" data-e-action-hash=\"#elementor-action%3Aaction%3Dlightbox%26settings%3DeyJpZCI6MTIyNzEsInVybCI6Imh0dHBzOlwvXC9sZnMuY3pcL3dwLWNvbnRlbnRcL3VwbG9hZHNcLzIwMjVcLzA3XC9MRlMyNV9WYW5kYS1LYXZrb3ZhX01hcmVrLU1hbHVzZWstNC5qcGciLCJzbGlkZXNob3ciOiI2YjcxNjNjIn0%3D\">\n\t\t\t\t\t<div class=\"e-gallery-image elementor-gallery-item__image\" data-thumbnail=\"https:\/\/lfs.cz\/wp-content\/uploads\/2025\/07\/LFS25_Vanda-Kavkova_Marek-Malusek-4-300x200.jpg\" data-width=\"300\" data-height=\"200\" aria-label=\"\" role=\"img\" ><\/div>\n\t\t\t\t\t\t\t\t\t\t\t<div class=\"elementor-gallery-item__overlay\"><\/div>\n\t\t\t\t\t\t\t\t\t\t\t\t\t\t<\/a>\n\t\t\t\t\t\t\t<a class=\"e-gallery-item elementor-gallery-item elementor-animated-content\" data-e-gallery-tags=\"1\" href=\"https:\/\/lfs.cz\/wp-content\/uploads\/2025\/07\/LFS25_Predani-Vyrocni-veny-ACFK_Radek-Petrasek-3.jpg\" data-elementor-open-lightbox=\"yes\" data-elementor-lightbox-slideshow=\"6b7163c\" data-elementor-lightbox-title=\"LF\u0160 2025, Letn\u00ed filmov\u00e1 \u0161kola, \u010cTK \/ Petr\u00e1\u0161ek Radek\" data-e-action-hash=\"#elementor-action%3Aaction%3Dlightbox%26settings%3DeyJpZCI6MTIyMzcsInVybCI6Imh0dHBzOlwvXC9sZnMuY3pcL3dwLWNvbnRlbnRcL3VwbG9hZHNcLzIwMjVcLzA3XC9MRlMyNV9QcmVkYW5pLVZ5cm9jbmktdmVueS1BQ0ZLX1JhZGVrLVBldHJhc2VrLTMuanBnIiwic2xpZGVzaG93IjoiNmI3MTYzYyJ9\">\n\t\t\t\t\t<div class=\"e-gallery-image elementor-gallery-item__image\" data-thumbnail=\"https:\/\/lfs.cz\/wp-content\/uploads\/2025\/07\/LFS25_Predani-Vyrocni-veny-ACFK_Radek-Petrasek-3-300x200.jpg\" data-width=\"300\" data-height=\"200\" aria-label=\"\" role=\"img\" ><\/div>\n\t\t\t\t\t\t\t\t\t\t\t<div class=\"elementor-gallery-item__overlay\"><\/div>\n\t\t\t\t\t\t\t\t\t\t\t\t\t\t<\/a>\n\t\t\t\t\t\t\t<a class=\"e-gallery-item elementor-gallery-item elementor-animated-content\" data-e-gallery-tags=\"4\" href=\"https:\/\/lfs.cz\/wp-content\/uploads\/2025\/07\/LFS25_Anki_Tadeas-Kaminek-3.jpg\" data-elementor-open-lightbox=\"yes\" data-elementor-lightbox-slideshow=\"6b7163c\" data-elementor-lightbox-title=\"LF\u0160 2025, Letn\u00ed filmov\u00e1 \u0161kola, doprovodn\u00fd program, koncert, rapper Anki, \u010cTK \/ Tade\u00e1\u0161 Kam\u00ednek\" data-e-action-hash=\"#elementor-action%3Aaction%3Dlightbox%26settings%3DeyJpZCI6MTI4NTYsInVybCI6Imh0dHBzOlwvXC9sZnMuY3pcL3dwLWNvbnRlbnRcL3VwbG9hZHNcLzIwMjVcLzA3XC9MRlMyNV9BbmtpX1RhZGVhcy1LYW1pbmVrLTMuanBnIiwic2xpZGVzaG93IjoiNmI3MTYzYyJ9\">\n\t\t\t\t\t<div class=\"e-gallery-image elementor-gallery-item__image\" data-thumbnail=\"https:\/\/lfs.cz\/wp-content\/uploads\/2025\/07\/LFS25_Anki_Tadeas-Kaminek-3-300x200.jpg\" data-width=\"300\" data-height=\"200\" aria-label=\"\" role=\"img\" ><\/div>\n\t\t\t\t\t\t\t\t\t\t\t<div class=\"elementor-gallery-item__overlay\"><\/div>\n\t\t\t\t\t\t\t\t\t\t\t\t\t\t<\/a>\n\t\t\t\t\t\t\t<a class=\"e-gallery-item elementor-gallery-item elementor-animated-content\" data-e-gallery-tags=\"1\" href=\"https:\/\/lfs.cz\/wp-content\/uploads\/2025\/07\/LFS25_ATMO_Matyas-Cech-9.jpg\" data-elementor-open-lightbox=\"yes\" data-elementor-lightbox-slideshow=\"6b7163c\" data-elementor-lightbox-title=\"Atmosf\u00e9ra, Letn\u00ed filmov\u00e1 \u0161kola, LF\u0160 2025, \u010cTK \/ Maty\u00e1\u0161 \u010cech\" data-e-action-hash=\"#elementor-action%3Aaction%3Dlightbox%26settings%3DeyJpZCI6MTIxNjUsInVybCI6Imh0dHBzOlwvXC9sZnMuY3pcL3dwLWNvbnRlbnRcL3VwbG9hZHNcLzIwMjVcLzA3XC9MRlMyNV9BVE1PX01hdHlhcy1DZWNoLTkuanBnIiwic2xpZGVzaG93IjoiNmI3MTYzYyJ9\">\n\t\t\t\t\t<div class=\"e-gallery-image elementor-gallery-item__image\" data-thumbnail=\"https:\/\/lfs.cz\/wp-content\/uploads\/2025\/07\/LFS25_ATMO_Matyas-Cech-9-300x200.jpg\" data-width=\"300\" data-height=\"200\" aria-label=\"\" role=\"img\" ><\/div>\n\t\t\t\t\t\t\t\t\t\t\t<div class=\"elementor-gallery-item__overlay\"><\/div>\n\t\t\t\t\t\t\t\t\t\t\t\t\t\t<\/a>\n\t\t\t\t\t\t\t<a class=\"e-gallery-item elementor-gallery-item elementor-animated-content\" data-e-gallery-tags=\"4\" href=\"https:\/\/lfs.cz\/wp-content\/uploads\/2025\/07\/LFS25_Linda-Bartosova_Marek-Malusek-3.jpg\" data-elementor-open-lightbox=\"yes\" data-elementor-lightbox-slideshow=\"6b7163c\" data-elementor-lightbox-title=\"LF\u0160 2025, Letn\u00ed filmov\u00e1 \u0161kola, Linda Barto\u0161ov\u00e1, foto Marek Mal\u016f\u0161ek\" data-e-action-hash=\"#elementor-action%3Aaction%3Dlightbox%26settings%3DeyJpZCI6MTI4NTAsInVybCI6Imh0dHBzOlwvXC9sZnMuY3pcL3dwLWNvbnRlbnRcL3VwbG9hZHNcLzIwMjVcLzA3XC9MRlMyNV9MaW5kYS1CYXJ0b3NvdmFfTWFyZWstTWFsdXNlay0zLmpwZyIsInNsaWRlc2hvdyI6IjZiNzE2M2MifQ%3D%3D\">\n\t\t\t\t\t<div class=\"e-gallery-image elementor-gallery-item__image\" data-thumbnail=\"https:\/\/lfs.cz\/wp-content\/uploads\/2025\/07\/LFS25_Linda-Bartosova_Marek-Malusek-3-300x200.jpg\" data-width=\"300\" data-height=\"200\" aria-label=\"\" role=\"img\" ><\/div>\n\t\t\t\t\t\t\t\t\t\t\t<div class=\"elementor-gallery-item__overlay\"><\/div>\n\t\t\t\t\t\t\t\t\t\t\t\t\t\t<\/a>\n\t\t\t\t\t\t\t<a class=\"e-gallery-item elementor-gallery-item elementor-animated-content\" data-e-gallery-tags=\"6\" href=\"https:\/\/lfs.cz\/wp-content\/uploads\/2025\/07\/LFS25_-Dama-z-loze-c.-13_hudba-Oliver-Torr_CTK-Radek-Petrasek-14.jpg\" data-elementor-open-lightbox=\"yes\" data-elementor-lightbox-slideshow=\"6b7163c\" data-elementor-lightbox-title=\"LF\u0160 2025, Letn\u00ed filmov\u00e1 \u0161kola, Oliver Torr, \u010cTK \/ Petr\u00e1\u0161ek Radek\" data-e-action-hash=\"#elementor-action%3Aaction%3Dlightbox%26settings%3DeyJpZCI6MTMwOTMsInVybCI6Imh0dHBzOlwvXC9sZnMuY3pcL3dwLWNvbnRlbnRcL3VwbG9hZHNcLzIwMjVcLzA3XC9MRlMyNV8tRGFtYS16LWxvemUtYy4tMTNfaHVkYmEtT2xpdmVyLVRvcnJfQ1RLLVJhZGVrLVBldHJhc2VrLTE0LmpwZyIsInNsaWRlc2hvdyI6IjZiNzE2M2MifQ%3D%3D\">\n\t\t\t\t\t<div class=\"e-gallery-image elementor-gallery-item__image\" data-thumbnail=\"https:\/\/lfs.cz\/wp-content\/uploads\/2025\/07\/LFS25_-Dama-z-loze-c.-13_hudba-Oliver-Torr_CTK-Radek-Petrasek-14-300x200.jpg\" data-width=\"300\" data-height=\"200\" aria-label=\"\" role=\"img\" ><\/div>\n\t\t\t\t\t\t\t\t\t\t\t<div class=\"elementor-gallery-item__overlay\"><\/div>\n\t\t\t\t\t\t\t\t\t\t\t\t\t\t<\/a>\n\t\t\t\t\t\t\t<a class=\"e-gallery-item elementor-gallery-item elementor-animated-content\" data-e-gallery-tags=\"1\" href=\"https:\/\/lfs.cz\/wp-content\/uploads\/2025\/07\/LFS25_Jan-Nemec_Marek-Malusek.jpg\" data-elementor-open-lightbox=\"yes\" data-elementor-lightbox-slideshow=\"6b7163c\" data-elementor-lightbox-title=\"LF\u0160 2025, Letn\u00ed filmov\u00e1 \u0161kola, Jan N\u011bmec, foto Marek Mal\u016f\u0161ek\" data-e-action-hash=\"#elementor-action%3Aaction%3Dlightbox%26settings%3DeyJpZCI6MTIyNzAsInVybCI6Imh0dHBzOlwvXC9sZnMuY3pcL3dwLWNvbnRlbnRcL3VwbG9hZHNcLzIwMjVcLzA3XC9MRlMyNV9KYW4tTmVtZWNfTWFyZWstTWFsdXNlay5qcGciLCJzbGlkZXNob3ciOiI2YjcxNjNjIn0%3D\">\n\t\t\t\t\t<div class=\"e-gallery-image elementor-gallery-item__image\" data-thumbnail=\"https:\/\/lfs.cz\/wp-content\/uploads\/2025\/07\/LFS25_Jan-Nemec_Marek-Malusek-300x200.jpg\" data-width=\"300\" data-height=\"200\" aria-label=\"\" role=\"img\" ><\/div>\n\t\t\t\t\t\t\t\t\t\t\t<div class=\"elementor-gallery-item__overlay\"><\/div>\n\t\t\t\t\t\t\t\t\t\t\t\t\t\t<\/a>\n\t\t\t\t\t\t\t<a class=\"e-gallery-item elementor-gallery-item elementor-animated-content\" data-e-gallery-tags=\"0\" href=\"https:\/\/lfs.cz\/wp-content\/uploads\/2025\/07\/LFS25_Stabni-skoleni_Kino-Hvezda_Petr-Mlch-1-1.jpg\" data-elementor-open-lightbox=\"yes\" data-elementor-lightbox-slideshow=\"6b7163c\" data-elementor-lightbox-title=\"LF\u0160 2025, Letn\u00ed filmov\u00e1 \u0161kola, p\u0159\u00edpravy, \u010cTK \/ Petr Mlch\" data-e-action-hash=\"#elementor-action%3Aaction%3Dlightbox%26settings%3DeyJpZCI6MTIxMjAsInVybCI6Imh0dHBzOlwvXC9sZnMuY3pcL3dwLWNvbnRlbnRcL3VwbG9hZHNcLzIwMjVcLzA3XC9MRlMyNV9TdGFibmktc2tvbGVuaV9LaW5vLUh2ZXpkYV9QZXRyLU1sY2gtMS0xLmpwZyIsInNsaWRlc2hvdyI6IjZiNzE2M2MifQ%3D%3D\">\n\t\t\t\t\t<div class=\"e-gallery-image elementor-gallery-item__image\" data-thumbnail=\"https:\/\/lfs.cz\/wp-content\/uploads\/2025\/07\/LFS25_Stabni-skoleni_Kino-Hvezda_Petr-Mlch-1-1-300x200.jpg\" data-width=\"300\" data-height=\"200\" aria-label=\"\" role=\"img\" ><\/div>\n\t\t\t\t\t\t\t\t\t\t\t<div class=\"elementor-gallery-item__overlay\"><\/div>\n\t\t\t\t\t\t\t\t\t\t\t\t\t\t<\/a>\n\t\t\t\t\t\t\t<a class=\"e-gallery-item elementor-gallery-item elementor-animated-content\" data-e-gallery-tags=\"6\" href=\"https:\/\/lfs.cz\/wp-content\/uploads\/2025\/07\/LFS25_ARAS-a-Cinepur_Toci-dobre-matky-dobre-filmy_Kamil-Fila_CTK-Tadeas-Kaminek-2.jpg\" data-elementor-open-lightbox=\"yes\" data-elementor-lightbox-slideshow=\"6b7163c\" data-elementor-lightbox-title=\"LF\u0160 2025, Letn\u00ed filmov\u00e1 \u0161kola, Doprovodn\u00fd program: ARAS a Cinepur uv\u00e1d\u011bj\u00ed: To\u010d\u00ed dobr\u00e9 matky dobr\u00e9 filmy? Kamil Fila, \u010cTK \/ Tade\u00e1\u0161 Kam\u00ednek\" data-e-action-hash=\"#elementor-action%3Aaction%3Dlightbox%26settings%3DeyJpZCI6MTMxMDksInVybCI6Imh0dHBzOlwvXC9sZnMuY3pcL3dwLWNvbnRlbnRcL3VwbG9hZHNcLzIwMjVcLzA3XC9MRlMyNV9BUkFTLWEtQ2luZXB1cl9Ub2NpLWRvYnJlLW1hdGt5LWRvYnJlLWZpbG15X0thbWlsLUZpbGFfQ1RLLVRhZGVhcy1LYW1pbmVrLTIuanBnIiwic2xpZGVzaG93IjoiNmI3MTYzYyJ9\">\n\t\t\t\t\t<div class=\"e-gallery-image elementor-gallery-item__image\" data-thumbnail=\"https:\/\/lfs.cz\/wp-content\/uploads\/2025\/07\/LFS25_ARAS-a-Cinepur_Toci-dobre-matky-dobre-filmy_Kamil-Fila_CTK-Tadeas-Kaminek-2-300x200.jpg\" data-width=\"300\" data-height=\"200\" aria-label=\"\" role=\"img\" ><\/div>\n\t\t\t\t\t\t\t\t\t\t\t<div class=\"elementor-gallery-item__overlay\"><\/div>\n\t\t\t\t\t\t\t\t\t\t\t\t\t\t<\/a>\n\t\t\t\t\t\t\t<a class=\"e-gallery-item elementor-gallery-item elementor-animated-content\" data-e-gallery-tags=\"4\" href=\"https:\/\/lfs.cz\/wp-content\/uploads\/2025\/07\/LFS25_-Slecna-Mendova-I_hudba-Ivan-Acher_Radek-Petrasek-7.jpg\" data-elementor-open-lightbox=\"yes\" data-elementor-lightbox-slideshow=\"6b7163c\" data-elementor-lightbox-title=\"LF\u0160 2025, Letn\u00ed filmov\u00e1 \u0161kola, hudebn\u00edk Ivan Acher, \u010cTK \/ Petr\u00e1\u0161ek Radek\" data-e-action-hash=\"#elementor-action%3Aaction%3Dlightbox%26settings%3DeyJpZCI6MTI3MzIsInVybCI6Imh0dHBzOlwvXC9sZnMuY3pcL3dwLWNvbnRlbnRcL3VwbG9hZHNcLzIwMjVcLzA3XC9MRlMyNV8tU2xlY25hLU1lbmRvdmEtSV9odWRiYS1JdmFuLUFjaGVyX1JhZGVrLVBldHJhc2VrLTcuanBnIiwic2xpZGVzaG93IjoiNmI3MTYzYyJ9\">\n\t\t\t\t\t<div class=\"e-gallery-image elementor-gallery-item__image\" data-thumbnail=\"https:\/\/lfs.cz\/wp-content\/uploads\/2025\/07\/LFS25_-Slecna-Mendova-I_hudba-Ivan-Acher_Radek-Petrasek-7-300x200.jpg\" data-width=\"300\" data-height=\"200\" aria-label=\"\" role=\"img\" ><\/div>\n\t\t\t\t\t\t\t\t\t\t\t<div class=\"elementor-gallery-item__overlay\"><\/div>\n\t\t\t\t\t\t\t\t\t\t\t\t\t\t<\/a>\n\t\t\t\t\t\t\t<a class=\"e-gallery-item elementor-gallery-item elementor-animated-content\" data-e-gallery-tags=\"4\" href=\"https:\/\/lfs.cz\/wp-content\/uploads\/2025\/07\/LFS25_ATMO_Tadeas-Kaminek-1-1.jpg\" data-elementor-open-lightbox=\"yes\" data-elementor-lightbox-slideshow=\"6b7163c\" data-elementor-lightbox-title=\"LF\u0160 2025, Letn\u00ed filmov\u00e1 \u0161kola, atmosf\u00e9ra, \u010cTK \/ Tade\u00e1\u0161 Kam\u00ednek\" data-e-action-hash=\"#elementor-action%3Aaction%3Dlightbox%26settings%3DeyJpZCI6MTI3NDMsInVybCI6Imh0dHBzOlwvXC9sZnMuY3pcL3dwLWNvbnRlbnRcL3VwbG9hZHNcLzIwMjVcLzA3XC9MRlMyNV9BVE1PX1RhZGVhcy1LYW1pbmVrLTEtMS5qcGciLCJzbGlkZXNob3ciOiI2YjcxNjNjIn0%3D\">\n\t\t\t\t\t<div class=\"e-gallery-image elementor-gallery-item__image\" data-thumbnail=\"https:\/\/lfs.cz\/wp-content\/uploads\/2025\/07\/LFS25_ATMO_Tadeas-Kaminek-1-1-300x200.jpg\" data-width=\"300\" data-height=\"200\" aria-label=\"\" role=\"img\" ><\/div>\n\t\t\t\t\t\t\t\t\t\t\t<div class=\"elementor-gallery-item__overlay\"><\/div>\n\t\t\t\t\t\t\t\t\t\t\t\t\t\t<\/a>\n\t\t\t\t\t\t\t<a class=\"e-gallery-item elementor-gallery-item elementor-animated-content\" data-e-gallery-tags=\"6\" href=\"https:\/\/lfs.cz\/wp-content\/uploads\/2025\/07\/LFS25_Kreutzerova-sonata_Reduta_CTK-Richard-Skoumal-5.jpg\" data-elementor-open-lightbox=\"yes\" data-elementor-lightbox-slideshow=\"6b7163c\" data-elementor-lightbox-title=\"Kreutzerova son\u00e1ta, Sisa Michalidesov\u00e1, Pavol Bereza, Robert Vizv\u00e1ri, Letn\u00ed filmov\u00e1 \u0161kola, LF\u0160 2025, \u010cTK \/ Skoumal Richard\" data-e-action-hash=\"#elementor-action%3Aaction%3Dlightbox%26settings%3DeyJpZCI6MTMxMjUsInVybCI6Imh0dHBzOlwvXC9sZnMuY3pcL3dwLWNvbnRlbnRcL3VwbG9hZHNcLzIwMjVcLzA3XC9MRlMyNV9LcmV1dHplcm92YS1zb25hdGFfUmVkdXRhX0NUSy1SaWNoYXJkLVNrb3VtYWwtNS5qcGciLCJzbGlkZXNob3ciOiI2YjcxNjNjIn0%3D\">\n\t\t\t\t\t<div class=\"e-gallery-image elementor-gallery-item__image\" data-thumbnail=\"https:\/\/lfs.cz\/wp-content\/uploads\/2025\/07\/LFS25_Kreutzerova-sonata_Reduta_CTK-Richard-Skoumal-5-300x200.jpg\" data-width=\"300\" data-height=\"200\" aria-label=\"\" role=\"img\" ><\/div>\n\t\t\t\t\t\t\t\t\t\t\t<div class=\"elementor-gallery-item__overlay\"><\/div>\n\t\t\t\t\t\t\t\t\t\t\t\t\t\t<\/a>\n\t\t\t\t\t\t\t<a class=\"e-gallery-item elementor-gallery-item elementor-animated-content\" data-e-gallery-tags=\"4\" href=\"https:\/\/lfs.cz\/wp-content\/uploads\/2025\/07\/LFS25_Cetkast_Duzan-Duong_Petr-Mlch-3.jpg\" data-elementor-open-lightbox=\"yes\" data-elementor-lightbox-slideshow=\"6b7163c\" data-elementor-lightbox-title=\"LF\u0160 2025, Letn\u00ed filmov\u00e1 \u0161kola, \u010cetkast, podcast, Du\u017ean Duong, film Letn\u00ed \u0161kola, 2001, \u010cTK \/ Mlch Petr\" data-e-action-hash=\"#elementor-action%3Aaction%3Dlightbox%26settings%3DeyJpZCI6MTI3MzAsInVybCI6Imh0dHBzOlwvXC9sZnMuY3pcL3dwLWNvbnRlbnRcL3VwbG9hZHNcLzIwMjVcLzA3XC9MRlMyNV9DZXRrYXN0X0R1emFuLUR1b25nX1BldHItTWxjaC0zLmpwZyIsInNsaWRlc2hvdyI6IjZiNzE2M2MifQ%3D%3D\">\n\t\t\t\t\t<div class=\"e-gallery-image elementor-gallery-item__image\" data-thumbnail=\"https:\/\/lfs.cz\/wp-content\/uploads\/2025\/07\/LFS25_Cetkast_Duzan-Duong_Petr-Mlch-3-300x200.jpg\" data-width=\"300\" data-height=\"200\" aria-label=\"\" role=\"img\" ><\/div>\n\t\t\t\t\t\t\t\t\t\t\t<div class=\"elementor-gallery-item__overlay\"><\/div>\n\t\t\t\t\t\t\t\t\t\t\t\t\t\t<\/a>\n\t\t\t\t\t\t\t<a class=\"e-gallery-item elementor-gallery-item elementor-animated-content\" data-e-gallery-tags=\"2\" href=\"https:\/\/lfs.cz\/wp-content\/uploads\/2025\/07\/LFS25_ATMO_Richard-Skoumal-7.jpg\" data-elementor-open-lightbox=\"yes\" data-elementor-lightbox-slideshow=\"6b7163c\" data-elementor-lightbox-title=\"Atmosf\u00e9ra, Letn\u00ed filmov\u00e1 \u0161kola, LF\u0160 2025, \u010cTK \/ Skoumal Richard\" data-e-action-hash=\"#elementor-action%3Aaction%3Dlightbox%26settings%3DeyJpZCI6MTIzOTUsInVybCI6Imh0dHBzOlwvXC9sZnMuY3pcL3dwLWNvbnRlbnRcL3VwbG9hZHNcLzIwMjVcLzA3XC9MRlMyNV9BVE1PX1JpY2hhcmQtU2tvdW1hbC03LmpwZyIsInNsaWRlc2hvdyI6IjZiNzE2M2MifQ%3D%3D\">\n\t\t\t\t\t<div class=\"e-gallery-image elementor-gallery-item__image\" data-thumbnail=\"https:\/\/lfs.cz\/wp-content\/uploads\/2025\/07\/LFS25_ATMO_Richard-Skoumal-7-300x200.jpg\" data-width=\"300\" data-height=\"200\" aria-label=\"\" role=\"img\" ><\/div>\n\t\t\t\t\t\t\t\t\t\t\t<div class=\"elementor-gallery-item__overlay\"><\/div>\n\t\t\t\t\t\t\t\t\t\t\t\t\t\t<\/a>\n\t\t\t\t\t\t\t<a class=\"e-gallery-item elementor-gallery-item elementor-animated-content\" data-e-gallery-tags=\"4\" href=\"https:\/\/lfs.cz\/wp-content\/uploads\/2025\/07\/LFS25_Cetkast_Duzan-Duong_Petr-Mlch-1.jpg\" data-elementor-open-lightbox=\"yes\" data-elementor-lightbox-slideshow=\"6b7163c\" data-elementor-lightbox-title=\"LF\u0160 2025, Letn\u00ed filmov\u00e1 \u0161kola, \u010cetkast, podcast, Du\u017ean Duong, film Letn\u00ed \u0161kola, 2001, \u010cTK \/ Mlch Petr\" data-e-action-hash=\"#elementor-action%3Aaction%3Dlightbox%26settings%3DeyJpZCI6MTI3MjksInVybCI6Imh0dHBzOlwvXC9sZnMuY3pcL3dwLWNvbnRlbnRcL3VwbG9hZHNcLzIwMjVcLzA3XC9MRlMyNV9DZXRrYXN0X0R1emFuLUR1b25nX1BldHItTWxjaC0xLmpwZyIsInNsaWRlc2hvdyI6IjZiNzE2M2MifQ%3D%3D\">\n\t\t\t\t\t<div class=\"e-gallery-image elementor-gallery-item__image\" data-thumbnail=\"https:\/\/lfs.cz\/wp-content\/uploads\/2025\/07\/LFS25_Cetkast_Duzan-Duong_Petr-Mlch-1-300x200.jpg\" data-width=\"300\" data-height=\"200\" aria-label=\"\" role=\"img\" ><\/div>\n\t\t\t\t\t\t\t\t\t\t\t<div class=\"elementor-gallery-item__overlay\"><\/div>\n\t\t\t\t\t\t\t\t\t\t\t\t\t\t<\/a>\n\t\t\t\t\t\t\t<a class=\"e-gallery-item elementor-gallery-item elementor-animated-content\" data-e-gallery-tags=\"5\" href=\"https:\/\/lfs.cz\/wp-content\/uploads\/2025\/07\/LFS25_Manzelky_Milja-Mikkolaova_Aula_CTK-Petr-Mlch15.jpg\" data-elementor-open-lightbox=\"yes\" data-elementor-lightbox-slideshow=\"6b7163c\" data-elementor-lightbox-title=\"LF\u0160 2025, Letn\u00ed filmov\u00e1 \u0161kola, projekce, film, Man\u017eelky, \u010cTK \/ Mlch Petr\" data-e-action-hash=\"#elementor-action%3Aaction%3Dlightbox%26settings%3DeyJpZCI6MTI5MTUsInVybCI6Imh0dHBzOlwvXC9sZnMuY3pcL3dwLWNvbnRlbnRcL3VwbG9hZHNcLzIwMjVcLzA3XC9MRlMyNV9NYW56ZWxreV9NaWxqYS1NaWtrb2xhb3ZhX0F1bGFfQ1RLLVBldHItTWxjaDE1LmpwZyIsInNsaWRlc2hvdyI6IjZiNzE2M2MifQ%3D%3D\">\n\t\t\t\t\t<div class=\"e-gallery-image elementor-gallery-item__image\" data-thumbnail=\"https:\/\/lfs.cz\/wp-content\/uploads\/2025\/07\/LFS25_Manzelky_Milja-Mikkolaova_Aula_CTK-Petr-Mlch15-300x200.jpg\" data-width=\"300\" data-height=\"200\" aria-label=\"\" role=\"img\" ><\/div>\n\t\t\t\t\t\t\t\t\t\t\t<div class=\"elementor-gallery-item__overlay\"><\/div>\n\t\t\t\t\t\t\t\t\t\t\t\t\t\t<\/a>\n\t\t\t\t\t\t\t<a class=\"e-gallery-item elementor-gallery-item elementor-animated-content\" data-e-gallery-tags=\"5\" href=\"https:\/\/lfs.cz\/wp-content\/uploads\/2025\/07\/LFS25_Krasna-vyzvedacka_hudba-Olga-Anna-Markowska_CTK-Tadeas-Kaminek-10.jpg\" data-elementor-open-lightbox=\"yes\" data-elementor-lightbox-slideshow=\"6b7163c\" data-elementor-lightbox-title=\"LF\u0160 2025, Letn\u00ed filmov\u00e1 \u0161kola, projekce filmu: Kr\u00e1sn\u00e1 vyzv\u011bda\u010dka, Olga Anna Markowsk\u00e1, \u010cTK \/ Tade\u00e1\u0161 Kam\u00ednek\" data-e-action-hash=\"#elementor-action%3Aaction%3Dlightbox%26settings%3DeyJpZCI6MTI5NzYsInVybCI6Imh0dHBzOlwvXC9sZnMuY3pcL3dwLWNvbnRlbnRcL3VwbG9hZHNcLzIwMjVcLzA3XC9MRlMyNV9LcmFzbmEtdnl6dmVkYWNrYV9odWRiYS1PbGdhLUFubmEtTWFya293c2thX0NUSy1UYWRlYXMtS2FtaW5lay0xMC5qcGciLCJzbGlkZXNob3ciOiI2YjcxNjNjIn0%3D\">\n\t\t\t\t\t<div class=\"e-gallery-image elementor-gallery-item__image\" data-thumbnail=\"https:\/\/lfs.cz\/wp-content\/uploads\/2025\/07\/LFS25_Krasna-vyzvedacka_hudba-Olga-Anna-Markowska_CTK-Tadeas-Kaminek-10-300x200.jpg\" data-width=\"300\" data-height=\"200\" aria-label=\"\" role=\"img\" ><\/div>\n\t\t\t\t\t\t\t\t\t\t\t<div class=\"elementor-gallery-item__overlay\"><\/div>\n\t\t\t\t\t\t\t\t\t\t\t\t\t\t<\/a>\n\t\t\t\t\t\t\t<a class=\"e-gallery-item elementor-gallery-item elementor-animated-content\" data-e-gallery-tags=\"3\" href=\"https:\/\/lfs.cz\/wp-content\/uploads\/2025\/07\/LFS25_Michal-Szalast-Albini_Marek-Malusek-5.jpg\" data-elementor-open-lightbox=\"yes\" data-elementor-lightbox-slideshow=\"6b7163c\" data-elementor-lightbox-title=\"LF\u0160 2025, Letn\u00ed filmov\u00e1 \u0161kola, Micha\u0142 Szalast: Alb\u00edni, vernis\u00e1\u017e, foto Marek Mal\u016f\u0161ek\" data-e-action-hash=\"#elementor-action%3Aaction%3Dlightbox%26settings%3DeyJpZCI6MTI2ODksInVybCI6Imh0dHBzOlwvXC9sZnMuY3pcL3dwLWNvbnRlbnRcL3VwbG9hZHNcLzIwMjVcLzA3XC9MRlMyNV9NaWNoYWwtU3phbGFzdC1BbGJpbmlfTWFyZWstTWFsdXNlay01LmpwZyIsInNsaWRlc2hvdyI6IjZiNzE2M2MifQ%3D%3D\">\n\t\t\t\t\t<div class=\"e-gallery-image elementor-gallery-item__image\" data-thumbnail=\"https:\/\/lfs.cz\/wp-content\/uploads\/2025\/07\/LFS25_Michal-Szalast-Albini_Marek-Malusek-5-300x200.jpg\" data-width=\"300\" data-height=\"200\" aria-label=\"\" role=\"img\" ><\/div>\n\t\t\t\t\t\t\t\t\t\t\t<div class=\"elementor-gallery-item__overlay\"><\/div>\n\t\t\t\t\t\t\t\t\t\t\t\t\t\t<\/a>\n\t\t\t\t\t\t\t<a class=\"e-gallery-item elementor-gallery-item elementor-animated-content\" data-e-gallery-tags=\"2\" href=\"https:\/\/lfs.cz\/wp-content\/uploads\/2025\/07\/LFS25_ATMO_Petr-Mlch-4-2.jpg\" data-elementor-open-lightbox=\"yes\" data-elementor-lightbox-slideshow=\"6b7163c\" data-elementor-lightbox-title=\"LF\u0160 2025, Letn\u00ed filmov\u00e1 \u0161kola, atmosf\u00e9ra, akreditace, \u010cTK \/ Mlch Petr\" data-e-action-hash=\"#elementor-action%3Aaction%3Dlightbox%26settings%3DeyJpZCI6MTIzOTAsInVybCI6Imh0dHBzOlwvXC9sZnMuY3pcL3dwLWNvbnRlbnRcL3VwbG9hZHNcLzIwMjVcLzA3XC9MRlMyNV9BVE1PX1BldHItTWxjaC00LTIuanBnIiwic2xpZGVzaG93IjoiNmI3MTYzYyJ9\">\n\t\t\t\t\t<div class=\"e-gallery-image elementor-gallery-item__image\" data-thumbnail=\"https:\/\/lfs.cz\/wp-content\/uploads\/2025\/07\/LFS25_ATMO_Petr-Mlch-4-2-300x200.jpg\" data-width=\"300\" data-height=\"200\" aria-label=\"\" role=\"img\" ><\/div>\n\t\t\t\t\t\t\t\t\t\t\t<div class=\"elementor-gallery-item__overlay\"><\/div>\n\t\t\t\t\t\t\t\t\t\t\t\t\t\t<\/a>\n\t\t\t\t\t\t\t<a class=\"e-gallery-item elementor-gallery-item elementor-animated-content\" data-e-gallery-tags=\"4\" href=\"https:\/\/lfs.cz\/wp-content\/uploads\/2025\/07\/LFS25_-Slecna-Mendova-I_hudba-Ivan-Acher_Viktor-Palak_Radek-Petrasek-13.jpg\" data-elementor-open-lightbox=\"yes\" data-elementor-lightbox-slideshow=\"6b7163c\" data-elementor-lightbox-title=\"LF\u0160 2025, Letn\u00ed filmov\u00e1 \u0161kola, dramaturg Viktor Pal\u00e1k, \u010cTK \/ Petr\u00e1\u0161ek Radek\" data-e-action-hash=\"#elementor-action%3Aaction%3Dlightbox%26settings%3DeyJpZCI6MTI3MzYsInVybCI6Imh0dHBzOlwvXC9sZnMuY3pcL3dwLWNvbnRlbnRcL3VwbG9hZHNcLzIwMjVcLzA3XC9MRlMyNV8tU2xlY25hLU1lbmRvdmEtSV9odWRiYS1JdmFuLUFjaGVyX1Zpa3Rvci1QYWxha19SYWRlay1QZXRyYXNlay0xMy5qcGciLCJzbGlkZXNob3ciOiI2YjcxNjNjIn0%3D\">\n\t\t\t\t\t<div class=\"e-gallery-image elementor-gallery-item__image\" data-thumbnail=\"https:\/\/lfs.cz\/wp-content\/uploads\/2025\/07\/LFS25_-Slecna-Mendova-I_hudba-Ivan-Acher_Viktor-Palak_Radek-Petrasek-13-200x300.jpg\" data-width=\"200\" data-height=\"300\" aria-label=\"\" role=\"img\" ><\/div>\n\t\t\t\t\t\t\t\t\t\t\t<div class=\"elementor-gallery-item__overlay\"><\/div>\n\t\t\t\t\t\t\t\t\t\t\t\t\t\t<\/a>\n\t\t\t\t\t\t\t<a class=\"e-gallery-item elementor-gallery-item elementor-animated-content\" data-e-gallery-tags=\"3\" href=\"https:\/\/lfs.cz\/wp-content\/uploads\/2025\/07\/LFS25_DVA_Klub-Mir_Marek-Malusek-9.jpg\" data-elementor-open-lightbox=\"yes\" data-elementor-lightbox-slideshow=\"6b7163c\" data-elementor-lightbox-title=\"LF\u0160 2025, Letn\u00ed filmov\u00e1 \u0161kola, Kapela DVA, atmosf\u00e9ra, foto Marek Mal\u016f\u0161ek\" data-e-action-hash=\"#elementor-action%3Aaction%3Dlightbox%26settings%3DeyJpZCI6MTI2ODAsInVybCI6Imh0dHBzOlwvXC9sZnMuY3pcL3dwLWNvbnRlbnRcL3VwbG9hZHNcLzIwMjVcLzA3XC9MRlMyNV9EVkFfS2x1Yi1NaXJfTWFyZWstTWFsdXNlay05LmpwZyIsInNsaWRlc2hvdyI6IjZiNzE2M2MifQ%3D%3D\">\n\t\t\t\t\t<div class=\"e-gallery-image elementor-gallery-item__image\" data-thumbnail=\"https:\/\/lfs.cz\/wp-content\/uploads\/2025\/07\/LFS25_DVA_Klub-Mir_Marek-Malusek-9-300x200.jpg\" data-width=\"300\" data-height=\"200\" aria-label=\"\" role=\"img\" ><\/div>\n\t\t\t\t\t\t\t\t\t\t\t<div class=\"elementor-gallery-item__overlay\"><\/div>\n\t\t\t\t\t\t\t\t\t\t\t\t\t\t<\/a>\n\t\t\t\t\t\t\t<a class=\"e-gallery-item elementor-gallery-item elementor-animated-content\" data-e-gallery-tags=\"2\" href=\"https:\/\/lfs.cz\/wp-content\/uploads\/2025\/07\/LFS25_Slam-poetry_Matej-z-kapely-Matej_Jan-Beranek-1.jpg\" data-elementor-open-lightbox=\"yes\" data-elementor-lightbox-slideshow=\"6b7163c\" data-elementor-lightbox-title=\"LF\u0160 2025, Letn\u00ed filmov\u00e1 \u0161kola, Slam poetry, slamer Mat\u011bj z kapely Mat\u011bj, \u010cTK \/ Jan Ber\u00e1nek\" data-e-action-hash=\"#elementor-action%3Aaction%3Dlightbox%26settings%3DeyJpZCI6MTI0MzIsInVybCI6Imh0dHBzOlwvXC9sZnMuY3pcL3dwLWNvbnRlbnRcL3VwbG9hZHNcLzIwMjVcLzA3XC9MRlMyNV9TbGFtLXBvZXRyeV9NYXRlai16LWthcGVseS1NYXRlal9KYW4tQmVyYW5lay0xLmpwZyIsInNsaWRlc2hvdyI6IjZiNzE2M2MifQ%3D%3D\">\n\t\t\t\t\t<div class=\"e-gallery-image elementor-gallery-item__image\" data-thumbnail=\"https:\/\/lfs.cz\/wp-content\/uploads\/2025\/07\/LFS25_Slam-poetry_Matej-z-kapely-Matej_Jan-Beranek-1-300x200.jpg\" data-width=\"300\" data-height=\"200\" aria-label=\"\" role=\"img\" ><\/div>\n\t\t\t\t\t\t\t\t\t\t\t<div class=\"elementor-gallery-item__overlay\"><\/div>\n\t\t\t\t\t\t\t\t\t\t\t\t\t\t<\/a>\n\t\t\t\t\t\t\t<a class=\"e-gallery-item elementor-gallery-item elementor-animated-content\" data-e-gallery-tags=\"2\" href=\"https:\/\/lfs.cz\/wp-content\/uploads\/2025\/07\/LFS25_Harakiri-Czurakami_Marek-Malusek-2.jpg\" data-elementor-open-lightbox=\"yes\" data-elementor-lightbox-slideshow=\"6b7163c\" data-elementor-lightbox-title=\"LF\u0160 2025, Letn\u00ed filmov\u00e1 \u0161kola, Harakiri Czurakami #40: B\u00e1rtov\u00e1, Vyb\u00edralov\u00e1, Dvo\u0159\u00e1k, Tom\u00e1\u0161, foto Marek Mal\u016f\u0161ek\" data-e-action-hash=\"#elementor-action%3Aaction%3Dlightbox%26settings%3DeyJpZCI6MTI1MzcsInVybCI6Imh0dHBzOlwvXC9sZnMuY3pcL3dwLWNvbnRlbnRcL3VwbG9hZHNcLzIwMjVcLzA3XC9MRlMyNV9IYXJha2lyaS1DenVyYWthbWlfTWFyZWstTWFsdXNlay0yLmpwZyIsInNsaWRlc2hvdyI6IjZiNzE2M2MifQ%3D%3D\">\n\t\t\t\t\t<div class=\"e-gallery-image elementor-gallery-item__image\" data-thumbnail=\"https:\/\/lfs.cz\/wp-content\/uploads\/2025\/07\/LFS25_Harakiri-Czurakami_Marek-Malusek-2-300x200.jpg\" data-width=\"300\" data-height=\"200\" aria-label=\"\" role=\"img\" ><\/div>\n\t\t\t\t\t\t\t\t\t\t\t<div class=\"elementor-gallery-item__overlay\"><\/div>\n\t\t\t\t\t\t\t\t\t\t\t\t\t\t<\/a>\n\t\t\t\t\t\t\t<a class=\"e-gallery-item elementor-gallery-item elementor-animated-content\" data-e-gallery-tags=\"1\" href=\"https:\/\/lfs.cz\/wp-content\/uploads\/2025\/07\/LFS25_Predani-vyrocni-ceny_Eva-Vokata_Radek-Petrasek-2.jpg\" data-elementor-open-lightbox=\"yes\" data-elementor-lightbox-slideshow=\"6b7163c\" data-elementor-lightbox-title=\"LF\u0160 2025, Letn\u00ed filmov\u00e1 \u0161kola, \u010cTK \/ Petr\u00e1\u0161ek Radek\" data-e-action-hash=\"#elementor-action%3Aaction%3Dlightbox%26settings%3DeyJpZCI6MTIyNTUsInVybCI6Imh0dHBzOlwvXC9sZnMuY3pcL3dwLWNvbnRlbnRcL3VwbG9hZHNcLzIwMjVcLzA3XC9MRlMyNV9QcmVkYW5pLXZ5cm9jbmktY2VueV9FdmEtVm9rYXRhX1JhZGVrLVBldHJhc2VrLTIuanBnIiwic2xpZGVzaG93IjoiNmI3MTYzYyJ9\">\n\t\t\t\t\t<div class=\"e-gallery-image elementor-gallery-item__image\" data-thumbnail=\"https:\/\/lfs.cz\/wp-content\/uploads\/2025\/07\/LFS25_Predani-vyrocni-ceny_Eva-Vokata_Radek-Petrasek-2-300x200.jpg\" data-width=\"300\" data-height=\"200\" aria-label=\"\" role=\"img\" ><\/div>\n\t\t\t\t\t\t\t\t\t\t\t<div class=\"elementor-gallery-item__overlay\"><\/div>\n\t\t\t\t\t\t\t\t\t\t\t\t\t\t<\/a>\n\t\t\t\t\t\t\t<a class=\"e-gallery-item elementor-gallery-item elementor-animated-content\" data-e-gallery-tags=\"5\" href=\"https:\/\/lfs.cz\/wp-content\/uploads\/2025\/07\/LFS25_Baba-z-ledu_Zuzana-Kronerova_Radana-Korena_Ivan-LaskaCTK-Radek-Petrasek-6.jpg\" data-elementor-open-lightbox=\"yes\" data-elementor-lightbox-slideshow=\"6b7163c\" data-elementor-lightbox-title=\"LF\u0160 2025, Letn\u00ed filmov\u00e1 \u0161kola, Zuzana Kronerov\u00e1, Radana Koren\u00e1, Ivan L\u00e1ska, \u010cTK \/ Petr\u00e1\u0161ek Radek\" data-e-action-hash=\"#elementor-action%3Aaction%3Dlightbox%26settings%3DeyJpZCI6MTI5NjcsInVybCI6Imh0dHBzOlwvXC9sZnMuY3pcL3dwLWNvbnRlbnRcL3VwbG9hZHNcLzIwMjVcLzA3XC9MRlMyNV9CYWJhLXotbGVkdV9adXphbmEtS3JvbmVyb3ZhX1JhZGFuYS1Lb3JlbmFfSXZhbi1MYXNrYUNUSy1SYWRlay1QZXRyYXNlay02LmpwZyIsInNsaWRlc2hvdyI6IjZiNzE2M2MifQ%3D%3D\">\n\t\t\t\t\t<div class=\"e-gallery-image elementor-gallery-item__image\" data-thumbnail=\"https:\/\/lfs.cz\/wp-content\/uploads\/2025\/07\/LFS25_Baba-z-ledu_Zuzana-Kronerova_Radana-Korena_Ivan-LaskaCTK-Radek-Petrasek-6-300x200.jpg\" data-width=\"300\" data-height=\"200\" aria-label=\"\" role=\"img\" ><\/div>\n\t\t\t\t\t\t\t\t\t\t\t<div class=\"elementor-gallery-item__overlay\"><\/div>\n\t\t\t\t\t\t\t\t\t\t\t\t\t\t<\/a>\n\t\t\t\t\t\t\t<a class=\"e-gallery-item elementor-gallery-item elementor-animated-content\" data-e-gallery-tags=\"3\" href=\"https:\/\/lfs.cz\/wp-content\/uploads\/2025\/07\/LFS25_Pasqualino-Sedmikraska_Tadeas-Kaminek-5.jpg\" data-elementor-open-lightbox=\"yes\" data-elementor-lightbox-slideshow=\"6b7163c\" data-elementor-lightbox-title=\"LF\u0160 2025, Letn\u00ed filmov\u00e1 \u0161kola, projekce filmu Pasqualino Sedmikr\u00e1ska, Damiano Garofalo, \u010cTK \/ Tade\u00e1\u0161 Kam\u00ednek\" data-e-action-hash=\"#elementor-action%3Aaction%3Dlightbox%26settings%3DeyJpZCI6MTI2NDUsInVybCI6Imh0dHBzOlwvXC9sZnMuY3pcL3dwLWNvbnRlbnRcL3VwbG9hZHNcLzIwMjVcLzA3XC9MRlMyNV9QYXNxdWFsaW5vLVNlZG1pa3Jhc2thX1RhZGVhcy1LYW1pbmVrLTUuanBnIiwic2xpZGVzaG93IjoiNmI3MTYzYyJ9\">\n\t\t\t\t\t<div class=\"e-gallery-image elementor-gallery-item__image\" data-thumbnail=\"https:\/\/lfs.cz\/wp-content\/uploads\/2025\/07\/LFS25_Pasqualino-Sedmikraska_Tadeas-Kaminek-5-300x149.jpg\" data-width=\"300\" data-height=\"149\" aria-label=\"\" role=\"img\" ><\/div>\n\t\t\t\t\t\t\t\t\t\t\t<div class=\"elementor-gallery-item__overlay\"><\/div>\n\t\t\t\t\t\t\t\t\t\t\t\t\t\t<\/a>\n\t\t\t\t\t\t\t<a class=\"e-gallery-item elementor-gallery-item elementor-animated-content\" data-e-gallery-tags=\"5\" href=\"https:\/\/lfs.cz\/wp-content\/uploads\/2025\/07\/LFS25_Prohlidka-veznice-UH_Marek-Malusek-3.jpg\" data-elementor-open-lightbox=\"yes\" data-elementor-lightbox-slideshow=\"6b7163c\" data-elementor-lightbox-title=\"LF\u0160 2025, Letn\u00ed filmov\u00e1 \u0161kola, Prohl\u00eddka v\u011bznice UH, foto Marek Mal\u016f\u0161ek\" data-e-action-hash=\"#elementor-action%3Aaction%3Dlightbox%26settings%3DeyJpZCI6MTMwNTEsInVybCI6Imh0dHBzOlwvXC9sZnMuY3pcL3dwLWNvbnRlbnRcL3VwbG9hZHNcLzIwMjVcLzA3XC9MRlMyNV9Qcm9obGlka2EtdmV6bmljZS1VSF9NYXJlay1NYWx1c2VrLTMuanBnIiwic2xpZGVzaG93IjoiNmI3MTYzYyJ9\">\n\t\t\t\t\t<div class=\"e-gallery-image elementor-gallery-item__image\" data-thumbnail=\"https:\/\/lfs.cz\/wp-content\/uploads\/2025\/07\/LFS25_Prohlidka-veznice-UH_Marek-Malusek-3-300x200.jpg\" data-width=\"300\" data-height=\"200\" aria-label=\"\" role=\"img\" ><\/div>\n\t\t\t\t\t\t\t\t\t\t\t<div class=\"elementor-gallery-item__overlay\"><\/div>\n\t\t\t\t\t\t\t\t\t\t\t\t\t\t<\/a>\n\t\t\t\t\t\t\t<a class=\"e-gallery-item elementor-gallery-item elementor-animated-content\" data-e-gallery-tags=\"2\" href=\"https:\/\/lfs.cz\/wp-content\/uploads\/2025\/07\/LFS25_Cetkast_Miroslav-Hlauco_Petr-Mlch-6.jpg\" data-elementor-open-lightbox=\"yes\" data-elementor-lightbox-slideshow=\"6b7163c\" data-elementor-lightbox-title=\"LF\u0160 2025, Letn\u00ed filmov\u00e1 \u0161kola, film, \u010cetkast, podcast, \u010cTK, Miroslav Hlau\u010do, \u010cTK \/ Mlch Petr\" data-e-action-hash=\"#elementor-action%3Aaction%3Dlightbox%26settings%3DeyJpZCI6MTIzMzMsInVybCI6Imh0dHBzOlwvXC9sZnMuY3pcL3dwLWNvbnRlbnRcL3VwbG9hZHNcLzIwMjVcLzA3XC9MRlMyNV9DZXRrYXN0X01pcm9zbGF2LUhsYXVjb19QZXRyLU1sY2gtNi5qcGciLCJzbGlkZXNob3ciOiI2YjcxNjNjIn0%3D\">\n\t\t\t\t\t<div class=\"e-gallery-image elementor-gallery-item__image\" data-thumbnail=\"https:\/\/lfs.cz\/wp-content\/uploads\/2025\/07\/LFS25_Cetkast_Miroslav-Hlauco_Petr-Mlch-6-300x200.jpg\" data-width=\"300\" data-height=\"200\" aria-label=\"\" role=\"img\" ><\/div>\n\t\t\t\t\t\t\t\t\t\t\t<div class=\"elementor-gallery-item__overlay\"><\/div>\n\t\t\t\t\t\t\t\t\t\t\t\t\t\t<\/a>\n\t\t\t\t\t\t\t<a class=\"e-gallery-item elementor-gallery-item elementor-animated-content\" data-e-gallery-tags=\"0\" href=\"https:\/\/lfs.cz\/wp-content\/uploads\/2025\/07\/LFS25_ATMO_Petr-Mlch-1-1.jpg\" data-elementor-open-lightbox=\"yes\" data-elementor-lightbox-slideshow=\"6b7163c\" data-elementor-lightbox-title=\"LF\u0160 2025, Letn\u00ed filmov\u00e1 \u0161kola, p\u0159\u00edpravy, \u010cTK \/ Petr Mlch\" data-e-action-hash=\"#elementor-action%3Aaction%3Dlightbox%26settings%3DeyJpZCI6MTIxMTAsInVybCI6Imh0dHBzOlwvXC9sZnMuY3pcL3dwLWNvbnRlbnRcL3VwbG9hZHNcLzIwMjVcLzA3XC9MRlMyNV9BVE1PX1BldHItTWxjaC0xLTEuanBnIiwic2xpZGVzaG93IjoiNmI3MTYzYyJ9\">\n\t\t\t\t\t<div class=\"e-gallery-image elementor-gallery-item__image\" data-thumbnail=\"https:\/\/lfs.cz\/wp-content\/uploads\/2025\/07\/LFS25_ATMO_Petr-Mlch-1-1-300x200.jpg\" data-width=\"300\" data-height=\"200\" aria-label=\"\" role=\"img\" ><\/div>\n\t\t\t\t\t\t\t\t\t\t\t<div class=\"elementor-gallery-item__overlay\"><\/div>\n\t\t\t\t\t\t\t\t\t\t\t\t\t\t<\/a>\n\t\t\t\t\t\t\t<a class=\"e-gallery-item elementor-gallery-item elementor-animated-content\" data-e-gallery-tags=\"4\" href=\"https:\/\/lfs.cz\/wp-content\/uploads\/2025\/07\/LFS25_FAMU-history-Petr-Kotek-Talks_Tadeas-Kaminek-3.jpg\" data-elementor-open-lightbox=\"yes\" data-elementor-lightbox-slideshow=\"6b7163c\" data-elementor-lightbox-title=\"LF\u0160 2025, Letn\u00ed filmov\u00e1 \u0161kola, FAMU history: Petr Kotek (Talks), \u010cTK \/ Tade\u00e1\u0161 Kam\u00ednek\" data-e-action-hash=\"#elementor-action%3Aaction%3Dlightbox%26settings%3DeyJpZCI6MTI3NTgsInVybCI6Imh0dHBzOlwvXC9sZnMuY3pcL3dwLWNvbnRlbnRcL3VwbG9hZHNcLzIwMjVcLzA3XC9MRlMyNV9GQU1VLWhpc3RvcnktUGV0ci1Lb3Rlay1UYWxrc19UYWRlYXMtS2FtaW5lay0zLmpwZyIsInNsaWRlc2hvdyI6IjZiNzE2M2MifQ%3D%3D\">\n\t\t\t\t\t<div class=\"e-gallery-image elementor-gallery-item__image\" data-thumbnail=\"https:\/\/lfs.cz\/wp-content\/uploads\/2025\/07\/LFS25_FAMU-history-Petr-Kotek-Talks_Tadeas-Kaminek-3-300x200.jpg\" data-width=\"300\" data-height=\"200\" aria-label=\"\" role=\"img\" ><\/div>\n\t\t\t\t\t\t\t\t\t\t\t<div class=\"elementor-gallery-item__overlay\"><\/div>\n\t\t\t\t\t\t\t\t\t\t\t\t\t\t<\/a>\n\t\t\t\t\t\t\t<a class=\"e-gallery-item elementor-gallery-item elementor-animated-content\" data-e-gallery-tags=\"6\" href=\"https:\/\/lfs.cz\/wp-content\/uploads\/2025\/07\/LFS25_N.O.H.A._Kolejni-nadvori_Marek-Malusek-2.jpg\" data-elementor-open-lightbox=\"yes\" data-elementor-lightbox-slideshow=\"6b7163c\" data-elementor-lightbox-title=\"LF\u0160 2025, Letn\u00ed filmov\u00e1 \u0161kola, kapela N.O.H.A., Kolejn\u00ed n\u00e1dvo\u0159\u00ed, foto Marek Mal\u016f\u0161ek\" data-e-action-hash=\"#elementor-action%3Aaction%3Dlightbox%26settings%3DeyJpZCI6MTMxNjQsInVybCI6Imh0dHBzOlwvXC9sZnMuY3pcL3dwLWNvbnRlbnRcL3VwbG9hZHNcLzIwMjVcLzA3XC9MRlMyNV9OLk8uSC5BLl9Lb2xlam5pLW5hZHZvcmlfTWFyZWstTWFsdXNlay0yLmpwZyIsInNsaWRlc2hvdyI6IjZiNzE2M2MifQ%3D%3D\">\n\t\t\t\t\t<div class=\"e-gallery-image elementor-gallery-item__image\" data-thumbnail=\"https:\/\/lfs.cz\/wp-content\/uploads\/2025\/07\/LFS25_N.O.H.A._Kolejni-nadvori_Marek-Malusek-2-300x200.jpg\" data-width=\"300\" data-height=\"200\" aria-label=\"\" role=\"img\" ><\/div>\n\t\t\t\t\t\t\t\t\t\t\t<div class=\"elementor-gallery-item__overlay\"><\/div>\n\t\t\t\t\t\t\t\t\t\t\t\t\t\t<\/a>\n\t\t\t\t\t\t\t<a class=\"e-gallery-item elementor-gallery-item elementor-animated-content\" data-e-gallery-tags=\"4\" href=\"https:\/\/lfs.cz\/wp-content\/uploads\/2025\/07\/LFS25_Z-hrace-tvurcem-hernich-svetu_HUB123_Radek-Petrasek-9.jpg\" data-elementor-open-lightbox=\"yes\" data-elementor-lightbox-slideshow=\"6b7163c\" data-elementor-lightbox-title=\"LF\u0160 2025, Letn\u00ed filmov\u00e1 \u0161kola, Workshop: Z hr\u00e1\u010de tv\u016frcem hern\u00edch sv\u011bt\u016f, lektorka Britta Senn, \u010cTK \/ Petr\u00e1\u0161ek Radek\" data-e-action-hash=\"#elementor-action%3Aaction%3Dlightbox%26settings%3DeyJpZCI6MTI3MTksInVybCI6Imh0dHBzOlwvXC9sZnMuY3pcL3dwLWNvbnRlbnRcL3VwbG9hZHNcLzIwMjVcLzA3XC9MRlMyNV9aLWhyYWNlLXR2dXJjZW0taGVybmljaC1zdmV0dV9IVUIxMjNfUmFkZWstUGV0cmFzZWstOS5qcGciLCJzbGlkZXNob3ciOiI2YjcxNjNjIn0%3D\">\n\t\t\t\t\t<div class=\"e-gallery-image elementor-gallery-item__image\" data-thumbnail=\"https:\/\/lfs.cz\/wp-content\/uploads\/2025\/07\/LFS25_Z-hrace-tvurcem-hernich-svetu_HUB123_Radek-Petrasek-9-300x200.jpg\" data-width=\"300\" data-height=\"200\" aria-label=\"\" role=\"img\" ><\/div>\n\t\t\t\t\t\t\t\t\t\t\t<div class=\"elementor-gallery-item__overlay\"><\/div>\n\t\t\t\t\t\t\t\t\t\t\t\t\t\t<\/a>\n\t\t\t\t\t\t\t<a class=\"e-gallery-item elementor-gallery-item elementor-animated-content\" data-e-gallery-tags=\"0\" href=\"https:\/\/lfs.cz\/wp-content\/uploads\/2025\/07\/LFS25_ATMO_Petr-Mlch-4-1.jpg\" data-elementor-open-lightbox=\"yes\" data-elementor-lightbox-slideshow=\"6b7163c\" data-elementor-lightbox-title=\"LF\u0160 2025, Letn\u00ed filmov\u00e1 \u0161kola, p\u0159\u00edpravy, \u010cTK \/ Petr Mlch\" data-e-action-hash=\"#elementor-action%3Aaction%3Dlightbox%26settings%3DeyJpZCI6MTIxMTMsInVybCI6Imh0dHBzOlwvXC9sZnMuY3pcL3dwLWNvbnRlbnRcL3VwbG9hZHNcLzIwMjVcLzA3XC9MRlMyNV9BVE1PX1BldHItTWxjaC00LTEuanBnIiwic2xpZGVzaG93IjoiNmI3MTYzYyJ9\">\n\t\t\t\t\t<div class=\"e-gallery-image elementor-gallery-item__image\" data-thumbnail=\"https:\/\/lfs.cz\/wp-content\/uploads\/2025\/07\/LFS25_ATMO_Petr-Mlch-4-1-300x200.jpg\" data-width=\"300\" data-height=\"200\" aria-label=\"\" role=\"img\" ><\/div>\n\t\t\t\t\t\t\t\t\t\t\t<div class=\"elementor-gallery-item__overlay\"><\/div>\n\t\t\t\t\t\t\t\t\t\t\t\t\t\t<\/a>\n\t\t\t\t\t\t\t<a class=\"e-gallery-item elementor-gallery-item elementor-animated-content\" data-e-gallery-tags=\"6\" href=\"https:\/\/lfs.cz\/wp-content\/uploads\/2025\/07\/LFS25_Slavnostni-zakonceni-Pod-parou_CTK-Tadeas-Kaminek-2.jpg\" data-elementor-open-lightbox=\"yes\" data-elementor-lightbox-slideshow=\"6b7163c\" data-elementor-lightbox-title=\"LF\u0160 2025, Letn\u00ed filmov\u00e1 \u0161kola, slavnostn\u00ed zakon\u010den\u00ed, projekce filmu Pod parou, Ivan L\u00e1ska, \u010cTK \/ Tade\u00e1\u0161 Kam\u00ednek\" data-e-action-hash=\"#elementor-action%3Aaction%3Dlightbox%26settings%3DeyJpZCI6MTMxMzQsInVybCI6Imh0dHBzOlwvXC9sZnMuY3pcL3dwLWNvbnRlbnRcL3VwbG9hZHNcLzIwMjVcLzA3XC9MRlMyNV9TbGF2bm9zdG5pLXpha29uY2VuaS1Qb2QtcGFyb3VfQ1RLLVRhZGVhcy1LYW1pbmVrLTIuanBnIiwic2xpZGVzaG93IjoiNmI3MTYzYyJ9\">\n\t\t\t\t\t<div class=\"e-gallery-image elementor-gallery-item__image\" data-thumbnail=\"https:\/\/lfs.cz\/wp-content\/uploads\/2025\/07\/LFS25_Slavnostni-zakonceni-Pod-parou_CTK-Tadeas-Kaminek-2-300x200.jpg\" data-width=\"300\" data-height=\"200\" aria-label=\"\" role=\"img\" ><\/div>\n\t\t\t\t\t\t\t\t\t\t\t<div class=\"elementor-gallery-item__overlay\"><\/div>\n\t\t\t\t\t\t\t\t\t\t\t\t\t\t<\/a>\n\t\t\t\t\t\t\t<a class=\"e-gallery-item elementor-gallery-item elementor-animated-content\" data-e-gallery-tags=\"3\" href=\"https:\/\/lfs.cz\/wp-content\/uploads\/2025\/07\/LFS25_Pasqualino-Sedmikraska_Tadeas-Kaminek-7.jpg\" data-elementor-open-lightbox=\"yes\" data-elementor-lightbox-slideshow=\"6b7163c\" data-elementor-lightbox-title=\"LF\u0160 2025, Letn\u00ed filmov\u00e1 \u0161kola, projekce filmu Pasqualino Sedmikr\u00e1ska, Iva Hejl\u00ed\u010dkov\u00e1, \u010cTK \/ Tade\u00e1\u0161 Kam\u00ednek\" data-e-action-hash=\"#elementor-action%3Aaction%3Dlightbox%26settings%3DeyJpZCI6MTI2NDYsInVybCI6Imh0dHBzOlwvXC9sZnMuY3pcL3dwLWNvbnRlbnRcL3VwbG9hZHNcLzIwMjVcLzA3XC9MRlMyNV9QYXNxdWFsaW5vLVNlZG1pa3Jhc2thX1RhZGVhcy1LYW1pbmVrLTcuanBnIiwic2xpZGVzaG93IjoiNmI3MTYzYyJ9\">\n\t\t\t\t\t<div class=\"e-gallery-image elementor-gallery-item__image\" data-thumbnail=\"https:\/\/lfs.cz\/wp-content\/uploads\/2025\/07\/LFS25_Pasqualino-Sedmikraska_Tadeas-Kaminek-7-300x200.jpg\" data-width=\"300\" data-height=\"200\" aria-label=\"\" role=\"img\" ><\/div>\n\t\t\t\t\t\t\t\t\t\t\t<div class=\"elementor-gallery-item__overlay\"><\/div>\n\t\t\t\t\t\t\t\t\t\t\t\t\t\t<\/a>\n\t\t\t\t\t\t\t<a class=\"e-gallery-item elementor-gallery-item elementor-animated-content\" data-e-gallery-tags=\"3\" href=\"https:\/\/lfs.cz\/wp-content\/uploads\/2025\/07\/LFS25_VR_Okolo-Hradista_Tadeas-Kaminek-5.jpg\" data-elementor-open-lightbox=\"yes\" data-elementor-lightbox-slideshow=\"6b7163c\" data-elementor-lightbox-title=\"LF\u0160 2025, Letn\u00ed filmov\u00e1 \u0161kola, doprovodn\u00fd program: virtu\u00e1ln\u00ed b\u00e1se\u0148 Okolo Hradi\u0161\u0165a, \u010cTK \/ Tade\u00e1\u0161 Kam\u00ednek\" data-e-action-hash=\"#elementor-action%3Aaction%3Dlightbox%26settings%3DeyJpZCI6MTI1MTksInVybCI6Imh0dHBzOlwvXC9sZnMuY3pcL3dwLWNvbnRlbnRcL3VwbG9hZHNcLzIwMjVcLzA3XC9MRlMyNV9WUl9Pa29sby1IcmFkaXN0YV9UYWRlYXMtS2FtaW5lay01LmpwZyIsInNsaWRlc2hvdyI6IjZiNzE2M2MifQ%3D%3D\">\n\t\t\t\t\t<div class=\"e-gallery-image elementor-gallery-item__image\" data-thumbnail=\"https:\/\/lfs.cz\/wp-content\/uploads\/2025\/07\/LFS25_VR_Okolo-Hradista_Tadeas-Kaminek-5-300x200.jpg\" data-width=\"300\" data-height=\"200\" aria-label=\"\" role=\"img\" ><\/div>\n\t\t\t\t\t\t\t\t\t\t\t<div class=\"elementor-gallery-item__overlay\"><\/div>\n\t\t\t\t\t\t\t\t\t\t\t\t\t\t<\/a>\n\t\t\t\t\t\t\t<a class=\"e-gallery-item elementor-gallery-item elementor-animated-content\" data-e-gallery-tags=\"4\" href=\"https:\/\/lfs.cz\/wp-content\/uploads\/2025\/07\/LFS25_Dzob_Klub-kultury_Dalibor-Gluck-1.jpg\" data-elementor-open-lightbox=\"yes\" data-elementor-lightbox-slideshow=\"6b7163c\" data-elementor-lightbox-title=\"Letn\u00ed filmov\u00e1 \u0161kola 2025, debata, diskuze, film D\u017eob, \u010cTK \/ Gl\u00fcck Dalibor\" data-e-action-hash=\"#elementor-action%3Aaction%3Dlightbox%26settings%3DeyJpZCI6MTI3MjcsInVybCI6Imh0dHBzOlwvXC9sZnMuY3pcL3dwLWNvbnRlbnRcL3VwbG9hZHNcLzIwMjVcLzA3XC9MRlMyNV9Eem9iX0tsdWIta3VsdHVyeV9EYWxpYm9yLUdsdWNrLTEuanBnIiwic2xpZGVzaG93IjoiNmI3MTYzYyJ9\">\n\t\t\t\t\t<div class=\"e-gallery-image elementor-gallery-item__image\" data-thumbnail=\"https:\/\/lfs.cz\/wp-content\/uploads\/2025\/07\/LFS25_Dzob_Klub-kultury_Dalibor-Gluck-1-300x195.jpg\" data-width=\"300\" data-height=\"195\" aria-label=\"\" role=\"img\" ><\/div>\n\t\t\t\t\t\t\t\t\t\t\t<div class=\"elementor-gallery-item__overlay\"><\/div>\n\t\t\t\t\t\t\t\t\t\t\t\t\t\t<\/a>\n\t\t\t\t\t\t\t<a class=\"e-gallery-item elementor-gallery-item elementor-animated-content\" data-e-gallery-tags=\"2\" href=\"https:\/\/lfs.cz\/wp-content\/uploads\/2025\/07\/LFS25_Slam-poetry_Jura-Juran_Jan-Beranek-13.jpg\" data-elementor-open-lightbox=\"yes\" data-elementor-lightbox-slideshow=\"6b7163c\" data-elementor-lightbox-title=\"LF\u0160 2025, Letn\u00ed filmov\u00e1 \u0161kola, Slam poetry, slamer Jura Jur\u00e1\u0148, \u010cTK \/ Jan Ber\u00e1nek\" data-e-action-hash=\"#elementor-action%3Aaction%3Dlightbox%26settings%3DeyJpZCI6MTI0MzEsInVybCI6Imh0dHBzOlwvXC9sZnMuY3pcL3dwLWNvbnRlbnRcL3VwbG9hZHNcLzIwMjVcLzA3XC9MRlMyNV9TbGFtLXBvZXRyeV9KdXJhLUp1cmFuX0phbi1CZXJhbmVrLTEzLmpwZyIsInNsaWRlc2hvdyI6IjZiNzE2M2MifQ%3D%3D\">\n\t\t\t\t\t<div class=\"e-gallery-image elementor-gallery-item__image\" data-thumbnail=\"https:\/\/lfs.cz\/wp-content\/uploads\/2025\/07\/LFS25_Slam-poetry_Jura-Juran_Jan-Beranek-13-300x200.jpg\" data-width=\"300\" data-height=\"200\" aria-label=\"\" role=\"img\" ><\/div>\n\t\t\t\t\t\t\t\t\t\t\t<div class=\"elementor-gallery-item__overlay\"><\/div>\n\t\t\t\t\t\t\t\t\t\t\t\t\t\t<\/a>\n\t\t\t\t\t\t\t<a class=\"e-gallery-item elementor-gallery-item elementor-animated-content\" data-e-gallery-tags=\"5\" href=\"https:\/\/lfs.cz\/wp-content\/uploads\/2025\/07\/LFS25_Krasna-vyzvedacka_hudba-Olga-Anna-Markowska_CTK-Tadeas-Kaminek-8.jpg\" data-elementor-open-lightbox=\"yes\" data-elementor-lightbox-slideshow=\"6b7163c\" data-elementor-lightbox-title=\"LF\u0160 2025, Letn\u00ed filmov\u00e1 \u0161kola, projekce filmu: Kr\u00e1sn\u00e1 vyzv\u011bda\u010dk, \u010cTK \/ Tade\u00e1\u0161 Kam\u00ednek\" data-e-action-hash=\"#elementor-action%3Aaction%3Dlightbox%26settings%3DeyJpZCI6MTI5NzUsInVybCI6Imh0dHBzOlwvXC9sZnMuY3pcL3dwLWNvbnRlbnRcL3VwbG9hZHNcLzIwMjVcLzA3XC9MRlMyNV9LcmFzbmEtdnl6dmVkYWNrYV9odWRiYS1PbGdhLUFubmEtTWFya293c2thX0NUSy1UYWRlYXMtS2FtaW5lay04LmpwZyIsInNsaWRlc2hvdyI6IjZiNzE2M2MifQ%3D%3D\">\n\t\t\t\t\t<div class=\"e-gallery-image elementor-gallery-item__image\" data-thumbnail=\"https:\/\/lfs.cz\/wp-content\/uploads\/2025\/07\/LFS25_Krasna-vyzvedacka_hudba-Olga-Anna-Markowska_CTK-Tadeas-Kaminek-8-300x200.jpg\" data-width=\"300\" data-height=\"200\" aria-label=\"\" role=\"img\" ><\/div>\n\t\t\t\t\t\t\t\t\t\t\t<div class=\"elementor-gallery-item__overlay\"><\/div>\n\t\t\t\t\t\t\t\t\t\t\t\t\t\t<\/a>\n\t\t\t\t\t\t\t<a class=\"e-gallery-item elementor-gallery-item elementor-animated-content\" data-e-gallery-tags=\"5\" href=\"https:\/\/lfs.cz\/wp-content\/uploads\/2025\/07\/LFS25_Pedro-Midanka_Marek-Malusek-3.jpg\" data-elementor-open-lightbox=\"yes\" data-elementor-lightbox-slideshow=\"6b7163c\" data-elementor-lightbox-title=\"LF\u0160 2025, Letn\u00ed filmov\u00e1 \u0161kola, Petro Mi\u010fanka: Patriarcha karpatsk\u00e9 poezie, foto Marek Mal\u016f\u0161ek\" data-e-action-hash=\"#elementor-action%3Aaction%3Dlightbox%26settings%3DeyJpZCI6MTMwNTMsInVybCI6Imh0dHBzOlwvXC9sZnMuY3pcL3dwLWNvbnRlbnRcL3VwbG9hZHNcLzIwMjVcLzA3XC9MRlMyNV9QZWRyby1NaWRhbmthX01hcmVrLU1hbHVzZWstMy5qcGciLCJzbGlkZXNob3ciOiI2YjcxNjNjIn0%3D\">\n\t\t\t\t\t<div class=\"e-gallery-image elementor-gallery-item__image\" data-thumbnail=\"https:\/\/lfs.cz\/wp-content\/uploads\/2025\/07\/LFS25_Pedro-Midanka_Marek-Malusek-3-300x200.jpg\" data-width=\"300\" data-height=\"200\" aria-label=\"\" role=\"img\" ><\/div>\n\t\t\t\t\t\t\t\t\t\t\t<div class=\"elementor-gallery-item__overlay\"><\/div>\n\t\t\t\t\t\t\t\t\t\t\t\t\t\t<\/a>\n\t\t\t\t\t\t\t<a class=\"e-gallery-item elementor-gallery-item elementor-animated-content\" data-e-gallery-tags=\"3\" href=\"https:\/\/lfs.cz\/wp-content\/uploads\/2025\/07\/LFS25_Na-druhe-strane-leta_Vojtech-Strakaty_Tadeas-Kaminek-1.jpg\" data-elementor-open-lightbox=\"yes\" data-elementor-lightbox-slideshow=\"6b7163c\" data-elementor-lightbox-title=\"LF\u0160 2025, Letn\u00ed filmov\u00e1 \u0161kola, Vojt\u011bch Strakat\u00fd, projekce filmu Na druh\u00e9 stran\u011b l\u00e9ta, \u010cTK \/ Tade\u00e1\u0161 Kam\u00ednek\" data-e-action-hash=\"#elementor-action%3Aaction%3Dlightbox%26settings%3DeyJpZCI6MTI1ODYsInVybCI6Imh0dHBzOlwvXC9sZnMuY3pcL3dwLWNvbnRlbnRcL3VwbG9hZHNcLzIwMjVcLzA3XC9MRlMyNV9OYS1kcnVoZS1zdHJhbmUtbGV0YV9Wb2p0ZWNoLVN0cmFrYXR5X1RhZGVhcy1LYW1pbmVrLTEuanBnIiwic2xpZGVzaG93IjoiNmI3MTYzYyJ9\">\n\t\t\t\t\t<div class=\"e-gallery-image elementor-gallery-item__image\" data-thumbnail=\"https:\/\/lfs.cz\/wp-content\/uploads\/2025\/07\/LFS25_Na-druhe-strane-leta_Vojtech-Strakaty_Tadeas-Kaminek-1-300x200.jpg\" data-width=\"300\" data-height=\"200\" aria-label=\"\" role=\"img\" ><\/div>\n\t\t\t\t\t\t\t\t\t\t\t<div class=\"elementor-gallery-item__overlay\"><\/div>\n\t\t\t\t\t\t\t\t\t\t\t\t\t\t<\/a>\n\t\t\t\t\t\t\t<a class=\"e-gallery-item elementor-gallery-item elementor-animated-content\" data-e-gallery-tags=\"2\" href=\"https:\/\/lfs.cz\/wp-content\/uploads\/2025\/07\/LFS25_Ze-hry-do-reality_Sofie-Shamekh-3-1.jpg\" data-elementor-open-lightbox=\"yes\" data-elementor-lightbox-slideshow=\"6b7163c\" data-elementor-lightbox-title=\"Workshop, tvorba, Letn\u00ed filmov\u00e1 \u0161kola, LF\u0160 2025, \u010cTK \/ Sofie Shamekh\" data-e-action-hash=\"#elementor-action%3Aaction%3Dlightbox%26settings%3DeyJpZCI6MTI0MTIsInVybCI6Imh0dHBzOlwvXC9sZnMuY3pcL3dwLWNvbnRlbnRcL3VwbG9hZHNcLzIwMjVcLzA3XC9MRlMyNV9aZS1ocnktZG8tcmVhbGl0eV9Tb2ZpZS1TaGFtZWtoLTMtMS5qcGciLCJzbGlkZXNob3ciOiI2YjcxNjNjIn0%3D\">\n\t\t\t\t\t<div class=\"e-gallery-image elementor-gallery-item__image\" data-thumbnail=\"https:\/\/lfs.cz\/wp-content\/uploads\/2025\/07\/LFS25_Ze-hry-do-reality_Sofie-Shamekh-3-1-300x200.jpg\" data-width=\"300\" data-height=\"200\" aria-label=\"\" role=\"img\" ><\/div>\n\t\t\t\t\t\t\t\t\t\t\t<div class=\"elementor-gallery-item__overlay\"><\/div>\n\t\t\t\t\t\t\t\t\t\t\t\t\t\t<\/a>\n\t\t\t\t\t\t\t<a class=\"e-gallery-item elementor-gallery-item elementor-animated-content\" data-e-gallery-tags=\"5\" href=\"https:\/\/lfs.cz\/wp-content\/uploads\/2025\/07\/LFS25_Uvedeni-knihy-Jonase-Mekase_Marek-Malusek-1.jpg\" data-elementor-open-lightbox=\"yes\" data-elementor-lightbox-slideshow=\"6b7163c\" data-elementor-lightbox-title=\"LF\u0160 2025, Letn\u00ed filmov\u00e1 \u0161kola, Andrea Pr\u016fchov\u00e1 Hr\u016fzov\u00e1, Tom\u00e1\u0161 Pospiszyl: Uveden\u00ed knihy Jonase Mekase, foto Marek Mal\u016f\u0161ek\" data-e-action-hash=\"#elementor-action%3Aaction%3Dlightbox%26settings%3DeyJpZCI6MTMwNDQsInVybCI6Imh0dHBzOlwvXC9sZnMuY3pcL3dwLWNvbnRlbnRcL3VwbG9hZHNcLzIwMjVcLzA3XC9MRlMyNV9VdmVkZW5pLWtuaWh5LUpvbmFzZS1NZWthc2VfTWFyZWstTWFsdXNlay0xLmpwZyIsInNsaWRlc2hvdyI6IjZiNzE2M2MifQ%3D%3D\">\n\t\t\t\t\t<div class=\"e-gallery-image elementor-gallery-item__image\" data-thumbnail=\"https:\/\/lfs.cz\/wp-content\/uploads\/2025\/07\/LFS25_Uvedeni-knihy-Jonase-Mekase_Marek-Malusek-1-300x200.jpg\" data-width=\"300\" data-height=\"200\" aria-label=\"\" role=\"img\" ><\/div>\n\t\t\t\t\t\t\t\t\t\t\t<div class=\"elementor-gallery-item__overlay\"><\/div>\n\t\t\t\t\t\t\t\t\t\t\t\t\t\t<\/a>\n\t\t\t\t\t\t\t<a class=\"e-gallery-item elementor-gallery-item elementor-animated-content\" data-e-gallery-tags=\"1\" href=\"https:\/\/lfs.cz\/wp-content\/uploads\/2025\/07\/LFS25_Michal-Prokop-Framus-Five_Kolejni-nadvori_Marek-Malusek-24.jpg\" data-elementor-open-lightbox=\"yes\" data-elementor-lightbox-slideshow=\"6b7163c\" data-elementor-lightbox-title=\"LF\u0160 2025, Letn\u00ed filmov\u00e1 \u0161kola, Michal Prokop &amp; Framus Five, Kolejn\u00ed n\u00e1dvo\u0159\u00ed, foto Marek Mal\u016f\u0161ek\" data-e-action-hash=\"#elementor-action%3Aaction%3Dlightbox%26settings%3DeyJpZCI6MTIyNjksInVybCI6Imh0dHBzOlwvXC9sZnMuY3pcL3dwLWNvbnRlbnRcL3VwbG9hZHNcLzIwMjVcLzA3XC9MRlMyNV9NaWNoYWwtUHJva29wLUZyYW11cy1GaXZlX0tvbGVqbmktbmFkdm9yaV9NYXJlay1NYWx1c2VrLTI0LmpwZyIsInNsaWRlc2hvdyI6IjZiNzE2M2MifQ%3D%3D\">\n\t\t\t\t\t<div class=\"e-gallery-image elementor-gallery-item__image\" data-thumbnail=\"https:\/\/lfs.cz\/wp-content\/uploads\/2025\/07\/LFS25_Michal-Prokop-Framus-Five_Kolejni-nadvori_Marek-Malusek-24-300x200.jpg\" data-width=\"300\" data-height=\"200\" aria-label=\"\" role=\"img\" ><\/div>\n\t\t\t\t\t\t\t\t\t\t\t<div class=\"elementor-gallery-item__overlay\"><\/div>\n\t\t\t\t\t\t\t\t\t\t\t\t\t\t<\/a>\n\t\t\t\t\t\t\t<a class=\"e-gallery-item elementor-gallery-item elementor-animated-content\" data-e-gallery-tags=\"3\" href=\"https:\/\/lfs.cz\/wp-content\/uploads\/2025\/07\/LFS25_Pasqualino-Sedmikraska_Tadeas-Kaminek-3.jpg\" data-elementor-open-lightbox=\"yes\" data-elementor-lightbox-slideshow=\"6b7163c\" data-elementor-lightbox-title=\"LF\u0160 2025, Letn\u00ed filmov\u00e1 \u0161kola, projekce filmu Pasqualino Sedmikr\u00e1ska, Damiano Garofalo, \u010cTK \/ Tade\u00e1\u0161 Kam\u00ednek\" data-e-action-hash=\"#elementor-action%3Aaction%3Dlightbox%26settings%3DeyJpZCI6MTI2NDQsInVybCI6Imh0dHBzOlwvXC9sZnMuY3pcL3dwLWNvbnRlbnRcL3VwbG9hZHNcLzIwMjVcLzA3XC9MRlMyNV9QYXNxdWFsaW5vLVNlZG1pa3Jhc2thX1RhZGVhcy1LYW1pbmVrLTMuanBnIiwic2xpZGVzaG93IjoiNmI3MTYzYyJ9\">\n\t\t\t\t\t<div class=\"e-gallery-image elementor-gallery-item__image\" data-thumbnail=\"https:\/\/lfs.cz\/wp-content\/uploads\/2025\/07\/LFS25_Pasqualino-Sedmikraska_Tadeas-Kaminek-3-300x200.jpg\" data-width=\"300\" data-height=\"200\" aria-label=\"\" role=\"img\" ><\/div>\n\t\t\t\t\t\t\t\t\t\t\t<div class=\"elementor-gallery-item__overlay\"><\/div>\n\t\t\t\t\t\t\t\t\t\t\t\t\t\t<\/a>\n\t\t\t\t\t\t\t<a class=\"e-gallery-item elementor-gallery-item elementor-animated-content\" data-e-gallery-tags=\"3\" href=\"https:\/\/lfs.cz\/wp-content\/uploads\/2025\/07\/LFS25_ATMO_Radek-Petrasek-6.jpg\" data-elementor-open-lightbox=\"yes\" data-elementor-lightbox-slideshow=\"6b7163c\" data-elementor-lightbox-title=\"LF\u0160 2025, Letn\u00ed filmov\u00e1 \u0161kola, \u010cTK \/ Petr\u00e1\u0161ek Radek\" data-e-action-hash=\"#elementor-action%3Aaction%3Dlightbox%26settings%3DeyJpZCI6MTI1MDUsInVybCI6Imh0dHBzOlwvXC9sZnMuY3pcL3dwLWNvbnRlbnRcL3VwbG9hZHNcLzIwMjVcLzA3XC9MRlMyNV9BVE1PX1JhZGVrLVBldHJhc2VrLTYuanBnIiwic2xpZGVzaG93IjoiNmI3MTYzYyJ9\">\n\t\t\t\t\t<div class=\"e-gallery-image elementor-gallery-item__image\" data-thumbnail=\"https:\/\/lfs.cz\/wp-content\/uploads\/2025\/07\/LFS25_ATMO_Radek-Petrasek-6-300x200.jpg\" data-width=\"300\" data-height=\"200\" aria-label=\"\" role=\"img\" ><\/div>\n\t\t\t\t\t\t\t\t\t\t\t<div class=\"elementor-gallery-item__overlay\"><\/div>\n\t\t\t\t\t\t\t\t\t\t\t\t\t\t<\/a>\n\t\t\t\t\t\t\t<a class=\"e-gallery-item elementor-gallery-item elementor-animated-content\" data-e-gallery-tags=\"4\" href=\"https:\/\/lfs.cz\/wp-content\/uploads\/2025\/07\/LFS25_Jiri-Suchy_Marek-Malusek-2.jpg\" data-elementor-open-lightbox=\"yes\" data-elementor-lightbox-slideshow=\"6b7163c\" data-elementor-lightbox-title=\"LF\u0160 2025, Letn\u00ed filmov\u00e1 \u0161kola, Ji\u0159\u00ed Such\u00fd, Cimb\u00e1l stage, foto Marek Mal\u016f\u0161ek\" data-e-action-hash=\"#elementor-action%3Aaction%3Dlightbox%26settings%3DeyJpZCI6MTI4NTIsInVybCI6Imh0dHBzOlwvXC9sZnMuY3pcL3dwLWNvbnRlbnRcL3VwbG9hZHNcLzIwMjVcLzA3XC9MRlMyNV9KaXJpLVN1Y2h5X01hcmVrLU1hbHVzZWstMi5qcGciLCJzbGlkZXNob3ciOiI2YjcxNjNjIn0%3D\">\n\t\t\t\t\t<div class=\"e-gallery-image elementor-gallery-item__image\" data-thumbnail=\"https:\/\/lfs.cz\/wp-content\/uploads\/2025\/07\/LFS25_Jiri-Suchy_Marek-Malusek-2-300x200.jpg\" data-width=\"300\" data-height=\"200\" aria-label=\"\" role=\"img\" ><\/div>\n\t\t\t\t\t\t\t\t\t\t\t<div class=\"elementor-gallery-item__overlay\"><\/div>\n\t\t\t\t\t\t\t\t\t\t\t\t\t\t<\/a>\n\t\t\t\t\t\t\t<a class=\"e-gallery-item elementor-gallery-item elementor-animated-content\" data-e-gallery-tags=\"5\" href=\"https:\/\/lfs.cz\/wp-content\/uploads\/2025\/07\/LFS25_Joga_CTK-Richard-Skoumal-2.jpg\" data-elementor-open-lightbox=\"yes\" data-elementor-lightbox-slideshow=\"6b7163c\" data-elementor-lightbox-title=\"J\u00f3ga pro v\u0161echny, Jana Drobn\u00e1, Letn\u00ed filmov\u00e1 \u0161kola, LF\u0160 2025, \u010cTK \/ Skoumal Richard\" data-e-action-hash=\"#elementor-action%3Aaction%3Dlightbox%26settings%3DeyJpZCI6MTI5MjEsInVybCI6Imh0dHBzOlwvXC9sZnMuY3pcL3dwLWNvbnRlbnRcL3VwbG9hZHNcLzIwMjVcLzA3XC9MRlMyNV9Kb2dhX0NUSy1SaWNoYXJkLVNrb3VtYWwtMi5qcGciLCJzbGlkZXNob3ciOiI2YjcxNjNjIn0%3D\">\n\t\t\t\t\t<div class=\"e-gallery-image elementor-gallery-item__image\" data-thumbnail=\"https:\/\/lfs.cz\/wp-content\/uploads\/2025\/07\/LFS25_Joga_CTK-Richard-Skoumal-2-300x200.jpg\" data-width=\"300\" data-height=\"200\" aria-label=\"\" role=\"img\" ><\/div>\n\t\t\t\t\t\t\t\t\t\t\t<div class=\"elementor-gallery-item__overlay\"><\/div>\n\t\t\t\t\t\t\t\t\t\t\t\t\t\t<\/a>\n\t\t\t\t\t\t\t<a class=\"e-gallery-item elementor-gallery-item elementor-animated-content\" data-e-gallery-tags=\"6\" href=\"https:\/\/lfs.cz\/wp-content\/uploads\/2025\/07\/LFS25_Pavel-Klusak_Stan-CRo_Marek-Malusek.jpg\" data-elementor-open-lightbox=\"yes\" data-elementor-lightbox-slideshow=\"6b7163c\" data-elementor-lightbox-title=\"LF\u0160 2025, Letn\u00ed filmov\u00e1 \u0161kola, Pavel Klus\u00e1k, Stan \u010cRo, foto Marek Mal\u016f\u0161ek\" data-e-action-hash=\"#elementor-action%3Aaction%3Dlightbox%26settings%3DeyJpZCI6MTMxNjgsInVybCI6Imh0dHBzOlwvXC9sZnMuY3pcL3dwLWNvbnRlbnRcL3VwbG9hZHNcLzIwMjVcLzA3XC9MRlMyNV9QYXZlbC1LbHVzYWtfU3Rhbi1DUm9fTWFyZWstTWFsdXNlay5qcGciLCJzbGlkZXNob3ciOiI2YjcxNjNjIn0%3D\">\n\t\t\t\t\t<div class=\"e-gallery-image elementor-gallery-item__image\" data-thumbnail=\"https:\/\/lfs.cz\/wp-content\/uploads\/2025\/07\/LFS25_Pavel-Klusak_Stan-CRo_Marek-Malusek-300x200.jpg\" data-width=\"300\" data-height=\"200\" aria-label=\"\" role=\"img\" ><\/div>\n\t\t\t\t\t\t\t\t\t\t\t<div class=\"elementor-gallery-item__overlay\"><\/div>\n\t\t\t\t\t\t\t\t\t\t\t\t\t\t<\/a>\n\t\t\t\t\t\t\t<a class=\"e-gallery-item elementor-gallery-item elementor-animated-content\" data-e-gallery-tags=\"5\" href=\"https:\/\/lfs.cz\/wp-content\/uploads\/2025\/07\/LFS25_Pedro-Midanka_Marek-Malusek-4.jpg\" data-elementor-open-lightbox=\"yes\" data-elementor-lightbox-slideshow=\"6b7163c\" data-elementor-lightbox-title=\"LF\u0160 2025, Letn\u00ed filmov\u00e1 \u0161kola, Petro Mi\u010fanka: Patriarcha karpatsk\u00e9 poezie, foto Marek Mal\u016f\u0161ek\" data-e-action-hash=\"#elementor-action%3Aaction%3Dlightbox%26settings%3DeyJpZCI6MTMwNTQsInVybCI6Imh0dHBzOlwvXC9sZnMuY3pcL3dwLWNvbnRlbnRcL3VwbG9hZHNcLzIwMjVcLzA3XC9MRlMyNV9QZWRyby1NaWRhbmthX01hcmVrLU1hbHVzZWstNC5qcGciLCJzbGlkZXNob3ciOiI2YjcxNjNjIn0%3D\">\n\t\t\t\t\t<div class=\"e-gallery-image elementor-gallery-item__image\" data-thumbnail=\"https:\/\/lfs.cz\/wp-content\/uploads\/2025\/07\/LFS25_Pedro-Midanka_Marek-Malusek-4-300x200.jpg\" data-width=\"300\" data-height=\"200\" aria-label=\"\" role=\"img\" ><\/div>\n\t\t\t\t\t\t\t\t\t\t\t<div class=\"elementor-gallery-item__overlay\"><\/div>\n\t\t\t\t\t\t\t\t\t\t\t\t\t\t<\/a>\n\t\t\t\t\t\t\t<a class=\"e-gallery-item elementor-gallery-item elementor-animated-content\" data-e-gallery-tags=\"6\" href=\"https:\/\/lfs.cz\/wp-content\/uploads\/2025\/07\/LFS25_-Dama-z-loze-c.-13_hudba-Oliver-Torr_CTK-Radek-Petrasek-10.jpg\" data-elementor-open-lightbox=\"yes\" data-elementor-lightbox-slideshow=\"6b7163c\" data-elementor-lightbox-title=\"LF\u0160 2025, Letn\u00ed filmov\u00e1 \u0161kola, Oliver Torr, \u010cTK \/ Petr\u00e1\u0161ek Radek\" data-e-action-hash=\"#elementor-action%3Aaction%3Dlightbox%26settings%3DeyJpZCI6MTMwOTEsInVybCI6Imh0dHBzOlwvXC9sZnMuY3pcL3dwLWNvbnRlbnRcL3VwbG9hZHNcLzIwMjVcLzA3XC9MRlMyNV8tRGFtYS16LWxvemUtYy4tMTNfaHVkYmEtT2xpdmVyLVRvcnJfQ1RLLVJhZGVrLVBldHJhc2VrLTEwLmpwZyIsInNsaWRlc2hvdyI6IjZiNzE2M2MifQ%3D%3D\">\n\t\t\t\t\t<div class=\"e-gallery-image elementor-gallery-item__image\" data-thumbnail=\"https:\/\/lfs.cz\/wp-content\/uploads\/2025\/07\/LFS25_-Dama-z-loze-c.-13_hudba-Oliver-Torr_CTK-Radek-Petrasek-10-300x200.jpg\" data-width=\"300\" data-height=\"200\" aria-label=\"\" role=\"img\" ><\/div>\n\t\t\t\t\t\t\t\t\t\t\t<div class=\"elementor-gallery-item__overlay\"><\/div>\n\t\t\t\t\t\t\t\t\t\t\t\t\t\t<\/a>\n\t\t\t\t\t\t\t<a class=\"e-gallery-item elementor-gallery-item elementor-animated-content\" data-e-gallery-tags=\"3\" href=\"https:\/\/lfs.cz\/wp-content\/uploads\/2025\/07\/LFS25_ATMO_Richard-Skoumal-3-1.jpg\" data-elementor-open-lightbox=\"yes\" data-elementor-lightbox-slideshow=\"6b7163c\" data-elementor-lightbox-title=\"Atmosf\u00e9ra, Letn\u00ed filmov\u00e1 \u0161kola, LF\u0160 2025, \u010cTK \/ Skoumal Richard\" data-e-action-hash=\"#elementor-action%3Aaction%3Dlightbox%26settings%3DeyJpZCI6MTI1MDcsInVybCI6Imh0dHBzOlwvXC9sZnMuY3pcL3dwLWNvbnRlbnRcL3VwbG9hZHNcLzIwMjVcLzA3XC9MRlMyNV9BVE1PX1JpY2hhcmQtU2tvdW1hbC0zLTEuanBnIiwic2xpZGVzaG93IjoiNmI3MTYzYyJ9\">\n\t\t\t\t\t<div class=\"e-gallery-image elementor-gallery-item__image\" data-thumbnail=\"https:\/\/lfs.cz\/wp-content\/uploads\/2025\/07\/LFS25_ATMO_Richard-Skoumal-3-1-300x200.jpg\" data-width=\"300\" data-height=\"200\" aria-label=\"\" role=\"img\" ><\/div>\n\t\t\t\t\t\t\t\t\t\t\t<div class=\"elementor-gallery-item__overlay\"><\/div>\n\t\t\t\t\t\t\t\t\t\t\t\t\t\t<\/a>\n\t\t\t\t\t\t\t<a class=\"e-gallery-item elementor-gallery-item elementor-animated-content\" data-e-gallery-tags=\"4\" href=\"https:\/\/lfs.cz\/wp-content\/uploads\/2025\/07\/LFS25_Minghun_Grzegorz-Loszewski_Petr-Vlcek_Richard-Skoumal-2.jpg\" data-elementor-open-lightbox=\"yes\" data-elementor-lightbox-slideshow=\"6b7163c\" data-elementor-lightbox-title=\"Minghun, Grzegorz \u0141oszewski, Petr Vl\u010dek, Letn\u00ed filmov\u00e1 \u0161kola, LF\u0160 2025, \u010cTK \/ Skoumal Richard\" data-e-action-hash=\"#elementor-action%3Aaction%3Dlightbox%26settings%3DeyJpZCI6MTI3MDgsInVybCI6Imh0dHBzOlwvXC9sZnMuY3pcL3dwLWNvbnRlbnRcL3VwbG9hZHNcLzIwMjVcLzA3XC9MRlMyNV9NaW5naHVuX0dyemVnb3J6LUxvc3pld3NraV9QZXRyLVZsY2VrX1JpY2hhcmQtU2tvdW1hbC0yLmpwZyIsInNsaWRlc2hvdyI6IjZiNzE2M2MifQ%3D%3D\">\n\t\t\t\t\t<div class=\"e-gallery-image elementor-gallery-item__image\" data-thumbnail=\"https:\/\/lfs.cz\/wp-content\/uploads\/2025\/07\/LFS25_Minghun_Grzegorz-Loszewski_Petr-Vlcek_Richard-Skoumal-2-300x200.jpg\" data-width=\"300\" data-height=\"200\" aria-label=\"\" role=\"img\" ><\/div>\n\t\t\t\t\t\t\t\t\t\t\t<div class=\"elementor-gallery-item__overlay\"><\/div>\n\t\t\t\t\t\t\t\t\t\t\t\t\t\t<\/a>\n\t\t\t\t\t\t\t<a class=\"e-gallery-item elementor-gallery-item elementor-animated-content\" data-e-gallery-tags=\"5\" href=\"https:\/\/lfs.cz\/wp-content\/uploads\/2025\/07\/LFS25_Valecne-okamziky_Jaroslav-Kabele_Petr-Mlch_CTK-Dalibor-Gluck-5.jpg\" data-elementor-open-lightbox=\"yes\" data-elementor-lightbox-slideshow=\"6b7163c\" data-elementor-lightbox-title=\"LF\u0160 2025, Letn\u00ed filmov\u00e1 \u0161kola, Jaroslav K\u00e1bele, gener\u00e1ln\u00ed \u0159editel \u010cTK, Petr Mlch, \u0161\u00e9fredaktor fotobanky \u010cTK, V\u00e1le\u010dn\u00e9 okam\u017eiky, fotografick\u00e1 v\u00fdstava \u010cTK, \u010cTK \/ Dalibor Gl\u00fcck\" data-e-action-hash=\"#elementor-action%3Aaction%3Dlightbox%26settings%3DeyJpZCI6MTI5ODEsInVybCI6Imh0dHBzOlwvXC9sZnMuY3pcL3dwLWNvbnRlbnRcL3VwbG9hZHNcLzIwMjVcLzA3XC9MRlMyNV9WYWxlY25lLW9rYW16aWt5X0phcm9zbGF2LUthYmVsZV9QZXRyLU1sY2hfQ1RLLURhbGlib3ItR2x1Y2stNS5qcGciLCJzbGlkZXNob3ciOiI2YjcxNjNjIn0%3D\">\n\t\t\t\t\t<div class=\"e-gallery-image elementor-gallery-item__image\" data-thumbnail=\"https:\/\/lfs.cz\/wp-content\/uploads\/2025\/07\/LFS25_Valecne-okamziky_Jaroslav-Kabele_Petr-Mlch_CTK-Dalibor-Gluck-5-300x201.jpg\" data-width=\"300\" data-height=\"201\" aria-label=\"\" role=\"img\" ><\/div>\n\t\t\t\t\t\t\t\t\t\t\t<div class=\"elementor-gallery-item__overlay\"><\/div>\n\t\t\t\t\t\t\t\t\t\t\t\t\t\t<\/a>\n\t\t\t\t\t\t\t<a class=\"e-gallery-item elementor-gallery-item elementor-animated-content\" data-e-gallery-tags=\"2\" href=\"https:\/\/lfs.cz\/wp-content\/uploads\/2025\/07\/FOTO_CHYBEJICI_P2025072604385.jpg\" data-elementor-open-lightbox=\"yes\" data-elementor-lightbox-slideshow=\"6b7163c\" data-elementor-lightbox-title=\"Anna Geislerov\u00e1, here\u010dka, Letn\u00ed filmov\u00e1 \u0161kola, LF\u0160 2025, \u010cTK \/ Radek Petr\u00e1\u0161ek\" data-e-action-hash=\"#elementor-action%3Aaction%3Dlightbox%26settings%3DeyJpZCI6MTIzNTUsInVybCI6Imh0dHBzOlwvXC9sZnMuY3pcL3dwLWNvbnRlbnRcL3VwbG9hZHNcLzIwMjVcLzA3XC9GT1RPX0NIWUJFSklDSV9QMjAyNTA3MjYwNDM4NS5qcGciLCJzbGlkZXNob3ciOiI2YjcxNjNjIn0%3D\">\n\t\t\t\t\t<div class=\"e-gallery-image elementor-gallery-item__image\" data-thumbnail=\"https:\/\/lfs.cz\/wp-content\/uploads\/2025\/07\/FOTO_CHYBEJICI_P2025072604385-300x200.jpg\" data-width=\"300\" data-height=\"200\" aria-label=\"\" role=\"img\" ><\/div>\n\t\t\t\t\t\t\t\t\t\t\t<div class=\"elementor-gallery-item__overlay\"><\/div>\n\t\t\t\t\t\t\t\t\t\t\t\t\t\t<\/a>\n\t\t\t\t\t\t\t<a class=\"e-gallery-item elementor-gallery-item elementor-animated-content\" data-e-gallery-tags=\"3\" href=\"https:\/\/lfs.cz\/wp-content\/uploads\/2025\/07\/LFS25_CreWcollection_Moving-Orchestra_Tadeas-Kaminek-13.jpg\" data-elementor-open-lightbox=\"yes\" data-elementor-lightbox-slideshow=\"6b7163c\" data-elementor-lightbox-title=\"LF\u0160 2025, Letn\u00ed filmov\u00e1 \u0161kola, doprovodn\u00fd program: CreWcollective: Moving Orchestra, \u010cTK \/ Tade\u00e1\u0161 Kam\u00ednek\" data-e-action-hash=\"#elementor-action%3Aaction%3Dlightbox%26settings%3DeyJpZCI6MTI2MzAsInVybCI6Imh0dHBzOlwvXC9sZnMuY3pcL3dwLWNvbnRlbnRcL3VwbG9hZHNcLzIwMjVcLzA3XC9MRlMyNV9DcmVXY29sbGVjdGlvbl9Nb3ZpbmctT3JjaGVzdHJhX1RhZGVhcy1LYW1pbmVrLTEzLmpwZyIsInNsaWRlc2hvdyI6IjZiNzE2M2MifQ%3D%3D\">\n\t\t\t\t\t<div class=\"e-gallery-image elementor-gallery-item__image\" data-thumbnail=\"https:\/\/lfs.cz\/wp-content\/uploads\/2025\/07\/LFS25_CreWcollection_Moving-Orchestra_Tadeas-Kaminek-13-300x200.jpg\" data-width=\"300\" data-height=\"200\" aria-label=\"\" role=\"img\" ><\/div>\n\t\t\t\t\t\t\t\t\t\t\t<div class=\"elementor-gallery-item__overlay\"><\/div>\n\t\t\t\t\t\t\t\t\t\t\t\t\t\t<\/a>\n\t\t\t\t\t\t\t<a class=\"e-gallery-item elementor-gallery-item elementor-animated-content\" data-e-gallery-tags=\"1\" href=\"https:\/\/lfs.cz\/wp-content\/uploads\/2025\/07\/LFS25_FRSH-2.jpg\" data-elementor-open-lightbox=\"yes\" data-elementor-lightbox-slideshow=\"6b7163c\" data-elementor-lightbox-title=\"LF\u0160 2025, Letn\u00ed filmov\u00e1 \u0161kola, Jan J\u00edlek, Silvie Suchnov\u00e1, Kristina Roh\u00e1\u010dkov\u00e1, Marek Kucha\u0159, \u010cTK \/ Jan Ber\u00e1nek\" data-e-action-hash=\"#elementor-action%3Aaction%3Dlightbox%26settings%3DeyJpZCI6MTIyMjcsInVybCI6Imh0dHBzOlwvXC9sZnMuY3pcL3dwLWNvbnRlbnRcL3VwbG9hZHNcLzIwMjVcLzA3XC9MRlMyNV9GUlNILTIuanBnIiwic2xpZGVzaG93IjoiNmI3MTYzYyJ9\">\n\t\t\t\t\t<div class=\"e-gallery-image elementor-gallery-item__image\" data-thumbnail=\"https:\/\/lfs.cz\/wp-content\/uploads\/2025\/07\/LFS25_FRSH-2-300x200.jpg\" data-width=\"300\" data-height=\"200\" aria-label=\"\" role=\"img\" ><\/div>\n\t\t\t\t\t\t\t\t\t\t\t<div class=\"elementor-gallery-item__overlay\"><\/div>\n\t\t\t\t\t\t\t\t\t\t\t\t\t\t<\/a>\n\t\t\t\t\t\t\t<a class=\"e-gallery-item elementor-gallery-item elementor-animated-content\" data-e-gallery-tags=\"4\" href=\"https:\/\/lfs.cz\/wp-content\/uploads\/2025\/07\/LFS25_ATMO_Tadeas-Kaminek-10-1.jpg\" data-elementor-open-lightbox=\"yes\" data-elementor-lightbox-slideshow=\"6b7163c\" data-elementor-lightbox-title=\"LF\u0160 2025, Letn\u00ed filmov\u00e1 \u0161kola, atmosf\u00e9ra, \u010cTK \/ Tade\u00e1\u0161 Kam\u00ednek\" data-e-action-hash=\"#elementor-action%3Aaction%3Dlightbox%26settings%3DeyJpZCI6MTI4MzYsInVybCI6Imh0dHBzOlwvXC9sZnMuY3pcL3dwLWNvbnRlbnRcL3VwbG9hZHNcLzIwMjVcLzA3XC9MRlMyNV9BVE1PX1RhZGVhcy1LYW1pbmVrLTEwLTEuanBnIiwic2xpZGVzaG93IjoiNmI3MTYzYyJ9\">\n\t\t\t\t\t<div class=\"e-gallery-image elementor-gallery-item__image\" data-thumbnail=\"https:\/\/lfs.cz\/wp-content\/uploads\/2025\/07\/LFS25_ATMO_Tadeas-Kaminek-10-1-300x200.jpg\" data-width=\"300\" data-height=\"200\" aria-label=\"\" role=\"img\" ><\/div>\n\t\t\t\t\t\t\t\t\t\t\t<div class=\"elementor-gallery-item__overlay\"><\/div>\n\t\t\t\t\t\t\t\t\t\t\t\t\t\t<\/a>\n\t\t\t\t\t\t\t<a class=\"e-gallery-item elementor-gallery-item elementor-animated-content\" data-e-gallery-tags=\"4\" href=\"https:\/\/lfs.cz\/wp-content\/uploads\/2025\/07\/LFS25_Kulturak_Vietnamska-kultura-v-Cesku_Duzan-Duong_Richard-Skoumal-4.jpg\" data-elementor-open-lightbox=\"yes\" data-elementor-lightbox-slideshow=\"6b7163c\" data-elementor-lightbox-title=\"Kultur\u00e1k: Vietnamsk\u00e1 kultura v \u010cesku, Anki, Du\u017ean Duong, Ve\u010derka, Jon\u00e1\u0161 Zbo\u0159il, Letn\u00ed filmov\u00e1 \u0161kola, LF\u0160 2025, \u010cTK \/ Skoumal Richard\" data-e-action-hash=\"#elementor-action%3Aaction%3Dlightbox%26settings%3DeyJpZCI6MTI3MDQsInVybCI6Imh0dHBzOlwvXC9sZnMuY3pcL3dwLWNvbnRlbnRcL3VwbG9hZHNcLzIwMjVcLzA3XC9MRlMyNV9LdWx0dXJha19WaWV0bmFtc2thLWt1bHR1cmEtdi1DZXNrdV9EdXphbi1EdW9uZ19SaWNoYXJkLVNrb3VtYWwtNC5qcGciLCJzbGlkZXNob3ciOiI2YjcxNjNjIn0%3D\">\n\t\t\t\t\t<div class=\"e-gallery-image elementor-gallery-item__image\" data-thumbnail=\"https:\/\/lfs.cz\/wp-content\/uploads\/2025\/07\/LFS25_Kulturak_Vietnamska-kultura-v-Cesku_Duzan-Duong_Richard-Skoumal-4-300x200.jpg\" data-width=\"300\" data-height=\"200\" aria-label=\"\" role=\"img\" ><\/div>\n\t\t\t\t\t\t\t\t\t\t\t<div class=\"elementor-gallery-item__overlay\"><\/div>\n\t\t\t\t\t\t\t\t\t\t\t\t\t\t<\/a>\n\t\t\t\t\t\t\t<a class=\"e-gallery-item elementor-gallery-item elementor-animated-content\" data-e-gallery-tags=\"3\" href=\"https:\/\/lfs.cz\/wp-content\/uploads\/2025\/07\/LFS25_Ctyri-matky_Radek-Petrasek-1.jpg\" data-elementor-open-lightbox=\"yes\" data-elementor-lightbox-slideshow=\"6b7163c\" data-elementor-lightbox-title=\"LF\u0160 2025, Letn\u00ed filmov\u00e1 \u0161kola, Projekce filmu \u010cty\u0159i matky, Klub Kultury. \u00davod k filmu Silvie Suchnov\u00e1, Jan J\u00edlek, \u010cTK \/ Radek Petr\u00e1\u0161ek\" data-e-action-hash=\"#elementor-action%3Aaction%3Dlightbox%26settings%3DeyJpZCI6MTI1MDgsInVybCI6Imh0dHBzOlwvXC9sZnMuY3pcL3dwLWNvbnRlbnRcL3VwbG9hZHNcLzIwMjVcLzA3XC9MRlMyNV9DdHlyaS1tYXRreV9SYWRlay1QZXRyYXNlay0xLmpwZyIsInNsaWRlc2hvdyI6IjZiNzE2M2MifQ%3D%3D\">\n\t\t\t\t\t<div class=\"e-gallery-image elementor-gallery-item__image\" data-thumbnail=\"https:\/\/lfs.cz\/wp-content\/uploads\/2025\/07\/LFS25_Ctyri-matky_Radek-Petrasek-1-300x200.jpg\" data-width=\"300\" data-height=\"200\" aria-label=\"\" role=\"img\" ><\/div>\n\t\t\t\t\t\t\t\t\t\t\t<div class=\"elementor-gallery-item__overlay\"><\/div>\n\t\t\t\t\t\t\t\t\t\t\t\t\t\t<\/a>\n\t\t\t\t\t\t\t<a class=\"e-gallery-item elementor-gallery-item elementor-animated-content\" data-e-gallery-tags=\"5\" href=\"https:\/\/lfs.cz\/wp-content\/uploads\/2025\/07\/LFS25_Detsky-workshop-Pretoc-Lumiery_Detsky-herni-stan_CTK-Matyas-Cech-5.jpg\" data-elementor-open-lightbox=\"yes\" data-elementor-lightbox-slideshow=\"6b7163c\" data-elementor-lightbox-title=\"Letn\u00ed filmov\u00e1 \u0161kola, LF\u0160 2025, D\u011btsk\u00fd workshop s n\u00e1zvem P\u0159eto\u010d Lumi\u00e9ry, \u010cTK \/ Maty\u00e1\u0161 \u010cech\" data-e-action-hash=\"#elementor-action%3Aaction%3Dlightbox%26settings%3DeyJpZCI6MTI5MjUsInVybCI6Imh0dHBzOlwvXC9sZnMuY3pcL3dwLWNvbnRlbnRcL3VwbG9hZHNcLzIwMjVcLzA3XC9MRlMyNV9EZXRza3ktd29ya3Nob3AtUHJldG9jLUx1bWllcnlfRGV0c2t5LWhlcm5pLXN0YW5fQ1RLLU1hdHlhcy1DZWNoLTUuanBnIiwic2xpZGVzaG93IjoiNmI3MTYzYyJ9\">\n\t\t\t\t\t<div class=\"e-gallery-image elementor-gallery-item__image\" data-thumbnail=\"https:\/\/lfs.cz\/wp-content\/uploads\/2025\/07\/LFS25_Detsky-workshop-Pretoc-Lumiery_Detsky-herni-stan_CTK-Matyas-Cech-5-300x200.jpg\" data-width=\"300\" data-height=\"200\" aria-label=\"\" role=\"img\" ><\/div>\n\t\t\t\t\t\t\t\t\t\t\t<div class=\"elementor-gallery-item__overlay\"><\/div>\n\t\t\t\t\t\t\t\t\t\t\t\t\t\t<\/a>\n\t\t\t\t\t\t\t<a class=\"e-gallery-item elementor-gallery-item elementor-animated-content\" data-e-gallery-tags=\"3\" href=\"https:\/\/lfs.cz\/wp-content\/uploads\/2025\/07\/LFS25_Obdobi-sucha_Mahamat-Seleha-Haroun_Sofie-Shamekh-2.jpg\" data-elementor-open-lightbox=\"yes\" data-elementor-lightbox-slideshow=\"6b7163c\" data-elementor-lightbox-title=\"Mahamat-Seleha Haroun, Letn\u00ed filmov\u00e1 \u0161kola, LF\u0160 2025, \u010cTK \/ Sofie Shamekh\" data-e-action-hash=\"#elementor-action%3Aaction%3Dlightbox%26settings%3DeyJpZCI6MTI1MTEsInVybCI6Imh0dHBzOlwvXC9sZnMuY3pcL3dwLWNvbnRlbnRcL3VwbG9hZHNcLzIwMjVcLzA3XC9MRlMyNV9PYmRvYmktc3VjaGFfTWFoYW1hdC1TZWxlaGEtSGFyb3VuX1NvZmllLVNoYW1la2gtMi5qcGciLCJzbGlkZXNob3ciOiI2YjcxNjNjIn0%3D\">\n\t\t\t\t\t<div class=\"e-gallery-image elementor-gallery-item__image\" data-thumbnail=\"https:\/\/lfs.cz\/wp-content\/uploads\/2025\/07\/LFS25_Obdobi-sucha_Mahamat-Seleha-Haroun_Sofie-Shamekh-2-300x129.jpg\" data-width=\"300\" data-height=\"129\" aria-label=\"\" role=\"img\" ><\/div>\n\t\t\t\t\t\t\t\t\t\t\t<div class=\"elementor-gallery-item__overlay\"><\/div>\n\t\t\t\t\t\t\t\t\t\t\t\t\t\t<\/a>\n\t\t\t\t\t\t\t<a class=\"e-gallery-item elementor-gallery-item elementor-animated-content\" data-e-gallery-tags=\"3\" href=\"https:\/\/lfs.cz\/wp-content\/uploads\/2025\/07\/LFS25_ATMO_Sofie-Shamekh-6.jpg\" data-elementor-open-lightbox=\"yes\" data-elementor-lightbox-slideshow=\"6b7163c\" data-elementor-lightbox-title=\"Atmosf\u00e9ra, Letn\u00ed filmov\u00e1 \u0161kola, LF\u0160 2025, \u010cTK \/ Sofie Shamekh\" data-e-action-hash=\"#elementor-action%3Aaction%3Dlightbox%26settings%3DeyJpZCI6MTI1ODAsInVybCI6Imh0dHBzOlwvXC9sZnMuY3pcL3dwLWNvbnRlbnRcL3VwbG9hZHNcLzIwMjVcLzA3XC9MRlMyNV9BVE1PX1NvZmllLVNoYW1la2gtNi5qcGciLCJzbGlkZXNob3ciOiI2YjcxNjNjIn0%3D\">\n\t\t\t\t\t<div class=\"e-gallery-image elementor-gallery-item__image\" data-thumbnail=\"https:\/\/lfs.cz\/wp-content\/uploads\/2025\/07\/LFS25_ATMO_Sofie-Shamekh-6-300x183.jpg\" data-width=\"300\" data-height=\"183\" aria-label=\"\" role=\"img\" ><\/div>\n\t\t\t\t\t\t\t\t\t\t\t<div class=\"elementor-gallery-item__overlay\"><\/div>\n\t\t\t\t\t\t\t\t\t\t\t\t\t\t<\/a>\n\t\t\t\t\t\t\t<a class=\"e-gallery-item elementor-gallery-item elementor-animated-content\" data-e-gallery-tags=\"6\" href=\"https:\/\/lfs.cz\/wp-content\/uploads\/2025\/07\/LFS25_-Dama-z-loze-c.-13_hudba-Oliver-Torr_CTK-Radek-Petrasek-8.jpg\" data-elementor-open-lightbox=\"yes\" data-elementor-lightbox-slideshow=\"6b7163c\" data-elementor-lightbox-title=\"LF\u0160 2025, Letn\u00ed filmov\u00e1 \u0161kola, Oliver Torr, \u010cTK \/ Petr\u00e1\u0161ek Radek\" data-e-action-hash=\"#elementor-action%3Aaction%3Dlightbox%26settings%3DeyJpZCI6MTMwODksInVybCI6Imh0dHBzOlwvXC9sZnMuY3pcL3dwLWNvbnRlbnRcL3VwbG9hZHNcLzIwMjVcLzA3XC9MRlMyNV8tRGFtYS16LWxvemUtYy4tMTNfaHVkYmEtT2xpdmVyLVRvcnJfQ1RLLVJhZGVrLVBldHJhc2VrLTguanBnIiwic2xpZGVzaG93IjoiNmI3MTYzYyJ9\">\n\t\t\t\t\t<div class=\"e-gallery-image elementor-gallery-item__image\" data-thumbnail=\"https:\/\/lfs.cz\/wp-content\/uploads\/2025\/07\/LFS25_-Dama-z-loze-c.-13_hudba-Oliver-Torr_CTK-Radek-Petrasek-8-300x200.jpg\" data-width=\"300\" data-height=\"200\" aria-label=\"\" role=\"img\" ><\/div>\n\t\t\t\t\t\t\t\t\t\t\t<div class=\"elementor-gallery-item__overlay\"><\/div>\n\t\t\t\t\t\t\t\t\t\t\t\t\t\t<\/a>\n\t\t\t\t\t\t\t<a class=\"e-gallery-item elementor-gallery-item elementor-animated-content\" data-e-gallery-tags=\"5\" href=\"https:\/\/lfs.cz\/wp-content\/uploads\/2025\/07\/LFS25_Valecne-okamziky_CTK-Dalibor-Gluck-8.jpg\" data-elementor-open-lightbox=\"yes\" data-elementor-lightbox-slideshow=\"6b7163c\" data-elementor-lightbox-title=\"LF\u0160 2025, Letn\u00ed filmov\u00e1 \u0161kola, Radka Matesov\u00e1 Markov\u00e1, \u0161\u00e9fredaktorka zpravodajstv\u00ed \u010cTK, Stanislav Blaha, starosta, Jaroslav K\u00e1bele, gener\u00e1ln\u00ed \u0159editel \u010cTK, Petr Mlch, \u0161\u00e9fredaktor fotobanky \u010cTK, V\u00e1le\u010dn\u00e9 okam\u017eiky, fotografick\u00e1 v\u00fdstava \u010cTK, \u010cTK \/ Dalibor Gl\u00fcck\" data-e-action-hash=\"#elementor-action%3Aaction%3Dlightbox%26settings%3DeyJpZCI6MTI5ODAsInVybCI6Imh0dHBzOlwvXC9sZnMuY3pcL3dwLWNvbnRlbnRcL3VwbG9hZHNcLzIwMjVcLzA3XC9MRlMyNV9WYWxlY25lLW9rYW16aWt5X0NUSy1EYWxpYm9yLUdsdWNrLTguanBnIiwic2xpZGVzaG93IjoiNmI3MTYzYyJ9\">\n\t\t\t\t\t<div class=\"e-gallery-image elementor-gallery-item__image\" data-thumbnail=\"https:\/\/lfs.cz\/wp-content\/uploads\/2025\/07\/LFS25_Valecne-okamziky_CTK-Dalibor-Gluck-8-300x206.jpg\" data-width=\"300\" data-height=\"206\" aria-label=\"\" role=\"img\" ><\/div>\n\t\t\t\t\t\t\t\t\t\t\t<div class=\"elementor-gallery-item__overlay\"><\/div>\n\t\t\t\t\t\t\t\t\t\t\t\t\t\t<\/a>\n\t\t\t\t\t\t\t<a class=\"e-gallery-item elementor-gallery-item elementor-animated-content\" data-e-gallery-tags=\"1\" href=\"https:\/\/lfs.cz\/wp-content\/uploads\/2025\/07\/LFS25_Vernisaz-Daniels-a-Powell-Pressburger_Petr-Mlch-3.jpg\" data-elementor-open-lightbox=\"yes\" data-elementor-lightbox-slideshow=\"6b7163c\" data-elementor-lightbox-title=\"LF\u0160 2025, Letn\u00ed filmov\u00e1 \u0161kola, v\u00fdstava, vernis\u00e1\u017e, fotografie, Fred Daniels a Powell &amp; Pressburger, Nigel Arthur, \u010cTK \/ Mlch Petr\" data-e-action-hash=\"#elementor-action%3Aaction%3Dlightbox%26settings%3DeyJpZCI6MTIyNDIsInVybCI6Imh0dHBzOlwvXC9sZnMuY3pcL3dwLWNvbnRlbnRcL3VwbG9hZHNcLzIwMjVcLzA3XC9MRlMyNV9WZXJuaXNhei1EYW5pZWxzLWEtUG93ZWxsLVByZXNzYnVyZ2VyX1BldHItTWxjaC0zLmpwZyIsInNsaWRlc2hvdyI6IjZiNzE2M2MifQ%3D%3D\">\n\t\t\t\t\t<div class=\"e-gallery-image elementor-gallery-item__image\" data-thumbnail=\"https:\/\/lfs.cz\/wp-content\/uploads\/2025\/07\/LFS25_Vernisaz-Daniels-a-Powell-Pressburger_Petr-Mlch-3-300x200.jpg\" data-width=\"300\" data-height=\"200\" aria-label=\"\" role=\"img\" ><\/div>\n\t\t\t\t\t\t\t\t\t\t\t<div class=\"elementor-gallery-item__overlay\"><\/div>\n\t\t\t\t\t\t\t\t\t\t\t\t\t\t<\/a>\n\t\t\t\t\t\t\t<a class=\"e-gallery-item elementor-gallery-item elementor-animated-content\" data-e-gallery-tags=\"5\" href=\"https:\/\/lfs.cz\/wp-content\/uploads\/2025\/07\/LFS25_Lekce-filmu-podle-Zuzany-Kronerove_Stan-LFS_CTK-Radek-Petrasek-4.jpg\" data-elementor-open-lightbox=\"yes\" data-elementor-lightbox-slideshow=\"6b7163c\" data-elementor-lightbox-title=\"LF\u0160 2025, Letn\u00ed filmov\u00e1 \u0161kola, div\u00e1ci, \u010cTK \/ Petr\u00e1\u0161ek Radek\" data-e-action-hash=\"#elementor-action%3Aaction%3Dlightbox%26settings%3DeyJpZCI6MTI5MTgsInVybCI6Imh0dHBzOlwvXC9sZnMuY3pcL3dwLWNvbnRlbnRcL3VwbG9hZHNcLzIwMjVcLzA3XC9MRlMyNV9MZWtjZS1maWxtdS1wb2RsZS1adXphbnktS3JvbmVyb3ZlX1N0YW4tTEZTX0NUSy1SYWRlay1QZXRyYXNlay00LmpwZyIsInNsaWRlc2hvdyI6IjZiNzE2M2MifQ%3D%3D\">\n\t\t\t\t\t<div class=\"e-gallery-image elementor-gallery-item__image\" data-thumbnail=\"https:\/\/lfs.cz\/wp-content\/uploads\/2025\/07\/LFS25_Lekce-filmu-podle-Zuzany-Kronerove_Stan-LFS_CTK-Radek-Petrasek-4-300x200.jpg\" data-width=\"300\" data-height=\"200\" aria-label=\"\" role=\"img\" ><\/div>\n\t\t\t\t\t\t\t\t\t\t\t<div class=\"elementor-gallery-item__overlay\"><\/div>\n\t\t\t\t\t\t\t\t\t\t\t\t\t\t<\/a>\n\t\t\t\t\t\t\t<a class=\"e-gallery-item elementor-gallery-item elementor-animated-content\" data-e-gallery-tags=\"3\" href=\"https:\/\/lfs.cz\/wp-content\/uploads\/2025\/07\/LFS25_ATMO_Richard-Skoumal-9.jpg\" data-elementor-open-lightbox=\"yes\" data-elementor-lightbox-slideshow=\"6b7163c\" data-elementor-lightbox-title=\"Film \u0160pioni, Tom\u00e1\u0161 Vondra, Jan Tom\u00e1\u0161, Letn\u00ed filmov\u00e1 \u0161kola, LF\u0160 2025, \u010cTK \/ Skoumal Richard\" data-e-action-hash=\"#elementor-action%3Aaction%3Dlightbox%26settings%3DeyJpZCI6MTI1NjYsInVybCI6Imh0dHBzOlwvXC9sZnMuY3pcL3dwLWNvbnRlbnRcL3VwbG9hZHNcLzIwMjVcLzA3XC9MRlMyNV9BVE1PX1JpY2hhcmQtU2tvdW1hbC05LmpwZyIsInNsaWRlc2hvdyI6IjZiNzE2M2MifQ%3D%3D\">\n\t\t\t\t\t<div class=\"e-gallery-image elementor-gallery-item__image\" data-thumbnail=\"https:\/\/lfs.cz\/wp-content\/uploads\/2025\/07\/LFS25_ATMO_Richard-Skoumal-9-300x200.jpg\" data-width=\"300\" data-height=\"200\" aria-label=\"\" role=\"img\" ><\/div>\n\t\t\t\t\t\t\t\t\t\t\t<div class=\"elementor-gallery-item__overlay\"><\/div>\n\t\t\t\t\t\t\t\t\t\t\t\t\t\t<\/a>\n\t\t\t\t\t\t\t<a class=\"e-gallery-item elementor-gallery-item elementor-animated-content\" data-e-gallery-tags=\"4\" href=\"https:\/\/lfs.cz\/wp-content\/uploads\/2025\/07\/LFS25_Z-hrace-tvurcem-hernich-svetu_HUB123_Martin-Cerny_Radek-Petrasek-12.jpg\" data-elementor-open-lightbox=\"yes\" data-elementor-lightbox-slideshow=\"6b7163c\" data-elementor-lightbox-title=\"LF\u0160 2025, Letn\u00ed filmov\u00e1 \u0161kola, Workshop: Z hr\u00e1\u010de tv\u016frcem hern\u00edch sv\u011bt\u016f, lektorka Britta Senn, \u010cTK \/ Petr\u00e1\u0161ek Radek\" data-e-action-hash=\"#elementor-action%3Aaction%3Dlightbox%26settings%3DeyJpZCI6MTI3MTQsInVybCI6Imh0dHBzOlwvXC9sZnMuY3pcL3dwLWNvbnRlbnRcL3VwbG9hZHNcLzIwMjVcLzA3XC9MRlMyNV9aLWhyYWNlLXR2dXJjZW0taGVybmljaC1zdmV0dV9IVUIxMjNfTWFydGluLUNlcm55X1JhZGVrLVBldHJhc2VrLTEyLmpwZyIsInNsaWRlc2hvdyI6IjZiNzE2M2MifQ%3D%3D\">\n\t\t\t\t\t<div class=\"e-gallery-image elementor-gallery-item__image\" data-thumbnail=\"https:\/\/lfs.cz\/wp-content\/uploads\/2025\/07\/LFS25_Z-hrace-tvurcem-hernich-svetu_HUB123_Martin-Cerny_Radek-Petrasek-12-300x200.jpg\" data-width=\"300\" data-height=\"200\" aria-label=\"\" role=\"img\" ><\/div>\n\t\t\t\t\t\t\t\t\t\t\t<div class=\"elementor-gallery-item__overlay\"><\/div>\n\t\t\t\t\t\t\t\t\t\t\t\t\t\t<\/a>\n\t\t\t\t\t\t\t<a class=\"e-gallery-item elementor-gallery-item elementor-animated-content\" data-e-gallery-tags=\"3\" href=\"https:\/\/lfs.cz\/wp-content\/uploads\/2025\/07\/LFS25_ARAS_Tadeas-Kaminek-4.jpg\" data-elementor-open-lightbox=\"yes\" data-elementor-lightbox-slideshow=\"6b7163c\" data-elementor-lightbox-title=\"LF\u0160 2025, Letn\u00ed filmov\u00e1 \u0161kola, Odborn\u00fd program: ARAS, \u010cTK \/ Tade\u00e1\u0161 Kam\u00ednek\" data-e-action-hash=\"#elementor-action%3Aaction%3Dlightbox%26settings%3DeyJpZCI6MTI2MzksInVybCI6Imh0dHBzOlwvXC9sZnMuY3pcL3dwLWNvbnRlbnRcL3VwbG9hZHNcLzIwMjVcLzA3XC9MRlMyNV9BUkFTX1RhZGVhcy1LYW1pbmVrLTQuanBnIiwic2xpZGVzaG93IjoiNmI3MTYzYyJ9\">\n\t\t\t\t\t<div class=\"e-gallery-image elementor-gallery-item__image\" data-thumbnail=\"https:\/\/lfs.cz\/wp-content\/uploads\/2025\/07\/LFS25_ARAS_Tadeas-Kaminek-4-300x200.jpg\" data-width=\"300\" data-height=\"200\" aria-label=\"\" role=\"img\" ><\/div>\n\t\t\t\t\t\t\t\t\t\t\t<div class=\"elementor-gallery-item__overlay\"><\/div>\n\t\t\t\t\t\t\t\t\t\t\t\t\t\t<\/a>\n\t\t\t\t\t\t\t<a class=\"e-gallery-item elementor-gallery-item elementor-animated-content\" data-e-gallery-tags=\"0\" href=\"https:\/\/lfs.cz\/wp-content\/uploads\/2025\/07\/LFS25_Stabni-skoleni_Kino-Hvezda_Petr-Mlch-7-1.jpg\" data-elementor-open-lightbox=\"yes\" data-elementor-lightbox-slideshow=\"6b7163c\" data-elementor-lightbox-title=\"LF\u0160 2025, Letn\u00ed filmov\u00e1 \u0161kola, p\u0159\u00edpravy, \u010cTK \/ Petr Mlch\" data-e-action-hash=\"#elementor-action%3Aaction%3Dlightbox%26settings%3DeyJpZCI6MTIxMjMsInVybCI6Imh0dHBzOlwvXC9sZnMuY3pcL3dwLWNvbnRlbnRcL3VwbG9hZHNcLzIwMjVcLzA3XC9MRlMyNV9TdGFibmktc2tvbGVuaV9LaW5vLUh2ZXpkYV9QZXRyLU1sY2gtNy0xLmpwZyIsInNsaWRlc2hvdyI6IjZiNzE2M2MifQ%3D%3D\">\n\t\t\t\t\t<div class=\"e-gallery-image elementor-gallery-item__image\" data-thumbnail=\"https:\/\/lfs.cz\/wp-content\/uploads\/2025\/07\/LFS25_Stabni-skoleni_Kino-Hvezda_Petr-Mlch-7-1-300x200.jpg\" data-width=\"300\" data-height=\"200\" aria-label=\"\" role=\"img\" ><\/div>\n\t\t\t\t\t\t\t\t\t\t\t<div class=\"elementor-gallery-item__overlay\"><\/div>\n\t\t\t\t\t\t\t\t\t\t\t\t\t\t<\/a>\n\t\t\t\t\t\t\t<a class=\"e-gallery-item elementor-gallery-item elementor-animated-content\" data-e-gallery-tags=\"5\" href=\"https:\/\/lfs.cz\/wp-content\/uploads\/2025\/07\/MM_1477.jpg\" data-elementor-open-lightbox=\"yes\" data-elementor-lightbox-slideshow=\"6b7163c\" data-elementor-lightbox-title=\"LF\u0160 2025, Letn\u00ed filmov\u00e1 \u0161kola, K\u0159est knihy Filmovka: 50 Letn\u00edch filmov\u00fdch \u0161kol, foto Marek Mal\u016f\u0161ek\" data-e-action-hash=\"#elementor-action%3Aaction%3Dlightbox%26settings%3DeyJpZCI6MTMwMzIsInVybCI6Imh0dHBzOlwvXC9sZnMuY3pcL3dwLWNvbnRlbnRcL3VwbG9hZHNcLzIwMjVcLzA3XC9NTV8xNDc3LmpwZyIsInNsaWRlc2hvdyI6IjZiNzE2M2MifQ%3D%3D\">\n\t\t\t\t\t<div class=\"e-gallery-image elementor-gallery-item__image\" data-thumbnail=\"https:\/\/lfs.cz\/wp-content\/uploads\/2025\/07\/MM_1477-300x200.jpg\" data-width=\"300\" data-height=\"200\" aria-label=\"\" role=\"img\" ><\/div>\n\t\t\t\t\t\t\t\t\t\t\t<div class=\"elementor-gallery-item__overlay\"><\/div>\n\t\t\t\t\t\t\t\t\t\t\t\t\t\t<\/a>\n\t\t\t\t\t\t\t<a class=\"e-gallery-item elementor-gallery-item elementor-animated-content\" data-e-gallery-tags=\"6\" href=\"https:\/\/lfs.cz\/wp-content\/uploads\/2025\/07\/LFS25_N.O.H.A._Kolejni-nadvori_Marek-Malusek-9.jpg\" data-elementor-open-lightbox=\"yes\" data-elementor-lightbox-slideshow=\"6b7163c\" data-elementor-lightbox-title=\"LF\u0160 2025, Letn\u00ed filmov\u00e1 \u0161kola, kapela N.O.H.A., Kolejn\u00ed n\u00e1dvo\u0159\u00ed, foto Marek Mal\u016f\u0161ek\" data-e-action-hash=\"#elementor-action%3Aaction%3Dlightbox%26settings%3DeyJpZCI6MTMxNjcsInVybCI6Imh0dHBzOlwvXC9sZnMuY3pcL3dwLWNvbnRlbnRcL3VwbG9hZHNcLzIwMjVcLzA3XC9MRlMyNV9OLk8uSC5BLl9Lb2xlam5pLW5hZHZvcmlfTWFyZWstTWFsdXNlay05LmpwZyIsInNsaWRlc2hvdyI6IjZiNzE2M2MifQ%3D%3D\">\n\t\t\t\t\t<div class=\"e-gallery-image elementor-gallery-item__image\" data-thumbnail=\"https:\/\/lfs.cz\/wp-content\/uploads\/2025\/07\/LFS25_N.O.H.A._Kolejni-nadvori_Marek-Malusek-9-300x200.jpg\" data-width=\"300\" data-height=\"200\" aria-label=\"\" role=\"img\" ><\/div>\n\t\t\t\t\t\t\t\t\t\t\t<div class=\"elementor-gallery-item__overlay\"><\/div>\n\t\t\t\t\t\t\t\t\t\t\t\t\t\t<\/a>\n\t\t\t\t\t\t\t<a class=\"e-gallery-item elementor-gallery-item elementor-animated-content\" data-e-gallery-tags=\"3\" href=\"https:\/\/lfs.cz\/wp-content\/uploads\/2025\/07\/LFS25_Michal-Szalast-Albini_Marek-Malusek-1.jpg\" data-elementor-open-lightbox=\"yes\" data-elementor-lightbox-slideshow=\"6b7163c\" data-elementor-lightbox-title=\"LF\u0160 2025, Letn\u00ed filmov\u00e1 \u0161kola, Micha\u0142 Szalast: Alb\u00edni, vernis\u00e1\u017e, foto Marek Mal\u016f\u0161ek\" data-e-action-hash=\"#elementor-action%3Aaction%3Dlightbox%26settings%3DeyJpZCI6MTI2ODcsInVybCI6Imh0dHBzOlwvXC9sZnMuY3pcL3dwLWNvbnRlbnRcL3VwbG9hZHNcLzIwMjVcLzA3XC9MRlMyNV9NaWNoYWwtU3phbGFzdC1BbGJpbmlfTWFyZWstTWFsdXNlay0xLmpwZyIsInNsaWRlc2hvdyI6IjZiNzE2M2MifQ%3D%3D\">\n\t\t\t\t\t<div class=\"e-gallery-image elementor-gallery-item__image\" data-thumbnail=\"https:\/\/lfs.cz\/wp-content\/uploads\/2025\/07\/LFS25_Michal-Szalast-Albini_Marek-Malusek-1-300x200.jpg\" data-width=\"300\" data-height=\"200\" aria-label=\"\" role=\"img\" ><\/div>\n\t\t\t\t\t\t\t\t\t\t\t<div class=\"elementor-gallery-item__overlay\"><\/div>\n\t\t\t\t\t\t\t\t\t\t\t\t\t\t<\/a>\n\t\t\t\t\t\t\t<a class=\"e-gallery-item elementor-gallery-item elementor-animated-content\" data-e-gallery-tags=\"6\" href=\"https:\/\/lfs.cz\/wp-content\/uploads\/2025\/07\/LFS25_ARAS-a-Cinepur_Toci-dobre-matky-dobre-filmy_CTK-Tadeas-Kaminek.jpg\" data-elementor-open-lightbox=\"yes\" data-elementor-lightbox-slideshow=\"6b7163c\" data-elementor-lightbox-title=\"LF\u0160 2025, Letn\u00ed filmov\u00e1 \u0161kola, Doprovodn\u00fd program: ARAS a Cinepur uv\u00e1d\u011bj\u00ed: To\u010d\u00ed dobr\u00e9 matky dobr\u00e9 filmy?, \u010cTK \/ Tade\u00e1\u0161 Kam\u00ednek\" data-e-action-hash=\"#elementor-action%3Aaction%3Dlightbox%26settings%3DeyJpZCI6MTMxMDgsInVybCI6Imh0dHBzOlwvXC9sZnMuY3pcL3dwLWNvbnRlbnRcL3VwbG9hZHNcLzIwMjVcLzA3XC9MRlMyNV9BUkFTLWEtQ2luZXB1cl9Ub2NpLWRvYnJlLW1hdGt5LWRvYnJlLWZpbG15X0NUSy1UYWRlYXMtS2FtaW5lay5qcGciLCJzbGlkZXNob3ciOiI2YjcxNjNjIn0%3D\">\n\t\t\t\t\t<div class=\"e-gallery-image elementor-gallery-item__image\" data-thumbnail=\"https:\/\/lfs.cz\/wp-content\/uploads\/2025\/07\/LFS25_ARAS-a-Cinepur_Toci-dobre-matky-dobre-filmy_CTK-Tadeas-Kaminek-300x200.jpg\" data-width=\"300\" data-height=\"200\" aria-label=\"\" role=\"img\" ><\/div>\n\t\t\t\t\t\t\t\t\t\t\t<div class=\"elementor-gallery-item__overlay\"><\/div>\n\t\t\t\t\t\t\t\t\t\t\t\t\t\t<\/a>\n\t\t\t\t\t\t\t<a class=\"e-gallery-item elementor-gallery-item elementor-animated-content\" data-e-gallery-tags=\"3\" href=\"https:\/\/lfs.cz\/wp-content\/uploads\/2025\/07\/LFS25_Tanec-s-Lenkou-Slivovou_Matyas-Cech-4.jpg\" data-elementor-open-lightbox=\"yes\" data-elementor-lightbox-slideshow=\"6b7163c\" data-elementor-lightbox-title=\"Letn\u00ed filmov\u00e1 \u0161kola, LF\u0160 2025, Tanec pro kr\u00e1sn\u00fd den s Lenkou Sl\u00edvovou, \u010cTK \/ Maty\u00e1\u0161 \u010cech\" data-e-action-hash=\"#elementor-action%3Aaction%3Dlightbox%26settings%3DeyJpZCI6MTI1MTcsInVybCI6Imh0dHBzOlwvXC9sZnMuY3pcL3dwLWNvbnRlbnRcL3VwbG9hZHNcLzIwMjVcLzA3XC9MRlMyNV9UYW5lYy1zLUxlbmtvdS1TbGl2b3ZvdV9NYXR5YXMtQ2VjaC00LmpwZyIsInNsaWRlc2hvdyI6IjZiNzE2M2MifQ%3D%3D\">\n\t\t\t\t\t<div class=\"e-gallery-image elementor-gallery-item__image\" data-thumbnail=\"https:\/\/lfs.cz\/wp-content\/uploads\/2025\/07\/LFS25_Tanec-s-Lenkou-Slivovou_Matyas-Cech-4-300x200.jpg\" data-width=\"300\" data-height=\"200\" aria-label=\"\" role=\"img\" ><\/div>\n\t\t\t\t\t\t\t\t\t\t\t<div class=\"elementor-gallery-item__overlay\"><\/div>\n\t\t\t\t\t\t\t\t\t\t\t\t\t\t<\/a>\n\t\t\t\t\t\t\t<a class=\"e-gallery-item elementor-gallery-item elementor-animated-content\" data-e-gallery-tags=\"6\" href=\"https:\/\/lfs.cz\/wp-content\/uploads\/2025\/07\/LFS25_Radio-Wave_Slejvak_CTK-Tadeas-Kaminek-6.jpg\" data-elementor-open-lightbox=\"yes\" data-elementor-lightbox-slideshow=\"6b7163c\" data-elementor-lightbox-title=\"LF\u0160 2025, Letn\u00ed filmov\u00e1 \u0161kola, Radio Wave: Slejv\u00e1k, \u010cTK \/ Tade\u00e1\u0161 Kam\u00ednek\" data-e-action-hash=\"#elementor-action%3Aaction%3Dlightbox%26settings%3DeyJpZCI6MTMwOTksInVybCI6Imh0dHBzOlwvXC9sZnMuY3pcL3dwLWNvbnRlbnRcL3VwbG9hZHNcLzIwMjVcLzA3XC9MRlMyNV9SYWRpby1XYXZlX1NsZWp2YWtfQ1RLLVRhZGVhcy1LYW1pbmVrLTYuanBnIiwic2xpZGVzaG93IjoiNmI3MTYzYyJ9\">\n\t\t\t\t\t<div class=\"e-gallery-image elementor-gallery-item__image\" data-thumbnail=\"https:\/\/lfs.cz\/wp-content\/uploads\/2025\/07\/LFS25_Radio-Wave_Slejvak_CTK-Tadeas-Kaminek-6-300x200.jpg\" data-width=\"300\" data-height=\"200\" aria-label=\"\" role=\"img\" ><\/div>\n\t\t\t\t\t\t\t\t\t\t\t<div class=\"elementor-gallery-item__overlay\"><\/div>\n\t\t\t\t\t\t\t\t\t\t\t\t\t\t<\/a>\n\t\t\t\t\t\t\t<a class=\"e-gallery-item elementor-gallery-item elementor-animated-content\" data-e-gallery-tags=\"5\" href=\"https:\/\/lfs.cz\/wp-content\/uploads\/2025\/07\/LFS25_Velikonocni-pondeli_CTK-Petr-Mlch-6.jpg\" data-elementor-open-lightbox=\"yes\" data-elementor-lightbox-slideshow=\"6b7163c\" data-elementor-lightbox-title=\"LF\u0160 2025, Letn\u00ed filmov\u00e1 \u0161kola, projekce, film, Velikono\u010dn\u00ed pond\u011bl\u00ed, Julia Polaczekov\u00e1, \u010cTK \/ Mlch Petr\" data-e-action-hash=\"#elementor-action%3Aaction%3Dlightbox%26settings%3DeyJpZCI6MTI5ODMsInVybCI6Imh0dHBzOlwvXC9sZnMuY3pcL3dwLWNvbnRlbnRcL3VwbG9hZHNcLzIwMjVcLzA3XC9MRlMyNV9WZWxpa29ub2NuaS1wb25kZWxpX0NUSy1QZXRyLU1sY2gtNi5qcGciLCJzbGlkZXNob3ciOiI2YjcxNjNjIn0%3D\">\n\t\t\t\t\t<div class=\"e-gallery-image elementor-gallery-item__image\" data-thumbnail=\"https:\/\/lfs.cz\/wp-content\/uploads\/2025\/07\/LFS25_Velikonocni-pondeli_CTK-Petr-Mlch-6-300x200.jpg\" data-width=\"300\" data-height=\"200\" aria-label=\"\" role=\"img\" ><\/div>\n\t\t\t\t\t\t\t\t\t\t\t<div class=\"elementor-gallery-item__overlay\"><\/div>\n\t\t\t\t\t\t\t\t\t\t\t\t\t\t<\/a>\n\t\t\t\t\t\t\t<a class=\"e-gallery-item elementor-gallery-item elementor-animated-content\" data-e-gallery-tags=\"2\" href=\"https:\/\/lfs.cz\/wp-content\/uploads\/2025\/07\/LFS25_ATMO_Petr-Mlch-3-2.jpg\" data-elementor-open-lightbox=\"yes\" data-elementor-lightbox-slideshow=\"6b7163c\" data-elementor-lightbox-title=\"LF\u0160 2025, Letn\u00ed filmov\u00e1 \u0161kola, atmosf\u00e9ra, po\u010das\u00ed, \u010cTK \/ Mlch Petr\" data-e-action-hash=\"#elementor-action%3Aaction%3Dlightbox%26settings%3DeyJpZCI6MTIzODksInVybCI6Imh0dHBzOlwvXC9sZnMuY3pcL3dwLWNvbnRlbnRcL3VwbG9hZHNcLzIwMjVcLzA3XC9MRlMyNV9BVE1PX1BldHItTWxjaC0zLTIuanBnIiwic2xpZGVzaG93IjoiNmI3MTYzYyJ9\">\n\t\t\t\t\t<div class=\"e-gallery-image elementor-gallery-item__image\" data-thumbnail=\"https:\/\/lfs.cz\/wp-content\/uploads\/2025\/07\/LFS25_ATMO_Petr-Mlch-3-2-300x200.jpg\" data-width=\"300\" data-height=\"200\" aria-label=\"\" role=\"img\" ><\/div>\n\t\t\t\t\t\t\t\t\t\t\t<div class=\"elementor-gallery-item__overlay\"><\/div>\n\t\t\t\t\t\t\t\t\t\t\t\t\t\t<\/a>\n\t\t\t\t\t\t\t<a class=\"e-gallery-item elementor-gallery-item elementor-animated-content\" data-e-gallery-tags=\"4\" href=\"https:\/\/lfs.cz\/wp-content\/uploads\/2025\/07\/LFS25_ATMO_Tadeas-Kaminek-17.jpg\" data-elementor-open-lightbox=\"yes\" data-elementor-lightbox-slideshow=\"6b7163c\" data-elementor-lightbox-title=\"LF\u0160 2025, Letn\u00ed filmov\u00e1 \u0161kola, atmosf\u00e9ra, \u010cTK \/ Tade\u00e1\u0161 Kam\u00ednek\" data-e-action-hash=\"#elementor-action%3Aaction%3Dlightbox%26settings%3DeyJpZCI6MTI3NTYsInVybCI6Imh0dHBzOlwvXC9sZnMuY3pcL3dwLWNvbnRlbnRcL3VwbG9hZHNcLzIwMjVcLzA3XC9MRlMyNV9BVE1PX1RhZGVhcy1LYW1pbmVrLTE3LmpwZyIsInNsaWRlc2hvdyI6IjZiNzE2M2MifQ%3D%3D\">\n\t\t\t\t\t<div class=\"e-gallery-image elementor-gallery-item__image\" data-thumbnail=\"https:\/\/lfs.cz\/wp-content\/uploads\/2025\/07\/LFS25_ATMO_Tadeas-Kaminek-17-300x200.jpg\" data-width=\"300\" data-height=\"200\" aria-label=\"\" role=\"img\" ><\/div>\n\t\t\t\t\t\t\t\t\t\t\t<div class=\"elementor-gallery-item__overlay\"><\/div>\n\t\t\t\t\t\t\t\t\t\t\t\t\t\t<\/a>\n\t\t\t\t\t\t\t<a class=\"e-gallery-item elementor-gallery-item elementor-animated-content\" data-e-gallery-tags=\"3\" href=\"https:\/\/lfs.cz\/wp-content\/uploads\/2025\/07\/LFS25_Tanec-s-Lenkou-Slivovou_Matyas-Cech-3.jpg\" data-elementor-open-lightbox=\"yes\" data-elementor-lightbox-slideshow=\"6b7163c\" data-elementor-lightbox-title=\"Letn\u00ed filmov\u00e1 \u0161kola, LF\u0160 2025, Tanec pro kr\u00e1sn\u00fd den s Lenkou Sl\u00edvovou, \u010cTK \/ Maty\u00e1\u0161 \u010cech\" data-e-action-hash=\"#elementor-action%3Aaction%3Dlightbox%26settings%3DeyJpZCI6MTI1MTYsInVybCI6Imh0dHBzOlwvXC9sZnMuY3pcL3dwLWNvbnRlbnRcL3VwbG9hZHNcLzIwMjVcLzA3XC9MRlMyNV9UYW5lYy1zLUxlbmtvdS1TbGl2b3ZvdV9NYXR5YXMtQ2VjaC0zLmpwZyIsInNsaWRlc2hvdyI6IjZiNzE2M2MifQ%3D%3D\">\n\t\t\t\t\t<div class=\"e-gallery-image elementor-gallery-item__image\" data-thumbnail=\"https:\/\/lfs.cz\/wp-content\/uploads\/2025\/07\/LFS25_Tanec-s-Lenkou-Slivovou_Matyas-Cech-3-300x200.jpg\" data-width=\"300\" data-height=\"200\" aria-label=\"\" role=\"img\" ><\/div>\n\t\t\t\t\t\t\t\t\t\t\t<div class=\"elementor-gallery-item__overlay\"><\/div>\n\t\t\t\t\t\t\t\t\t\t\t\t\t\t<\/a>\n\t\t\t\t\t\t\t<a class=\"e-gallery-item elementor-gallery-item elementor-animated-content\" data-e-gallery-tags=\"2\" href=\"https:\/\/lfs.cz\/wp-content\/uploads\/2025\/07\/LFS25_Mat213_Tadeas-Kaminek-6.jpg\" data-elementor-open-lightbox=\"yes\" data-elementor-lightbox-slideshow=\"6b7163c\" data-elementor-lightbox-title=\"LF\u0160 2025, Letn\u00ed filmov\u00e1 \u0161kola, koncert Mat213, \u010cTK \/ Tade\u00e1\u0161 Kam\u00ednek\" data-e-action-hash=\"#elementor-action%3Aaction%3Dlightbox%26settings%3DeyJpZCI6MTI0NDQsInVybCI6Imh0dHBzOlwvXC9sZnMuY3pcL3dwLWNvbnRlbnRcL3VwbG9hZHNcLzIwMjVcLzA3XC9MRlMyNV9NYXQyMTNfVGFkZWFzLUthbWluZWstNi5qcGciLCJzbGlkZXNob3ciOiI2YjcxNjNjIn0%3D\">\n\t\t\t\t\t<div class=\"e-gallery-image elementor-gallery-item__image\" data-thumbnail=\"https:\/\/lfs.cz\/wp-content\/uploads\/2025\/07\/LFS25_Mat213_Tadeas-Kaminek-6-300x200.jpg\" data-width=\"300\" data-height=\"200\" aria-label=\"\" role=\"img\" ><\/div>\n\t\t\t\t\t\t\t\t\t\t\t<div class=\"elementor-gallery-item__overlay\"><\/div>\n\t\t\t\t\t\t\t\t\t\t\t\t\t\t<\/a>\n\t\t\t\t\t\t\t<a class=\"e-gallery-item elementor-gallery-item elementor-animated-content\" data-e-gallery-tags=\"4\" href=\"https:\/\/lfs.cz\/wp-content\/uploads\/2025\/07\/LFS25_FAMU-history-Petr-Kotek-Talks_Tadeas-Kaminek-1-1.jpg\" data-elementor-open-lightbox=\"yes\" data-elementor-lightbox-slideshow=\"6b7163c\" data-elementor-lightbox-title=\"LF\u0160 2025, Letn\u00ed filmov\u00e1 \u0161kola, FAMU history: Petr Kotek (Talks), \u010cTK \/ Tade\u00e1\u0161 Kam\u00ednek\" data-e-action-hash=\"#elementor-action%3Aaction%3Dlightbox%26settings%3DeyJpZCI6MTI3ODUsInVybCI6Imh0dHBzOlwvXC9sZnMuY3pcL3dwLWNvbnRlbnRcL3VwbG9hZHNcLzIwMjVcLzA3XC9MRlMyNV9GQU1VLWhpc3RvcnktUGV0ci1Lb3Rlay1UYWxrc19UYWRlYXMtS2FtaW5lay0xLTEuanBnIiwic2xpZGVzaG93IjoiNmI3MTYzYyJ9\">\n\t\t\t\t\t<div class=\"e-gallery-image elementor-gallery-item__image\" data-thumbnail=\"https:\/\/lfs.cz\/wp-content\/uploads\/2025\/07\/LFS25_FAMU-history-Petr-Kotek-Talks_Tadeas-Kaminek-1-1-300x200.jpg\" data-width=\"300\" data-height=\"200\" aria-label=\"\" role=\"img\" ><\/div>\n\t\t\t\t\t\t\t\t\t\t\t<div class=\"elementor-gallery-item__overlay\"><\/div>\n\t\t\t\t\t\t\t\t\t\t\t\t\t\t<\/a>\n\t\t\t\t\t\t\t<a class=\"e-gallery-item elementor-gallery-item elementor-animated-content\" data-e-gallery-tags=\"5\" href=\"https:\/\/lfs.cz\/wp-content\/uploads\/2025\/07\/MM_1641.jpg\" data-elementor-open-lightbox=\"yes\" data-elementor-lightbox-slideshow=\"6b7163c\" data-elementor-lightbox-title=\"LF\u0160 2025, Letn\u00ed filmov\u00e1 \u0161kola, Zuzana Kronerov\u00e1: Shirley Valentine, Slov\u00e1ck\u00e9 divadlo, foto Marek Mal\u016f\u0161ek\" data-e-action-hash=\"#elementor-action%3Aaction%3Dlightbox%26settings%3DeyJpZCI6MTMwMzgsInVybCI6Imh0dHBzOlwvXC9sZnMuY3pcL3dwLWNvbnRlbnRcL3VwbG9hZHNcLzIwMjVcLzA3XC9NTV8xNjQxLmpwZyIsInNsaWRlc2hvdyI6IjZiNzE2M2MifQ%3D%3D\">\n\t\t\t\t\t<div class=\"e-gallery-image elementor-gallery-item__image\" data-thumbnail=\"https:\/\/lfs.cz\/wp-content\/uploads\/2025\/07\/MM_1641-300x200.jpg\" data-width=\"300\" data-height=\"200\" aria-label=\"\" role=\"img\" ><\/div>\n\t\t\t\t\t\t\t\t\t\t\t<div class=\"elementor-gallery-item__overlay\"><\/div>\n\t\t\t\t\t\t\t\t\t\t\t\t\t\t<\/a>\n\t\t\t\t\t\t\t<a class=\"e-gallery-item elementor-gallery-item elementor-animated-content\" data-e-gallery-tags=\"3\" href=\"https:\/\/lfs.cz\/wp-content\/uploads\/2025\/07\/LFS25_ATMO_Tadeas-Kaminek-10.jpg\" data-elementor-open-lightbox=\"yes\" data-elementor-lightbox-slideshow=\"6b7163c\" data-elementor-lightbox-title=\"LF\u0160 2025, Letn\u00ed filmov\u00e1 \u0161kola, \u010cTK \/ Tade\u00e1\u0161 Kam\u00ednek\" data-e-action-hash=\"#elementor-action%3Aaction%3Dlightbox%26settings%3DeyJpZCI6MTI2MzMsInVybCI6Imh0dHBzOlwvXC9sZnMuY3pcL3dwLWNvbnRlbnRcL3VwbG9hZHNcLzIwMjVcLzA3XC9MRlMyNV9BVE1PX1RhZGVhcy1LYW1pbmVrLTEwLmpwZyIsInNsaWRlc2hvdyI6IjZiNzE2M2MifQ%3D%3D\">\n\t\t\t\t\t<div class=\"e-gallery-image elementor-gallery-item__image\" data-thumbnail=\"https:\/\/lfs.cz\/wp-content\/uploads\/2025\/07\/LFS25_ATMO_Tadeas-Kaminek-10-300x200.jpg\" data-width=\"300\" data-height=\"200\" aria-label=\"\" role=\"img\" ><\/div>\n\t\t\t\t\t\t\t\t\t\t\t<div class=\"elementor-gallery-item__overlay\"><\/div>\n\t\t\t\t\t\t\t\t\t\t\t\t\t\t<\/a>\n\t\t\t\t\t\t\t<a class=\"e-gallery-item elementor-gallery-item elementor-animated-content\" data-e-gallery-tags=\"5\" href=\"https:\/\/lfs.cz\/wp-content\/uploads\/2025\/07\/MM_1467.jpg\" data-elementor-open-lightbox=\"yes\" data-elementor-lightbox-slideshow=\"6b7163c\" data-elementor-lightbox-title=\"LF\u0160 2025, Letn\u00ed filmov\u00e1 \u0161kola, K\u0159est knihy Filmovka: 50 Letn\u00edch filmov\u00fdch \u0161kol, foto Marek Mal\u016f\u0161ek\" data-e-action-hash=\"#elementor-action%3Aaction%3Dlightbox%26settings%3DeyJpZCI6MTMwMzEsInVybCI6Imh0dHBzOlwvXC9sZnMuY3pcL3dwLWNvbnRlbnRcL3VwbG9hZHNcLzIwMjVcLzA3XC9NTV8xNDY3LmpwZyIsInNsaWRlc2hvdyI6IjZiNzE2M2MifQ%3D%3D\">\n\t\t\t\t\t<div class=\"e-gallery-image elementor-gallery-item__image\" data-thumbnail=\"https:\/\/lfs.cz\/wp-content\/uploads\/2025\/07\/MM_1467-300x200.jpg\" data-width=\"300\" data-height=\"200\" aria-label=\"\" role=\"img\" ><\/div>\n\t\t\t\t\t\t\t\t\t\t\t<div class=\"elementor-gallery-item__overlay\"><\/div>\n\t\t\t\t\t\t\t\t\t\t\t\t\t\t<\/a>\n\t\t\t\t\t\t\t<a class=\"e-gallery-item elementor-gallery-item elementor-animated-content\" data-e-gallery-tags=\"6\" href=\"https:\/\/lfs.cz\/wp-content\/uploads\/2025\/07\/LFS25_Delegace-k-filmu-Pod-parou_CTK-Dalibor-Gluck-1.jpg\" data-elementor-open-lightbox=\"yes\" data-elementor-lightbox-slideshow=\"6b7163c\" data-elementor-lightbox-title=\"Martin My\u0161i\u010dka, Vanessa Biermannov\u00e1, Denisa Biermannov\u00e1, Hana Vagnerov\u00e1, Al\u017ebeta Ferencov\u00e1, Ji\u0159\u00ed Havelka, Martin My\u0161i\u010dka, Petr \u010ctvrtn\u00ed\u010dek, Rudolf Biermann, Roman Olek\u0161ak, LF\u0160 2025, Letn\u00ed filmov\u00e1 \u0161kola, slavnostn\u00ed zakon\u010den\u00ed, projekce filmu Pod parou, \u010cTK \/ Gl\u00fcck Dalibor\" data-e-action-hash=\"#elementor-action%3Aaction%3Dlightbox%26settings%3DeyJpZCI6MTMxNTcsInVybCI6Imh0dHBzOlwvXC9sZnMuY3pcL3dwLWNvbnRlbnRcL3VwbG9hZHNcLzIwMjVcLzA3XC9MRlMyNV9EZWxlZ2FjZS1rLWZpbG11LVBvZC1wYXJvdV9DVEstRGFsaWJvci1HbHVjay0xLmpwZyIsInNsaWRlc2hvdyI6IjZiNzE2M2MifQ%3D%3D\">\n\t\t\t\t\t<div class=\"e-gallery-image elementor-gallery-item__image\" data-thumbnail=\"https:\/\/lfs.cz\/wp-content\/uploads\/2025\/07\/LFS25_Delegace-k-filmu-Pod-parou_CTK-Dalibor-Gluck-1-300x200.jpg\" data-width=\"300\" data-height=\"200\" aria-label=\"\" role=\"img\" ><\/div>\n\t\t\t\t\t\t\t\t\t\t\t<div class=\"elementor-gallery-item__overlay\"><\/div>\n\t\t\t\t\t\t\t\t\t\t\t\t\t\t<\/a>\n\t\t\t\t\t\t\t<a class=\"e-gallery-item elementor-gallery-item elementor-animated-content\" data-e-gallery-tags=\"4\" href=\"https:\/\/lfs.cz\/wp-content\/uploads\/2025\/07\/LFS25_ATMO_Tadeas-Kaminek-11.jpg\" data-elementor-open-lightbox=\"yes\" data-elementor-lightbox-slideshow=\"6b7163c\" data-elementor-lightbox-title=\"LF\u0160 2025, Letn\u00ed filmov\u00e1 \u0161kola, FAMU history: Petr Kotek (Talks), \u010cTK \/ Tade\u00e1\u0161 Kam\u00ednek\" data-e-action-hash=\"#elementor-action%3Aaction%3Dlightbox%26settings%3DeyJpZCI6MTI3NTIsInVybCI6Imh0dHBzOlwvXC9sZnMuY3pcL3dwLWNvbnRlbnRcL3VwbG9hZHNcLzIwMjVcLzA3XC9MRlMyNV9BVE1PX1RhZGVhcy1LYW1pbmVrLTExLmpwZyIsInNsaWRlc2hvdyI6IjZiNzE2M2MifQ%3D%3D\">\n\t\t\t\t\t<div class=\"e-gallery-image elementor-gallery-item__image\" data-thumbnail=\"https:\/\/lfs.cz\/wp-content\/uploads\/2025\/07\/LFS25_ATMO_Tadeas-Kaminek-11-300x200.jpg\" data-width=\"300\" data-height=\"200\" aria-label=\"\" role=\"img\" ><\/div>\n\t\t\t\t\t\t\t\t\t\t\t<div class=\"elementor-gallery-item__overlay\"><\/div>\n\t\t\t\t\t\t\t\t\t\t\t\t\t\t<\/a>\n\t\t\t\t\t\t\t<a class=\"e-gallery-item elementor-gallery-item elementor-animated-content\" data-e-gallery-tags=\"5\" href=\"https:\/\/lfs.cz\/wp-content\/uploads\/2025\/07\/LFS25_Lekce-filmu-podle-Zuzany-Kronerove_Stan-LFS_CTK-Radek-Petrasek-5.jpg\" data-elementor-open-lightbox=\"yes\" data-elementor-lightbox-slideshow=\"6b7163c\" data-elementor-lightbox-title=\"LF\u0160 2025, Letn\u00ed filmov\u00e1 \u0161kola, Zuzana Kronerov\u00e1, Ale\u0161 \u0158\u00edman, \u010cTK \/ Petr\u00e1\u0161ek Radek\" data-e-action-hash=\"#elementor-action%3Aaction%3Dlightbox%26settings%3DeyJpZCI6MTI5MTksInVybCI6Imh0dHBzOlwvXC9sZnMuY3pcL3dwLWNvbnRlbnRcL3VwbG9hZHNcLzIwMjVcLzA3XC9MRlMyNV9MZWtjZS1maWxtdS1wb2RsZS1adXphbnktS3JvbmVyb3ZlX1N0YW4tTEZTX0NUSy1SYWRlay1QZXRyYXNlay01LmpwZyIsInNsaWRlc2hvdyI6IjZiNzE2M2MifQ%3D%3D\">\n\t\t\t\t\t<div class=\"e-gallery-image elementor-gallery-item__image\" data-thumbnail=\"https:\/\/lfs.cz\/wp-content\/uploads\/2025\/07\/LFS25_Lekce-filmu-podle-Zuzany-Kronerove_Stan-LFS_CTK-Radek-Petrasek-5-300x200.jpg\" data-width=\"300\" data-height=\"200\" aria-label=\"\" role=\"img\" ><\/div>\n\t\t\t\t\t\t\t\t\t\t\t<div class=\"elementor-gallery-item__overlay\"><\/div>\n\t\t\t\t\t\t\t\t\t\t\t\t\t\t<\/a>\n\t\t\t\t\t\t\t<a class=\"e-gallery-item elementor-gallery-item elementor-animated-content\" data-e-gallery-tags=\"3\" href=\"https:\/\/lfs.cz\/wp-content\/uploads\/2025\/07\/LFS25_ATMO_Radek-Petrasek-2.jpg\" data-elementor-open-lightbox=\"yes\" data-elementor-lightbox-slideshow=\"6b7163c\" data-elementor-lightbox-title=\"LF\u0160 2025, Letn\u00ed filmov\u00e1 \u0161kola, \u010cTK \/ Petr\u00e1\u0161ek Radek\" data-e-action-hash=\"#elementor-action%3Aaction%3Dlightbox%26settings%3DeyJpZCI6MTI1MDIsInVybCI6Imh0dHBzOlwvXC9sZnMuY3pcL3dwLWNvbnRlbnRcL3VwbG9hZHNcLzIwMjVcLzA3XC9MRlMyNV9BVE1PX1JhZGVrLVBldHJhc2VrLTIuanBnIiwic2xpZGVzaG93IjoiNmI3MTYzYyJ9\">\n\t\t\t\t\t<div class=\"e-gallery-image elementor-gallery-item__image\" data-thumbnail=\"https:\/\/lfs.cz\/wp-content\/uploads\/2025\/07\/LFS25_ATMO_Radek-Petrasek-2-300x200.jpg\" data-width=\"300\" data-height=\"200\" aria-label=\"\" role=\"img\" ><\/div>\n\t\t\t\t\t\t\t\t\t\t\t<div class=\"elementor-gallery-item__overlay\"><\/div>\n\t\t\t\t\t\t\t\t\t\t\t\t\t\t<\/a>\n\t\t\t\t\t\t\t<a class=\"e-gallery-item elementor-gallery-item elementor-animated-content\" data-e-gallery-tags=\"4\" href=\"https:\/\/lfs.cz\/wp-content\/uploads\/2025\/07\/LFS25_Nahore-nebe-v-doline-ja_CTK-Ricard-Skoumal-7.jpg\" data-elementor-open-lightbox=\"yes\" data-elementor-lightbox-slideshow=\"6b7163c\" data-elementor-lightbox-title=\"Naho\u0159e nebe, v dolin\u011b j\u00e1, Katar\u00edna Gramatov\u00e1, Tom\u00e1\u0161 Kotas, Julie \u017d\u00e1\u010dkov\u00e1, Letn\u00ed filmov\u00e1 \u0161kola, LF\u0160 2025, \u010cTK \/ Skoumal Richard\" data-e-action-hash=\"#elementor-action%3Aaction%3Dlightbox%26settings%3DeyJpZCI6MTI5MzEsInVybCI6Imh0dHBzOlwvXC9sZnMuY3pcL3dwLWNvbnRlbnRcL3VwbG9hZHNcLzIwMjVcLzA3XC9MRlMyNV9OYWhvcmUtbmViZS12LWRvbGluZS1qYV9DVEstUmljYXJkLVNrb3VtYWwtNy5qcGciLCJzbGlkZXNob3ciOiI2YjcxNjNjIn0%3D\">\n\t\t\t\t\t<div class=\"e-gallery-image elementor-gallery-item__image\" data-thumbnail=\"https:\/\/lfs.cz\/wp-content\/uploads\/2025\/07\/LFS25_Nahore-nebe-v-doline-ja_CTK-Ricard-Skoumal-7-300x200.jpg\" data-width=\"300\" data-height=\"200\" aria-label=\"\" role=\"img\" ><\/div>\n\t\t\t\t\t\t\t\t\t\t\t<div class=\"elementor-gallery-item__overlay\"><\/div>\n\t\t\t\t\t\t\t\t\t\t\t\t\t\t<\/a>\n\t\t\t\t\t\t\t<a class=\"e-gallery-item elementor-gallery-item elementor-animated-content\" data-e-gallery-tags=\"3\" href=\"https:\/\/lfs.cz\/wp-content\/uploads\/2025\/07\/LFS25_Pasqualino-Sedmikraska_Tadeas-Kaminek-1.jpg\" data-elementor-open-lightbox=\"yes\" data-elementor-lightbox-slideshow=\"6b7163c\" data-elementor-lightbox-title=\"LF\u0160 2025, Letn\u00ed filmov\u00e1 \u0161kola, projekce filmu Pasqualino Sedmikr\u00e1ska, \u010cTK \/ Maty\u00e1\u0161 \u010cech\" data-e-action-hash=\"#elementor-action%3Aaction%3Dlightbox%26settings%3DeyJpZCI6MTI2NDMsInVybCI6Imh0dHBzOlwvXC9sZnMuY3pcL3dwLWNvbnRlbnRcL3VwbG9hZHNcLzIwMjVcLzA3XC9MRlMyNV9QYXNxdWFsaW5vLVNlZG1pa3Jhc2thX1RhZGVhcy1LYW1pbmVrLTEuanBnIiwic2xpZGVzaG93IjoiNmI3MTYzYyJ9\">\n\t\t\t\t\t<div class=\"e-gallery-image elementor-gallery-item__image\" data-thumbnail=\"https:\/\/lfs.cz\/wp-content\/uploads\/2025\/07\/LFS25_Pasqualino-Sedmikraska_Tadeas-Kaminek-1-300x200.jpg\" data-width=\"300\" data-height=\"200\" aria-label=\"\" role=\"img\" ><\/div>\n\t\t\t\t\t\t\t\t\t\t\t<div class=\"elementor-gallery-item__overlay\"><\/div>\n\t\t\t\t\t\t\t\t\t\t\t\t\t\t<\/a>\n\t\t\t\t\t\t\t<a class=\"e-gallery-item elementor-gallery-item elementor-animated-content\" data-e-gallery-tags=\"4\" href=\"https:\/\/lfs.cz\/wp-content\/uploads\/2025\/07\/LFS25_ATMO_Petr-Mlch-2-2.jpg\" data-elementor-open-lightbox=\"yes\" data-elementor-lightbox-slideshow=\"6b7163c\" data-elementor-lightbox-title=\"LF\u0160 2025, Letn\u00ed filmov\u00e1 \u0161kola, atmosf\u00e9ra, \u010cTK \/ Mlch Petr\" data-e-action-hash=\"#elementor-action%3Aaction%3Dlightbox%26settings%3DeyJpZCI6MTI3NDEsInVybCI6Imh0dHBzOlwvXC9sZnMuY3pcL3dwLWNvbnRlbnRcL3VwbG9hZHNcLzIwMjVcLzA3XC9MRlMyNV9BVE1PX1BldHItTWxjaC0yLTIuanBnIiwic2xpZGVzaG93IjoiNmI3MTYzYyJ9\">\n\t\t\t\t\t<div class=\"e-gallery-image elementor-gallery-item__image\" data-thumbnail=\"https:\/\/lfs.cz\/wp-content\/uploads\/2025\/07\/LFS25_ATMO_Petr-Mlch-2-2-300x200.jpg\" data-width=\"300\" data-height=\"200\" aria-label=\"\" role=\"img\" ><\/div>\n\t\t\t\t\t\t\t\t\t\t\t<div class=\"elementor-gallery-item__overlay\"><\/div>\n\t\t\t\t\t\t\t\t\t\t\t\t\t\t<\/a>\n\t\t\t\t\t\t\t<a class=\"e-gallery-item elementor-gallery-item elementor-animated-content\" data-e-gallery-tags=\"1\" href=\"https:\/\/lfs.cz\/wp-content\/uploads\/2025\/07\/LFS25_Konec-sveta_-Matyas-Cech-3.jpg\" data-elementor-open-lightbox=\"yes\" data-elementor-lightbox-slideshow=\"6b7163c\" data-elementor-lightbox-title=\"Letn\u00ed filmov\u00e1 \u0161kola, LF\u0160 2025, Zuzana Mau\u00e9ry, Jind\u0159ich Mot\u00fdl, Josef Slav\u00edk, Konec Sv\u011bta, \u010cTK \/ Maty\u00e1\u0161 \u010cech\" data-e-action-hash=\"#elementor-action%3Aaction%3Dlightbox%26settings%3DeyJpZCI6MTIyMzUsInVybCI6Imh0dHBzOlwvXC9sZnMuY3pcL3dwLWNvbnRlbnRcL3VwbG9hZHNcLzIwMjVcLzA3XC9MRlMyNV9Lb25lYy1zdmV0YV8tTWF0eWFzLUNlY2gtMy5qcGciLCJzbGlkZXNob3ciOiI2YjcxNjNjIn0%3D\">\n\t\t\t\t\t<div class=\"e-gallery-image elementor-gallery-item__image\" data-thumbnail=\"https:\/\/lfs.cz\/wp-content\/uploads\/2025\/07\/LFS25_Konec-sveta_-Matyas-Cech-3-300x200.jpg\" data-width=\"300\" data-height=\"200\" aria-label=\"\" role=\"img\" ><\/div>\n\t\t\t\t\t\t\t\t\t\t\t<div class=\"elementor-gallery-item__overlay\"><\/div>\n\t\t\t\t\t\t\t\t\t\t\t\t\t\t<\/a>\n\t\t\t\t\t\t\t<a class=\"e-gallery-item elementor-gallery-item elementor-animated-content\" data-e-gallery-tags=\"5\" href=\"https:\/\/lfs.cz\/wp-content\/uploads\/2025\/07\/LFS25_ATMO_CTK-Richard-Skoumal-3.jpg\" data-elementor-open-lightbox=\"yes\" data-elementor-lightbox-slideshow=\"6b7163c\" data-elementor-lightbox-title=\"Atmosf\u00e9ra, Letn\u00ed filmov\u00e1 \u0161kola, LF\u0160 2025, \u010cTK \/ Skoumal Richard\" data-e-action-hash=\"#elementor-action%3Aaction%3Dlightbox%26settings%3DeyJpZCI6MTI5OTIsInVybCI6Imh0dHBzOlwvXC9sZnMuY3pcL3dwLWNvbnRlbnRcL3VwbG9hZHNcLzIwMjVcLzA3XC9MRlMyNV9BVE1PX0NUSy1SaWNoYXJkLVNrb3VtYWwtMy5qcGciLCJzbGlkZXNob3ciOiI2YjcxNjNjIn0%3D\">\n\t\t\t\t\t<div class=\"e-gallery-image elementor-gallery-item__image\" data-thumbnail=\"https:\/\/lfs.cz\/wp-content\/uploads\/2025\/07\/LFS25_ATMO_CTK-Richard-Skoumal-3-300x200.jpg\" data-width=\"300\" data-height=\"200\" aria-label=\"\" role=\"img\" ><\/div>\n\t\t\t\t\t\t\t\t\t\t\t<div class=\"elementor-gallery-item__overlay\"><\/div>\n\t\t\t\t\t\t\t\t\t\t\t\t\t\t<\/a>\n\t\t\t\t\t\t\t<a class=\"e-gallery-item elementor-gallery-item elementor-animated-content\" data-e-gallery-tags=\"2\" href=\"https:\/\/lfs.cz\/wp-content\/uploads\/2025\/07\/LFS25_Virtualni-realita_Tadeas-Kaminek-1.jpg\" data-elementor-open-lightbox=\"yes\" data-elementor-lightbox-slideshow=\"6b7163c\" data-elementor-lightbox-title=\"LF\u0160 2025, Letn\u00ed filmov\u00e1 \u0161kola, doprovodn\u00fd program, virtu\u00e1ln\u00ed realita, \u010cTK \/ Tade\u00e1\u0161 Kam\u00ednek\" data-e-action-hash=\"#elementor-action%3Aaction%3Dlightbox%26settings%3DeyJpZCI6MTIzMTAsInVybCI6Imh0dHBzOlwvXC9sZnMuY3pcL3dwLWNvbnRlbnRcL3VwbG9hZHNcLzIwMjVcLzA3XC9MRlMyNV9WaXJ0dWFsbmktcmVhbGl0YV9UYWRlYXMtS2FtaW5lay0xLmpwZyIsInNsaWRlc2hvdyI6IjZiNzE2M2MifQ%3D%3D\">\n\t\t\t\t\t<div class=\"e-gallery-image elementor-gallery-item__image\" data-thumbnail=\"https:\/\/lfs.cz\/wp-content\/uploads\/2025\/07\/LFS25_Virtualni-realita_Tadeas-Kaminek-1-300x200.jpg\" data-width=\"300\" data-height=\"200\" aria-label=\"\" role=\"img\" ><\/div>\n\t\t\t\t\t\t\t\t\t\t\t<div class=\"elementor-gallery-item__overlay\"><\/div>\n\t\t\t\t\t\t\t\t\t\t\t\t\t\t<\/a>\n\t\t\t\t\t\t\t<a class=\"e-gallery-item elementor-gallery-item elementor-animated-content\" data-e-gallery-tags=\"4\" href=\"https:\/\/lfs.cz\/wp-content\/uploads\/2025\/07\/LFS25_-Slecna-Mendova-I_hudba-Ivan-Acher_Radek-Petrasek-10.jpg\" data-elementor-open-lightbox=\"yes\" data-elementor-lightbox-slideshow=\"6b7163c\" data-elementor-lightbox-title=\"LF\u0160 2025, Letn\u00ed filmov\u00e1 \u0161kola, hudebn\u00edk Ivan Acher, hudebn\u00ed dramaturg Viktor Pal\u00e1k, \u010cTK \/ Petr\u00e1\u0161ek Radek\" data-e-action-hash=\"#elementor-action%3Aaction%3Dlightbox%26settings%3DeyJpZCI6MTI3MzUsInVybCI6Imh0dHBzOlwvXC9sZnMuY3pcL3dwLWNvbnRlbnRcL3VwbG9hZHNcLzIwMjVcLzA3XC9MRlMyNV8tU2xlY25hLU1lbmRvdmEtSV9odWRiYS1JdmFuLUFjaGVyX1JhZGVrLVBldHJhc2VrLTEwLmpwZyIsInNsaWRlc2hvdyI6IjZiNzE2M2MifQ%3D%3D\">\n\t\t\t\t\t<div class=\"e-gallery-image elementor-gallery-item__image\" data-thumbnail=\"https:\/\/lfs.cz\/wp-content\/uploads\/2025\/07\/LFS25_-Slecna-Mendova-I_hudba-Ivan-Acher_Radek-Petrasek-10-300x200.jpg\" data-width=\"300\" data-height=\"200\" aria-label=\"\" role=\"img\" ><\/div>\n\t\t\t\t\t\t\t\t\t\t\t<div class=\"elementor-gallery-item__overlay\"><\/div>\n\t\t\t\t\t\t\t\t\t\t\t\t\t\t<\/a>\n\t\t\t\t\t\t\t<a class=\"e-gallery-item elementor-gallery-item elementor-animated-content\" data-e-gallery-tags=\"3\" href=\"https:\/\/lfs.cz\/wp-content\/uploads\/2025\/07\/LFS25_Spolecne-99-Vyrocni-cena-ACFK_Lukas-Moodysson_Radek-Petrasek-9.jpg\" data-elementor-open-lightbox=\"yes\" data-elementor-lightbox-slideshow=\"6b7163c\" data-elementor-lightbox-title=\"LF\u0160 2025, Letn\u00ed filmov\u00e1 \u0161kola, P\u0159ed\u00e1n\u00ed v\u00fdro\u010dn\u00ed ceny A\u010cFK Lukasu Moodyssonovi, \u010cTK \/ Petr\u00e1\u0161ek Radek\" data-e-action-hash=\"#elementor-action%3Aaction%3Dlightbox%26settings%3DeyJpZCI6MTI2MjIsInVybCI6Imh0dHBzOlwvXC9sZnMuY3pcL3dwLWNvbnRlbnRcL3VwbG9hZHNcLzIwMjVcLzA3XC9MRlMyNV9TcG9sZWNuZS05OS1WeXJvY25pLWNlbmEtQUNGS19MdWthcy1Nb29keXNzb25fUmFkZWstUGV0cmFzZWstOS5qcGciLCJzbGlkZXNob3ciOiI2YjcxNjNjIn0%3D\">\n\t\t\t\t\t<div class=\"e-gallery-image elementor-gallery-item__image\" data-thumbnail=\"https:\/\/lfs.cz\/wp-content\/uploads\/2025\/07\/LFS25_Spolecne-99-Vyrocni-cena-ACFK_Lukas-Moodysson_Radek-Petrasek-9-300x200.jpg\" data-width=\"300\" data-height=\"200\" aria-label=\"\" role=\"img\" ><\/div>\n\t\t\t\t\t\t\t\t\t\t\t<div class=\"elementor-gallery-item__overlay\"><\/div>\n\t\t\t\t\t\t\t\t\t\t\t\t\t\t<\/a>\n\t\t\t\t\t\t\t<a class=\"e-gallery-item elementor-gallery-item elementor-animated-content\" data-e-gallery-tags=\"3\" href=\"https:\/\/lfs.cz\/wp-content\/uploads\/2025\/07\/LFS25_DVA_Klub-Mir_Marek-Malusek-7.jpg\" data-elementor-open-lightbox=\"yes\" data-elementor-lightbox-slideshow=\"6b7163c\" data-elementor-lightbox-title=\"LF\u0160 2025, Letn\u00ed filmov\u00e1 \u0161kola, Duo DVA tvo\u0159en\u00e9 B\u00e1rou Ungerovou a Janem Kratochv\u00edlem, foto Marek Mal\u016f\u0161ek\" data-e-action-hash=\"#elementor-action%3Aaction%3Dlightbox%26settings%3DeyJpZCI6MTI2NzksInVybCI6Imh0dHBzOlwvXC9sZnMuY3pcL3dwLWNvbnRlbnRcL3VwbG9hZHNcLzIwMjVcLzA3XC9MRlMyNV9EVkFfS2x1Yi1NaXJfTWFyZWstTWFsdXNlay03LmpwZyIsInNsaWRlc2hvdyI6IjZiNzE2M2MifQ%3D%3D\">\n\t\t\t\t\t<div class=\"e-gallery-image elementor-gallery-item__image\" data-thumbnail=\"https:\/\/lfs.cz\/wp-content\/uploads\/2025\/07\/LFS25_DVA_Klub-Mir_Marek-Malusek-7-300x200.jpg\" data-width=\"300\" data-height=\"200\" aria-label=\"\" role=\"img\" ><\/div>\n\t\t\t\t\t\t\t\t\t\t\t<div class=\"elementor-gallery-item__overlay\"><\/div>\n\t\t\t\t\t\t\t\t\t\t\t\t\t\t<\/a>\n\t\t\t\t\t\t\t<a class=\"e-gallery-item elementor-gallery-item elementor-animated-content\" data-e-gallery-tags=\"6\" href=\"https:\/\/lfs.cz\/wp-content\/uploads\/2025\/07\/LFS25_Delegace-k-filmu-Pod-parou_Petr-Ctvrtnicek_CTK-Dalibor-Gluck-2.jpg\" data-elementor-open-lightbox=\"yes\" data-elementor-lightbox-slideshow=\"6b7163c\" data-elementor-lightbox-title=\"Al\u017ebeta Ferencov\u00e1, Hana Vagnerov\u00e1, Rudolf Biermann, Jaroslav Sedl\u00e1\u010dek, Petr \u010ctvrtn\u00ed\u010dek, LF\u0160 2025, Letn\u00ed filmov\u00e1 \u0161kola, slavnostn\u00ed zakon\u010den\u00ed, projekce filmu Pod parou, \u010cTK \/ Gl\u00fcck Dalibor\" data-e-action-hash=\"#elementor-action%3Aaction%3Dlightbox%26settings%3DeyJpZCI6MTMxNTksInVybCI6Imh0dHBzOlwvXC9sZnMuY3pcL3dwLWNvbnRlbnRcL3VwbG9hZHNcLzIwMjVcLzA3XC9MRlMyNV9EZWxlZ2FjZS1rLWZpbG11LVBvZC1wYXJvdV9QZXRyLUN0dnJ0bmljZWtfQ1RLLURhbGlib3ItR2x1Y2stMi5qcGciLCJzbGlkZXNob3ciOiI2YjcxNjNjIn0%3D\">\n\t\t\t\t\t<div class=\"e-gallery-image elementor-gallery-item__image\" data-thumbnail=\"https:\/\/lfs.cz\/wp-content\/uploads\/2025\/07\/LFS25_Delegace-k-filmu-Pod-parou_Petr-Ctvrtnicek_CTK-Dalibor-Gluck-2-300x200.jpg\" data-width=\"300\" data-height=\"200\" aria-label=\"\" role=\"img\" ><\/div>\n\t\t\t\t\t\t\t\t\t\t\t<div class=\"elementor-gallery-item__overlay\"><\/div>\n\t\t\t\t\t\t\t\t\t\t\t\t\t\t<\/a>\n\t\t\t\t\t\t\t<a class=\"e-gallery-item elementor-gallery-item elementor-animated-content\" data-e-gallery-tags=\"2\" href=\"https:\/\/lfs.cz\/wp-content\/uploads\/2025\/07\/LFS25_Svabi_lub-kultury-Velky-sal_Radek-Petrasek-5.jpg\" data-elementor-open-lightbox=\"yes\" data-elementor-lightbox-slideshow=\"6b7163c\" data-elementor-lightbox-title=\"LF\u0160 2025, Letn\u00ed filmov\u00e1 \u0161kola, Lubo\u0161 Ku\u010dera, \u010cTK \/ Petr\u00e1\u0161ek Radek\" data-e-action-hash=\"#elementor-action%3Aaction%3Dlightbox%26settings%3DeyJpZCI6MTIzNDMsInVybCI6Imh0dHBzOlwvXC9sZnMuY3pcL3dwLWNvbnRlbnRcL3VwbG9hZHNcLzIwMjVcLzA3XC9MRlMyNV9TdmFiaV9sdWIta3VsdHVyeS1WZWxreS1zYWxfUmFkZWstUGV0cmFzZWstNS5qcGciLCJzbGlkZXNob3ciOiI2YjcxNjNjIn0%3D\">\n\t\t\t\t\t<div class=\"e-gallery-image elementor-gallery-item__image\" data-thumbnail=\"https:\/\/lfs.cz\/wp-content\/uploads\/2025\/07\/LFS25_Svabi_lub-kultury-Velky-sal_Radek-Petrasek-5-200x300.jpg\" data-width=\"200\" data-height=\"300\" aria-label=\"\" role=\"img\" ><\/div>\n\t\t\t\t\t\t\t\t\t\t\t<div class=\"elementor-gallery-item__overlay\"><\/div>\n\t\t\t\t\t\t\t\t\t\t\t\t\t\t<\/a>\n\t\t\t\t\t\t\t<a class=\"e-gallery-item elementor-gallery-item elementor-animated-content\" data-e-gallery-tags=\"1\" href=\"https:\/\/lfs.cz\/wp-content\/uploads\/2025\/07\/LFS25_Predani-vyrocni-ceny_Eva-Vokata_Radek-Petrasek-3.jpg\" data-elementor-open-lightbox=\"yes\" data-elementor-lightbox-slideshow=\"6b7163c\" data-elementor-lightbox-title=\"LF\u0160 2025, Letn\u00ed filmov\u00e1 \u0161kola, \u010cTK \/ Petr\u00e1\u0161ek Radek\" data-e-action-hash=\"#elementor-action%3Aaction%3Dlightbox%26settings%3DeyJpZCI6MTIyNTYsInVybCI6Imh0dHBzOlwvXC9sZnMuY3pcL3dwLWNvbnRlbnRcL3VwbG9hZHNcLzIwMjVcLzA3XC9MRlMyNV9QcmVkYW5pLXZ5cm9jbmktY2VueV9FdmEtVm9rYXRhX1JhZGVrLVBldHJhc2VrLTMuanBnIiwic2xpZGVzaG93IjoiNmI3MTYzYyJ9\">\n\t\t\t\t\t<div class=\"e-gallery-image elementor-gallery-item__image\" data-thumbnail=\"https:\/\/lfs.cz\/wp-content\/uploads\/2025\/07\/LFS25_Predani-vyrocni-ceny_Eva-Vokata_Radek-Petrasek-3-200x300.jpg\" data-width=\"200\" data-height=\"300\" aria-label=\"\" role=\"img\" ><\/div>\n\t\t\t\t\t\t\t\t\t\t\t<div class=\"elementor-gallery-item__overlay\"><\/div>\n\t\t\t\t\t\t\t\t\t\t\t\t\t\t<\/a>\n\t\t\t\t\t\t\t<a class=\"e-gallery-item elementor-gallery-item elementor-animated-content\" data-e-gallery-tags=\"5\" href=\"https:\/\/lfs.cz\/wp-content\/uploads\/2025\/07\/LFS25_Detsky-workshop-Pretoc-Lumiery_Detsky-herni-stan_CTK-Matyas-Cech-1.jpg\" data-elementor-open-lightbox=\"yes\" data-elementor-lightbox-slideshow=\"6b7163c\" data-elementor-lightbox-title=\"Letn\u00ed filmov\u00e1 \u0161kola, LF\u0160 2025, D\u011btsk\u00fd workshop s n\u00e1zvem P\u0159eto\u010d Lumi\u00e9ry, \u010cTK \/ Maty\u00e1\u0161 \u010cech\" data-e-action-hash=\"#elementor-action%3Aaction%3Dlightbox%26settings%3DeyJpZCI6MTI5MjMsInVybCI6Imh0dHBzOlwvXC9sZnMuY3pcL3dwLWNvbnRlbnRcL3VwbG9hZHNcLzIwMjVcLzA3XC9MRlMyNV9EZXRza3ktd29ya3Nob3AtUHJldG9jLUx1bWllcnlfRGV0c2t5LWhlcm5pLXN0YW5fQ1RLLU1hdHlhcy1DZWNoLTEuanBnIiwic2xpZGVzaG93IjoiNmI3MTYzYyJ9\">\n\t\t\t\t\t<div class=\"e-gallery-image elementor-gallery-item__image\" data-thumbnail=\"https:\/\/lfs.cz\/wp-content\/uploads\/2025\/07\/LFS25_Detsky-workshop-Pretoc-Lumiery_Detsky-herni-stan_CTK-Matyas-Cech-1-300x200.jpg\" data-width=\"300\" data-height=\"200\" aria-label=\"\" role=\"img\" ><\/div>\n\t\t\t\t\t\t\t\t\t\t\t<div class=\"elementor-gallery-item__overlay\"><\/div>\n\t\t\t\t\t\t\t\t\t\t\t\t\t\t<\/a>\n\t\t\t\t\t\t\t<a class=\"e-gallery-item elementor-gallery-item elementor-animated-content\" data-e-gallery-tags=\"2\" href=\"https:\/\/lfs.cz\/wp-content\/uploads\/2025\/07\/LFS25_Simona-Babcakova_Slovacke-divadlo_Marek-Malusek-1.jpg\" data-elementor-open-lightbox=\"yes\" data-elementor-lightbox-slideshow=\"6b7163c\" data-elementor-lightbox-title=\"LF\u0160 2025, Letn\u00ed filmov\u00e1 \u0161kola, Simona Bab\u010d\u00e1kov\u00e1 a jej\u00ed improviza\u010dn\u00ed skupina NO A!, foto Marek Mal\u016f\u0161ek\" data-e-action-hash=\"#elementor-action%3Aaction%3Dlightbox%26settings%3DeyJpZCI6MTI1MzAsInVybCI6Imh0dHBzOlwvXC9sZnMuY3pcL3dwLWNvbnRlbnRcL3VwbG9hZHNcLzIwMjVcLzA3XC9MRlMyNV9TaW1vbmEtQmFiY2Frb3ZhX1Nsb3ZhY2tlLWRpdmFkbG9fTWFyZWstTWFsdXNlay0xLmpwZyIsInNsaWRlc2hvdyI6IjZiNzE2M2MifQ%3D%3D\">\n\t\t\t\t\t<div class=\"e-gallery-image elementor-gallery-item__image\" data-thumbnail=\"https:\/\/lfs.cz\/wp-content\/uploads\/2025\/07\/LFS25_Simona-Babcakova_Slovacke-divadlo_Marek-Malusek-1-300x200.jpg\" data-width=\"300\" data-height=\"200\" aria-label=\"\" role=\"img\" ><\/div>\n\t\t\t\t\t\t\t\t\t\t\t<div class=\"elementor-gallery-item__overlay\"><\/div>\n\t\t\t\t\t\t\t\t\t\t\t\t\t\t<\/a>\n\t\t\t\t\t\t\t<a class=\"e-gallery-item elementor-gallery-item elementor-animated-content\" data-e-gallery-tags=\"2\" href=\"https:\/\/lfs.cz\/wp-content\/uploads\/2025\/07\/LFS25_ATMO_Radek-Petrasek-1.jpg\" data-elementor-open-lightbox=\"yes\" data-elementor-lightbox-slideshow=\"6b7163c\" data-elementor-lightbox-title=\"LF\u0160 2025, Letn\u00ed filmov\u00e1 \u0161kola, \u010cTK \/ Petr\u00e1\u0161ek Radek\" data-e-action-hash=\"#elementor-action%3Aaction%3Dlightbox%26settings%3DeyJpZCI6MTIzOTEsInVybCI6Imh0dHBzOlwvXC9sZnMuY3pcL3dwLWNvbnRlbnRcL3VwbG9hZHNcLzIwMjVcLzA3XC9MRlMyNV9BVE1PX1JhZGVrLVBldHJhc2VrLTEuanBnIiwic2xpZGVzaG93IjoiNmI3MTYzYyJ9\">\n\t\t\t\t\t<div class=\"e-gallery-image elementor-gallery-item__image\" data-thumbnail=\"https:\/\/lfs.cz\/wp-content\/uploads\/2025\/07\/LFS25_ATMO_Radek-Petrasek-1-300x200.jpg\" data-width=\"300\" data-height=\"200\" aria-label=\"\" role=\"img\" ><\/div>\n\t\t\t\t\t\t\t\t\t\t\t<div class=\"elementor-gallery-item__overlay\"><\/div>\n\t\t\t\t\t\t\t\t\t\t\t\t\t\t<\/a>\n\t\t\t\t\t\t\t<a class=\"e-gallery-item elementor-gallery-item elementor-animated-content\" data-e-gallery-tags=\"6\" href=\"https:\/\/lfs.cz\/wp-content\/uploads\/2025\/07\/LFS25_ATMO_CTK-Tadeas-Kaminek-2.jpg\" data-elementor-open-lightbox=\"yes\" data-elementor-lightbox-slideshow=\"6b7163c\" data-elementor-lightbox-title=\"LF\u0160 2025, Letn\u00ed filmov\u00e1 \u0161kola, atmosf\u00e9ra, \u010cTK \/ Tade\u00e1\u0161 Kam\u00ednek\" data-e-action-hash=\"#elementor-action%3Aaction%3Dlightbox%26settings%3DeyJpZCI6MTMxMDUsInVybCI6Imh0dHBzOlwvXC9sZnMuY3pcL3dwLWNvbnRlbnRcL3VwbG9hZHNcLzIwMjVcLzA3XC9MRlMyNV9BVE1PX0NUSy1UYWRlYXMtS2FtaW5lay0yLmpwZyIsInNsaWRlc2hvdyI6IjZiNzE2M2MifQ%3D%3D\">\n\t\t\t\t\t<div class=\"e-gallery-image elementor-gallery-item__image\" data-thumbnail=\"https:\/\/lfs.cz\/wp-content\/uploads\/2025\/07\/LFS25_ATMO_CTK-Tadeas-Kaminek-2-300x200.jpg\" data-width=\"300\" data-height=\"200\" aria-label=\"\" role=\"img\" ><\/div>\n\t\t\t\t\t\t\t\t\t\t\t<div class=\"elementor-gallery-item__overlay\"><\/div>\n\t\t\t\t\t\t\t\t\t\t\t\t\t\t<\/a>\n\t\t\t\t\t\t\t<a class=\"e-gallery-item elementor-gallery-item elementor-animated-content\" data-e-gallery-tags=\"2\" href=\"https:\/\/lfs.cz\/wp-content\/uploads\/2025\/07\/LFS25_Cetkast_Miroslav-Hlauco_Petr-Mlch-1.jpg\" data-elementor-open-lightbox=\"yes\" data-elementor-lightbox-slideshow=\"6b7163c\" data-elementor-lightbox-title=\"LF\u0160 2025, Letn\u00ed filmov\u00e1 \u0161kola, film, \u010cetkast, podcast, \u010cTK, Miroslav Hlau\u010do, \u010cTK \/ Mlch Petr\" data-e-action-hash=\"#elementor-action%3Aaction%3Dlightbox%26settings%3DeyJpZCI6MTIzMzIsInVybCI6Imh0dHBzOlwvXC9sZnMuY3pcL3dwLWNvbnRlbnRcL3VwbG9hZHNcLzIwMjVcLzA3XC9MRlMyNV9DZXRrYXN0X01pcm9zbGF2LUhsYXVjb19QZXRyLU1sY2gtMS5qcGciLCJzbGlkZXNob3ciOiI2YjcxNjNjIn0%3D\">\n\t\t\t\t\t<div class=\"e-gallery-image elementor-gallery-item__image\" data-thumbnail=\"https:\/\/lfs.cz\/wp-content\/uploads\/2025\/07\/LFS25_Cetkast_Miroslav-Hlauco_Petr-Mlch-1-300x200.jpg\" data-width=\"300\" data-height=\"200\" aria-label=\"\" role=\"img\" ><\/div>\n\t\t\t\t\t\t\t\t\t\t\t<div class=\"elementor-gallery-item__overlay\"><\/div>\n\t\t\t\t\t\t\t\t\t\t\t\t\t\t<\/a>\n\t\t\t\t\t\t\t<a class=\"e-gallery-item elementor-gallery-item elementor-animated-content\" data-e-gallery-tags=\"6\" href=\"https:\/\/lfs.cz\/wp-content\/uploads\/2025\/07\/LFS25_Slavnostni-zakonceni-Pod-parou_CTK-Tadeas-Kaminek-3-1.jpg\" data-elementor-open-lightbox=\"yes\" data-elementor-lightbox-slideshow=\"6b7163c\" data-elementor-lightbox-title=\"LF\u0160 2025, Letn\u00ed filmov\u00e1 \u0161kola, slavnostn\u00ed zakon\u010den\u00ed, moder\u00e1tor Josef Kub\u00e1n\u00edk, \u010cTK \/ Tade\u00e1\u0161 Kam\u00ednek\" data-e-action-hash=\"#elementor-action%3Aaction%3Dlightbox%26settings%3DeyJpZCI6MTMxNzEsInVybCI6Imh0dHBzOlwvXC9sZnMuY3pcL3dwLWNvbnRlbnRcL3VwbG9hZHNcLzIwMjVcLzA3XC9MRlMyNV9TbGF2bm9zdG5pLXpha29uY2VuaS1Qb2QtcGFyb3VfQ1RLLVRhZGVhcy1LYW1pbmVrLTMtMS5qcGciLCJzbGlkZXNob3ciOiI2YjcxNjNjIn0%3D\">\n\t\t\t\t\t<div class=\"e-gallery-image elementor-gallery-item__image\" data-thumbnail=\"https:\/\/lfs.cz\/wp-content\/uploads\/2025\/07\/LFS25_Slavnostni-zakonceni-Pod-parou_CTK-Tadeas-Kaminek-3-1-300x200.jpg\" data-width=\"300\" data-height=\"200\" aria-label=\"\" role=\"img\" ><\/div>\n\t\t\t\t\t\t\t\t\t\t\t<div class=\"elementor-gallery-item__overlay\"><\/div>\n\t\t\t\t\t\t\t\t\t\t\t\t\t\t<\/a>\n\t\t\t\t\t\t\t<a class=\"e-gallery-item elementor-gallery-item elementor-animated-content\" data-e-gallery-tags=\"1\" href=\"https:\/\/lfs.cz\/wp-content\/uploads\/2025\/07\/LFS25_Vecer-Radia-1_Klub-Mir_Richard-Skoumal-2.jpg\" data-elementor-open-lightbox=\"yes\" data-elementor-lightbox-slideshow=\"6b7163c\" data-elementor-lightbox-title=\"Ve\u010der Radia 1, Letn\u00ed filmov\u00e1 \u0161kola, LF\u0160 2025, \u010cTK \/ Skoumal Richard\" data-e-action-hash=\"#elementor-action%3Aaction%3Dlightbox%26settings%3DeyJpZCI6MTIzMTgsInVybCI6Imh0dHBzOlwvXC9sZnMuY3pcL3dwLWNvbnRlbnRcL3VwbG9hZHNcLzIwMjVcLzA3XC9MRlMyNV9WZWNlci1SYWRpYS0xX0tsdWItTWlyX1JpY2hhcmQtU2tvdW1hbC0yLmpwZyIsInNsaWRlc2hvdyI6IjZiNzE2M2MifQ%3D%3D\">\n\t\t\t\t\t<div class=\"e-gallery-image elementor-gallery-item__image\" data-thumbnail=\"https:\/\/lfs.cz\/wp-content\/uploads\/2025\/07\/LFS25_Vecer-Radia-1_Klub-Mir_Richard-Skoumal-2-300x200.jpg\" data-width=\"300\" data-height=\"200\" aria-label=\"\" role=\"img\" ><\/div>\n\t\t\t\t\t\t\t\t\t\t\t<div class=\"elementor-gallery-item__overlay\"><\/div>\n\t\t\t\t\t\t\t\t\t\t\t\t\t\t<\/a>\n\t\t\t\t\t\t\t<a class=\"e-gallery-item elementor-gallery-item elementor-animated-content\" data-e-gallery-tags=\"3\" href=\"https:\/\/lfs.cz\/wp-content\/uploads\/2025\/07\/LFS25_Spioni_hudba-Jan-Tomas_Richard-Skoumal-10.jpg\" data-elementor-open-lightbox=\"yes\" data-elementor-lightbox-slideshow=\"6b7163c\" data-elementor-lightbox-title=\"Film \u0160pioni, Tom\u00e1\u0161 Vondra, Jan Tom\u00e1\u0161, Letn\u00ed filmov\u00e1 \u0161kola, LF\u0160 2025, \u010cTK \/ Skoumal Richard\" data-e-action-hash=\"#elementor-action%3Aaction%3Dlightbox%26settings%3DeyJpZCI6MTI1NjIsInVybCI6Imh0dHBzOlwvXC9sZnMuY3pcL3dwLWNvbnRlbnRcL3VwbG9hZHNcLzIwMjVcLzA3XC9MRlMyNV9TcGlvbmlfaHVkYmEtSmFuLVRvbWFzX1JpY2hhcmQtU2tvdW1hbC0xMC5qcGciLCJzbGlkZXNob3ciOiI2YjcxNjNjIn0%3D\">\n\t\t\t\t\t<div class=\"e-gallery-image elementor-gallery-item__image\" data-thumbnail=\"https:\/\/lfs.cz\/wp-content\/uploads\/2025\/07\/LFS25_Spioni_hudba-Jan-Tomas_Richard-Skoumal-10-300x200.jpg\" data-width=\"300\" data-height=\"200\" aria-label=\"\" role=\"img\" ><\/div>\n\t\t\t\t\t\t\t\t\t\t\t<div class=\"elementor-gallery-item__overlay\"><\/div>\n\t\t\t\t\t\t\t\t\t\t\t\t\t\t<\/a>\n\t\t\t\t\t\t\t<a class=\"e-gallery-item elementor-gallery-item elementor-animated-content\" data-e-gallery-tags=\"3\" href=\"https:\/\/lfs.cz\/wp-content\/uploads\/2025\/07\/LFS25_DVA_Klub-Mir_Marek-Malusek-10.jpg\" data-elementor-open-lightbox=\"yes\" data-elementor-lightbox-slideshow=\"6b7163c\" data-elementor-lightbox-title=\"LF\u0160 2025, Letn\u00ed filmov\u00e1 \u0161kola, Duo DVA tvo\u0159en\u00e9 B\u00e1rou Ungerovou a Janem Kratochv\u00edlem, foto Marek Mal\u016f\u0161ek\" data-e-action-hash=\"#elementor-action%3Aaction%3Dlightbox%26settings%3DeyJpZCI6MTI2ODEsInVybCI6Imh0dHBzOlwvXC9sZnMuY3pcL3dwLWNvbnRlbnRcL3VwbG9hZHNcLzIwMjVcLzA3XC9MRlMyNV9EVkFfS2x1Yi1NaXJfTWFyZWstTWFsdXNlay0xMC5qcGciLCJzbGlkZXNob3ciOiI2YjcxNjNjIn0%3D\">\n\t\t\t\t\t<div class=\"e-gallery-image elementor-gallery-item__image\" data-thumbnail=\"https:\/\/lfs.cz\/wp-content\/uploads\/2025\/07\/LFS25_DVA_Klub-Mir_Marek-Malusek-10-300x200.jpg\" data-width=\"300\" data-height=\"200\" aria-label=\"\" role=\"img\" ><\/div>\n\t\t\t\t\t\t\t\t\t\t\t<div class=\"elementor-gallery-item__overlay\"><\/div>\n\t\t\t\t\t\t\t\t\t\t\t\t\t\t<\/a>\n\t\t\t\t\t\t\t<a class=\"e-gallery-item elementor-gallery-item elementor-animated-content\" data-e-gallery-tags=\"4\" href=\"https:\/\/lfs.cz\/wp-content\/uploads\/2025\/07\/LFS25_ATMO_CTK-Tadeas-Kaminek-8.jpg\" data-elementor-open-lightbox=\"yes\" data-elementor-lightbox-slideshow=\"6b7163c\" data-elementor-lightbox-title=\"LF\u0160 2025, Letn\u00ed filmov\u00e1 \u0161kola, atmosf\u00e9ra, \u010cTK \/ Tade\u00e1\u0161 Kam\u00ednek\" data-e-action-hash=\"#elementor-action%3Aaction%3Dlightbox%26settings%3DeyJpZCI6MTI5MzcsInVybCI6Imh0dHBzOlwvXC9sZnMuY3pcL3dwLWNvbnRlbnRcL3VwbG9hZHNcLzIwMjVcLzA3XC9MRlMyNV9BVE1PX0NUSy1UYWRlYXMtS2FtaW5lay04LmpwZyIsInNsaWRlc2hvdyI6IjZiNzE2M2MifQ%3D%3D\">\n\t\t\t\t\t<div class=\"e-gallery-image elementor-gallery-item__image\" data-thumbnail=\"https:\/\/lfs.cz\/wp-content\/uploads\/2025\/07\/LFS25_ATMO_CTK-Tadeas-Kaminek-8-300x200.jpg\" data-width=\"300\" data-height=\"200\" aria-label=\"\" role=\"img\" ><\/div>\n\t\t\t\t\t\t\t\t\t\t\t<div class=\"elementor-gallery-item__overlay\"><\/div>\n\t\t\t\t\t\t\t\t\t\t\t\t\t\t<\/a>\n\t\t\t\t\t\t\t<a class=\"e-gallery-item elementor-gallery-item elementor-animated-content\" data-e-gallery-tags=\"1\" href=\"https:\/\/lfs.cz\/wp-content\/uploads\/2025\/07\/LFS25_Per-Juul-Carlsen_Radek-Petrasek-2.jpg\" data-elementor-open-lightbox=\"yes\" data-elementor-lightbox-slideshow=\"6b7163c\" data-elementor-lightbox-title=\"LF\u0160 2025, Letn\u00ed filmov\u00e1 \u0161kola, \u010cTK \/ Radek Petr\u00e1\u0161ek\" data-e-action-hash=\"#elementor-action%3Aaction%3Dlightbox%26settings%3DeyJpZCI6MTIxNjksInVybCI6Imh0dHBzOlwvXC9sZnMuY3pcL3dwLWNvbnRlbnRcL3VwbG9hZHNcLzIwMjVcLzA3XC9MRlMyNV9QZXItSnV1bC1DYXJsc2VuX1JhZGVrLVBldHJhc2VrLTIuanBnIiwic2xpZGVzaG93IjoiNmI3MTYzYyJ9\">\n\t\t\t\t\t<div class=\"e-gallery-image elementor-gallery-item__image\" data-thumbnail=\"https:\/\/lfs.cz\/wp-content\/uploads\/2025\/07\/LFS25_Per-Juul-Carlsen_Radek-Petrasek-2-300x200.jpg\" data-width=\"300\" data-height=\"200\" aria-label=\"\" role=\"img\" ><\/div>\n\t\t\t\t\t\t\t\t\t\t\t<div class=\"elementor-gallery-item__overlay\"><\/div>\n\t\t\t\t\t\t\t\t\t\t\t\t\t\t<\/a>\n\t\t\t\t\t\t\t<a class=\"e-gallery-item elementor-gallery-item elementor-animated-content\" data-e-gallery-tags=\"6\" href=\"https:\/\/lfs.cz\/wp-content\/uploads\/2025\/07\/LFS25_ATMO_CTK-Tadeas-Kaminek-1.jpg\" data-elementor-open-lightbox=\"yes\" data-elementor-lightbox-slideshow=\"6b7163c\" data-elementor-lightbox-title=\"LF\u0160 2025, Letn\u00ed filmov\u00e1 \u0161kola, Doprovodn\u00fd program: ARAS a Cinepur uv\u00e1d\u011bj\u00ed: To\u010d\u00ed dobr\u00e9 matky dobr\u00e9 filmy?, \u010cTK \/ Tade\u00e1\u0161 Kam\u00ednek\" data-e-action-hash=\"#elementor-action%3Aaction%3Dlightbox%26settings%3DeyJpZCI6MTMxMDQsInVybCI6Imh0dHBzOlwvXC9sZnMuY3pcL3dwLWNvbnRlbnRcL3VwbG9hZHNcLzIwMjVcLzA3XC9MRlMyNV9BVE1PX0NUSy1UYWRlYXMtS2FtaW5lay0xLmpwZyIsInNsaWRlc2hvdyI6IjZiNzE2M2MifQ%3D%3D\">\n\t\t\t\t\t<div class=\"e-gallery-image elementor-gallery-item__image\" data-thumbnail=\"https:\/\/lfs.cz\/wp-content\/uploads\/2025\/07\/LFS25_ATMO_CTK-Tadeas-Kaminek-1-300x200.jpg\" data-width=\"300\" data-height=\"200\" aria-label=\"\" role=\"img\" ><\/div>\n\t\t\t\t\t\t\t\t\t\t\t<div class=\"elementor-gallery-item__overlay\"><\/div>\n\t\t\t\t\t\t\t\t\t\t\t\t\t\t<\/a>\n\t\t\t\t\t\t\t<a class=\"e-gallery-item elementor-gallery-item elementor-animated-content\" data-e-gallery-tags=\"5\" href=\"https:\/\/lfs.cz\/wp-content\/uploads\/2025\/07\/MM_1648.jpg\" data-elementor-open-lightbox=\"yes\" data-elementor-lightbox-slideshow=\"6b7163c\" data-elementor-lightbox-title=\"LF\u0160 2025, Letn\u00ed filmov\u00e1 \u0161kola, Zuzana Kronerov\u00e1: Shirley Valentine, Slov\u00e1ck\u00e9 divadlo, foto Marek Mal\u016f\u0161ek\" data-e-action-hash=\"#elementor-action%3Aaction%3Dlightbox%26settings%3DeyJpZCI6MTMwMzQsInVybCI6Imh0dHBzOlwvXC9sZnMuY3pcL3dwLWNvbnRlbnRcL3VwbG9hZHNcLzIwMjVcLzA3XC9NTV8xNjQ4LmpwZyIsInNsaWRlc2hvdyI6IjZiNzE2M2MifQ%3D%3D\">\n\t\t\t\t\t<div class=\"e-gallery-image elementor-gallery-item__image\" data-thumbnail=\"https:\/\/lfs.cz\/wp-content\/uploads\/2025\/07\/MM_1648-300x200.jpg\" data-width=\"300\" data-height=\"200\" aria-label=\"\" role=\"img\" ><\/div>\n\t\t\t\t\t\t\t\t\t\t\t<div class=\"elementor-gallery-item__overlay\"><\/div>\n\t\t\t\t\t\t\t\t\t\t\t\t\t\t<\/a>\n\t\t\t\t\t\t\t<a class=\"e-gallery-item elementor-gallery-item elementor-animated-content\" data-e-gallery-tags=\"6\" href=\"https:\/\/lfs.cz\/wp-content\/uploads\/2025\/07\/LFS25_Radio-Wave_Slejvak_CTK-Tadeas-Kaminek-1.jpg\" data-elementor-open-lightbox=\"yes\" data-elementor-lightbox-slideshow=\"6b7163c\" data-elementor-lightbox-title=\"LF\u0160 2025, Letn\u00ed filmov\u00e1 \u0161kola, Radio Wave: Slejv\u00e1k, Vilma Svobodov\u00e1, David Olchava, M\u00edra Harant, \u010cTK \/ Tade\u00e1\u0161 Kam\u00ednek\" data-e-action-hash=\"#elementor-action%3Aaction%3Dlightbox%26settings%3DeyJpZCI6MTMwOTgsInVybCI6Imh0dHBzOlwvXC9sZnMuY3pcL3dwLWNvbnRlbnRcL3VwbG9hZHNcLzIwMjVcLzA3XC9MRlMyNV9SYWRpby1XYXZlX1NsZWp2YWtfQ1RLLVRhZGVhcy1LYW1pbmVrLTEuanBnIiwic2xpZGVzaG93IjoiNmI3MTYzYyJ9\">\n\t\t\t\t\t<div class=\"e-gallery-image elementor-gallery-item__image\" data-thumbnail=\"https:\/\/lfs.cz\/wp-content\/uploads\/2025\/07\/LFS25_Radio-Wave_Slejvak_CTK-Tadeas-Kaminek-1-300x200.jpg\" data-width=\"300\" data-height=\"200\" aria-label=\"\" role=\"img\" ><\/div>\n\t\t\t\t\t\t\t\t\t\t\t<div class=\"elementor-gallery-item__overlay\"><\/div>\n\t\t\t\t\t\t\t\t\t\t\t\t\t\t<\/a>\n\t\t\t\t\t\t\t<a class=\"e-gallery-item elementor-gallery-item elementor-animated-content\" data-e-gallery-tags=\"6\" href=\"https:\/\/lfs.cz\/wp-content\/uploads\/2025\/07\/LFS25_ATMO_Marek-Malusek-1.jpg\" data-elementor-open-lightbox=\"yes\" data-elementor-lightbox-slideshow=\"6b7163c\" data-elementor-lightbox-title=\"LF\u0160 2025, Letn\u00ed filmov\u00e1 \u0161kola, atmosf\u00e9ra, foto Marek Mal\u016f\u0161ek\" data-e-action-hash=\"#elementor-action%3Aaction%3Dlightbox%26settings%3DeyJpZCI6MTMxNTEsInVybCI6Imh0dHBzOlwvXC9sZnMuY3pcL3dwLWNvbnRlbnRcL3VwbG9hZHNcLzIwMjVcLzA3XC9MRlMyNV9BVE1PX01hcmVrLU1hbHVzZWstMS5qcGciLCJzbGlkZXNob3ciOiI2YjcxNjNjIn0%3D\">\n\t\t\t\t\t<div class=\"e-gallery-image elementor-gallery-item__image\" data-thumbnail=\"https:\/\/lfs.cz\/wp-content\/uploads\/2025\/07\/LFS25_ATMO_Marek-Malusek-1-300x200.jpg\" data-width=\"300\" data-height=\"200\" aria-label=\"\" role=\"img\" ><\/div>\n\t\t\t\t\t\t\t\t\t\t\t<div class=\"elementor-gallery-item__overlay\"><\/div>\n\t\t\t\t\t\t\t\t\t\t\t\t\t\t<\/a>\n\t\t\t\t\t\t\t<a class=\"e-gallery-item elementor-gallery-item elementor-animated-content\" data-e-gallery-tags=\"3\" href=\"https:\/\/lfs.cz\/wp-content\/uploads\/2025\/07\/LFS25_CreWcollection_Moving-Orchestra_Tadeas-Kaminek-6.jpg\" data-elementor-open-lightbox=\"yes\" data-elementor-lightbox-slideshow=\"6b7163c\" data-elementor-lightbox-title=\"LF\u0160 2025, Letn\u00ed filmov\u00e1 \u0161kola, doprovodn\u00fd program: CreWcollective: Moving Orchestra, \u010cTK \/ Tade\u00e1\u0161 Kam\u00ednek\" data-e-action-hash=\"#elementor-action%3Aaction%3Dlightbox%26settings%3DeyJpZCI6MTI2MjYsInVybCI6Imh0dHBzOlwvXC9sZnMuY3pcL3dwLWNvbnRlbnRcL3VwbG9hZHNcLzIwMjVcLzA3XC9MRlMyNV9DcmVXY29sbGVjdGlvbl9Nb3ZpbmctT3JjaGVzdHJhX1RhZGVhcy1LYW1pbmVrLTYuanBnIiwic2xpZGVzaG93IjoiNmI3MTYzYyJ9\">\n\t\t\t\t\t<div class=\"e-gallery-image elementor-gallery-item__image\" data-thumbnail=\"https:\/\/lfs.cz\/wp-content\/uploads\/2025\/07\/LFS25_CreWcollection_Moving-Orchestra_Tadeas-Kaminek-6-300x200.jpg\" data-width=\"300\" data-height=\"200\" aria-label=\"\" role=\"img\" ><\/div>\n\t\t\t\t\t\t\t\t\t\t\t<div class=\"elementor-gallery-item__overlay\"><\/div>\n\t\t\t\t\t\t\t\t\t\t\t\t\t\t<\/a>\n\t\t\t\t\t\t\t<a class=\"e-gallery-item elementor-gallery-item elementor-animated-content\" data-e-gallery-tags=\"6\" href=\"https:\/\/lfs.cz\/wp-content\/uploads\/2025\/07\/LFS25_ATMO_Marek-Malusek-18.jpg\" data-elementor-open-lightbox=\"yes\" data-elementor-lightbox-slideshow=\"6b7163c\" data-elementor-lightbox-title=\"LF\u0160 2025, Letn\u00ed filmov\u00e1 \u0161kola, atmosf\u00e9ra, foto Marek Mal\u016f\u0161ek\" data-e-action-hash=\"#elementor-action%3Aaction%3Dlightbox%26settings%3DeyJpZCI6MTMxNTUsInVybCI6Imh0dHBzOlwvXC9sZnMuY3pcL3dwLWNvbnRlbnRcL3VwbG9hZHNcLzIwMjVcLzA3XC9MRlMyNV9BVE1PX01hcmVrLU1hbHVzZWstMTguanBnIiwic2xpZGVzaG93IjoiNmI3MTYzYyJ9\">\n\t\t\t\t\t<div class=\"e-gallery-image elementor-gallery-item__image\" data-thumbnail=\"https:\/\/lfs.cz\/wp-content\/uploads\/2025\/07\/LFS25_ATMO_Marek-Malusek-18-300x200.jpg\" data-width=\"300\" data-height=\"200\" aria-label=\"\" role=\"img\" ><\/div>\n\t\t\t\t\t\t\t\t\t\t\t<div class=\"elementor-gallery-item__overlay\"><\/div>\n\t\t\t\t\t\t\t\t\t\t\t\t\t\t<\/a>\n\t\t\t\t\t\t\t<a class=\"e-gallery-item elementor-gallery-item elementor-animated-content\" data-e-gallery-tags=\"3\" href=\"https:\/\/lfs.cz\/wp-content\/uploads\/2025\/07\/LFS25_ATMO_Richard-Skoumal-1.jpg\" data-elementor-open-lightbox=\"yes\" data-elementor-lightbox-slideshow=\"6b7163c\" data-elementor-lightbox-title=\"Atmosf\u00e9ra, Letn\u00ed filmov\u00e1 \u0161kola, LF\u0160 2025, \u010cTK \/ Skoumal Richard\" data-e-action-hash=\"#elementor-action%3Aaction%3Dlightbox%26settings%3DeyJpZCI6MTI1MDYsInVybCI6Imh0dHBzOlwvXC9sZnMuY3pcL3dwLWNvbnRlbnRcL3VwbG9hZHNcLzIwMjVcLzA3XC9MRlMyNV9BVE1PX1JpY2hhcmQtU2tvdW1hbC0xLmpwZyIsInNsaWRlc2hvdyI6IjZiNzE2M2MifQ%3D%3D\">\n\t\t\t\t\t<div class=\"e-gallery-image elementor-gallery-item__image\" data-thumbnail=\"https:\/\/lfs.cz\/wp-content\/uploads\/2025\/07\/LFS25_ATMO_Richard-Skoumal-1-300x200.jpg\" data-width=\"300\" data-height=\"200\" aria-label=\"\" role=\"img\" ><\/div>\n\t\t\t\t\t\t\t\t\t\t\t<div class=\"elementor-gallery-item__overlay\"><\/div>\n\t\t\t\t\t\t\t\t\t\t\t\t\t\t<\/a>\n\t\t\t\t\t\t\t<a class=\"e-gallery-item elementor-gallery-item elementor-animated-content\" data-e-gallery-tags=\"1\" href=\"https:\/\/lfs.cz\/wp-content\/uploads\/2025\/07\/LFS25_Vyrocni-cena_Radek-Petrasek-3.jpg\" data-elementor-open-lightbox=\"yes\" data-elementor-lightbox-slideshow=\"6b7163c\" data-elementor-lightbox-title=\"LF\u0160 2025, Letn\u00ed filmov\u00e1 \u0161kola, \u010cTK \/ Petr\u00e1\u0161ek Radek\" data-e-action-hash=\"#elementor-action%3Aaction%3Dlightbox%26settings%3DeyJpZCI6MTIyNDUsInVybCI6Imh0dHBzOlwvXC9sZnMuY3pcL3dwLWNvbnRlbnRcL3VwbG9hZHNcLzIwMjVcLzA3XC9MRlMyNV9WeXJvY25pLWNlbmFfUmFkZWstUGV0cmFzZWstMy5qcGciLCJzbGlkZXNob3ciOiI2YjcxNjNjIn0%3D\">\n\t\t\t\t\t<div class=\"e-gallery-image elementor-gallery-item__image\" data-thumbnail=\"https:\/\/lfs.cz\/wp-content\/uploads\/2025\/07\/LFS25_Vyrocni-cena_Radek-Petrasek-3-300x200.jpg\" data-width=\"300\" data-height=\"200\" aria-label=\"\" role=\"img\" ><\/div>\n\t\t\t\t\t\t\t\t\t\t\t<div class=\"elementor-gallery-item__overlay\"><\/div>\n\t\t\t\t\t\t\t\t\t\t\t\t\t\t<\/a>\n\t\t\t\t\t\t\t<a class=\"e-gallery-item elementor-gallery-item elementor-animated-content\" data-e-gallery-tags=\"6\" href=\"https:\/\/lfs.cz\/wp-content\/uploads\/2025\/07\/LFS25_ARAS-a-Cinepur_Toci-dobre-matky-dobre-filmy_Marta-Novakova_CTK-Tadeas-Kaminek-5.jpg\" data-elementor-open-lightbox=\"yes\" data-elementor-lightbox-slideshow=\"6b7163c\" data-elementor-lightbox-title=\"LF\u0160 2025, Letn\u00ed filmov\u00e1 \u0161kola, Doprovodn\u00fd program: ARAS a Cinepur uv\u00e1d\u011bj\u00ed: To\u010d\u00ed dobr\u00e9 matky dobr\u00e9 filmy? Marta Nov\u00e1kov\u00e1, \u010cTK \/ Tade\u00e1\u0161 Kam\u00ednek\" data-e-action-hash=\"#elementor-action%3Aaction%3Dlightbox%26settings%3DeyJpZCI6MTMxMTAsInVybCI6Imh0dHBzOlwvXC9sZnMuY3pcL3dwLWNvbnRlbnRcL3VwbG9hZHNcLzIwMjVcLzA3XC9MRlMyNV9BUkFTLWEtQ2luZXB1cl9Ub2NpLWRvYnJlLW1hdGt5LWRvYnJlLWZpbG15X01hcnRhLU5vdmFrb3ZhX0NUSy1UYWRlYXMtS2FtaW5lay01LmpwZyIsInNsaWRlc2hvdyI6IjZiNzE2M2MifQ%3D%3D\">\n\t\t\t\t\t<div class=\"e-gallery-image elementor-gallery-item__image\" data-thumbnail=\"https:\/\/lfs.cz\/wp-content\/uploads\/2025\/07\/LFS25_ARAS-a-Cinepur_Toci-dobre-matky-dobre-filmy_Marta-Novakova_CTK-Tadeas-Kaminek-5-300x200.jpg\" data-width=\"300\" data-height=\"200\" aria-label=\"\" role=\"img\" ><\/div>\n\t\t\t\t\t\t\t\t\t\t\t<div class=\"elementor-gallery-item__overlay\"><\/div>\n\t\t\t\t\t\t\t\t\t\t\t\t\t\t<\/a>\n\t\t\t\t\t\t\t<a class=\"e-gallery-item elementor-gallery-item elementor-animated-content\" data-e-gallery-tags=\"6\" href=\"https:\/\/lfs.cz\/wp-content\/uploads\/2025\/07\/LFS25_Tiskova-konference-se-Zuzanou-Kronerovou_Marek-Malusek-1.jpg\" data-elementor-open-lightbox=\"yes\" data-elementor-lightbox-slideshow=\"6b7163c\" data-elementor-lightbox-title=\"LF\u0160 2025, Letn\u00ed filmov\u00e1 \u0161kola, Tiskov\u00e1 konference se Zuzanou Kronerovou, foto Marek Mal\u016f\u0161ek\" data-e-action-hash=\"#elementor-action%3Aaction%3Dlightbox%26settings%3DeyJpZCI6MTMxNjksInVybCI6Imh0dHBzOlwvXC9sZnMuY3pcL3dwLWNvbnRlbnRcL3VwbG9hZHNcLzIwMjVcLzA3XC9MRlMyNV9UaXNrb3ZhLWtvbmZlcmVuY2Utc2UtWnV6YW5vdS1Lcm9uZXJvdm91X01hcmVrLU1hbHVzZWstMS5qcGciLCJzbGlkZXNob3ciOiI2YjcxNjNjIn0%3D\">\n\t\t\t\t\t<div class=\"e-gallery-image elementor-gallery-item__image\" data-thumbnail=\"https:\/\/lfs.cz\/wp-content\/uploads\/2025\/07\/LFS25_Tiskova-konference-se-Zuzanou-Kronerovou_Marek-Malusek-1-300x200.jpg\" data-width=\"300\" data-height=\"200\" aria-label=\"\" role=\"img\" ><\/div>\n\t\t\t\t\t\t\t\t\t\t\t<div class=\"elementor-gallery-item__overlay\"><\/div>\n\t\t\t\t\t\t\t\t\t\t\t\t\t\t<\/a>\n\t\t\t\t\t\t\t<a class=\"e-gallery-item elementor-gallery-item elementor-animated-content\" data-e-gallery-tags=\"1\" href=\"https:\/\/lfs.cz\/wp-content\/uploads\/2025\/07\/LFS25_ATMO_Jan-Beranek-2.jpg\" data-elementor-open-lightbox=\"yes\" data-elementor-lightbox-slideshow=\"6b7163c\" data-elementor-lightbox-title=\"LF\u0160 2025, Letn\u00ed filmov\u00e1 \u0161kola, Atmosf\u00e9ra, \u010cTK \/ Jan Ber\u00e1nek\" data-e-action-hash=\"#elementor-action%3Aaction%3Dlightbox%26settings%3DeyJpZCI6MTIyMjYsInVybCI6Imh0dHBzOlwvXC9sZnMuY3pcL3dwLWNvbnRlbnRcL3VwbG9hZHNcLzIwMjVcLzA3XC9MRlMyNV9BVE1PX0phbi1CZXJhbmVrLTIuanBnIiwic2xpZGVzaG93IjoiNmI3MTYzYyJ9\">\n\t\t\t\t\t<div class=\"e-gallery-image elementor-gallery-item__image\" data-thumbnail=\"https:\/\/lfs.cz\/wp-content\/uploads\/2025\/07\/LFS25_ATMO_Jan-Beranek-2-300x200.jpg\" data-width=\"300\" data-height=\"200\" aria-label=\"\" role=\"img\" ><\/div>\n\t\t\t\t\t\t\t\t\t\t\t<div class=\"elementor-gallery-item__overlay\"><\/div>\n\t\t\t\t\t\t\t\t\t\t\t\t\t\t<\/a>\n\t\t\t\t\t\t\t<a class=\"e-gallery-item elementor-gallery-item elementor-animated-content\" data-e-gallery-tags=\"4\" href=\"https:\/\/lfs.cz\/wp-content\/uploads\/2025\/07\/LFS25_ATMO_Petr-Mlch-5-2.jpg\" data-elementor-open-lightbox=\"yes\" data-elementor-lightbox-slideshow=\"6b7163c\" data-elementor-lightbox-title=\"LF\u0160 2025, Letn\u00ed filmov\u00e1 \u0161kola, ve\u010dern\u00ed atmosf\u00e9ra, \u010cTK \/ Mlch Petr\" data-e-action-hash=\"#elementor-action%3Aaction%3Dlightbox%26settings%3DeyJpZCI6MTI4MjcsInVybCI6Imh0dHBzOlwvXC9sZnMuY3pcL3dwLWNvbnRlbnRcL3VwbG9hZHNcLzIwMjVcLzA3XC9MRlMyNV9BVE1PX1BldHItTWxjaC01LTIuanBnIiwic2xpZGVzaG93IjoiNmI3MTYzYyJ9\">\n\t\t\t\t\t<div class=\"e-gallery-image elementor-gallery-item__image\" data-thumbnail=\"https:\/\/lfs.cz\/wp-content\/uploads\/2025\/07\/LFS25_ATMO_Petr-Mlch-5-2-300x200.jpg\" data-width=\"300\" data-height=\"200\" aria-label=\"\" role=\"img\" ><\/div>\n\t\t\t\t\t\t\t\t\t\t\t<div class=\"elementor-gallery-item__overlay\"><\/div>\n\t\t\t\t\t\t\t\t\t\t\t\t\t\t<\/a>\n\t\t\t\t\t\t\t<a class=\"e-gallery-item elementor-gallery-item elementor-animated-content\" data-e-gallery-tags=\"4\" href=\"https:\/\/lfs.cz\/wp-content\/uploads\/2025\/07\/LFS25_ATMO_Richard-Skoumal-1-1.jpg\" data-elementor-open-lightbox=\"yes\" data-elementor-lightbox-slideshow=\"6b7163c\" data-elementor-lightbox-title=\"Atmosf\u00e9ra, Letn\u00ed filmov\u00e1 \u0161kola, LF\u0160 2025, \u010cTK \/ Skoumal Richard\" data-e-action-hash=\"#elementor-action%3Aaction%3Dlightbox%26settings%3DeyJpZCI6MTI4MjksInVybCI6Imh0dHBzOlwvXC9sZnMuY3pcL3dwLWNvbnRlbnRcL3VwbG9hZHNcLzIwMjVcLzA3XC9MRlMyNV9BVE1PX1JpY2hhcmQtU2tvdW1hbC0xLTEuanBnIiwic2xpZGVzaG93IjoiNmI3MTYzYyJ9\">\n\t\t\t\t\t<div class=\"e-gallery-image elementor-gallery-item__image\" data-thumbnail=\"https:\/\/lfs.cz\/wp-content\/uploads\/2025\/07\/LFS25_ATMO_Richard-Skoumal-1-1-300x200.jpg\" data-width=\"300\" data-height=\"200\" aria-label=\"\" role=\"img\" ><\/div>\n\t\t\t\t\t\t\t\t\t\t\t<div class=\"elementor-gallery-item__overlay\"><\/div>\n\t\t\t\t\t\t\t\t\t\t\t\t\t\t<\/a>\n\t\t\t\t\t\t\t<a class=\"e-gallery-item elementor-gallery-item elementor-animated-content\" data-e-gallery-tags=\"4\" href=\"https:\/\/lfs.cz\/wp-content\/uploads\/2025\/07\/LFS25_Hot-TV_Co-dnes-znamena-televize_Tadeas-Kaminek-5.jpg\" data-elementor-open-lightbox=\"yes\" data-elementor-lightbox-slideshow=\"6b7163c\" data-elementor-lightbox-title=\"LF\u0160 2025, Letn\u00ed filmov\u00e1 \u0161kola, odborn\u00fd program: Hot TV: Co dnes znamen\u00e1 televize?, \u010cTK \/ Tade\u00e1\u0161 Kam\u00ednek\" data-e-action-hash=\"#elementor-action%3Aaction%3Dlightbox%26settings%3DeyJpZCI6MTI3OTAsInVybCI6Imh0dHBzOlwvXC9sZnMuY3pcL3dwLWNvbnRlbnRcL3VwbG9hZHNcLzIwMjVcLzA3XC9MRlMyNV9Ib3QtVFZfQ28tZG5lcy16bmFtZW5hLXRlbGV2aXplX1RhZGVhcy1LYW1pbmVrLTUuanBnIiwic2xpZGVzaG93IjoiNmI3MTYzYyJ9\">\n\t\t\t\t\t<div class=\"e-gallery-image elementor-gallery-item__image\" data-thumbnail=\"https:\/\/lfs.cz\/wp-content\/uploads\/2025\/07\/LFS25_Hot-TV_Co-dnes-znamena-televize_Tadeas-Kaminek-5-300x200.jpg\" data-width=\"300\" data-height=\"200\" aria-label=\"\" role=\"img\" ><\/div>\n\t\t\t\t\t\t\t\t\t\t\t<div class=\"elementor-gallery-item__overlay\"><\/div>\n\t\t\t\t\t\t\t\t\t\t\t\t\t\t<\/a>\n\t\t\t\t\t\t\t<a class=\"e-gallery-item elementor-gallery-item elementor-animated-content\" data-e-gallery-tags=\"3\" href=\"https:\/\/lfs.cz\/wp-content\/uploads\/2025\/07\/LFS25_Vernisaz-Spolu-v-miste-ktere-rozdelovalo_Marek-Malusek-6.jpg\" data-elementor-open-lightbox=\"yes\" data-elementor-lightbox-slideshow=\"6b7163c\" data-elementor-lightbox-title=\"LF\u0160 2025, Letn\u00ed filmov\u00e1 \u0161kola, Vernis\u00e1\u017e Spolu v m\u00edst\u011b, kter\u00e9 rozd\u011blovalo, foto Marek Mal\u016f\u0161ek\" data-e-action-hash=\"#elementor-action%3Aaction%3Dlightbox%26settings%3DeyJpZCI6MTI2OTEsInVybCI6Imh0dHBzOlwvXC9sZnMuY3pcL3dwLWNvbnRlbnRcL3VwbG9hZHNcLzIwMjVcLzA3XC9MRlMyNV9WZXJuaXNhei1TcG9sdS12LW1pc3RlLWt0ZXJlLXJvemRlbG92YWxvX01hcmVrLU1hbHVzZWstNi5qcGciLCJzbGlkZXNob3ciOiI2YjcxNjNjIn0%3D\">\n\t\t\t\t\t<div class=\"e-gallery-image elementor-gallery-item__image\" data-thumbnail=\"https:\/\/lfs.cz\/wp-content\/uploads\/2025\/07\/LFS25_Vernisaz-Spolu-v-miste-ktere-rozdelovalo_Marek-Malusek-6-300x200.jpg\" data-width=\"300\" data-height=\"200\" aria-label=\"\" role=\"img\" ><\/div>\n\t\t\t\t\t\t\t\t\t\t\t<div class=\"elementor-gallery-item__overlay\"><\/div>\n\t\t\t\t\t\t\t\t\t\t\t\t\t\t<\/a>\n\t\t\t\t\t\t\t<a class=\"e-gallery-item elementor-gallery-item elementor-animated-content\" data-e-gallery-tags=\"4\" href=\"https:\/\/lfs.cz\/wp-content\/uploads\/2025\/07\/LFS25_Hot-TV_Co-dnes-znamena-televize_Tadeas-Kaminek-4.jpg\" data-elementor-open-lightbox=\"yes\" data-elementor-lightbox-slideshow=\"6b7163c\" data-elementor-lightbox-title=\"LF\u0160 2025, Letn\u00ed filmov\u00e1 \u0161kola, odborn\u00fd program: Hot TV: Co dnes znamen\u00e1 televize?, \u010cTK \/ Tade\u00e1\u0161 Kam\u00ednek\" data-e-action-hash=\"#elementor-action%3Aaction%3Dlightbox%26settings%3DeyJpZCI6MTI3ODksInVybCI6Imh0dHBzOlwvXC9sZnMuY3pcL3dwLWNvbnRlbnRcL3VwbG9hZHNcLzIwMjVcLzA3XC9MRlMyNV9Ib3QtVFZfQ28tZG5lcy16bmFtZW5hLXRlbGV2aXplX1RhZGVhcy1LYW1pbmVrLTQuanBnIiwic2xpZGVzaG93IjoiNmI3MTYzYyJ9\">\n\t\t\t\t\t<div class=\"e-gallery-image elementor-gallery-item__image\" data-thumbnail=\"https:\/\/lfs.cz\/wp-content\/uploads\/2025\/07\/LFS25_Hot-TV_Co-dnes-znamena-televize_Tadeas-Kaminek-4-300x200.jpg\" data-width=\"300\" data-height=\"200\" aria-label=\"\" role=\"img\" ><\/div>\n\t\t\t\t\t\t\t\t\t\t\t<div class=\"elementor-gallery-item__overlay\"><\/div>\n\t\t\t\t\t\t\t\t\t\t\t\t\t\t<\/a>\n\t\t\t\t\t\t\t<a class=\"e-gallery-item elementor-gallery-item elementor-animated-content\" data-e-gallery-tags=\"3\" href=\"https:\/\/lfs.cz\/wp-content\/uploads\/2025\/07\/LFS25_Lekce-filmu-podle-Lukase-Moodyssona_Dalibor-Gluck-1-1.jpg\" data-elementor-open-lightbox=\"yes\" data-elementor-lightbox-slideshow=\"6b7163c\" data-elementor-lightbox-title=\"LF\u0160 2025, Letn\u00ed filmov\u00e1 \u0161kola, Lukas Moodysson, re\u017eis\u00e9r, \u010cTK \/ Dalibor Gl\u00fcck\" data-e-action-hash=\"#elementor-action%3Aaction%3Dlightbox%26settings%3DeyJpZCI6MTI1NTIsInVybCI6Imh0dHBzOlwvXC9sZnMuY3pcL3dwLWNvbnRlbnRcL3VwbG9hZHNcLzIwMjVcLzA3XC9MRlMyNV9MZWtjZS1maWxtdS1wb2RsZS1MdWthc2UtTW9vZHlzc29uYV9EYWxpYm9yLUdsdWNrLTEtMS5qcGciLCJzbGlkZXNob3ciOiI2YjcxNjNjIn0%3D\">\n\t\t\t\t\t<div class=\"e-gallery-image elementor-gallery-item__image\" data-thumbnail=\"https:\/\/lfs.cz\/wp-content\/uploads\/2025\/07\/LFS25_Lekce-filmu-podle-Lukase-Moodyssona_Dalibor-Gluck-1-1-300x200.jpg\" data-width=\"300\" data-height=\"200\" aria-label=\"\" role=\"img\" ><\/div>\n\t\t\t\t\t\t\t\t\t\t\t<div class=\"elementor-gallery-item__overlay\"><\/div>\n\t\t\t\t\t\t\t\t\t\t\t\t\t\t<\/a>\n\t\t\t\t\t\t\t<a class=\"e-gallery-item elementor-gallery-item elementor-animated-content\" data-e-gallery-tags=\"4\" href=\"https:\/\/lfs.cz\/wp-content\/uploads\/2025\/07\/LFS25_Radio-Wave_Mat213_Tadeas-Kaminek.jpg\" data-elementor-open-lightbox=\"yes\" data-elementor-lightbox-slideshow=\"6b7163c\" data-elementor-lightbox-title=\"LF\u0160 2025, Letn\u00ed filmov\u00e1 \u0161kola, Radio Wave: Bojs, Mat213, \u010cTK \/ Tade\u00e1\u0161 Kam\u00ednek\" data-e-action-hash=\"#elementor-action%3Aaction%3Dlightbox%26settings%3DeyJpZCI6MTI4MTEsInVybCI6Imh0dHBzOlwvXC9sZnMuY3pcL3dwLWNvbnRlbnRcL3VwbG9hZHNcLzIwMjVcLzA3XC9MRlMyNV9SYWRpby1XYXZlX01hdDIxM19UYWRlYXMtS2FtaW5lay5qcGciLCJzbGlkZXNob3ciOiI2YjcxNjNjIn0%3D\">\n\t\t\t\t\t<div class=\"e-gallery-image elementor-gallery-item__image\" data-thumbnail=\"https:\/\/lfs.cz\/wp-content\/uploads\/2025\/07\/LFS25_Radio-Wave_Mat213_Tadeas-Kaminek-300x200.jpg\" data-width=\"300\" data-height=\"200\" aria-label=\"\" role=\"img\" ><\/div>\n\t\t\t\t\t\t\t\t\t\t\t<div class=\"elementor-gallery-item__overlay\"><\/div>\n\t\t\t\t\t\t\t\t\t\t\t\t\t\t<\/a>\n\t\t\t\t\t\t\t<a class=\"e-gallery-item elementor-gallery-item elementor-animated-content\" data-e-gallery-tags=\"2\" href=\"https:\/\/lfs.cz\/wp-content\/uploads\/2025\/07\/LFS25_Tajemne-X_hudba-Islaja_R.-Kokes_Radek-Petrasek-13.jpg\" data-elementor-open-lightbox=\"yes\" data-elementor-lightbox-slideshow=\"6b7163c\" data-elementor-lightbox-title=\"LF\u0160 2025, Letn\u00ed filmov\u00e1 \u0161kola, \u010cTK \/ Petr\u00e1\u0161ek Radek\" data-e-action-hash=\"#elementor-action%3Aaction%3Dlightbox%26settings%3DeyJpZCI6MTIzNDUsInVybCI6Imh0dHBzOlwvXC9sZnMuY3pcL3dwLWNvbnRlbnRcL3VwbG9hZHNcLzIwMjVcLzA3XC9MRlMyNV9UYWplbW5lLVhfaHVkYmEtSXNsYWphX1IuLUtva2VzX1JhZGVrLVBldHJhc2VrLTEzLmpwZyIsInNsaWRlc2hvdyI6IjZiNzE2M2MifQ%3D%3D\">\n\t\t\t\t\t<div class=\"e-gallery-image elementor-gallery-item__image\" data-thumbnail=\"https:\/\/lfs.cz\/wp-content\/uploads\/2025\/07\/LFS25_Tajemne-X_hudba-Islaja_R.-Kokes_Radek-Petrasek-13-300x200.jpg\" data-width=\"300\" data-height=\"200\" aria-label=\"\" role=\"img\" ><\/div>\n\t\t\t\t\t\t\t\t\t\t\t<div class=\"elementor-gallery-item__overlay\"><\/div>\n\t\t\t\t\t\t\t\t\t\t\t\t\t\t<\/a>\n\t\t\t\t\t\t\t<a class=\"e-gallery-item elementor-gallery-item elementor-animated-content\" data-e-gallery-tags=\"2\" href=\"https:\/\/lfs.cz\/wp-content\/uploads\/2025\/07\/LFS25_Mat213_Tadeas-Kaminek-2.jpg\" data-elementor-open-lightbox=\"yes\" data-elementor-lightbox-slideshow=\"6b7163c\" data-elementor-lightbox-title=\"LF\u0160 2025, Letn\u00ed filmov\u00e1 \u0161kola, koncert Mat213, \u010cTK \/ Tade\u00e1\u0161 Kam\u00ednek\" data-e-action-hash=\"#elementor-action%3Aaction%3Dlightbox%26settings%3DeyJpZCI6MTI0NDEsInVybCI6Imh0dHBzOlwvXC9sZnMuY3pcL3dwLWNvbnRlbnRcL3VwbG9hZHNcLzIwMjVcLzA3XC9MRlMyNV9NYXQyMTNfVGFkZWFzLUthbWluZWstMi5qcGciLCJzbGlkZXNob3ciOiI2YjcxNjNjIn0%3D\">\n\t\t\t\t\t<div class=\"e-gallery-image elementor-gallery-item__image\" data-thumbnail=\"https:\/\/lfs.cz\/wp-content\/uploads\/2025\/07\/LFS25_Mat213_Tadeas-Kaminek-2-300x200.jpg\" data-width=\"300\" data-height=\"200\" aria-label=\"\" role=\"img\" ><\/div>\n\t\t\t\t\t\t\t\t\t\t\t<div class=\"elementor-gallery-item__overlay\"><\/div>\n\t\t\t\t\t\t\t\t\t\t\t\t\t\t<\/a>\n\t\t\t\t\t\t\t<a class=\"e-gallery-item elementor-gallery-item elementor-animated-content\" data-e-gallery-tags=\"5\" href=\"https:\/\/lfs.cz\/wp-content\/uploads\/2025\/07\/LFS25_Prohlidka-veznice-UH_Marek-Malusek-2.jpg\" data-elementor-open-lightbox=\"yes\" data-elementor-lightbox-slideshow=\"6b7163c\" data-elementor-lightbox-title=\"LF\u0160 2025, Letn\u00ed filmov\u00e1 \u0161kola, Prohl\u00eddka v\u011bznice UH, foto Marek Mal\u016f\u0161ek\" data-e-action-hash=\"#elementor-action%3Aaction%3Dlightbox%26settings%3DeyJpZCI6MTMwNTAsInVybCI6Imh0dHBzOlwvXC9sZnMuY3pcL3dwLWNvbnRlbnRcL3VwbG9hZHNcLzIwMjVcLzA3XC9MRlMyNV9Qcm9obGlka2EtdmV6bmljZS1VSF9NYXJlay1NYWx1c2VrLTIuanBnIiwic2xpZGVzaG93IjoiNmI3MTYzYyJ9\">\n\t\t\t\t\t<div class=\"e-gallery-image elementor-gallery-item__image\" data-thumbnail=\"https:\/\/lfs.cz\/wp-content\/uploads\/2025\/07\/LFS25_Prohlidka-veznice-UH_Marek-Malusek-2-300x200.jpg\" data-width=\"300\" data-height=\"200\" aria-label=\"\" role=\"img\" ><\/div>\n\t\t\t\t\t\t\t\t\t\t\t<div class=\"elementor-gallery-item__overlay\"><\/div>\n\t\t\t\t\t\t\t\t\t\t\t\t\t\t<\/a>\n\t\t\t\t\t\t\t<a class=\"e-gallery-item elementor-gallery-item elementor-animated-content\" data-e-gallery-tags=\"5\" href=\"https:\/\/lfs.cz\/wp-content\/uploads\/2025\/07\/LFS25_FAMU-History_Jan-Sverak_CTK-Dalibor-Gluck-5.jpg\" data-elementor-open-lightbox=\"yes\" data-elementor-lightbox-slideshow=\"6b7163c\" data-elementor-lightbox-title=\"Jan Sv\u011br\u00e1k, re\u017eis\u00e9r, LF\u0160 2025, Letn\u00ed filmov\u00e1 \u0161kola, \u010cTK \/ Gl\u00fcck Dalibor\" data-e-action-hash=\"#elementor-action%3Aaction%3Dlightbox%26settings%3DeyJpZCI6MTI5NzAsInVybCI6Imh0dHBzOlwvXC9sZnMuY3pcL3dwLWNvbnRlbnRcL3VwbG9hZHNcLzIwMjVcLzA3XC9MRlMyNV9GQU1VLUhpc3RvcnlfSmFuLVN2ZXJha19DVEstRGFsaWJvci1HbHVjay01LmpwZyIsInNsaWRlc2hvdyI6IjZiNzE2M2MifQ%3D%3D\">\n\t\t\t\t\t<div class=\"e-gallery-image elementor-gallery-item__image\" data-thumbnail=\"https:\/\/lfs.cz\/wp-content\/uploads\/2025\/07\/LFS25_FAMU-History_Jan-Sverak_CTK-Dalibor-Gluck-5-300x206.jpg\" data-width=\"300\" data-height=\"206\" aria-label=\"\" role=\"img\" ><\/div>\n\t\t\t\t\t\t\t\t\t\t\t<div class=\"elementor-gallery-item__overlay\"><\/div>\n\t\t\t\t\t\t\t\t\t\t\t\t\t\t<\/a>\n\t\t\t\t\t\t\t<a class=\"e-gallery-item elementor-gallery-item elementor-animated-content\" data-e-gallery-tags=\"5\" href=\"https:\/\/lfs.cz\/wp-content\/uploads\/2025\/07\/LFS25_Prohlidka-veznice-UH_Marek-Malusek-6.jpg\" data-elementor-open-lightbox=\"yes\" data-elementor-lightbox-slideshow=\"6b7163c\" data-elementor-lightbox-title=\"LF\u0160 2025, Letn\u00ed filmov\u00e1 \u0161kola, Prohl\u00eddka v\u011bznice UH, foto Marek Mal\u016f\u0161ek\" data-e-action-hash=\"#elementor-action%3Aaction%3Dlightbox%26settings%3DeyJpZCI6MTMwNTIsInVybCI6Imh0dHBzOlwvXC9sZnMuY3pcL3dwLWNvbnRlbnRcL3VwbG9hZHNcLzIwMjVcLzA3XC9MRlMyNV9Qcm9obGlka2EtdmV6bmljZS1VSF9NYXJlay1NYWx1c2VrLTYuanBnIiwic2xpZGVzaG93IjoiNmI3MTYzYyJ9\">\n\t\t\t\t\t<div class=\"e-gallery-image elementor-gallery-item__image\" data-thumbnail=\"https:\/\/lfs.cz\/wp-content\/uploads\/2025\/07\/LFS25_Prohlidka-veznice-UH_Marek-Malusek-6-300x200.jpg\" data-width=\"300\" data-height=\"200\" aria-label=\"\" role=\"img\" ><\/div>\n\t\t\t\t\t\t\t\t\t\t\t<div class=\"elementor-gallery-item__overlay\"><\/div>\n\t\t\t\t\t\t\t\t\t\t\t\t\t\t<\/a>\n\t\t\t\t\t\t\t<a class=\"e-gallery-item elementor-gallery-item elementor-animated-content\" data-e-gallery-tags=\"5\" href=\"https:\/\/lfs.cz\/wp-content\/uploads\/2025\/07\/LFS25_Detsky-workshop-Pretoc-Lumiery_Detsky-herni-stan_CTK-Matyas-Cech-2.jpg\" data-elementor-open-lightbox=\"yes\" data-elementor-lightbox-slideshow=\"6b7163c\" data-elementor-lightbox-title=\"Letn\u00ed filmov\u00e1 \u0161kola, LF\u0160 2025, D\u011btsk\u00fd workshop s n\u00e1zvem P\u0159eto\u010d Lumi\u00e9ry, \u010cTK \/ Maty\u00e1\u0161 \u010cech\" data-e-action-hash=\"#elementor-action%3Aaction%3Dlightbox%26settings%3DeyJpZCI6MTI5MjQsInVybCI6Imh0dHBzOlwvXC9sZnMuY3pcL3dwLWNvbnRlbnRcL3VwbG9hZHNcLzIwMjVcLzA3XC9MRlMyNV9EZXRza3ktd29ya3Nob3AtUHJldG9jLUx1bWllcnlfRGV0c2t5LWhlcm5pLXN0YW5fQ1RLLU1hdHlhcy1DZWNoLTIuanBnIiwic2xpZGVzaG93IjoiNmI3MTYzYyJ9\">\n\t\t\t\t\t<div class=\"e-gallery-image elementor-gallery-item__image\" data-thumbnail=\"https:\/\/lfs.cz\/wp-content\/uploads\/2025\/07\/LFS25_Detsky-workshop-Pretoc-Lumiery_Detsky-herni-stan_CTK-Matyas-Cech-2-300x200.jpg\" data-width=\"300\" data-height=\"200\" aria-label=\"\" role=\"img\" ><\/div>\n\t\t\t\t\t\t\t\t\t\t\t<div class=\"elementor-gallery-item__overlay\"><\/div>\n\t\t\t\t\t\t\t\t\t\t\t\t\t\t<\/a>\n\t\t\t\t\t\t\t<a class=\"e-gallery-item elementor-gallery-item elementor-animated-content\" data-e-gallery-tags=\"4\" href=\"https:\/\/lfs.cz\/wp-content\/uploads\/2025\/07\/LFS25_ATMO_Duzan-Duong_Jan-Beranek.jpg\" data-elementor-open-lightbox=\"yes\" data-elementor-lightbox-slideshow=\"6b7163c\" data-elementor-lightbox-title=\"LF\u0160 2025, Letn\u00ed filmov\u00e1 \u0161kola, Du\u017ean Duong, \u010cTK \/ Jan Ber\u00e1nek\" data-e-action-hash=\"#elementor-action%3Aaction%3Dlightbox%26settings%3DeyJpZCI6MTI3MzcsInVybCI6Imh0dHBzOlwvXC9sZnMuY3pcL3dwLWNvbnRlbnRcL3VwbG9hZHNcLzIwMjVcLzA3XC9MRlMyNV9BVE1PX0R1emFuLUR1b25nX0phbi1CZXJhbmVrLmpwZyIsInNsaWRlc2hvdyI6IjZiNzE2M2MifQ%3D%3D\">\n\t\t\t\t\t<div class=\"e-gallery-image elementor-gallery-item__image\" data-thumbnail=\"https:\/\/lfs.cz\/wp-content\/uploads\/2025\/07\/LFS25_ATMO_Duzan-Duong_Jan-Beranek-300x200.jpg\" data-width=\"300\" data-height=\"200\" aria-label=\"\" role=\"img\" ><\/div>\n\t\t\t\t\t\t\t\t\t\t\t<div class=\"elementor-gallery-item__overlay\"><\/div>\n\t\t\t\t\t\t\t\t\t\t\t\t\t\t<\/a>\n\t\t\t\t\t\t\t<a class=\"e-gallery-item elementor-gallery-item elementor-animated-content\" data-e-gallery-tags=\"4\" href=\"https:\/\/lfs.cz\/wp-content\/uploads\/2025\/07\/LFS25_Z-hrace-tvurcem-hernich-svetu_Britta-Senn_HUB123_Radek-Petrasek-10.jpg\" data-elementor-open-lightbox=\"yes\" data-elementor-lightbox-slideshow=\"6b7163c\" data-elementor-lightbox-title=\"LF\u0160 2025, Letn\u00ed filmov\u00e1 \u0161kola, Workshop: Z hr\u00e1\u010de tv\u016frcem hern\u00edch sv\u011bt\u016f, lektorka Britta Senn, \u010cTK \/ Petr\u00e1\u0161ek Radek\" data-e-action-hash=\"#elementor-action%3Aaction%3Dlightbox%26settings%3DeyJpZCI6MTI3MTMsInVybCI6Imh0dHBzOlwvXC9sZnMuY3pcL3dwLWNvbnRlbnRcL3VwbG9hZHNcLzIwMjVcLzA3XC9MRlMyNV9aLWhyYWNlLXR2dXJjZW0taGVybmljaC1zdmV0dV9Ccml0dGEtU2Vubl9IVUIxMjNfUmFkZWstUGV0cmFzZWstMTAuanBnIiwic2xpZGVzaG93IjoiNmI3MTYzYyJ9\">\n\t\t\t\t\t<div class=\"e-gallery-image elementor-gallery-item__image\" data-thumbnail=\"https:\/\/lfs.cz\/wp-content\/uploads\/2025\/07\/LFS25_Z-hrace-tvurcem-hernich-svetu_Britta-Senn_HUB123_Radek-Petrasek-10-300x200.jpg\" data-width=\"300\" data-height=\"200\" aria-label=\"\" role=\"img\" ><\/div>\n\t\t\t\t\t\t\t\t\t\t\t<div class=\"elementor-gallery-item__overlay\"><\/div>\n\t\t\t\t\t\t\t\t\t\t\t\t\t\t<\/a>\n\t\t\t\t\t\t\t<a class=\"e-gallery-item elementor-gallery-item elementor-animated-content\" data-e-gallery-tags=\"5\" href=\"https:\/\/lfs.cz\/wp-content\/uploads\/2025\/07\/LFS25_Valecne-okamziky_CTK-Dalibor-Gluck-7.jpg\" data-elementor-open-lightbox=\"yes\" data-elementor-lightbox-slideshow=\"6b7163c\" data-elementor-lightbox-title=\"LF\u0160 2025, Letn\u00ed filmov\u00e1 \u0161kola, V\u00e1le\u010dn\u00e9 okam\u017eiky, fotografick\u00e1 v\u00fdstava \u010cTK, \u010cTK \/ Gl\u00fcck Dalibor\" data-e-action-hash=\"#elementor-action%3Aaction%3Dlightbox%26settings%3DeyJpZCI6MTI5NzksInVybCI6Imh0dHBzOlwvXC9sZnMuY3pcL3dwLWNvbnRlbnRcL3VwbG9hZHNcLzIwMjVcLzA3XC9MRlMyNV9WYWxlY25lLW9rYW16aWt5X0NUSy1EYWxpYm9yLUdsdWNrLTcuanBnIiwic2xpZGVzaG93IjoiNmI3MTYzYyJ9\">\n\t\t\t\t\t<div class=\"e-gallery-image elementor-gallery-item__image\" data-thumbnail=\"https:\/\/lfs.cz\/wp-content\/uploads\/2025\/07\/LFS25_Valecne-okamziky_CTK-Dalibor-Gluck-7-300x200.jpg\" data-width=\"300\" data-height=\"200\" aria-label=\"\" role=\"img\" ><\/div>\n\t\t\t\t\t\t\t\t\t\t\t<div class=\"elementor-gallery-item__overlay\"><\/div>\n\t\t\t\t\t\t\t\t\t\t\t\t\t\t<\/a>\n\t\t\t\t\t\t\t<a class=\"e-gallery-item elementor-gallery-item elementor-animated-content\" data-e-gallery-tags=\"1\" href=\"https:\/\/lfs.cz\/wp-content\/uploads\/2025\/07\/LFS25_ATMO_Richard-Skoumal-2.jpg\" data-elementor-open-lightbox=\"yes\" data-elementor-lightbox-slideshow=\"6b7163c\" data-elementor-lightbox-title=\"Atmosf\u00e9ra, akreditace, Letn\u00ed filmov\u00e1 \u0161kola, LF\u0160 2025, \u010cTK \/ Richard Skoumal\" data-e-action-hash=\"#elementor-action%3Aaction%3Dlightbox%26settings%3DeyJpZCI6MTIxNjYsInVybCI6Imh0dHBzOlwvXC9sZnMuY3pcL3dwLWNvbnRlbnRcL3VwbG9hZHNcLzIwMjVcLzA3XC9MRlMyNV9BVE1PX1JpY2hhcmQtU2tvdW1hbC0yLmpwZyIsInNsaWRlc2hvdyI6IjZiNzE2M2MifQ%3D%3D\">\n\t\t\t\t\t<div class=\"e-gallery-image elementor-gallery-item__image\" data-thumbnail=\"https:\/\/lfs.cz\/wp-content\/uploads\/2025\/07\/LFS25_ATMO_Richard-Skoumal-2-300x200.jpg\" data-width=\"300\" data-height=\"200\" aria-label=\"\" role=\"img\" ><\/div>\n\t\t\t\t\t\t\t\t\t\t\t<div class=\"elementor-gallery-item__overlay\"><\/div>\n\t\t\t\t\t\t\t\t\t\t\t\t\t\t<\/a>\n\t\t\t\t\t\t\t<a class=\"e-gallery-item elementor-gallery-item elementor-animated-content\" data-e-gallery-tags=\"5\" href=\"https:\/\/lfs.cz\/wp-content\/uploads\/2025\/07\/LFS25_Statni-fond-audiovize_Radek-Petrasek-2.jpg\" data-elementor-open-lightbox=\"yes\" data-elementor-lightbox-slideshow=\"6b7163c\" data-elementor-lightbox-title=\"LF\u0160 2025, Letn\u00ed filmov\u00e1 \u0161kola, Zde\u0148ka Kujov\u00e1, Marta \u0160vecov\u00e1 Lamperov\u00e1, Daniel Kr\u00e1tk\u00fd, \u010cTK \/ Petr\u00e1\u0161ek Radek\" data-e-action-hash=\"#elementor-action%3Aaction%3Dlightbox%26settings%3DeyJpZCI6MTI5MTEsInVybCI6Imh0dHBzOlwvXC9sZnMuY3pcL3dwLWNvbnRlbnRcL3VwbG9hZHNcLzIwMjVcLzA3XC9MRlMyNV9TdGF0bmktZm9uZC1hdWRpb3ZpemVfUmFkZWstUGV0cmFzZWstMi5qcGciLCJzbGlkZXNob3ciOiI2YjcxNjNjIn0%3D\">\n\t\t\t\t\t<div class=\"e-gallery-image elementor-gallery-item__image\" data-thumbnail=\"https:\/\/lfs.cz\/wp-content\/uploads\/2025\/07\/LFS25_Statni-fond-audiovize_Radek-Petrasek-2-300x200.jpg\" data-width=\"300\" data-height=\"200\" aria-label=\"\" role=\"img\" ><\/div>\n\t\t\t\t\t\t\t\t\t\t\t<div class=\"elementor-gallery-item__overlay\"><\/div>\n\t\t\t\t\t\t\t\t\t\t\t\t\t\t<\/a>\n\t\t\t\t\t\t\t<a class=\"e-gallery-item elementor-gallery-item elementor-animated-content\" data-e-gallery-tags=\"2\" href=\"https:\/\/lfs.cz\/wp-content\/uploads\/2025\/07\/LFS25_ATMO_Richard-Skoumal-4.jpg\" data-elementor-open-lightbox=\"yes\" data-elementor-lightbox-slideshow=\"6b7163c\" data-elementor-lightbox-title=\"Atmosf\u00e9ra, Letn\u00ed filmov\u00e1 \u0161kola, LF\u0160 2025, \u010cTK \/ Skoumal Richard\" data-e-action-hash=\"#elementor-action%3Aaction%3Dlightbox%26settings%3DeyJpZCI6MTIzOTMsInVybCI6Imh0dHBzOlwvXC9sZnMuY3pcL3dwLWNvbnRlbnRcL3VwbG9hZHNcLzIwMjVcLzA3XC9MRlMyNV9BVE1PX1JpY2hhcmQtU2tvdW1hbC00LmpwZyIsInNsaWRlc2hvdyI6IjZiNzE2M2MifQ%3D%3D\">\n\t\t\t\t\t<div class=\"e-gallery-image elementor-gallery-item__image\" data-thumbnail=\"https:\/\/lfs.cz\/wp-content\/uploads\/2025\/07\/LFS25_ATMO_Richard-Skoumal-4-300x200.jpg\" data-width=\"300\" data-height=\"200\" aria-label=\"\" role=\"img\" ><\/div>\n\t\t\t\t\t\t\t\t\t\t\t<div class=\"elementor-gallery-item__overlay\"><\/div>\n\t\t\t\t\t\t\t\t\t\t\t\t\t\t<\/a>\n\t\t\t\t\t\t\t<a class=\"e-gallery-item elementor-gallery-item elementor-animated-content\" data-e-gallery-tags=\"3\" href=\"https:\/\/lfs.cz\/wp-content\/uploads\/2025\/07\/LFS25_CreWcollection_Moving-Orchestra_Tadeas-Kaminek-5.jpg\" data-elementor-open-lightbox=\"yes\" data-elementor-lightbox-slideshow=\"6b7163c\" data-elementor-lightbox-title=\"LF\u0160 2025, Letn\u00ed filmov\u00e1 \u0161kola, doprovodn\u00fd program: CreWcollective: Moving Orchestra, \u010cTK \/ Tade\u00e1\u0161 Kam\u00ednek\" data-e-action-hash=\"#elementor-action%3Aaction%3Dlightbox%26settings%3DeyJpZCI6MTI2MjUsInVybCI6Imh0dHBzOlwvXC9sZnMuY3pcL3dwLWNvbnRlbnRcL3VwbG9hZHNcLzIwMjVcLzA3XC9MRlMyNV9DcmVXY29sbGVjdGlvbl9Nb3ZpbmctT3JjaGVzdHJhX1RhZGVhcy1LYW1pbmVrLTUuanBnIiwic2xpZGVzaG93IjoiNmI3MTYzYyJ9\">\n\t\t\t\t\t<div class=\"e-gallery-image elementor-gallery-item__image\" data-thumbnail=\"https:\/\/lfs.cz\/wp-content\/uploads\/2025\/07\/LFS25_CreWcollection_Moving-Orchestra_Tadeas-Kaminek-5-300x200.jpg\" data-width=\"300\" data-height=\"200\" aria-label=\"\" role=\"img\" ><\/div>\n\t\t\t\t\t\t\t\t\t\t\t<div class=\"elementor-gallery-item__overlay\"><\/div>\n\t\t\t\t\t\t\t\t\t\t\t\t\t\t<\/a>\n\t\t\t\t\t\t\t<a class=\"e-gallery-item elementor-gallery-item elementor-animated-content\" data-e-gallery-tags=\"3\" href=\"https:\/\/lfs.cz\/wp-content\/uploads\/2025\/07\/LFS25_Spolecne-99-Vyrocni-cena-ACFK_Lukas-Moodysson_Radek-Petrasek-4.jpg\" data-elementor-open-lightbox=\"yes\" data-elementor-lightbox-slideshow=\"6b7163c\" data-elementor-lightbox-title=\"LF\u0160 2025, Letn\u00ed filmov\u00e1 \u0161kola, P\u0159ed\u00e1n\u00ed v\u00fdro\u010dn\u00ed ceny A\u010cFK Lukasu Moodyssonovi, \u010cTK \/ Petr\u00e1\u0161ek Radek\" data-e-action-hash=\"#elementor-action%3Aaction%3Dlightbox%26settings%3DeyJpZCI6MTI2MTksInVybCI6Imh0dHBzOlwvXC9sZnMuY3pcL3dwLWNvbnRlbnRcL3VwbG9hZHNcLzIwMjVcLzA3XC9MRlMyNV9TcG9sZWNuZS05OS1WeXJvY25pLWNlbmEtQUNGS19MdWthcy1Nb29keXNzb25fUmFkZWstUGV0cmFzZWstNC5qcGciLCJzbGlkZXNob3ciOiI2YjcxNjNjIn0%3D\">\n\t\t\t\t\t<div class=\"e-gallery-image elementor-gallery-item__image\" data-thumbnail=\"https:\/\/lfs.cz\/wp-content\/uploads\/2025\/07\/LFS25_Spolecne-99-Vyrocni-cena-ACFK_Lukas-Moodysson_Radek-Petrasek-4-300x200.jpg\" data-width=\"300\" data-height=\"200\" aria-label=\"\" role=\"img\" ><\/div>\n\t\t\t\t\t\t\t\t\t\t\t<div class=\"elementor-gallery-item__overlay\"><\/div>\n\t\t\t\t\t\t\t\t\t\t\t\t\t\t<\/a>\n\t\t\t\t\t\t\t<a class=\"e-gallery-item elementor-gallery-item elementor-animated-content\" data-e-gallery-tags=\"4\" href=\"https:\/\/lfs.cz\/wp-content\/uploads\/2025\/07\/LFS25_ATMO_Tadeas-Kaminek-15.jpg\" data-elementor-open-lightbox=\"yes\" data-elementor-lightbox-slideshow=\"6b7163c\" data-elementor-lightbox-title=\"LF\u0160 2025, Letn\u00ed filmov\u00e1 \u0161kola, atmosf\u00e9ra, \u010cTK \/ Tade\u00e1\u0161 Kam\u00ednek\" data-e-action-hash=\"#elementor-action%3Aaction%3Dlightbox%26settings%3DeyJpZCI6MTI4MzksInVybCI6Imh0dHBzOlwvXC9sZnMuY3pcL3dwLWNvbnRlbnRcL3VwbG9hZHNcLzIwMjVcLzA3XC9MRlMyNV9BVE1PX1RhZGVhcy1LYW1pbmVrLTE1LmpwZyIsInNsaWRlc2hvdyI6IjZiNzE2M2MifQ%3D%3D\">\n\t\t\t\t\t<div class=\"e-gallery-image elementor-gallery-item__image\" data-thumbnail=\"https:\/\/lfs.cz\/wp-content\/uploads\/2025\/07\/LFS25_ATMO_Tadeas-Kaminek-15-300x200.jpg\" data-width=\"300\" data-height=\"200\" aria-label=\"\" role=\"img\" ><\/div>\n\t\t\t\t\t\t\t\t\t\t\t<div class=\"elementor-gallery-item__overlay\"><\/div>\n\t\t\t\t\t\t\t\t\t\t\t\t\t\t<\/a>\n\t\t\t\t\t\t\t<a class=\"e-gallery-item elementor-gallery-item elementor-animated-content\" data-e-gallery-tags=\"3\" href=\"https:\/\/lfs.cz\/wp-content\/uploads\/2025\/07\/LFS25_DVA_Klub-Mir_Marek-Malusek-2.jpg\" data-elementor-open-lightbox=\"yes\" data-elementor-lightbox-slideshow=\"6b7163c\" data-elementor-lightbox-title=\"LF\u0160 2025, Letn\u00ed filmov\u00e1 \u0161kola, Duo DVA tvo\u0159en\u00e9 B\u00e1rou Ungerovou a Janem Kratochv\u00edlem, foto Marek Mal\u016f\u0161ek\" data-e-action-hash=\"#elementor-action%3Aaction%3Dlightbox%26settings%3DeyJpZCI6MTI2NzgsInVybCI6Imh0dHBzOlwvXC9sZnMuY3pcL3dwLWNvbnRlbnRcL3VwbG9hZHNcLzIwMjVcLzA3XC9MRlMyNV9EVkFfS2x1Yi1NaXJfTWFyZWstTWFsdXNlay0yLmpwZyIsInNsaWRlc2hvdyI6IjZiNzE2M2MifQ%3D%3D\">\n\t\t\t\t\t<div class=\"e-gallery-image elementor-gallery-item__image\" data-thumbnail=\"https:\/\/lfs.cz\/wp-content\/uploads\/2025\/07\/LFS25_DVA_Klub-Mir_Marek-Malusek-2-300x200.jpg\" data-width=\"300\" data-height=\"200\" aria-label=\"\" role=\"img\" ><\/div>\n\t\t\t\t\t\t\t\t\t\t\t<div class=\"elementor-gallery-item__overlay\"><\/div>\n\t\t\t\t\t\t\t\t\t\t\t\t\t\t<\/a>\n\t\t\t\t\t\t\t<a class=\"e-gallery-item elementor-gallery-item elementor-animated-content\" data-e-gallery-tags=\"1\" href=\"https:\/\/lfs.cz\/wp-content\/uploads\/2025\/07\/LFS25_Cimbal-stage_Petr-Mlch-1.jpg\" data-elementor-open-lightbox=\"yes\" data-elementor-lightbox-slideshow=\"6b7163c\" data-elementor-lightbox-title=\"LF\u0160 2025, Letn\u00ed filmov\u00e1 \u0161kola, hudba, \u010cTK \/ Mlch Petr\" data-e-action-hash=\"#elementor-action%3Aaction%3Dlightbox%26settings%3DeyJpZCI6MTIyNjIsInVybCI6Imh0dHBzOlwvXC9sZnMuY3pcL3dwLWNvbnRlbnRcL3VwbG9hZHNcLzIwMjVcLzA3XC9MRlMyNV9DaW1iYWwtc3RhZ2VfUGV0ci1NbGNoLTEuanBnIiwic2xpZGVzaG93IjoiNmI3MTYzYyJ9\">\n\t\t\t\t\t<div class=\"e-gallery-image elementor-gallery-item__image\" data-thumbnail=\"https:\/\/lfs.cz\/wp-content\/uploads\/2025\/07\/LFS25_Cimbal-stage_Petr-Mlch-1-300x200.jpg\" data-width=\"300\" data-height=\"200\" aria-label=\"\" role=\"img\" ><\/div>\n\t\t\t\t\t\t\t\t\t\t\t<div class=\"elementor-gallery-item__overlay\"><\/div>\n\t\t\t\t\t\t\t\t\t\t\t\t\t\t<\/a>\n\t\t\t\t\t\t\t<a class=\"e-gallery-item elementor-gallery-item elementor-animated-content\" data-e-gallery-tags=\"3\" href=\"https:\/\/lfs.cz\/wp-content\/uploads\/2025\/07\/LFS25_Vernisaz-Spolu-v-miste-ktere-rozdelovalo_Marek-Malusek-5.jpg\" data-elementor-open-lightbox=\"yes\" data-elementor-lightbox-slideshow=\"6b7163c\" data-elementor-lightbox-title=\"LF\u0160 2025, Letn\u00ed filmov\u00e1 \u0161kola, Vernis\u00e1\u017e Spolu v m\u00edst\u011b, kter\u00e9 rozd\u011blovalo, foto Marek Mal\u016f\u0161ek\" data-e-action-hash=\"#elementor-action%3Aaction%3Dlightbox%26settings%3DeyJpZCI6MTI2OTAsInVybCI6Imh0dHBzOlwvXC9sZnMuY3pcL3dwLWNvbnRlbnRcL3VwbG9hZHNcLzIwMjVcLzA3XC9MRlMyNV9WZXJuaXNhei1TcG9sdS12LW1pc3RlLWt0ZXJlLXJvemRlbG92YWxvX01hcmVrLU1hbHVzZWstNS5qcGciLCJzbGlkZXNob3ciOiI2YjcxNjNjIn0%3D\">\n\t\t\t\t\t<div class=\"e-gallery-image elementor-gallery-item__image\" data-thumbnail=\"https:\/\/lfs.cz\/wp-content\/uploads\/2025\/07\/LFS25_Vernisaz-Spolu-v-miste-ktere-rozdelovalo_Marek-Malusek-5-300x200.jpg\" data-width=\"300\" data-height=\"200\" aria-label=\"\" role=\"img\" ><\/div>\n\t\t\t\t\t\t\t\t\t\t\t<div class=\"elementor-gallery-item__overlay\"><\/div>\n\t\t\t\t\t\t\t\t\t\t\t\t\t\t<\/a>\n\t\t\t\t\t\t\t<a class=\"e-gallery-item elementor-gallery-item elementor-animated-content\" data-e-gallery-tags=\"4\" href=\"https:\/\/lfs.cz\/wp-content\/uploads\/2025\/07\/LFS25_ATMO_CTK-Tadeas-Kaminek-6.jpg\" data-elementor-open-lightbox=\"yes\" data-elementor-lightbox-slideshow=\"6b7163c\" data-elementor-lightbox-title=\"LF\u0160 2025, Letn\u00ed filmov\u00e1 \u0161kola, atmosf\u00e9ra, \u010cTK \/ Tade\u00e1\u0161 Kam\u00ednek\" data-e-action-hash=\"#elementor-action%3Aaction%3Dlightbox%26settings%3DeyJpZCI6MTI5MzUsInVybCI6Imh0dHBzOlwvXC9sZnMuY3pcL3dwLWNvbnRlbnRcL3VwbG9hZHNcLzIwMjVcLzA3XC9MRlMyNV9BVE1PX0NUSy1UYWRlYXMtS2FtaW5lay02LmpwZyIsInNsaWRlc2hvdyI6IjZiNzE2M2MifQ%3D%3D\">\n\t\t\t\t\t<div class=\"e-gallery-image elementor-gallery-item__image\" data-thumbnail=\"https:\/\/lfs.cz\/wp-content\/uploads\/2025\/07\/LFS25_ATMO_CTK-Tadeas-Kaminek-6-300x200.jpg\" data-width=\"300\" data-height=\"200\" aria-label=\"\" role=\"img\" ><\/div>\n\t\t\t\t\t\t\t\t\t\t\t<div class=\"elementor-gallery-item__overlay\"><\/div>\n\t\t\t\t\t\t\t\t\t\t\t\t\t\t<\/a>\n\t\t\t\t\t\t\t<a class=\"e-gallery-item elementor-gallery-item elementor-animated-content\" data-e-gallery-tags=\"2\" href=\"https:\/\/lfs.cz\/wp-content\/uploads\/2025\/07\/profimedia-1025914661.jpg\" data-elementor-open-lightbox=\"yes\" data-elementor-lightbox-slideshow=\"6b7163c\" data-elementor-lightbox-title=\"Merja Kokkonen, Islaja, zp\u011bva\u010dka, LF\u0160 2025, Letn\u00ed filmov\u00e1 \u0161kola, \u010cTK \/ Petr\u00e1\u0161ek Radek\" data-e-action-hash=\"#elementor-action%3Aaction%3Dlightbox%26settings%3DeyJpZCI6MTIzNjAsInVybCI6Imh0dHBzOlwvXC9sZnMuY3pcL3dwLWNvbnRlbnRcL3VwbG9hZHNcLzIwMjVcLzA3XC9wcm9maW1lZGlhLTEwMjU5MTQ2NjEuanBnIiwic2xpZGVzaG93IjoiNmI3MTYzYyJ9\">\n\t\t\t\t\t<div class=\"e-gallery-image elementor-gallery-item__image\" data-thumbnail=\"https:\/\/lfs.cz\/wp-content\/uploads\/2025\/07\/profimedia-1025914661-300x200.jpg\" data-width=\"300\" data-height=\"200\" aria-label=\"\" role=\"img\" ><\/div>\n\t\t\t\t\t\t\t\t\t\t\t<div class=\"elementor-gallery-item__overlay\"><\/div>\n\t\t\t\t\t\t\t\t\t\t\t\t\t\t<\/a>\n\t\t\t\t\t\t\t<a class=\"e-gallery-item elementor-gallery-item elementor-animated-content\" data-e-gallery-tags=\"6\" href=\"https:\/\/lfs.cz\/wp-content\/uploads\/2025\/07\/LFS25_Slavnostni-zakonceni-Pod-parou_Alzbeta-Ferencova_CTK-Tadeas-Kaminek-8.jpg\" data-elementor-open-lightbox=\"yes\" data-elementor-lightbox-slideshow=\"6b7163c\" data-elementor-lightbox-title=\"LF\u0160 2025, Letn\u00ed filmov\u00e1 \u0161kola, slavnostn\u00ed zakon\u010den\u00ed, projekce filmu Pod parou, Al\u017ebeta Ferencov\u00e1, \u010cTK \/ Tade\u00e1\u0161 Kam\u00ednek\" data-e-action-hash=\"#elementor-action%3Aaction%3Dlightbox%26settings%3DeyJpZCI6MTMxNzAsInVybCI6Imh0dHBzOlwvXC9sZnMuY3pcL3dwLWNvbnRlbnRcL3VwbG9hZHNcLzIwMjVcLzA3XC9MRlMyNV9TbGF2bm9zdG5pLXpha29uY2VuaS1Qb2QtcGFyb3VfQWx6YmV0YS1GZXJlbmNvdmFfQ1RLLVRhZGVhcy1LYW1pbmVrLTguanBnIiwic2xpZGVzaG93IjoiNmI3MTYzYyJ9\">\n\t\t\t\t\t<div class=\"e-gallery-image elementor-gallery-item__image\" data-thumbnail=\"https:\/\/lfs.cz\/wp-content\/uploads\/2025\/07\/LFS25_Slavnostni-zakonceni-Pod-parou_Alzbeta-Ferencova_CTK-Tadeas-Kaminek-8-300x200.jpg\" data-width=\"300\" data-height=\"200\" aria-label=\"\" role=\"img\" ><\/div>\n\t\t\t\t\t\t\t\t\t\t\t<div class=\"elementor-gallery-item__overlay\"><\/div>\n\t\t\t\t\t\t\t\t\t\t\t\t\t\t<\/a>\n\t\t\t\t\t\t\t<a class=\"e-gallery-item elementor-gallery-item elementor-animated-content\" data-e-gallery-tags=\"4\" href=\"https:\/\/lfs.cz\/wp-content\/uploads\/2025\/07\/LFS25_Povidka-o-policajtovi_Arnaud-Dumatin_Matyas-Cech-3.jpg\" data-elementor-open-lightbox=\"yes\" data-elementor-lightbox-slideshow=\"6b7163c\" data-elementor-lightbox-title=\"Letn\u00ed filmov\u00e1 \u0161kola, LF\u0160 2025, Arnaud Dumatin p\u0159i \u00favodu filmu Pov\u00eddka o policajtovi na Letn\u00ed filmov\u00e9 \u0161kole v Uhersk\u00e9m Hradi\u0161ti 2025, \u010cTK \/ Maty\u00e1\u0161 \u010cech\" data-e-action-hash=\"#elementor-action%3Aaction%3Dlightbox%26settings%3DeyJpZCI6MTI3MTIsInVybCI6Imh0dHBzOlwvXC9sZnMuY3pcL3dwLWNvbnRlbnRcL3VwbG9hZHNcLzIwMjVcLzA3XC9MRlMyNV9Qb3ZpZGthLW8tcG9saWNhanRvdmlfQXJuYXVkLUR1bWF0aW5fTWF0eWFzLUNlY2gtMy5qcGciLCJzbGlkZXNob3ciOiI2YjcxNjNjIn0%3D\">\n\t\t\t\t\t<div class=\"e-gallery-image elementor-gallery-item__image\" data-thumbnail=\"https:\/\/lfs.cz\/wp-content\/uploads\/2025\/07\/LFS25_Povidka-o-policajtovi_Arnaud-Dumatin_Matyas-Cech-3-200x300.jpg\" data-width=\"200\" data-height=\"300\" aria-label=\"\" role=\"img\" ><\/div>\n\t\t\t\t\t\t\t\t\t\t\t<div class=\"elementor-gallery-item__overlay\"><\/div>\n\t\t\t\t\t\t\t\t\t\t\t\t\t\t<\/a>\n\t\t\t\t\t\t\t<a class=\"e-gallery-item elementor-gallery-item elementor-animated-content\" data-e-gallery-tags=\"3\" href=\"https:\/\/lfs.cz\/wp-content\/uploads\/2025\/07\/LFS25_Spolecne-99-Vyrocni-cena-ACFK_Lukas-Moodysson_Radek-Petrasek-2.jpg\" data-elementor-open-lightbox=\"yes\" data-elementor-lightbox-slideshow=\"6b7163c\" data-elementor-lightbox-title=\"LF\u0160 2025, Letn\u00ed filmov\u00e1 \u0161kola, P\u0159ed\u00e1n\u00ed v\u00fdro\u010dn\u00ed ceny A\u010cFK Lukasu Moodyssonovi, \u010cTK \/ Petr\u00e1\u0161ek Radek\" data-e-action-hash=\"#elementor-action%3Aaction%3Dlightbox%26settings%3DeyJpZCI6MTI2MTgsInVybCI6Imh0dHBzOlwvXC9sZnMuY3pcL3dwLWNvbnRlbnRcL3VwbG9hZHNcLzIwMjVcLzA3XC9MRlMyNV9TcG9sZWNuZS05OS1WeXJvY25pLWNlbmEtQUNGS19MdWthcy1Nb29keXNzb25fUmFkZWstUGV0cmFzZWstMi5qcGciLCJzbGlkZXNob3ciOiI2YjcxNjNjIn0%3D\">\n\t\t\t\t\t<div class=\"e-gallery-image elementor-gallery-item__image\" data-thumbnail=\"https:\/\/lfs.cz\/wp-content\/uploads\/2025\/07\/LFS25_Spolecne-99-Vyrocni-cena-ACFK_Lukas-Moodysson_Radek-Petrasek-2-300x200.jpg\" data-width=\"300\" data-height=\"200\" aria-label=\"\" role=\"img\" ><\/div>\n\t\t\t\t\t\t\t\t\t\t\t<div class=\"elementor-gallery-item__overlay\"><\/div>\n\t\t\t\t\t\t\t\t\t\t\t\t\t\t<\/a>\n\t\t\t\t\t\t\t<a class=\"e-gallery-item elementor-gallery-item elementor-animated-content\" data-e-gallery-tags=\"2\" href=\"https:\/\/lfs.cz\/wp-content\/uploads\/2025\/07\/LFS25_ATMO_Richard-Skoumal-5.jpg\" data-elementor-open-lightbox=\"yes\" data-elementor-lightbox-slideshow=\"6b7163c\" data-elementor-lightbox-title=\"Atmosf\u00e9ra, Letn\u00ed filmov\u00e1 \u0161kola, LF\u0160 2025, \u010cTK \/ Skoumal Richard\" data-e-action-hash=\"#elementor-action%3Aaction%3Dlightbox%26settings%3DeyJpZCI6MTIzOTQsInVybCI6Imh0dHBzOlwvXC9sZnMuY3pcL3dwLWNvbnRlbnRcL3VwbG9hZHNcLzIwMjVcLzA3XC9MRlMyNV9BVE1PX1JpY2hhcmQtU2tvdW1hbC01LmpwZyIsInNsaWRlc2hvdyI6IjZiNzE2M2MifQ%3D%3D\">\n\t\t\t\t\t<div class=\"e-gallery-image elementor-gallery-item__image\" data-thumbnail=\"https:\/\/lfs.cz\/wp-content\/uploads\/2025\/07\/LFS25_ATMO_Richard-Skoumal-5-300x200.jpg\" data-width=\"300\" data-height=\"200\" aria-label=\"\" role=\"img\" ><\/div>\n\t\t\t\t\t\t\t\t\t\t\t<div class=\"elementor-gallery-item__overlay\"><\/div>\n\t\t\t\t\t\t\t\t\t\t\t\t\t\t<\/a>\n\t\t\t\t\t\t\t<a class=\"e-gallery-item elementor-gallery-item elementor-animated-content\" data-e-gallery-tags=\"6\" href=\"https:\/\/lfs.cz\/wp-content\/uploads\/2025\/07\/LFS25_Slavnostni-zakonceni-Pod-parou_CTK-Tadeas-Kaminek-3.jpg\" data-elementor-open-lightbox=\"yes\" data-elementor-lightbox-slideshow=\"6b7163c\" data-elementor-lightbox-title=\"LF\u0160 2025, Letn\u00ed filmov\u00e1 \u0161kola, slavnostn\u00ed zakon\u010den\u00ed, moder\u00e1tor Josef Kub\u00e1n\u00edk, \u010cTK \/ Tade\u00e1\u0161 Kam\u00ednek\" data-e-action-hash=\"#elementor-action%3Aaction%3Dlightbox%26settings%3DeyJpZCI6MTMxMzUsInVybCI6Imh0dHBzOlwvXC9sZnMuY3pcL3dwLWNvbnRlbnRcL3VwbG9hZHNcLzIwMjVcLzA3XC9MRlMyNV9TbGF2bm9zdG5pLXpha29uY2VuaS1Qb2QtcGFyb3VfQ1RLLVRhZGVhcy1LYW1pbmVrLTMuanBnIiwic2xpZGVzaG93IjoiNmI3MTYzYyJ9\">\n\t\t\t\t\t<div class=\"e-gallery-image elementor-gallery-item__image\" data-thumbnail=\"https:\/\/lfs.cz\/wp-content\/uploads\/2025\/07\/LFS25_Slavnostni-zakonceni-Pod-parou_CTK-Tadeas-Kaminek-3-300x200.jpg\" data-width=\"300\" data-height=\"200\" aria-label=\"\" role=\"img\" ><\/div>\n\t\t\t\t\t\t\t\t\t\t\t<div class=\"elementor-gallery-item__overlay\"><\/div>\n\t\t\t\t\t\t\t\t\t\t\t\t\t\t<\/a>\n\t\t\t\t\t\t\t<a class=\"e-gallery-item elementor-gallery-item elementor-animated-content\" data-e-gallery-tags=\"4\" href=\"https:\/\/lfs.cz\/wp-content\/uploads\/2025\/07\/LFS25_Kulturak_Vietnamska-kultura-v-Cesku_Vecerka_Richard-Skoumal-2.jpg\" data-elementor-open-lightbox=\"yes\" data-elementor-lightbox-slideshow=\"6b7163c\" data-elementor-lightbox-title=\"Kultur\u00e1k: Vietnamsk\u00e1 kultura v \u010cesku, Anki, Du\u017ean Duong, Ve\u010derka, Jon\u00e1\u0161 Zbo\u0159il, Letn\u00ed filmov\u00e1 \u0161kola, LF\u0160 2025, \u010cTK \/ Skoumal Richard\" data-e-action-hash=\"#elementor-action%3Aaction%3Dlightbox%26settings%3DeyJpZCI6MTI3MDcsInVybCI6Imh0dHBzOlwvXC9sZnMuY3pcL3dwLWNvbnRlbnRcL3VwbG9hZHNcLzIwMjVcLzA3XC9MRlMyNV9LdWx0dXJha19WaWV0bmFtc2thLWt1bHR1cmEtdi1DZXNrdV9WZWNlcmthX1JpY2hhcmQtU2tvdW1hbC0yLmpwZyIsInNsaWRlc2hvdyI6IjZiNzE2M2MifQ%3D%3D\">\n\t\t\t\t\t<div class=\"e-gallery-image elementor-gallery-item__image\" data-thumbnail=\"https:\/\/lfs.cz\/wp-content\/uploads\/2025\/07\/LFS25_Kulturak_Vietnamska-kultura-v-Cesku_Vecerka_Richard-Skoumal-2-300x200.jpg\" data-width=\"300\" data-height=\"200\" aria-label=\"\" role=\"img\" ><\/div>\n\t\t\t\t\t\t\t\t\t\t\t<div class=\"elementor-gallery-item__overlay\"><\/div>\n\t\t\t\t\t\t\t\t\t\t\t\t\t\t<\/a>\n\t\t\t\t\t\t\t<a class=\"e-gallery-item elementor-gallery-item elementor-animated-content\" data-e-gallery-tags=\"5\" href=\"https:\/\/lfs.cz\/wp-content\/uploads\/2025\/07\/LFS25_Krasna-vyzvedacka_hudba-Olga-Anna-Markowska_CTK-Tadeas-Kaminek-3.jpg\" data-elementor-open-lightbox=\"yes\" data-elementor-lightbox-slideshow=\"6b7163c\" data-elementor-lightbox-title=\"LF\u0160 2025, Letn\u00ed filmov\u00e1 \u0161kola, projekce filmu: Kr\u00e1sn\u00e1 vyzv\u011bda\u010dka, Olga Anna Markowsk\u00e1, \u010cTK \/ Tade\u00e1\u0161 Kam\u00ednek\" data-e-action-hash=\"#elementor-action%3Aaction%3Dlightbox%26settings%3DeyJpZCI6MTI5NzMsInVybCI6Imh0dHBzOlwvXC9sZnMuY3pcL3dwLWNvbnRlbnRcL3VwbG9hZHNcLzIwMjVcLzA3XC9MRlMyNV9LcmFzbmEtdnl6dmVkYWNrYV9odWRiYS1PbGdhLUFubmEtTWFya293c2thX0NUSy1UYWRlYXMtS2FtaW5lay0zLmpwZyIsInNsaWRlc2hvdyI6IjZiNzE2M2MifQ%3D%3D\">\n\t\t\t\t\t<div class=\"e-gallery-image elementor-gallery-item__image\" data-thumbnail=\"https:\/\/lfs.cz\/wp-content\/uploads\/2025\/07\/LFS25_Krasna-vyzvedacka_hudba-Olga-Anna-Markowska_CTK-Tadeas-Kaminek-3-300x200.jpg\" data-width=\"300\" data-height=\"200\" aria-label=\"\" role=\"img\" ><\/div>\n\t\t\t\t\t\t\t\t\t\t\t<div class=\"elementor-gallery-item__overlay\"><\/div>\n\t\t\t\t\t\t\t\t\t\t\t\t\t\t<\/a>\n\t\t\t\t\t\t\t<a class=\"e-gallery-item elementor-gallery-item elementor-animated-content\" data-e-gallery-tags=\"1\" href=\"https:\/\/lfs.cz\/wp-content\/uploads\/2025\/07\/LFS25_Vecer-Radia-1_Klub-Mir_Richard-Skoumal-1.jpg\" data-elementor-open-lightbox=\"yes\" data-elementor-lightbox-slideshow=\"6b7163c\" data-elementor-lightbox-title=\"Ve\u010der Radia 1, Letn\u00ed filmov\u00e1 \u0161kola, LF\u0160 2025, \u010cTK \/ Skoumal Richard\" data-e-action-hash=\"#elementor-action%3Aaction%3Dlightbox%26settings%3DeyJpZCI6MTIzMTcsInVybCI6Imh0dHBzOlwvXC9sZnMuY3pcL3dwLWNvbnRlbnRcL3VwbG9hZHNcLzIwMjVcLzA3XC9MRlMyNV9WZWNlci1SYWRpYS0xX0tsdWItTWlyX1JpY2hhcmQtU2tvdW1hbC0xLmpwZyIsInNsaWRlc2hvdyI6IjZiNzE2M2MifQ%3D%3D\">\n\t\t\t\t\t<div class=\"e-gallery-image elementor-gallery-item__image\" data-thumbnail=\"https:\/\/lfs.cz\/wp-content\/uploads\/2025\/07\/LFS25_Vecer-Radia-1_Klub-Mir_Richard-Skoumal-1-300x200.jpg\" data-width=\"300\" data-height=\"200\" aria-label=\"\" role=\"img\" ><\/div>\n\t\t\t\t\t\t\t\t\t\t\t<div class=\"elementor-gallery-item__overlay\"><\/div>\n\t\t\t\t\t\t\t\t\t\t\t\t\t\t<\/a>\n\t\t\t\t\t\t\t<a class=\"e-gallery-item elementor-gallery-item elementor-animated-content\" data-e-gallery-tags=\"4\" href=\"https:\/\/lfs.cz\/wp-content\/uploads\/2025\/07\/LFS25_Jiri-Suchy_Marek-Malusek-3.jpg\" data-elementor-open-lightbox=\"yes\" data-elementor-lightbox-slideshow=\"6b7163c\" data-elementor-lightbox-title=\"LF\u0160 2025, Letn\u00ed filmov\u00e1 \u0161kola, Ji\u0159\u00ed Such\u00fd, Cimb\u00e1l stage, foto Marek Mal\u016f\u0161ek\" data-e-action-hash=\"#elementor-action%3Aaction%3Dlightbox%26settings%3DeyJpZCI6MTI4NTMsInVybCI6Imh0dHBzOlwvXC9sZnMuY3pcL3dwLWNvbnRlbnRcL3VwbG9hZHNcLzIwMjVcLzA3XC9MRlMyNV9KaXJpLVN1Y2h5X01hcmVrLU1hbHVzZWstMy5qcGciLCJzbGlkZXNob3ciOiI2YjcxNjNjIn0%3D\">\n\t\t\t\t\t<div class=\"e-gallery-image elementor-gallery-item__image\" data-thumbnail=\"https:\/\/lfs.cz\/wp-content\/uploads\/2025\/07\/LFS25_Jiri-Suchy_Marek-Malusek-3-300x200.jpg\" data-width=\"300\" data-height=\"200\" aria-label=\"\" role=\"img\" ><\/div>\n\t\t\t\t\t\t\t\t\t\t\t<div class=\"elementor-gallery-item__overlay\"><\/div>\n\t\t\t\t\t\t\t\t\t\t\t\t\t\t<\/a>\n\t\t\t\t\t\t\t<a class=\"e-gallery-item elementor-gallery-item elementor-animated-content\" data-e-gallery-tags=\"3\" href=\"https:\/\/lfs.cz\/wp-content\/uploads\/2025\/07\/LFS25_CreWcollection_Moving-Orchestra_Tadeas-Kaminek-11.jpg\" data-elementor-open-lightbox=\"yes\" data-elementor-lightbox-slideshow=\"6b7163c\" data-elementor-lightbox-title=\"LF\u0160 2025, Letn\u00ed filmov\u00e1 \u0161kola, doprovodn\u00fd program: CreWcollective: Moving Orchestra, \u010cTK \/ Tade\u00e1\u0161 Kam\u00ednek\" data-e-action-hash=\"#elementor-action%3Aaction%3Dlightbox%26settings%3DeyJpZCI6MTI2MjksInVybCI6Imh0dHBzOlwvXC9sZnMuY3pcL3dwLWNvbnRlbnRcL3VwbG9hZHNcLzIwMjVcLzA3XC9MRlMyNV9DcmVXY29sbGVjdGlvbl9Nb3ZpbmctT3JjaGVzdHJhX1RhZGVhcy1LYW1pbmVrLTExLmpwZyIsInNsaWRlc2hvdyI6IjZiNzE2M2MifQ%3D%3D\">\n\t\t\t\t\t<div class=\"e-gallery-image elementor-gallery-item__image\" data-thumbnail=\"https:\/\/lfs.cz\/wp-content\/uploads\/2025\/07\/LFS25_CreWcollection_Moving-Orchestra_Tadeas-Kaminek-11-300x200.jpg\" data-width=\"300\" data-height=\"200\" aria-label=\"\" role=\"img\" ><\/div>\n\t\t\t\t\t\t\t\t\t\t\t<div class=\"elementor-gallery-item__overlay\"><\/div>\n\t\t\t\t\t\t\t\t\t\t\t\t\t\t<\/a>\n\t\t\t\t\t\t\t<a class=\"e-gallery-item elementor-gallery-item elementor-animated-content\" data-e-gallery-tags=\"1\" href=\"https:\/\/lfs.cz\/wp-content\/uploads\/2025\/07\/LFS25_Deset-malych-cernousku_Reduta_Tadeas-Kaminek-6.jpg\" data-elementor-open-lightbox=\"yes\" data-elementor-lightbox-slideshow=\"6b7163c\" data-elementor-lightbox-title=\"LF\u0160 2025, Letn\u00ed filmov\u00e1 \u0161kola, Eli\u0161ka Ada Hub\u00e1\u010dkov\u00e1, \u010cTK \/ Tade\u00e1\u0161 Kam\u00ednek\" data-e-action-hash=\"#elementor-action%3Aaction%3Dlightbox%26settings%3DeyJpZCI6MTI0MjAsInVybCI6Imh0dHBzOlwvXC9sZnMuY3pcL3dwLWNvbnRlbnRcL3VwbG9hZHNcLzIwMjVcLzA3XC9MRlMyNV9EZXNldC1tYWx5Y2gtY2Vybm91c2t1X1JlZHV0YV9UYWRlYXMtS2FtaW5lay02LmpwZyIsInNsaWRlc2hvdyI6IjZiNzE2M2MifQ%3D%3D\">\n\t\t\t\t\t<div class=\"e-gallery-image elementor-gallery-item__image\" data-thumbnail=\"https:\/\/lfs.cz\/wp-content\/uploads\/2025\/07\/LFS25_Deset-malych-cernousku_Reduta_Tadeas-Kaminek-6-300x200.jpg\" data-width=\"300\" data-height=\"200\" aria-label=\"\" role=\"img\" ><\/div>\n\t\t\t\t\t\t\t\t\t\t\t<div class=\"elementor-gallery-item__overlay\"><\/div>\n\t\t\t\t\t\t\t\t\t\t\t\t\t\t<\/a>\n\t\t\t\t\t\t\t<a class=\"e-gallery-item elementor-gallery-item elementor-animated-content\" data-e-gallery-tags=\"4\" href=\"https:\/\/lfs.cz\/wp-content\/uploads\/2025\/07\/LFS25_Hudba-rekla-pojd_Jiri-Suchy_Jan-Beranek-2.jpg\" data-elementor-open-lightbox=\"yes\" data-elementor-lightbox-slideshow=\"6b7163c\" data-elementor-lightbox-title=\"LF\u0160 2025, Letn\u00ed filmov\u00e1 \u0161kola, Ji\u0159\u00ed Such\u00fd, \u010cTK \/ Jan Ber\u00e1nek\" data-e-action-hash=\"#elementor-action%3Aaction%3Dlightbox%26settings%3DeyJpZCI6MTI3OTQsInVybCI6Imh0dHBzOlwvXC9sZnMuY3pcL3dwLWNvbnRlbnRcL3VwbG9hZHNcLzIwMjVcLzA3XC9MRlMyNV9IdWRiYS1yZWtsYS1wb2pkX0ppcmktU3VjaHlfSmFuLUJlcmFuZWstMi5qcGciLCJzbGlkZXNob3ciOiI2YjcxNjNjIn0%3D\">\n\t\t\t\t\t<div class=\"e-gallery-image elementor-gallery-item__image\" data-thumbnail=\"https:\/\/lfs.cz\/wp-content\/uploads\/2025\/07\/LFS25_Hudba-rekla-pojd_Jiri-Suchy_Jan-Beranek-2-300x200.jpg\" data-width=\"300\" data-height=\"200\" aria-label=\"\" role=\"img\" ><\/div>\n\t\t\t\t\t\t\t\t\t\t\t<div class=\"elementor-gallery-item__overlay\"><\/div>\n\t\t\t\t\t\t\t\t\t\t\t\t\t\t<\/a>\n\t\t\t\t\t\t\t<a class=\"e-gallery-item elementor-gallery-item elementor-animated-content\" data-e-gallery-tags=\"2\" href=\"https:\/\/lfs.cz\/wp-content\/uploads\/2025\/07\/LFS25_Simona-Babcakova_Marek-Malusek-2.jpg\" data-elementor-open-lightbox=\"yes\" data-elementor-lightbox-slideshow=\"6b7163c\" data-elementor-lightbox-title=\"LF\u0160 2025, Letn\u00ed filmov\u00e1 \u0161kola, Simona Bab\u010d\u00e1kov\u00e1 a jej\u00ed improviza\u010dn\u00ed skupina NO A!, foto Marek Mal\u016f\u0161ek\" data-e-action-hash=\"#elementor-action%3Aaction%3Dlightbox%26settings%3DeyJpZCI6MTI1MjksInVybCI6Imh0dHBzOlwvXC9sZnMuY3pcL3dwLWNvbnRlbnRcL3VwbG9hZHNcLzIwMjVcLzA3XC9MRlMyNV9TaW1vbmEtQmFiY2Frb3ZhX01hcmVrLU1hbHVzZWstMi5qcGciLCJzbGlkZXNob3ciOiI2YjcxNjNjIn0%3D\">\n\t\t\t\t\t<div class=\"e-gallery-image elementor-gallery-item__image\" data-thumbnail=\"https:\/\/lfs.cz\/wp-content\/uploads\/2025\/07\/LFS25_Simona-Babcakova_Marek-Malusek-2-300x200.jpg\" data-width=\"300\" data-height=\"200\" aria-label=\"\" role=\"img\" ><\/div>\n\t\t\t\t\t\t\t\t\t\t\t<div class=\"elementor-gallery-item__overlay\"><\/div>\n\t\t\t\t\t\t\t\t\t\t\t\t\t\t<\/a>\n\t\t\t\t\t\t\t<a class=\"e-gallery-item elementor-gallery-item elementor-animated-content\" data-e-gallery-tags=\"2\" href=\"https:\/\/lfs.cz\/wp-content\/uploads\/2025\/07\/LFS25_Virtualni-realita_Tadeas-Kaminek-3.jpg\" data-elementor-open-lightbox=\"yes\" data-elementor-lightbox-slideshow=\"6b7163c\" data-elementor-lightbox-title=\"LF\u0160 2025, Letn\u00ed filmov\u00e1 \u0161kola, doprovodn\u00fd program, virtu\u00e1ln\u00ed realita, \u010cTK \/ Tade\u00e1\u0161 Kam\u00ednek\" data-e-action-hash=\"#elementor-action%3Aaction%3Dlightbox%26settings%3DeyJpZCI6MTIzMTEsInVybCI6Imh0dHBzOlwvXC9sZnMuY3pcL3dwLWNvbnRlbnRcL3VwbG9hZHNcLzIwMjVcLzA3XC9MRlMyNV9WaXJ0dWFsbmktcmVhbGl0YV9UYWRlYXMtS2FtaW5lay0zLmpwZyIsInNsaWRlc2hvdyI6IjZiNzE2M2MifQ%3D%3D\">\n\t\t\t\t\t<div class=\"e-gallery-image elementor-gallery-item__image\" data-thumbnail=\"https:\/\/lfs.cz\/wp-content\/uploads\/2025\/07\/LFS25_Virtualni-realita_Tadeas-Kaminek-3-300x200.jpg\" data-width=\"300\" data-height=\"200\" aria-label=\"\" role=\"img\" ><\/div>\n\t\t\t\t\t\t\t\t\t\t\t<div class=\"elementor-gallery-item__overlay\"><\/div>\n\t\t\t\t\t\t\t\t\t\t\t\t\t\t<\/a>\n\t\t\t\t\t\t\t<a class=\"e-gallery-item elementor-gallery-item elementor-animated-content\" data-e-gallery-tags=\"4\" href=\"https:\/\/lfs.cz\/wp-content\/uploads\/2025\/07\/LFS25_ATMO_Tadeas-Kaminek-13.jpg\" data-elementor-open-lightbox=\"yes\" data-elementor-lightbox-slideshow=\"6b7163c\" data-elementor-lightbox-title=\"LF\u0160 2025, Letn\u00ed filmov\u00e1 \u0161kola, atmosf\u00e9ra, \u010cTK \/ Tade\u00e1\u0161 Kam\u00ednek\" data-e-action-hash=\"#elementor-action%3Aaction%3Dlightbox%26settings%3DeyJpZCI6MTI3NTMsInVybCI6Imh0dHBzOlwvXC9sZnMuY3pcL3dwLWNvbnRlbnRcL3VwbG9hZHNcLzIwMjVcLzA3XC9MRlMyNV9BVE1PX1RhZGVhcy1LYW1pbmVrLTEzLmpwZyIsInNsaWRlc2hvdyI6IjZiNzE2M2MifQ%3D%3D\">\n\t\t\t\t\t<div class=\"e-gallery-image elementor-gallery-item__image\" data-thumbnail=\"https:\/\/lfs.cz\/wp-content\/uploads\/2025\/07\/LFS25_ATMO_Tadeas-Kaminek-13-300x200.jpg\" data-width=\"300\" data-height=\"200\" aria-label=\"\" role=\"img\" ><\/div>\n\t\t\t\t\t\t\t\t\t\t\t<div class=\"elementor-gallery-item__overlay\"><\/div>\n\t\t\t\t\t\t\t\t\t\t\t\t\t\t<\/a>\n\t\t\t\t\t\t\t<a class=\"e-gallery-item elementor-gallery-item elementor-animated-content\" data-e-gallery-tags=\"3\" href=\"https:\/\/lfs.cz\/wp-content\/uploads\/2025\/07\/LFS25_Tanec-s-Lenkou-Slivovou_Matyas-Cech-1.jpg\" data-elementor-open-lightbox=\"yes\" data-elementor-lightbox-slideshow=\"6b7163c\" data-elementor-lightbox-title=\"Letn\u00ed filmov\u00e1 \u0161kola, LF\u0160 2025, Tanec pro kr\u00e1sn\u00fd den s Lenkou Sl\u00edvovou, \u010cTK \/ Maty\u00e1\u0161 \u010cech\" data-e-action-hash=\"#elementor-action%3Aaction%3Dlightbox%26settings%3DeyJpZCI6MTI1MTUsInVybCI6Imh0dHBzOlwvXC9sZnMuY3pcL3dwLWNvbnRlbnRcL3VwbG9hZHNcLzIwMjVcLzA3XC9MRlMyNV9UYW5lYy1zLUxlbmtvdS1TbGl2b3ZvdV9NYXR5YXMtQ2VjaC0xLmpwZyIsInNsaWRlc2hvdyI6IjZiNzE2M2MifQ%3D%3D\">\n\t\t\t\t\t<div class=\"e-gallery-image elementor-gallery-item__image\" data-thumbnail=\"https:\/\/lfs.cz\/wp-content\/uploads\/2025\/07\/LFS25_Tanec-s-Lenkou-Slivovou_Matyas-Cech-1-300x200.jpg\" data-width=\"300\" data-height=\"200\" aria-label=\"\" role=\"img\" ><\/div>\n\t\t\t\t\t\t\t\t\t\t\t<div class=\"elementor-gallery-item__overlay\"><\/div>\n\t\t\t\t\t\t\t\t\t\t\t\t\t\t<\/a>\n\t\t\t\t\t\t\t<a class=\"e-gallery-item elementor-gallery-item elementor-animated-content\" data-e-gallery-tags=\"3\" href=\"https:\/\/lfs.cz\/wp-content\/uploads\/2025\/07\/LFS25_Michal-Szalast-Albini_Marek-Malusek-3.jpg\" data-elementor-open-lightbox=\"yes\" data-elementor-lightbox-slideshow=\"6b7163c\" data-elementor-lightbox-title=\"LF\u0160 2025, Letn\u00ed filmov\u00e1 \u0161kola, Micha\u0142 Szalast: Alb\u00edni, vernis\u00e1\u017e, foto Marek Mal\u016f\u0161ek\" data-e-action-hash=\"#elementor-action%3Aaction%3Dlightbox%26settings%3DeyJpZCI6MTI2ODgsInVybCI6Imh0dHBzOlwvXC9sZnMuY3pcL3dwLWNvbnRlbnRcL3VwbG9hZHNcLzIwMjVcLzA3XC9MRlMyNV9NaWNoYWwtU3phbGFzdC1BbGJpbmlfTWFyZWstTWFsdXNlay0zLmpwZyIsInNsaWRlc2hvdyI6IjZiNzE2M2MifQ%3D%3D\">\n\t\t\t\t\t<div class=\"e-gallery-image elementor-gallery-item__image\" data-thumbnail=\"https:\/\/lfs.cz\/wp-content\/uploads\/2025\/07\/LFS25_Michal-Szalast-Albini_Marek-Malusek-3-300x200.jpg\" data-width=\"300\" data-height=\"200\" aria-label=\"\" role=\"img\" ><\/div>\n\t\t\t\t\t\t\t\t\t\t\t<div class=\"elementor-gallery-item__overlay\"><\/div>\n\t\t\t\t\t\t\t\t\t\t\t\t\t\t<\/a>\n\t\t\t\t\t\t\t<a class=\"e-gallery-item elementor-gallery-item elementor-animated-content\" data-e-gallery-tags=\"4\" href=\"https:\/\/lfs.cz\/wp-content\/uploads\/2025\/07\/LFS25_Dusan-Tomanek_Marek-Malusek-4.jpg\" data-elementor-open-lightbox=\"yes\" data-elementor-lightbox-slideshow=\"6b7163c\" data-elementor-lightbox-title=\"LF\u0160 2025, Letn\u00ed filmov\u00e1 \u0161kola, Du\u0161an Tom\u00e1nek, foto Marek Mal\u016f\u0161ek\" data-e-action-hash=\"#elementor-action%3Aaction%3Dlightbox%26settings%3DeyJpZCI6MTI4NDUsInVybCI6Imh0dHBzOlwvXC9sZnMuY3pcL3dwLWNvbnRlbnRcL3VwbG9hZHNcLzIwMjVcLzA3XC9MRlMyNV9EdXNhbi1Ub21hbmVrX01hcmVrLU1hbHVzZWstNC5qcGciLCJzbGlkZXNob3ciOiI2YjcxNjNjIn0%3D\">\n\t\t\t\t\t<div class=\"e-gallery-image elementor-gallery-item__image\" data-thumbnail=\"https:\/\/lfs.cz\/wp-content\/uploads\/2025\/07\/LFS25_Dusan-Tomanek_Marek-Malusek-4-300x200.jpg\" data-width=\"300\" data-height=\"200\" aria-label=\"\" role=\"img\" ><\/div>\n\t\t\t\t\t\t\t\t\t\t\t<div class=\"elementor-gallery-item__overlay\"><\/div>\n\t\t\t\t\t\t\t\t\t\t\t\t\t\t<\/a>\n\t\t\t\t\t\t\t<a class=\"e-gallery-item elementor-gallery-item elementor-animated-content\" data-e-gallery-tags=\"1\" href=\"https:\/\/lfs.cz\/wp-content\/uploads\/2025\/07\/LFS25_Predani-Vyrocni-veny-ACFK_Radek-Petrasek-6.jpg\" data-elementor-open-lightbox=\"yes\" data-elementor-lightbox-slideshow=\"6b7163c\" data-elementor-lightbox-title=\"LF\u0160 2025, Letn\u00ed filmov\u00e1 \u0161kola, \u010cTK \/ Petr\u00e1\u0161ek Radek\" data-e-action-hash=\"#elementor-action%3Aaction%3Dlightbox%26settings%3DeyJpZCI6MTIyMzksInVybCI6Imh0dHBzOlwvXC9sZnMuY3pcL3dwLWNvbnRlbnRcL3VwbG9hZHNcLzIwMjVcLzA3XC9MRlMyNV9QcmVkYW5pLVZ5cm9jbmktdmVueS1BQ0ZLX1JhZGVrLVBldHJhc2VrLTYuanBnIiwic2xpZGVzaG93IjoiNmI3MTYzYyJ9\">\n\t\t\t\t\t<div class=\"e-gallery-image elementor-gallery-item__image\" data-thumbnail=\"https:\/\/lfs.cz\/wp-content\/uploads\/2025\/07\/LFS25_Predani-Vyrocni-veny-ACFK_Radek-Petrasek-6-300x200.jpg\" data-width=\"300\" data-height=\"200\" aria-label=\"\" role=\"img\" ><\/div>\n\t\t\t\t\t\t\t\t\t\t\t<div class=\"elementor-gallery-item__overlay\"><\/div>\n\t\t\t\t\t\t\t\t\t\t\t\t\t\t<\/a>\n\t\t\t\t\t<\/div>\n\t\t\t\t\t<\/div>\n\t\t\t\t<\/div>\n\t\t\t\t\t<\/div>\n\t\t\t\t<\/div>\n\t\t\t\t<\/div>","protected":false},"excerpt":{"rendered":"<p>Fotogalerie 2025 V\u0161e 24\/7\/2025 25\/07\/2025 26\/7\/2025 27\/7\/2025 28\/7\/2025 29\/7\/2025 30\/7\/2025<\/p>","protected":false},"author":1,"featured_media":0,"parent":0,"menu_order":0,"comment_status":"closed","ping_status":"closed","template":"","meta":{"_seopress_robots_primary_cat":"","_seopress_titles_title":"","_seopress_titles_desc":"","_seopress_robots_index":"","footnotes":""},"class_list":["post-12069","page","type-page","status-publish","hentry"],"_links":{"self":[{"href":"https:\/\/lfs.cz\/en\/wp-json\/wp\/v2\/pages\/12069","targetHints":{"allow":["GET"]}}],"collection":[{"href":"https:\/\/lfs.cz\/en\/wp-json\/wp\/v2\/pages"}],"about":[{"href":"https:\/\/lfs.cz\/en\/wp-json\/wp\/v2\/types\/page"}],"author":[{"embeddable":true,"href":"https:\/\/lfs.cz\/en\/wp-json\/wp\/v2\/users\/1"}],"replies":[{"embeddable":true,"href":"https:\/\/lfs.cz\/en\/wp-json\/wp\/v2\/comments?post=12069"}],"version-history":[{"count":151,"href":"https:\/\/lfs.cz\/en\/wp-json\/wp\/v2\/pages\/12069\/revisions"}],"predecessor-version":[{"id":13180,"href":"https:\/\/lfs.cz\/en\/wp-json\/wp\/v2\/pages\/12069\/revisions\/13180"}],"wp:attachment":[{"href":"https:\/\/lfs.cz\/en\/wp-json\/wp\/v2\/media?parent=12069"}],"curies":[{"name":"wp","href":"https:\/\/api.w.org\/{rel}","templated":true}]}}